{"id":10097,"date":"2024-12-04T17:01:27","date_gmt":"2024-12-04T17:01:27","guid":{"rendered":"https:\/\/schrittmacherfestival.nl\/danses-sacrees-et-profanes\/"},"modified":"2024-12-04T17:02:57","modified_gmt":"2024-12-04T17:02:57","slug":"danses-sacrees-et-profanes","status":"publish","type":"page","link":"https:\/\/schrittmacherfestival.nl\/de\/danses-sacrees-et-profanes\/","title":{"rendered":"Danses sacr\u00e9es et profanes"},"content":{"rendered":"\n<h1 class=\"wp-block-heading has-black-color has-text-color\" id=\"hofesh-shechter-company-gbr\"><strong>Hochschule f\u00fcr Musik und Tanz K\u00f6ln<\/strong> <strong>| Aachen<\/strong><\/h1>\n\n<p><strong>Hochschule f\u00fcr Musik und Tanz K\u00f6ln | Aachen \/ Konzertsaal, Aachen<\/strong><br\/><strong>Di 08.04.2025<\/strong><br\/><strong>19.00 Uhr<\/strong><br\/><strong>Eintritt frei<\/strong><\/p>\n\n<figure class=\"wp-block-image alignwide size-large\"><img data-recalc-dims=\"1\" fetchpriority=\"high\" decoding=\"async\" width=\"640\" height=\"267\" src=\"https:\/\/i0.wp.com\/schrittmacherfestival.nl\/wp-content\/uploads\/2024\/12\/s-HfMT_Aachen_2023_002-e1733331392624-1024x427.webp?resize=640%2C267&#038;ssl=1\" alt=\"\" class=\"wp-image-10099\" srcset=\"https:\/\/i0.wp.com\/schrittmacherfestival.nl\/wp-content\/uploads\/2024\/12\/s-HfMT_Aachen_2023_002-e1733331392624.webp?resize=1024%2C427&amp;ssl=1 1024w, https:\/\/i0.wp.com\/schrittmacherfestival.nl\/wp-content\/uploads\/2024\/12\/s-HfMT_Aachen_2023_002-e1733331392624.webp?resize=300%2C125&amp;ssl=1 300w, https:\/\/i0.wp.com\/schrittmacherfestival.nl\/wp-content\/uploads\/2024\/12\/s-HfMT_Aachen_2023_002-e1733331392624.webp?resize=768%2C320&amp;ssl=1 768w, https:\/\/i0.wp.com\/schrittmacherfestival.nl\/wp-content\/uploads\/2024\/12\/s-HfMT_Aachen_2023_002-e1733331392624.webp?resize=31%2C13&amp;ssl=1 31w, https:\/\/i0.wp.com\/schrittmacherfestival.nl\/wp-content\/uploads\/2024\/12\/s-HfMT_Aachen_2023_002-e1733331392624.webp?w=1200&amp;ssl=1 1200w\" sizes=\"(max-width: 640px) 100vw, 640px\" \/><\/figure>\n\n<hr class=\"wp-block-separator has-css-opacity\"\/>\n\n<h2 class=\"wp-block-heading\">Eine Zusammenarbeit zwischen der HfMT K\u00f6ln, Standort Aachen und dem schrit_tmacher Festival.<\/h2>\n\n<p>Kammerkonzert mit Werken f\u00fcr Streichorchester u.a. von Claude Debussy und Edvard Grieg.<br\/>Es spielen Studierende der HfMT K\u00f6ln, Standort Aachen.<br\/>Musikalische Leitung: Raimund Laufen<\/p>\n\n<p>Dauer: ~ 60 min. ohne Pause<\/p>\n\n<hr class=\"wp-block-separator has-css-opacity\"\/>\n\n<div class=\"wp-block-buttons is-horizontal is-content-justification-center is-layout-flex wp-container-core-buttons-is-layout-499968f5 wp-block-buttons-is-layout-flex\">\n<div class=\"wp-block-button\"><a class=\"wp-block-button__link has-white-color has-black-background-color has-text-color has-background wp-element-button\" href=\"https:\/\/www.hfmt-koeln.de\/aktuelles\/veranstaltungen\/\" target=\"_blank\" rel=\"noreferrer noopener\"><strong>Website | Di<\/strong> <strong>08.04 | 19.00 Uhr<\/strong><\/a><\/div>\n<\/div>\n\n<hr class=\"wp-block-separator has-css-opacity\"\/>\n","protected":false},"excerpt":{"rendered":"<p>Hochschule f\u00fcr Musik und Tanz K\u00f6ln | Aachen Hochschule f\u00fcr Musik und Tanz K\u00f6ln | Aachen \/ Konzertsaal, AachenDi 08.04.202519.00 UhrEintritt frei Eine Zusammenarbeit zwischen der HfMT K\u00f6ln, Standort Aachen und dem schrit_tmacher Festival. Kammerkonzert mit Werken f\u00fcr Streichorchester u.a. von Claude Debussy und Edvard Grieg.Es spielen Studierende der HfMT K\u00f6ln, Standort Aachen.Musikalische Leitung: Raimund Laufen Dauer: ~ 60 min. [&hellip;]<\/p>\n","protected":false},"author":1,"featured_media":0,"parent":0,"menu_order":0,"comment_status":"closed","ping_status":"closed","template":"","meta":{"_acf_changed":false,"footnotes":""},"class_list":["post-10097","page","type-page","status-publish","hentry"],"aioseo_notices":[],"acf":[],"jetpack_sharing_enabled":true,"_links":{"self":[{"href":"https:\/\/schrittmacherfestival.nl\/de\/wp-json\/wp\/v2\/pages\/10097","targetHints":{"allow":["GET"]}}],"collection":[{"href":"https:\/\/schrittmacherfestival.nl\/de\/wp-json\/wp\/v2\/pages"}],"about":[{"href":"https:\/\/schrittmacherfestival.nl\/de\/wp-json\/wp\/v2\/types\/page"}],"author":[{"embeddable":true,"href":"https:\/\/schrittmacherfestival.nl\/de\/wp-json\/wp\/v2\/users\/1"}],"replies":[{"embeddable":true,"href":"https:\/\/schrittmacherfestival.nl\/de\/wp-json\/wp\/v2\/comments?post=10097"}],"version-history":[{"count":2,"href":"https:\/\/schrittmacherfestival.nl\/de\/wp-json\/wp\/v2\/pages\/10097\/revisions"}],"predecessor-version":[{"id":10102,"href":"https:\/\/schrittmacherfestival.nl\/de\/wp-json\/wp\/v2\/pages\/10097\/revisions\/10102"}],"wp:attachment":[{"href":"https:\/\/schrittmacherfestival.nl\/de\/wp-json\/wp\/v2\/media?parent=10097"}],"curies":[{"name":"wp","href":"https:\/\/api.w.org\/{rel}","templated":true}]}}