{"id":10165,"date":"2024-12-05T09:53:14","date_gmt":"2024-12-05T09:53:14","guid":{"rendered":"https:\/\/schrittmacherfestival.nl\/aus-der-reihe-tanzen-die-innere-landschaft-des-anderen\/"},"modified":"2025-03-10T10:08:02","modified_gmt":"2025-03-10T10:08:02","slug":"aus-der-reihe-tanzen-die-innere-landschaft-des-anderen","status":"publish","type":"page","link":"https:\/\/schrittmacherfestival.nl\/de\/aus-der-reihe-tanzen-die-innere-landschaft-des-anderen\/","title":{"rendered":"AUS DER REIHE TANZEN &#8211; die innere Landschaft des Anderen"},"content":{"rendered":"\n<h1 class=\"wp-block-heading has-black-color has-text-color\" id=\"hofesh-shechter-company-gbr\"><strong>Bryndis Ragna Brynjolfsdottir<\/strong><\/h1>\n\n<p><strong>Sa 15.03.2025 &#8211; So 16.03.2025\u00a0<\/strong>(13.00-16.00 Uhr, Buurtpunt \u2018t Heitje)<br\/><strong>Di 18.03.2025 &#8211; So 30.03.2025\u00a0<\/strong>(W\u00e4hrend der Gesch\u00e4ftszeiten,<strong> <\/strong>Gasterie van Sevagram Parc Douvenrade)<br\/><strong>Mo 07.04.2025 &#8211; Fr 11.04.2025\u00a0<\/strong>(W\u00e4hrend der Gesch\u00e4ftszeiten,<strong> <\/strong>Stadskantoor Heerlen Zentrale Halle)<br\/><strong>Eintritt frei<\/strong><\/p>\n\n<figure class=\"wp-block-image alignwide size-large\"><img data-recalc-dims=\"1\" fetchpriority=\"high\" decoding=\"async\" width=\"640\" height=\"267\" src=\"https:\/\/i0.wp.com\/schrittmacherfestival.nl\/wp-content\/uploads\/2025\/03\/Uit-de-toon-vallen3-scaled-e1741601130218-1024x427.webp?resize=640%2C267&#038;ssl=1\" alt=\"\" class=\"wp-image-11065\" srcset=\"https:\/\/i0.wp.com\/schrittmacherfestival.nl\/wp-content\/uploads\/2025\/03\/Uit-de-toon-vallen3-scaled-e1741601130218.webp?resize=1024%2C427&amp;ssl=1 1024w, https:\/\/i0.wp.com\/schrittmacherfestival.nl\/wp-content\/uploads\/2025\/03\/Uit-de-toon-vallen3-scaled-e1741601130218.webp?resize=300%2C125&amp;ssl=1 300w, https:\/\/i0.wp.com\/schrittmacherfestival.nl\/wp-content\/uploads\/2025\/03\/Uit-de-toon-vallen3-scaled-e1741601130218.webp?resize=768%2C320&amp;ssl=1 768w, https:\/\/i0.wp.com\/schrittmacherfestival.nl\/wp-content\/uploads\/2025\/03\/Uit-de-toon-vallen3-scaled-e1741601130218.webp?resize=31%2C13&amp;ssl=1 31w, https:\/\/i0.wp.com\/schrittmacherfestival.nl\/wp-content\/uploads\/2025\/03\/Uit-de-toon-vallen3-scaled-e1741601130218.webp?w=1200&amp;ssl=1 1200w\" sizes=\"(max-width: 640px) 100vw, 640px\" \/><\/figure>\n\n<hr class=\"wp-block-separator has-css-opacity\"\/>\n\n<h2 class=\"wp-block-heading\"><strong>In Kooperation mit De Buurttuin, \u2018t Heitje en Sevagram.<\/strong><\/h2>\n\n<p>Mit einer raffinierten Installation und atemberaubenden Bildern l\u00e4dt die Fotografin und ehemalige Scapino-T\u00e4nzerin Bryndis Brynjolfsdottir Sie dazu ein, in die Seelen von Stadtmitbewohnern*innen zu schauen. Im Jahr 2023 suchte sie im Rahmen von schrit_tmacher f\u00fcr \u201cPANORAMA HEERLEN\u201d (nach dem Konzept von Kuratorin Karin Post) das Gespr\u00e4ch mit Bewohnern*innen von Heerlen Nord. In diesem Jahr vertieft Bryndis ihr B\u00fcrgerprojekt und untersucht, wie die Geschichte der Stadt Ungleichheit und ungleiche Chancen beg\u00fcnstigt hat. \u201eWas sehen wir, wenn wir den\/die Andere(n) betrachten? Wie betrachte ich als Au\u00dfenstehende(r) den\/die Andere(n)? F\u00fcr sie bin ich auch ein(e) Andere(r)! Sehen sie mich also genauso anders an? Und wie betrachten Menschen einander, die einen Lebensraum miteinander teilen: sind sie f\u00fcr einander auch der\/die Andere?&#8220;<\/p>\n\n<hr class=\"wp-block-separator has-css-opacity\"\/>\n\n<figure class=\"wp-block-gallery has-nested-images columns-default is-cropped wp-block-gallery-1 is-layout-flex wp-block-gallery-is-layout-flex\">\n<figure class=\"wp-block-image size-large\"><img data-recalc-dims=\"1\" decoding=\"async\" width=\"640\" height=\"480\" data-id=\"11061\" src=\"https:\/\/i0.wp.com\/schrittmacherfestival.nl\/wp-content\/uploads\/2025\/03\/Uit-de-toon-vallen3-1.jpg?resize=640%2C480&#038;ssl=1\" alt=\"\" class=\"wp-image-11061\" srcset=\"https:\/\/i0.wp.com\/schrittmacherfestival.nl\/wp-content\/uploads\/2025\/03\/Uit-de-toon-vallen3-1-scaled.jpg?resize=1024%2C768&amp;ssl=1 1024w, https:\/\/i0.wp.com\/schrittmacherfestival.nl\/wp-content\/uploads\/2025\/03\/Uit-de-toon-vallen3-1-scaled.jpg?resize=300%2C225&amp;ssl=1 300w, https:\/\/i0.wp.com\/schrittmacherfestival.nl\/wp-content\/uploads\/2025\/03\/Uit-de-toon-vallen3-1-scaled.jpg?resize=768%2C576&amp;ssl=1 768w, https:\/\/i0.wp.com\/schrittmacherfestival.nl\/wp-content\/uploads\/2025\/03\/Uit-de-toon-vallen3-1-scaled.jpg?resize=1536%2C1152&amp;ssl=1 1536w, https:\/\/i0.wp.com\/schrittmacherfestival.nl\/wp-content\/uploads\/2025\/03\/Uit-de-toon-vallen3-1-scaled.jpg?resize=2048%2C1536&amp;ssl=1 2048w, https:\/\/i0.wp.com\/schrittmacherfestival.nl\/wp-content\/uploads\/2025\/03\/Uit-de-toon-vallen3-1-scaled.jpg?resize=31%2C23&amp;ssl=1 31w, https:\/\/i0.wp.com\/schrittmacherfestival.nl\/wp-content\/uploads\/2025\/03\/Uit-de-toon-vallen3-1-scaled.jpg?w=1280&amp;ssl=1 1280w, https:\/\/i0.wp.com\/schrittmacherfestival.nl\/wp-content\/uploads\/2025\/03\/Uit-de-toon-vallen3-1-scaled.jpg?w=1920&amp;ssl=1 1920w\" sizes=\"(max-width: 640px) 100vw, 640px\" \/><\/figure>\n<\/figure>\n\n<hr class=\"wp-block-separator has-css-opacity\"\/>\n\n<p><\/p>\n","protected":false},"excerpt":{"rendered":"<p>Bryndis Ragna Brynjolfsdottir Sa 15.03.2025 &#8211; So 16.03.2025\u00a0(13.00-16.00 Uhr, Buurtpunt \u2018t Heitje)Di 18.03.2025 &#8211; So 30.03.2025\u00a0(W\u00e4hrend der Gesch\u00e4ftszeiten, Gasterie van Sevagram Parc Douvenrade)Mo 07.04.2025 &#8211; Fr 11.04.2025\u00a0(W\u00e4hrend der Gesch\u00e4ftszeiten, Stadskantoor Heerlen Zentrale Halle)Eintritt frei In Kooperation mit De Buurttuin, \u2018t Heitje en Sevagram. Mit einer raffinierten Installation und atemberaubenden Bildern l\u00e4dt die Fotografin und ehemalige Scapino-T\u00e4nzerin Bryndis Brynjolfsdottir Sie dazu [&hellip;]<\/p>\n","protected":false},"author":1,"featured_media":0,"parent":0,"menu_order":0,"comment_status":"closed","ping_status":"closed","template":"","meta":{"_acf_changed":false,"footnotes":""},"class_list":["post-10165","page","type-page","status-publish","hentry"],"aioseo_notices":[],"acf":[],"jetpack_sharing_enabled":true,"_links":{"self":[{"href":"https:\/\/schrittmacherfestival.nl\/de\/wp-json\/wp\/v2\/pages\/10165","targetHints":{"allow":["GET"]}}],"collection":[{"href":"https:\/\/schrittmacherfestival.nl\/de\/wp-json\/wp\/v2\/pages"}],"about":[{"href":"https:\/\/schrittmacherfestival.nl\/de\/wp-json\/wp\/v2\/types\/page"}],"author":[{"embeddable":true,"href":"https:\/\/schrittmacherfestival.nl\/de\/wp-json\/wp\/v2\/users\/1"}],"replies":[{"embeddable":true,"href":"https:\/\/schrittmacherfestival.nl\/de\/wp-json\/wp\/v2\/comments?post=10165"}],"version-history":[{"count":7,"href":"https:\/\/schrittmacherfestival.nl\/de\/wp-json\/wp\/v2\/pages\/10165\/revisions"}],"predecessor-version":[{"id":11068,"href":"https:\/\/schrittmacherfestival.nl\/de\/wp-json\/wp\/v2\/pages\/10165\/revisions\/11068"}],"wp:attachment":[{"href":"https:\/\/schrittmacherfestival.nl\/de\/wp-json\/wp\/v2\/media?parent=10165"}],"curies":[{"name":"wp","href":"https:\/\/api.w.org\/{rel}","templated":true}]}}