{"id":10410,"date":"2024-12-08T10:23:09","date_gmt":"2024-12-08T10:23:09","guid":{"rendered":"https:\/\/schrittmacherfestival.nl\/garden-in-the-sky-2\/"},"modified":"2024-12-16T10:49:45","modified_gmt":"2024-12-16T10:49:45","slug":"garden-in-the-sky-2","status":"publish","type":"page","link":"https:\/\/schrittmacherfestival.nl\/de\/garden-in-the-sky-2\/","title":{"rendered":"Garden in the Sky"},"content":{"rendered":"\n<h1 class=\"wp-block-heading has-black-color has-text-color\" id=\"hofesh-shechter-company-gbr\"><strong><strong><strong>Tijmen Wehlburg &amp; Annette Embrechts<\/strong><\/strong><\/strong> (NL)<\/h1>\n\n<p><strong>SCHUNCK Glaspaleis, Heerlen<\/strong><br\/><strong>So 06.04.2025<\/strong><br\/><strong>11.00 Uhr<\/strong><br\/><strong>Von 5,00 \u20ac<\/strong><\/p>\n\n<figure class=\"wp-block-image alignwide size-full\"><img data-recalc-dims=\"1\" fetchpriority=\"high\" decoding=\"async\" width=\"640\" height=\"203\" src=\"https:\/\/i0.wp.com\/schrittmacherfestival.nl\/wp-content\/uploads\/2024\/12\/Garden-banner-website-e1733655877329.webp?resize=640%2C203&#038;ssl=1\" alt=\"\" class=\"wp-image-10436\" srcset=\"https:\/\/i0.wp.com\/schrittmacherfestival.nl\/wp-content\/uploads\/2024\/12\/Garden-banner-website-e1733655877329.webp?w=640&amp;ssl=1 640w, https:\/\/i0.wp.com\/schrittmacherfestival.nl\/wp-content\/uploads\/2024\/12\/Garden-banner-website-e1733655877329.webp?resize=300%2C95&amp;ssl=1 300w, https:\/\/i0.wp.com\/schrittmacherfestival.nl\/wp-content\/uploads\/2024\/12\/Garden-banner-website-e1733655877329.webp?resize=31%2C10&amp;ssl=1 31w\" sizes=\"(max-width: 640px) 100vw, 640px\" \/><\/figure>\n\n<hr class=\"wp-block-separator has-css-opacity\"\/>\n\n<p>Erfahren Sie alles \u00fcber eine der sch\u00f6nsten Kompositionen, die je geschrieben wurden: Bachs Cello-Suiten! Warum hat bei Cellisten diese Musik den Stellenwert einer Bibel? Und warum lassen sich Choreographen davon gerne f\u00fcr Soli oder Duette inspirieren? Eine Suite ist nat\u00fcrlich eine &#8218;Sammlung von T\u00e4nzen&#8216;, doch war es schon l\u00e4ngst \u00fcberholt dazu zu tanzen, als Bach sie zwischen 1717 und 1723 schrieb. Eine Suite war Konzertmusik geworden. Inzwischen suchen erfahrene Choreographen wie Anne Teresa de Keersmaeker und Saburo Teshigawara wieder nach einer wunderbar reinen Antwort in Form von Tanz. W\u00e4hrend dieser Master Class f\u00fchren Sie der Musikhistoriker Tijmen Wehlburg und die Tanzkritikerin Annette Embrechts durch einen \u201ehimmlischen Garten\u201c voller Musik und Tanz!<br\/><\/p>\n\n<p>Dauer: ~ 90 min. ohne Pause<\/p>\n\n<hr class=\"wp-block-separator has-css-opacity\"\/>\n\n<div class=\"wp-block-buttons is-horizontal is-content-justification-center is-layout-flex wp-container-core-buttons-is-layout-499968f5 wp-block-buttons-is-layout-flex\">\n<div class=\"wp-block-button\"><a class=\"wp-block-button__link has-white-color has-black-background-color has-text-color has-background wp-element-button\" href=\"https:\/\/www.plt.nl\/bestel\/12587\" target=\"_blank\" rel=\"noreferrer noopener\"><strong>Tickets So<\/strong> <strong>06.04 | 11.00 Uhr<\/strong><\/a><\/div>\n<\/div>\n\n<hr class=\"wp-block-separator has-css-opacity\"\/>\n","protected":false},"excerpt":{"rendered":"<p>Tijmen Wehlburg &amp; Annette Embrechts (NL) SCHUNCK Glaspaleis, HeerlenSo 06.04.202511.00 UhrVon 5,00 \u20ac Erfahren Sie alles \u00fcber eine der sch\u00f6nsten Kompositionen, die je geschrieben wurden: Bachs Cello-Suiten! Warum hat bei Cellisten diese Musik den Stellenwert einer Bibel? Und warum lassen sich Choreographen davon gerne f\u00fcr Soli oder Duette inspirieren? Eine Suite ist nat\u00fcrlich eine &#8218;Sammlung von T\u00e4nzen&#8216;, doch war es [&hellip;]<\/p>\n","protected":false},"author":1,"featured_media":0,"parent":0,"menu_order":0,"comment_status":"closed","ping_status":"closed","template":"","meta":{"_acf_changed":false,"footnotes":""},"class_list":["post-10410","page","type-page","status-publish","hentry"],"aioseo_notices":[],"acf":[],"jetpack_sharing_enabled":true,"_links":{"self":[{"href":"https:\/\/schrittmacherfestival.nl\/de\/wp-json\/wp\/v2\/pages\/10410","targetHints":{"allow":["GET"]}}],"collection":[{"href":"https:\/\/schrittmacherfestival.nl\/de\/wp-json\/wp\/v2\/pages"}],"about":[{"href":"https:\/\/schrittmacherfestival.nl\/de\/wp-json\/wp\/v2\/types\/page"}],"author":[{"embeddable":true,"href":"https:\/\/schrittmacherfestival.nl\/de\/wp-json\/wp\/v2\/users\/1"}],"replies":[{"embeddable":true,"href":"https:\/\/schrittmacherfestival.nl\/de\/wp-json\/wp\/v2\/comments?post=10410"}],"version-history":[{"count":4,"href":"https:\/\/schrittmacherfestival.nl\/de\/wp-json\/wp\/v2\/pages\/10410\/revisions"}],"predecessor-version":[{"id":10888,"href":"https:\/\/schrittmacherfestival.nl\/de\/wp-json\/wp\/v2\/pages\/10410\/revisions\/10888"}],"wp:attachment":[{"href":"https:\/\/schrittmacherfestival.nl\/de\/wp-json\/wp\/v2\/media?parent=10410"}],"curies":[{"name":"wp","href":"https:\/\/api.w.org\/{rel}","templated":true}]}}