{"id":11300,"date":"2025-05-18T08:17:45","date_gmt":"2025-05-18T08:17:45","guid":{"rendered":"https:\/\/schrittmacherfestival.nl\/young-2026\/"},"modified":"2026-02-25T12:42:35","modified_gmt":"2026-02-25T12:42:35","slug":"young-2026","status":"publish","type":"page","link":"https:\/\/schrittmacherfestival.nl\/de\/young-2026\/","title":{"rendered":"YOUNG"},"content":{"rendered":"\n<hr class=\"wp-block-separator has-text-color has-alpha-channel-opacity has-background\" style=\"background-color:#f6782f;color:#f6782f\"\/>\n\n<h1 class=\"wp-block-heading has-text-color has-link-color wp-elements-5d082551d1a37f60fe9fe49ede3f7e22\" style=\"color:#f6782f\"><strong>FAMILY DAY<\/strong><\/h1>\n\n<p class=\"has-background\" style=\"background-color:#fdddcb\">Der schrit_tmacher Familientag ist inzwischen zu einer beliebten Tradition des Festivals geworden. In diesem Jahr findet er am Sonntag, den 1. M\u00e4rz 2026 statt. Familien k\u00f6nnen sich auf mitrei\u00dfende Tanzauff\u00fchrungen, spannende Workshops und viele Aktivit\u00e4ten im Foyer des Theater Heerlen freuen.<\/p>\n\n<hr class=\"wp-block-separator has-text-color has-alpha-channel-opacity has-background\" style=\"background-color:#f6782f;color:#f6782f\"\/>\n\n<div class=\"wp-block-columns is-layout-flex wp-container-core-columns-is-layout-9d6595d7 wp-block-columns-is-layout-flex\">\n<div class=\"wp-block-column has-background is-layout-flow wp-block-column-is-layout-flow\" style=\"background-color:#fdddcb\">\n<figure class=\"wp-block-image size-large\"><a href=\"https:\/\/schrittmacherfestival.nl\/de\/family-portrait-2\/\"><img data-recalc-dims=\"1\" height=\"260\" width=\"640\" decoding=\"async\" src=\"https:\/\/i0.wp.com\/schrittmacherfestival.nl\/wp-content\/uploads\/2024\/05\/barrowland_ballet_-_family_portrait_-_group_balance.1230x500.jpg?resize=640%2C260&#038;ssl=1\" alt=\"\" class=\"wp-image-9176\"\/><\/a><\/figure>\n\n\n\n<h4 class=\"wp-block-heading has-text-color has-link-color wp-elements-8e43911389c59fe4821207eeb29fbb4f\" id=\"hofesh-shechter-company-gbr\" style=\"color:#f6782f\"><strong>Family Portrait (AL)<\/strong><br\/><br\/><\/h4>\n\n\n\n<h4 class=\"wp-block-heading\"><a href=\"https:\/\/schrittmacherfestival.nl\/de\/family-portrait-2\/\" title=\"\">Barrowland Ballet (UK)<\/a><br\/><\/h4>\n\n\n\n<p><br\/>So 01.03.2026<\/p>\n<\/div>\n\n\n\n<div class=\"wp-block-column has-background is-layout-flow wp-block-column-is-layout-flow\" style=\"background-color:#fdddcb\">\n<figure class=\"wp-block-image size-large\"><a href=\"https:\/\/schrittmacherfestival.nl\/de\/van-mij-2\/\"><img data-recalc-dims=\"1\" height=\"267\" width=\"640\" decoding=\"async\" src=\"https:\/\/i0.wp.com\/schrittmacherfestival.nl\/wp-content\/uploads\/2025\/05\/Malou-van-Sluis-Producties-Van-mij-1-%C2%A9-Moon-Saris-scaled-e1747650790271-1024x427.webp?resize=640%2C267&#038;ssl=1\" alt=\"\" class=\"wp-image-11621\"\/><\/a><\/figure>\n\n\n\n<h4 class=\"wp-block-heading has-text-color has-link-color wp-elements-d92e5e1a9eb2ca6e5911cf5e8fa88e4f\" id=\"hofesh-shechter-company-gbr\" style=\"color:#f6782f\"><strong>Van Mij! (2+)<\/strong><br\/><br\/><\/h4>\n\n\n\n<h4 class=\"wp-block-heading\"><strong><a href=\"https:\/\/schrittmacherfestival.nl\/de\/van-mij-2\/\" title=\"\">Malou van Sluis &amp; Garage TDI (NL)<\/a><\/strong><br\/><\/h4>\n\n\n\n<p><br\/>So 01.03.2026<\/p>\n<\/div>\n\n\n\n<div class=\"wp-block-column has-background is-layout-flow wp-block-column-is-layout-flow\" style=\"background-color:#fdddcb\">\n<figure class=\"wp-block-image size-large\"><a href=\"https:\/\/schrittmacherfestival.nl\/de\/skydiver-3\/\"><img data-recalc-dims=\"1\" fetchpriority=\"high\" decoding=\"async\" width=\"640\" height=\"267\" src=\"https:\/\/i0.wp.com\/schrittmacherfestival.nl\/wp-content\/uploads\/2025\/05\/Skydiver-lead-Jimage-by-Nikolas-Louka-JPEG-scaled-e1747564101339-1024x427.webp?resize=640%2C267&#038;ssl=1\" alt=\"\" class=\"wp-image-11647\" srcset=\"https:\/\/i0.wp.com\/schrittmacherfestival.nl\/wp-content\/uploads\/2025\/05\/Skydiver-lead-Jimage-by-Nikolas-Louka-JPEG-scaled-e1747564101339.webp?resize=1024%2C427&amp;ssl=1 1024w, https:\/\/i0.wp.com\/schrittmacherfestival.nl\/wp-content\/uploads\/2025\/05\/Skydiver-lead-Jimage-by-Nikolas-Louka-JPEG-scaled-e1747564101339.webp?resize=300%2C125&amp;ssl=1 300w, https:\/\/i0.wp.com\/schrittmacherfestival.nl\/wp-content\/uploads\/2025\/05\/Skydiver-lead-Jimage-by-Nikolas-Louka-JPEG-scaled-e1747564101339.webp?resize=768%2C320&amp;ssl=1 768w, https:\/\/i0.wp.com\/schrittmacherfestival.nl\/wp-content\/uploads\/2025\/05\/Skydiver-lead-Jimage-by-Nikolas-Louka-JPEG-scaled-e1747564101339.webp?w=1200&amp;ssl=1 1200w\" sizes=\"(max-width: 640px) 100vw, 640px\" \/><\/a><\/figure>\n\n\n\n<h4 class=\"wp-block-heading has-text-color has-link-color wp-elements-e4b660f3f24777a600ab615753211d23\" id=\"hofesh-shechter-company-gbr\" style=\"color:#f6782f\"><strong>SKYDIVER (3+)<\/strong><br\/><br\/><\/h4>\n\n\n\n<h4 class=\"wp-block-heading\"><strong><a href=\"https:\/\/schrittmacherfestival.nl\/de\/skydiver-3\/\" title=\"\">Xenia Aidonopoulou (GR)<\/a><\/strong><br\/><\/h4>\n\n\n\n<p><br\/>So 01.03.2026<\/p>\n<\/div>\n<\/div>\n\n<div class=\"wp-block-columns is-layout-flex wp-container-core-columns-is-layout-9d6595d7 wp-block-columns-is-layout-flex\">\n<div class=\"wp-block-column has-background is-layout-flow wp-block-column-is-layout-flow\" style=\"background-color:#fdddcb\">\n<figure class=\"wp-block-image size-large\"><a href=\"https:\/\/schrittmacherfestival.nl\/de\/des-chimeres-dans-la-tete-8\/\"><img data-recalc-dims=\"1\" decoding=\"async\" width=\"640\" height=\"267\" src=\"https:\/\/i0.wp.com\/schrittmacherfestival.nl\/wp-content\/uploads\/2025\/05\/CHIMERES-HERVE-PLUMET-2-L-1-scaled-e1747561546245-1024x427.webp?resize=640%2C267&#038;ssl=1\" alt=\"\" class=\"wp-image-11664\" srcset=\"https:\/\/i0.wp.com\/schrittmacherfestival.nl\/wp-content\/uploads\/2025\/05\/CHIMERES-HERVE-PLUMET-2-L-1-scaled-e1747561546245.webp?resize=1024%2C427&amp;ssl=1 1024w, https:\/\/i0.wp.com\/schrittmacherfestival.nl\/wp-content\/uploads\/2025\/05\/CHIMERES-HERVE-PLUMET-2-L-1-scaled-e1747561546245.webp?resize=300%2C125&amp;ssl=1 300w, https:\/\/i0.wp.com\/schrittmacherfestival.nl\/wp-content\/uploads\/2025\/05\/CHIMERES-HERVE-PLUMET-2-L-1-scaled-e1747561546245.webp?resize=768%2C320&amp;ssl=1 768w, https:\/\/i0.wp.com\/schrittmacherfestival.nl\/wp-content\/uploads\/2025\/05\/CHIMERES-HERVE-PLUMET-2-L-1-scaled-e1747561546245.webp?w=1200&amp;ssl=1 1200w\" sizes=\"(max-width: 640px) 100vw, 640px\" \/><\/a><\/figure>\n\n\n\n<h4 class=\"wp-block-heading has-text-color has-link-color wp-elements-15762de0e8a1d02e1a4787dffa72a959\" id=\"hofesh-shechter-company-gbr\" style=\"color:#f6782f\"><strong><strong>Des chim\u00e8res dans la t\u00eate (8+)<\/strong><\/strong><br\/><br\/><\/h4>\n\n\n\n<h4 class=\"wp-block-heading\"><a href=\"https:\/\/schrittmacherfestival.nl\/de\/des-chimeres-dans-la-tete-8\/\" title=\"\">Ballet du Nord (FR)<\/a><br\/><\/h4>\n\n\n\n<p><br\/>So 01.03.2026<\/p>\n<\/div>\n\n\n\n<div class=\"wp-block-column is-layout-flow wp-block-column-is-layout-flow\">\n<h4 class=\"wp-block-heading has-text-color has-link-color wp-elements-c6d25d3c17157b1dc3134877de82cf53\" id=\"hofesh-shechter-company-gbr\" style=\"color:#f6782f\"><br\/><br\/><\/h4>\n\n\n\n<h4 class=\"wp-block-heading\"><br\/><\/h4>\n\n\n\n<p><br\/><\/p>\n<\/div>\n\n\n\n<div class=\"wp-block-column is-layout-flow wp-block-column-is-layout-flow\">\n<h4 class=\"wp-block-heading has-text-color has-link-color wp-elements-c6d25d3c17157b1dc3134877de82cf53\" id=\"hofesh-shechter-company-gbr\" style=\"color:#f6782f\"><br\/><br\/><\/h4>\n\n\n\n<h4 class=\"wp-block-heading\"><br\/><\/h4>\n\n\n\n<p><br\/><\/p>\n<\/div>\n<\/div>\n\n<hr class=\"wp-block-separator has-text-color has-alpha-channel-opacity has-background\" style=\"background-color:#f6782f;color:#f6782f\"\/>\n\n<p class=\"has-background\" style=\"background-color:#fdddcb\">Tanz, der junges Publikum dazu einl\u00e4dt zu entdecken, zu erleben und sich freudig u\u0308berraschen zu lassen.<\/p>\n\n<hr class=\"wp-block-separator has-text-color has-alpha-channel-opacity has-background\" style=\"background-color:#f6782f;color:#f6782f\"\/>\n\n<div class=\"wp-block-columns is-layout-flex wp-container-core-columns-is-layout-9d6595d7 wp-block-columns-is-layout-flex\">\n<div class=\"wp-block-column has-background is-layout-flow wp-block-column-is-layout-flow\" style=\"background-color:#fdddcb\">\n<figure class=\"wp-block-image size-large\"><a href=\"https:\/\/schrittmacherfestival.nl\/de\/female-edition\/\"><img data-recalc-dims=\"1\" decoding=\"async\" width=\"640\" height=\"267\" src=\"https:\/\/i0.wp.com\/schrittmacherfestival.nl\/wp-content\/uploads\/2025\/12\/ExhibitionBattle_c_Mato_Schaefer_02-scaled-e1765270024933-1024x427.jpg?resize=640%2C267&#038;ssl=1\" alt=\"\" class=\"wp-image-12199\" srcset=\"https:\/\/i0.wp.com\/schrittmacherfestival.nl\/wp-content\/uploads\/2025\/12\/ExhibitionBattle_c_Mato_Schaefer_02-scaled-e1765270024933.jpg?resize=1024%2C427&amp;ssl=1 1024w, https:\/\/i0.wp.com\/schrittmacherfestival.nl\/wp-content\/uploads\/2025\/12\/ExhibitionBattle_c_Mato_Schaefer_02-scaled-e1765270024933.jpg?resize=300%2C125&amp;ssl=1 300w, https:\/\/i0.wp.com\/schrittmacherfestival.nl\/wp-content\/uploads\/2025\/12\/ExhibitionBattle_c_Mato_Schaefer_02-scaled-e1765270024933.jpg?resize=768%2C320&amp;ssl=1 768w, https:\/\/i0.wp.com\/schrittmacherfestival.nl\/wp-content\/uploads\/2025\/12\/ExhibitionBattle_c_Mato_Schaefer_02-scaled-e1765270024933.jpg?resize=31%2C13&amp;ssl=1 31w, https:\/\/i0.wp.com\/schrittmacherfestival.nl\/wp-content\/uploads\/2025\/12\/ExhibitionBattle_c_Mato_Schaefer_02-scaled-e1765270024933.jpg?w=1200&amp;ssl=1 1200w\" sizes=\"(max-width: 640px) 100vw, 640px\" \/><\/a><\/figure>\n\n\n\n<h4 class=\"wp-block-heading has-text-color has-link-color wp-elements-41e95c482bd6a49c8b83a4fa1465ff6d\" id=\"hofesh-shechter-company-gbr\" style=\"color:#f6782f\"><strong>Van <strong>FEMALE* Edition<\/strong><\/strong><br\/><br\/><\/h4>\n\n\n\n<h4 class=\"wp-block-heading\"><strong><strong><a href=\"https:\/\/schrittmacherfestival.nl\/de\/female-edition\/\" title=\"\">Exhibition Battle<\/a><\/strong><\/strong><br\/><\/h4>\n\n\n\n<p><br\/>Sa 07.03.2026<\/p>\n<\/div>\n\n\n\n<div class=\"wp-block-column has-background is-layout-flow wp-block-column-is-layout-flow\" style=\"background-color:#fdddcb\">\n<figure class=\"wp-block-image size-large\"><a href=\"https:\/\/schrittmacherfestival.nl\/de\/vaeter-12\/\"><img data-recalc-dims=\"1\" loading=\"lazy\" decoding=\"async\" width=\"640\" height=\"267\" src=\"https:\/\/i0.wp.com\/schrittmacherfestival.nl\/wp-content\/uploads\/2025\/12\/VATER_c_Daniel-Blattmann-2-e1765270219664-1024x427.jpg?resize=640%2C267&#038;ssl=1\" alt=\"\" class=\"wp-image-12200\" srcset=\"https:\/\/i0.wp.com\/schrittmacherfestival.nl\/wp-content\/uploads\/2025\/12\/VATER_c_Daniel-Blattmann-2-e1765270219664.jpg?resize=1024%2C427&amp;ssl=1 1024w, https:\/\/i0.wp.com\/schrittmacherfestival.nl\/wp-content\/uploads\/2025\/12\/VATER_c_Daniel-Blattmann-2-e1765270219664.jpg?resize=300%2C125&amp;ssl=1 300w, https:\/\/i0.wp.com\/schrittmacherfestival.nl\/wp-content\/uploads\/2025\/12\/VATER_c_Daniel-Blattmann-2-e1765270219664.jpg?resize=768%2C320&amp;ssl=1 768w, https:\/\/i0.wp.com\/schrittmacherfestival.nl\/wp-content\/uploads\/2025\/12\/VATER_c_Daniel-Blattmann-2-e1765270219664.jpg?resize=31%2C13&amp;ssl=1 31w, https:\/\/i0.wp.com\/schrittmacherfestival.nl\/wp-content\/uploads\/2025\/12\/VATER_c_Daniel-Blattmann-2-e1765270219664.jpg?w=1200&amp;ssl=1 1200w\" sizes=\"(max-width: 640px) 100vw, 640px\" \/><\/a><\/figure>\n\n\n\n<h4 class=\"wp-block-heading has-text-color has-link-color wp-elements-b1952acd8296a70ab048389c59f39ab7\" id=\"hofesh-shechter-company-gbr\" style=\"color:#f6782f\"><strong><strong>V\u00c4TER (12+)<\/strong><\/strong><br\/><br\/><\/h4>\n\n\n\n<h4 class=\"wp-block-heading\"><strong><a href=\"https:\/\/schrittmacherfestival.nl\/de\/vaeter-12\/\" title=\"\"><strong>Hennermanns Horde <\/strong>(DE)<\/a><\/strong><br\/><\/h4>\n\n\n\n<p><br\/>Fr 13.03.2026<\/p>\n<\/div>\n\n\n\n<div class=\"wp-block-column has-background is-layout-flow wp-block-column-is-layout-flow\" style=\"background-color:#fdddcb\">\n<figure class=\"wp-block-image size-large\"><a href=\"https:\/\/schrittmacherfestival.nl\/de\/por\/\"><img data-recalc-dims=\"1\" loading=\"lazy\" decoding=\"async\" width=\"640\" height=\"267\" src=\"https:\/\/i0.wp.com\/schrittmacherfestival.nl\/wp-content\/uploads\/2025\/05\/TIJDELIJK-BEELD-POR-promo_horizontaalc-Jonas-Vermeulen-scaled-e1747565132827-1024x427.webp?resize=640%2C267&#038;ssl=1\" alt=\"\" class=\"wp-image-11567\" srcset=\"https:\/\/i0.wp.com\/schrittmacherfestival.nl\/wp-content\/uploads\/2025\/05\/TIJDELIJK-BEELD-POR-promo_horizontaalc-Jonas-Vermeulen-scaled-e1747565132827.webp?resize=1024%2C427&amp;ssl=1 1024w, https:\/\/i0.wp.com\/schrittmacherfestival.nl\/wp-content\/uploads\/2025\/05\/TIJDELIJK-BEELD-POR-promo_horizontaalc-Jonas-Vermeulen-scaled-e1747565132827.webp?resize=300%2C125&amp;ssl=1 300w, https:\/\/i0.wp.com\/schrittmacherfestival.nl\/wp-content\/uploads\/2025\/05\/TIJDELIJK-BEELD-POR-promo_horizontaalc-Jonas-Vermeulen-scaled-e1747565132827.webp?resize=768%2C320&amp;ssl=1 768w, https:\/\/i0.wp.com\/schrittmacherfestival.nl\/wp-content\/uploads\/2025\/05\/TIJDELIJK-BEELD-POR-promo_horizontaalc-Jonas-Vermeulen-scaled-e1747565132827.webp?w=1200&amp;ssl=1 1200w\" sizes=\"(max-width: 640px) 100vw, 640px\" \/><\/a><\/figure>\n\n\n\n<h4 class=\"wp-block-heading has-text-color has-link-color wp-elements-22c558aa6ebfd51b81d185f254ea1b5c\" id=\"hofesh-shechter-company-gbr\" style=\"color:#f6782f\"><strong>POR<\/strong> <strong>(6+)<\/strong><br\/><br\/><\/h4>\n\n\n\n<h4 class=\"wp-block-heading\"><strong><a href=\"https:\/\/schrittmacherfestival.nl\/de\/por\/\" title=\"\">dOFt (BE)<\/a><\/strong><br\/><br\/><\/h4>\n\n\n\n<p>Fr 20.03.2026<\/p>\n<\/div>\n<\/div>\n\n<div class=\"wp-block-columns is-layout-flex wp-container-core-columns-is-layout-9d6595d7 wp-block-columns-is-layout-flex\">\n<div class=\"wp-block-column has-background is-layout-flow wp-block-column-is-layout-flow\" style=\"background-color:#fdddcb\">\n<figure class=\"wp-block-image size-large\"><a href=\"https:\/\/schrittmacherfestival.nl\/de\/be-girl-10\/\"><img data-recalc-dims=\"1\" loading=\"lazy\" decoding=\"async\" width=\"640\" height=\"267\" src=\"https:\/\/i0.wp.com\/schrittmacherfestival.nl\/wp-content\/uploads\/2025\/12\/BE.Girl_c_Ville-Elancourt-scaled-e1765270387151-1024x427.jpg?resize=640%2C267&#038;ssl=1\" alt=\"\" class=\"wp-image-12201\" srcset=\"https:\/\/i0.wp.com\/schrittmacherfestival.nl\/wp-content\/uploads\/2025\/12\/BE.Girl_c_Ville-Elancourt-scaled-e1765270387151.jpg?resize=1024%2C427&amp;ssl=1 1024w, https:\/\/i0.wp.com\/schrittmacherfestival.nl\/wp-content\/uploads\/2025\/12\/BE.Girl_c_Ville-Elancourt-scaled-e1765270387151.jpg?resize=300%2C125&amp;ssl=1 300w, https:\/\/i0.wp.com\/schrittmacherfestival.nl\/wp-content\/uploads\/2025\/12\/BE.Girl_c_Ville-Elancourt-scaled-e1765270387151.jpg?resize=768%2C320&amp;ssl=1 768w, https:\/\/i0.wp.com\/schrittmacherfestival.nl\/wp-content\/uploads\/2025\/12\/BE.Girl_c_Ville-Elancourt-scaled-e1765270387151.jpg?resize=31%2C13&amp;ssl=1 31w, https:\/\/i0.wp.com\/schrittmacherfestival.nl\/wp-content\/uploads\/2025\/12\/BE.Girl_c_Ville-Elancourt-scaled-e1765270387151.jpg?w=1200&amp;ssl=1 1200w\" sizes=\"(max-width: 640px) 100vw, 640px\" \/><\/a><\/figure>\n\n\n\n<h4 class=\"wp-block-heading has-text-color has-link-color wp-elements-4603f5e91b561f5a51d14fe0e441bd3b\" id=\"hofesh-shechter-company-gbr\" style=\"color:#f6782f\"><strong><strong>BE.Girl (10+)<\/strong><\/strong><br\/><br\/><\/h4>\n\n\n\n<h4 class=\"wp-block-heading\"><strong><a href=\"https:\/\/schrittmacherfestival.nl\/de\/be-girl-10\/\" title=\"\"><strong>Cie du Uzumaki <\/strong>(FR)<\/a><\/strong><br\/><\/h4>\n\n\n\n<p><br\/>Sa 21.03.2026<\/p>\n<\/div>\n\n\n\n<div class=\"wp-block-column has-background is-layout-flow wp-block-column-is-layout-flow\" style=\"background-color:#fdddcb\">\n<figure class=\"wp-block-image size-large\"><a href=\"https:\/\/schrittmacherfestival.nl\/de\/licht\/\"><img data-recalc-dims=\"1\" loading=\"lazy\" decoding=\"async\" width=\"640\" height=\"267\" src=\"https:\/\/i0.wp.com\/schrittmacherfestival.nl\/wp-content\/uploads\/2026\/01\/DADO-Banner-Hres-scaled-e1767694352829-1024x427.jpg?resize=640%2C267&#038;ssl=1\" alt=\"\" class=\"wp-image-13435\" srcset=\"https:\/\/i0.wp.com\/schrittmacherfestival.nl\/wp-content\/uploads\/2026\/01\/DADO-Banner-Hres-scaled-e1767694352829.jpg?resize=1024%2C427&amp;ssl=1 1024w, https:\/\/i0.wp.com\/schrittmacherfestival.nl\/wp-content\/uploads\/2026\/01\/DADO-Banner-Hres-scaled-e1767694352829.jpg?resize=300%2C125&amp;ssl=1 300w, https:\/\/i0.wp.com\/schrittmacherfestival.nl\/wp-content\/uploads\/2026\/01\/DADO-Banner-Hres-scaled-e1767694352829.jpg?resize=768%2C320&amp;ssl=1 768w, https:\/\/i0.wp.com\/schrittmacherfestival.nl\/wp-content\/uploads\/2026\/01\/DADO-Banner-Hres-scaled-e1767694352829.jpg?resize=31%2C13&amp;ssl=1 31w, https:\/\/i0.wp.com\/schrittmacherfestival.nl\/wp-content\/uploads\/2026\/01\/DADO-Banner-Hres-scaled-e1767694352829.jpg?w=1200&amp;ssl=1 1200w\" sizes=\"(max-width: 640px) 100vw, 640px\" \/><\/a><\/figure>\n\n\n\n<h4 class=\"wp-block-heading has-text-color has-link-color wp-elements-458d136c49b2667fcc4d94be58b7ffbc\" id=\"hofesh-shechter-company-gbr\" style=\"color:#f6782f\"><strong>LiCHT<\/strong> <strong>(2+)<\/strong><br\/><br\/><\/h4>\n\n\n\n<h4 class=\"wp-block-heading\"><strong><a href=\"https:\/\/schrittmacherfestival.nl\/de\/licht\/\" title=\"\">DadoDans | Gaia Gonnelli (NL\/IT)<\/a><\/strong><br\/><br\/><\/h4>\n\n\n\n<p>So 22.03.2026<\/p>\n<\/div>\n\n\n\n<div class=\"wp-block-column has-background is-layout-flow wp-block-column-is-layout-flow\" style=\"background-color:#fdddcb\">\n<figure class=\"wp-block-image size-large\"><a href=\"https:\/\/schrittmacherfestival.nl\/de\/alter-3\/\"><img data-recalc-dims=\"1\" height=\"267\" width=\"640\" decoding=\"async\" src=\"https:\/\/i0.wp.com\/schrittmacherfestival.nl\/wp-content\/uploads\/2025\/12\/Cie-Nyash_ALTER%C2%AEAliceKhol_HD-3-scaled-e1765270600661-1024x427.jpg?resize=640%2C267&#038;ssl=1\" alt=\"\" class=\"wp-image-12202\"\/><\/a><\/figure>\n\n\n\n<h4 class=\"wp-block-heading has-text-color has-link-color wp-elements-bcedfd0ae371f8bf4f73c09df4d28613\" id=\"hofesh-shechter-company-gbr\" style=\"color:#f6782f\"><strong><strong><strong>ALTER (3+)<\/strong><\/strong><\/strong><br\/><br\/><\/h4>\n\n\n\n<h4 class=\"wp-block-heading\"><a href=\"https:\/\/schrittmacherfestival.nl\/de\/alter-3\/\" title=\"\"><strong>Cie. Nyash <\/strong>(BE)<\/a><br\/><\/h4>\n\n\n\n<p><br\/>So 22.03.2026<\/p>\n<\/div>\n<\/div>\n\n<hr class=\"wp-block-separator has-text-color has-alpha-channel-opacity has-background\" style=\"background-color:#f6782f;color:#f6782f\"\/>\n\n<p><\/p>\n","protected":false},"excerpt":{"rendered":"<p>FAMILY DAY Der schrit_tmacher Familientag ist inzwischen zu einer beliebten Tradition des Festivals geworden. In diesem Jahr findet er am Sonntag, den 1. M\u00e4rz 2026 statt. Familien k\u00f6nnen sich auf mitrei\u00dfende Tanzauff\u00fchrungen, spannende Workshops und viele Aktivit\u00e4ten im Foyer des Theater Heerlen freuen. Family Portrait (AL) Barrowland Ballet (UK) So 01.03.2026 Van Mij! (2+) Malou van Sluis &amp; Garage TDI [&hellip;]<\/p>\n","protected":false},"author":1,"featured_media":0,"parent":0,"menu_order":0,"comment_status":"closed","ping_status":"closed","template":"","meta":{"_acf_changed":false,"footnotes":""},"class_list":["post-11300","page","type-page","status-publish","hentry"],"aioseo_notices":[],"acf":[],"jetpack_sharing_enabled":true,"_links":{"self":[{"href":"https:\/\/schrittmacherfestival.nl\/de\/wp-json\/wp\/v2\/pages\/11300","targetHints":{"allow":["GET"]}}],"collection":[{"href":"https:\/\/schrittmacherfestival.nl\/de\/wp-json\/wp\/v2\/pages"}],"about":[{"href":"https:\/\/schrittmacherfestival.nl\/de\/wp-json\/wp\/v2\/types\/page"}],"author":[{"embeddable":true,"href":"https:\/\/schrittmacherfestival.nl\/de\/wp-json\/wp\/v2\/users\/1"}],"replies":[{"embeddable":true,"href":"https:\/\/schrittmacherfestival.nl\/de\/wp-json\/wp\/v2\/comments?post=11300"}],"version-history":[{"count":71,"href":"https:\/\/schrittmacherfestival.nl\/de\/wp-json\/wp\/v2\/pages\/11300\/revisions"}],"predecessor-version":[{"id":13825,"href":"https:\/\/schrittmacherfestival.nl\/de\/wp-json\/wp\/v2\/pages\/11300\/revisions\/13825"}],"wp:attachment":[{"href":"https:\/\/schrittmacherfestival.nl\/de\/wp-json\/wp\/v2\/media?parent=11300"}],"curies":[{"name":"wp","href":"https:\/\/api.w.org\/{rel}","templated":true}]}}