{"id":11625,"date":"2025-05-19T10:37:30","date_gmt":"2025-05-19T10:37:30","guid":{"rendered":"https:\/\/schrittmacherfestival.nl\/van-mij-2\/"},"modified":"2025-12-09T10:31:39","modified_gmt":"2025-12-09T10:31:39","slug":"van-mij-2","status":"publish","type":"page","link":"https:\/\/schrittmacherfestival.nl\/de\/van-mij-2\/","title":{"rendered":"Van Mij! (2+)"},"content":{"rendered":"\n<h1 class=\"wp-block-heading has-black-color has-text-color\" id=\"hofesh-shechter-company-gbr\"><strong><strong>Malou van Sluis &amp; Garage TDI (NL)<\/strong><\/strong><\/h1>\n\n<p><strong>Theater Heerlen &#8211; Kleine Zaal<\/strong><br\/><strong><strong>So 01.03.2026<\/strong><\/strong><br\/><strong>11.00 + 15.30 Uhr<\/strong><br\/><strong>9,50 \u20ac<\/strong><\/p>\n\n<figure class=\"wp-block-image alignwide size-full\"><img data-recalc-dims=\"1\" decoding=\"async\" src=\"https:\/\/i0.wp.com\/schrittmacherfestival.nl\/wp-content\/uploads\/2025\/05\/Malou-van-Sluis-Producties-Van-mij-1-%C2%A9-Moon-Saris-scaled-e1747650790271.webp?w=640&#038;ssl=1\" alt=\"\" class=\"wp-image-11621\"\/><\/figure>\n\n<hr class=\"wp-block-separator has-css-opacity\"\/>\n\n<h2 class=\"wp-block-heading\"> <\/h2>\n\n<p>In \u201eVan mij!\u201c (\u201eMeins!\u201c) begegnen sich zwei Figuren in einem verspielten Niemandsland \u2013 nur ein W\u00fcrfel steht da. Wem geh\u00f6rt er, und wer bestimmt das? Nach und nach erkennen sie, dass die Welt gr\u00f6\u00dfer ist als nur \u201emeins\u201c. Ein poetisches Tanzst\u00fcck f\u00fcr Kleinkinder und ihre (Gro\u00df-)Eltern \u00fcber Fantasie, Grenzen und das Teilen.<\/p>\n\n<p> <\/p>\n\n<p> <\/p>\n\n<p> <\/p>\n\n<p>Duration: ~ 40 min. no interval + 15 min. post show activity<\/p>\n\n<hr class=\"wp-block-separator has-css-opacity\"\/>\n\n<div class=\"wp-block-buttons is-horizontal is-content-justification-center is-layout-flex wp-container-core-buttons-is-layout-499968f5 wp-block-buttons-is-layout-flex\">\n<div class=\"wp-block-button\"><a class=\"wp-block-button__link has-white-color has-black-background-color has-text-color has-background wp-element-button\" href=\"https:\/\/bestellen.plt.nl\/bestel\/13261\" target=\"_blank\" rel=\"noreferrer noopener\"><strong>Tickets So 01.03 | 11.00 Uhr<\/strong><\/a><\/div>\n\n\n\n<div class=\"wp-block-button\"><a class=\"wp-block-button__link has-white-color has-black-background-color has-text-color has-background wp-element-button\" href=\"https:\/\/bestellen.plt.nl\/bestel\/13262\" target=\"_blank\" rel=\"noreferrer noopener\"><strong>Tickets So 01.03 | 15.30 Uhr<\/strong><\/a><\/div>\n<\/div>\n\n<hr class=\"wp-block-separator has-css-opacity\"\/>\n\n<div class=\"wp-block-jetpack-tiled-gallery aligncenter is-style-rectangular\"><div class=\"\"><div class=\"tiled-gallery__gallery\"><div class=\"tiled-gallery__row\"><div class=\"tiled-gallery__col\" style=\"flex-basis:66.78742%\"><figure class=\"tiled-gallery__item\"><img decoding=\"async\" srcset=\"https:\/\/i0.wp.com\/schrittmacherfestival.nl\/wp-content\/uploads\/2025\/05\/Malou-van-Sluis-Producties-Van-mij-1-%C2%A9-Moon-Saris-1-1024x683.jpg?strip=info&#038;w=600&#038;ssl=1 600w,https:\/\/i0.wp.com\/schrittmacherfestival.nl\/wp-content\/uploads\/2025\/05\/Malou-van-Sluis-Producties-Van-mij-1-%C2%A9-Moon-Saris-1-1024x683.jpg?strip=info&#038;w=900&#038;ssl=1 900w,https:\/\/i0.wp.com\/schrittmacherfestival.nl\/wp-content\/uploads\/2025\/05\/Malou-van-Sluis-Producties-Van-mij-1-%C2%A9-Moon-Saris-1-1024x683.jpg?strip=info&#038;w=1200&#038;ssl=1 1200w,https:\/\/i0.wp.com\/schrittmacherfestival.nl\/wp-content\/uploads\/2025\/05\/Malou-van-Sluis-Producties-Van-mij-1-%C2%A9-Moon-Saris-1-1024x683.jpg?strip=info&#038;w=1500&#038;ssl=1 1500w,https:\/\/i0.wp.com\/schrittmacherfestival.nl\/wp-content\/uploads\/2025\/05\/Malou-van-Sluis-Producties-Van-mij-1-%C2%A9-Moon-Saris-1-1024x683.jpg?strip=info&#038;w=1800&#038;ssl=1 1800w,https:\/\/i0.wp.com\/schrittmacherfestival.nl\/wp-content\/uploads\/2025\/05\/Malou-van-Sluis-Producties-Van-mij-1-%C2%A9-Moon-Saris-1-1024x683.jpg?strip=info&#038;w=2000&#038;ssl=1 2000w\" alt=\"\" data-height=\"1707\" data-id=\"11606\" data-link=\"https:\/\/schrittmacherfestival.nl\/van-mij-2\/malou-van-sluis-producties-van-mij-1-moon-saris-2\/\" data-url=\"https:\/\/schrittmacherfestival.nl\/wp-content\/uploads\/2025\/05\/Malou-van-Sluis-Producties-Van-mij-1-\u00a9-Moon-Saris-1-1024x683.jpg\" data-width=\"2560\" src=\"https:\/\/i0.wp.com\/schrittmacherfestival.nl\/wp-content\/uploads\/2025\/05\/Malou-van-Sluis-Producties-Van-mij-1-%C2%A9-Moon-Saris-1-1024x683.jpg?ssl=1\" data-amp-layout=\"responsive\"\/><\/figure><\/div><div class=\"tiled-gallery__col\" style=\"flex-basis:33.21258%\"><figure class=\"tiled-gallery__item\"><img decoding=\"async\" srcset=\"https:\/\/i0.wp.com\/schrittmacherfestival.nl\/wp-content\/uploads\/2025\/05\/Malou-van-Sluis-Producties-Van-mij-2-%C2%A9-Moon-Saris-1-1024x683.jpg?strip=info&#038;w=600&#038;ssl=1 600w,https:\/\/i0.wp.com\/schrittmacherfestival.nl\/wp-content\/uploads\/2025\/05\/Malou-van-Sluis-Producties-Van-mij-2-%C2%A9-Moon-Saris-1-1024x683.jpg?strip=info&#038;w=900&#038;ssl=1 900w,https:\/\/i0.wp.com\/schrittmacherfestival.nl\/wp-content\/uploads\/2025\/05\/Malou-van-Sluis-Producties-Van-mij-2-%C2%A9-Moon-Saris-1-1024x683.jpg?strip=info&#038;w=1200&#038;ssl=1 1200w,https:\/\/i0.wp.com\/schrittmacherfestival.nl\/wp-content\/uploads\/2025\/05\/Malou-van-Sluis-Producties-Van-mij-2-%C2%A9-Moon-Saris-1-1024x683.jpg?strip=info&#038;w=1500&#038;ssl=1 1500w,https:\/\/i0.wp.com\/schrittmacherfestival.nl\/wp-content\/uploads\/2025\/05\/Malou-van-Sluis-Producties-Van-mij-2-%C2%A9-Moon-Saris-1-1024x683.jpg?strip=info&#038;w=1800&#038;ssl=1 1800w,https:\/\/i0.wp.com\/schrittmacherfestival.nl\/wp-content\/uploads\/2025\/05\/Malou-van-Sluis-Producties-Van-mij-2-%C2%A9-Moon-Saris-1-1024x683.jpg?strip=info&#038;w=2000&#038;ssl=1 2000w\" alt=\"\" data-height=\"1707\" data-id=\"11604\" data-link=\"https:\/\/schrittmacherfestival.nl\/van-mij-2\/malou-van-sluis-producties-van-mij-2-moon-saris\/\" data-url=\"https:\/\/schrittmacherfestival.nl\/wp-content\/uploads\/2025\/05\/Malou-van-Sluis-Producties-Van-mij-2-\u00a9-Moon-Saris-1-1024x683.jpg\" data-width=\"2560\" src=\"https:\/\/i0.wp.com\/schrittmacherfestival.nl\/wp-content\/uploads\/2025\/05\/Malou-van-Sluis-Producties-Van-mij-2-%C2%A9-Moon-Saris-1-1024x683.jpg?ssl=1\" data-amp-layout=\"responsive\"\/><\/figure><figure class=\"tiled-gallery__item\"><img decoding=\"async\" srcset=\"https:\/\/i0.wp.com\/schrittmacherfestival.nl\/wp-content\/uploads\/2025\/05\/Malou-van-Sluis-Producties-Van-mij-3-%C2%A9-Moon-Saris-1024x683.jpg?strip=info&#038;w=600&#038;ssl=1 600w,https:\/\/i0.wp.com\/schrittmacherfestival.nl\/wp-content\/uploads\/2025\/05\/Malou-van-Sluis-Producties-Van-mij-3-%C2%A9-Moon-Saris-1024x683.jpg?strip=info&#038;w=900&#038;ssl=1 900w,https:\/\/i0.wp.com\/schrittmacherfestival.nl\/wp-content\/uploads\/2025\/05\/Malou-van-Sluis-Producties-Van-mij-3-%C2%A9-Moon-Saris-1024x683.jpg?strip=info&#038;w=1200&#038;ssl=1 1200w,https:\/\/i0.wp.com\/schrittmacherfestival.nl\/wp-content\/uploads\/2025\/05\/Malou-van-Sluis-Producties-Van-mij-3-%C2%A9-Moon-Saris-1024x683.jpg?strip=info&#038;w=1500&#038;ssl=1 1500w,https:\/\/i0.wp.com\/schrittmacherfestival.nl\/wp-content\/uploads\/2025\/05\/Malou-van-Sluis-Producties-Van-mij-3-%C2%A9-Moon-Saris-1024x683.jpg?strip=info&#038;w=1800&#038;ssl=1 1800w,https:\/\/i0.wp.com\/schrittmacherfestival.nl\/wp-content\/uploads\/2025\/05\/Malou-van-Sluis-Producties-Van-mij-3-%C2%A9-Moon-Saris-1024x683.jpg?strip=info&#038;w=2000&#038;ssl=1 2000w\" alt=\"\" data-height=\"1707\" data-id=\"11608\" data-link=\"https:\/\/schrittmacherfestival.nl\/van-mij-2\/malou-van-sluis-producties-van-mij-3-moon-saris\/\" data-url=\"https:\/\/schrittmacherfestival.nl\/wp-content\/uploads\/2025\/05\/Malou-van-Sluis-Producties-Van-mij-3-\u00a9-Moon-Saris-1024x683.jpg\" data-width=\"2560\" src=\"https:\/\/i0.wp.com\/schrittmacherfestival.nl\/wp-content\/uploads\/2025\/05\/Malou-van-Sluis-Producties-Van-mij-3-%C2%A9-Moon-Saris-1024x683.jpg?ssl=1\" data-amp-layout=\"responsive\"\/><\/figure><\/div><\/div><div class=\"tiled-gallery__row\"><div class=\"tiled-gallery__col\" style=\"flex-basis:69.17215%\"><figure class=\"tiled-gallery__item\"><img decoding=\"async\" srcset=\"https:\/\/i0.wp.com\/schrittmacherfestival.nl\/wp-content\/uploads\/2025\/05\/Malou-van-Sluis-Producties-Van-mij-4-%C2%A9-Moon-Saris-1024x683.jpg?strip=info&#038;w=600&#038;ssl=1 600w,https:\/\/i0.wp.com\/schrittmacherfestival.nl\/wp-content\/uploads\/2025\/05\/Malou-van-Sluis-Producties-Van-mij-4-%C2%A9-Moon-Saris-1024x683.jpg?strip=info&#038;w=900&#038;ssl=1 900w,https:\/\/i0.wp.com\/schrittmacherfestival.nl\/wp-content\/uploads\/2025\/05\/Malou-van-Sluis-Producties-Van-mij-4-%C2%A9-Moon-Saris-1024x683.jpg?strip=info&#038;w=1200&#038;ssl=1 1200w,https:\/\/i0.wp.com\/schrittmacherfestival.nl\/wp-content\/uploads\/2025\/05\/Malou-van-Sluis-Producties-Van-mij-4-%C2%A9-Moon-Saris-1024x683.jpg?strip=info&#038;w=1500&#038;ssl=1 1500w,https:\/\/i0.wp.com\/schrittmacherfestival.nl\/wp-content\/uploads\/2025\/05\/Malou-van-Sluis-Producties-Van-mij-4-%C2%A9-Moon-Saris-1024x683.jpg?strip=info&#038;w=1800&#038;ssl=1 1800w,https:\/\/i0.wp.com\/schrittmacherfestival.nl\/wp-content\/uploads\/2025\/05\/Malou-van-Sluis-Producties-Van-mij-4-%C2%A9-Moon-Saris-1024x683.jpg?strip=info&#038;w=2000&#038;ssl=1 2000w\" alt=\"\" data-height=\"1707\" data-id=\"11612\" data-link=\"https:\/\/schrittmacherfestival.nl\/van-mij-2\/malou-van-sluis-producties-van-mij-4-moon-saris\/\" data-url=\"https:\/\/schrittmacherfestival.nl\/wp-content\/uploads\/2025\/05\/Malou-van-Sluis-Producties-Van-mij-4-\u00a9-Moon-Saris-1024x683.jpg\" data-width=\"2560\" src=\"https:\/\/i0.wp.com\/schrittmacherfestival.nl\/wp-content\/uploads\/2025\/05\/Malou-van-Sluis-Producties-Van-mij-4-%C2%A9-Moon-Saris-1024x683.jpg?ssl=1\" data-amp-layout=\"responsive\"\/><\/figure><\/div><div class=\"tiled-gallery__col\" style=\"flex-basis:30.82785%\"><figure class=\"tiled-gallery__item\"><img decoding=\"async\" srcset=\"https:\/\/i0.wp.com\/schrittmacherfestival.nl\/wp-content\/uploads\/2025\/05\/Malou-van-Sluis-Producties-Van-mij-5-%C2%A9-Moon-Saris-683x1024.jpg?strip=info&#038;w=600&#038;ssl=1 600w,https:\/\/i0.wp.com\/schrittmacherfestival.nl\/wp-content\/uploads\/2025\/05\/Malou-van-Sluis-Producties-Van-mij-5-%C2%A9-Moon-Saris-683x1024.jpg?strip=info&#038;w=900&#038;ssl=1 900w,https:\/\/i0.wp.com\/schrittmacherfestival.nl\/wp-content\/uploads\/2025\/05\/Malou-van-Sluis-Producties-Van-mij-5-%C2%A9-Moon-Saris-683x1024.jpg?strip=info&#038;w=1200&#038;ssl=1 1200w,https:\/\/i0.wp.com\/schrittmacherfestival.nl\/wp-content\/uploads\/2025\/05\/Malou-van-Sluis-Producties-Van-mij-5-%C2%A9-Moon-Saris-683x1024.jpg?strip=info&#038;w=1500&#038;ssl=1 1500w,https:\/\/i0.wp.com\/schrittmacherfestival.nl\/wp-content\/uploads\/2025\/05\/Malou-van-Sluis-Producties-Van-mij-5-%C2%A9-Moon-Saris-683x1024.jpg?strip=info&#038;w=1707&#038;ssl=1 1707w\" alt=\"\" data-height=\"2560\" data-id=\"11610\" data-link=\"https:\/\/schrittmacherfestival.nl\/van-mij-2\/malou-van-sluis-producties-van-mij-5-moon-saris\/\" data-url=\"https:\/\/schrittmacherfestival.nl\/wp-content\/uploads\/2025\/05\/Malou-van-Sluis-Producties-Van-mij-5-\u00a9-Moon-Saris-683x1024.jpg\" data-width=\"1707\" src=\"https:\/\/i0.wp.com\/schrittmacherfestival.nl\/wp-content\/uploads\/2025\/05\/Malou-van-Sluis-Producties-Van-mij-5-%C2%A9-Moon-Saris-683x1024.jpg?ssl=1\" data-amp-layout=\"responsive\"\/><\/figure><\/div><\/div><\/div><\/div><\/div><br>\n\n<hr class=\"wp-block-separator has-css-opacity\"\/>\n","protected":false},"excerpt":{"rendered":"<p>Malou van Sluis &amp; Garage TDI (NL) Theater Heerlen &#8211; Kleine ZaalSo 01.03.202611.00 + 15.30 Uhr9,50 \u20ac In \u201eVan mij!\u201c (\u201eMeins!\u201c) begegnen sich zwei Figuren in einem verspielten Niemandsland \u2013 nur ein W\u00fcrfel steht da. Wem geh\u00f6rt er, und wer bestimmt das? Nach und nach erkennen sie, dass die Welt gr\u00f6\u00dfer ist als nur \u201emeins\u201c. Ein poetisches Tanzst\u00fcck f\u00fcr Kleinkinder [&hellip;]<\/p>\n","protected":false},"author":1,"featured_media":0,"parent":0,"menu_order":0,"comment_status":"closed","ping_status":"closed","template":"","meta":{"_acf_changed":false,"footnotes":""},"class_list":["post-11625","page","type-page","status-publish","hentry"],"aioseo_notices":[],"acf":[],"jetpack_sharing_enabled":true,"_links":{"self":[{"href":"https:\/\/schrittmacherfestival.nl\/de\/wp-json\/wp\/v2\/pages\/11625","targetHints":{"allow":["GET"]}}],"collection":[{"href":"https:\/\/schrittmacherfestival.nl\/de\/wp-json\/wp\/v2\/pages"}],"about":[{"href":"https:\/\/schrittmacherfestival.nl\/de\/wp-json\/wp\/v2\/types\/page"}],"author":[{"embeddable":true,"href":"https:\/\/schrittmacherfestival.nl\/de\/wp-json\/wp\/v2\/users\/1"}],"replies":[{"embeddable":true,"href":"https:\/\/schrittmacherfestival.nl\/de\/wp-json\/wp\/v2\/comments?post=11625"}],"version-history":[{"count":4,"href":"https:\/\/schrittmacherfestival.nl\/de\/wp-json\/wp\/v2\/pages\/11625\/revisions"}],"predecessor-version":[{"id":12274,"href":"https:\/\/schrittmacherfestival.nl\/de\/wp-json\/wp\/v2\/pages\/11625\/revisions\/12274"}],"wp:attachment":[{"href":"https:\/\/schrittmacherfestival.nl\/de\/wp-json\/wp\/v2\/media?parent=11625"}],"curies":[{"name":"wp","href":"https:\/\/api.w.org\/{rel}","templated":true}]}}