{"id":1206,"date":"2021-06-03T16:13:33","date_gmt":"2021-06-03T16:13:33","guid":{"rendered":"https:\/\/schrittmacherfestival.nl\/broerszussen\/"},"modified":"2021-07-03T10:34:12","modified_gmt":"2021-07-03T10:34:12","slug":"broerszussen","status":"publish","type":"page","link":"https:\/\/schrittmacherfestival.nl\/de\/broerszussen\/","title":{"rendered":"BROERSZUSSEN \/ ABGESAGT"},"content":{"rendered":"\n<h2 class=\"has-black-color has-text-color wp-block-heading\">ISH Dance\u202fCollective \/ 6 <strong>Jahre +<\/strong><\/h2>\n\n\n\n<p><strong><span style=\"background-color:#f5ec5a\" class=\"tadv-background-color\"><strong>THEATER KERKRADE<\/strong><\/span><\/strong><br><strong><span style=\"background-color:#f5ec5a\" class=\"tadv-background-color\">Abgesagt<\/span><span style=\"background-color:#f2ea34\" class=\"tadv-background-color\"><br><\/span><span style=\"background-color:#f5ec5a\" class=\"tadv-background-color\">15.00 Uhr<\/span><span style=\"background-color:#f2ea34\" class=\"tadv-background-color\"><br><\/span><span style=\"background-color:#f5ec5a\" class=\"tadv-background-color\">\u20ac15,-<\/span><\/strong><\/p>\n\n\n\n<figure class=\"wp-block-image alignwide size-large\"><img data-recalc-dims=\"1\" fetchpriority=\"high\" decoding=\"async\" width=\"640\" height=\"260\" src=\"https:\/\/i0.wp.com\/schrittmacherfestival.nl\/wp-content\/uploads\/2021\/06\/broerszussen.jpeg?resize=640%2C260&#038;ssl=1\" alt=\"\" class=\"wp-image-255\" srcset=\"https:\/\/i0.wp.com\/schrittmacherfestival.nl\/wp-content\/uploads\/2021\/06\/broerszussen.jpeg?resize=1024%2C416&amp;ssl=1 1024w, https:\/\/i0.wp.com\/schrittmacherfestival.nl\/wp-content\/uploads\/2021\/06\/broerszussen.jpeg?resize=300%2C122&amp;ssl=1 300w, https:\/\/i0.wp.com\/schrittmacherfestival.nl\/wp-content\/uploads\/2021\/06\/broerszussen.jpeg?resize=768%2C312&amp;ssl=1 768w, https:\/\/i0.wp.com\/schrittmacherfestival.nl\/wp-content\/uploads\/2021\/06\/broerszussen.jpeg?w=1230&amp;ssl=1 1230w\" sizes=\"(max-width: 640px) 100vw, 640px\" \/><\/figure>\n\n\n\n<hr class=\"wp-block-separator\"\/>\n\n\n\n<h1 class=\"has-black-color has-text-color wp-block-heading\"><strong>Mit BR\u00dcDERSCHWESTERN gelingt es ISH, ein junges Publikum mit Humor, Energie und Eigenwilligkeit zu begeistern.<\/strong><\/h1>\n\n\n\n<p><strong>In der Tanzauff\u00fchrung BR\u00dcDERSCHWESTERN befasst Choreograf Carl Refos sich mit der Beziehung zwischen zwei Br\u00fcdern und einer Schwester. Jedes Kind besitzt einen eigenen Charakter: Da ist zum Beispiel der starke \u00e4ltere Bruder, der sich f\u00fcr alles zu alt f\u00fchlt. Und dann der mittlere Bruder, der f\u00fcr Frieden sorgt, und die gl\u00fcckliche kleine Schwester, die sich f\u00fcr alles begeistern kann.<\/strong><\/p>\n\n\n\n<p><br><strong><span style=\"color:#000000\" class=\"tadv-color\">Was bedeutet es, das \u00e4lteste, das mittlere oder das kleinste Kind zu sein?<\/span><\/strong><br>Br\u00fcder und Schwester haben grunds\u00e4tzlich eine besondere Beziehung zueinander. Egal ob sie sich in den Haaren liegen oder die besten Freunde sind \u2013 diese Beziehung h\u00e4lt ein ganzes Leben lang. Lassen Sie sich von dieser energiegeladenen Tanzauff\u00fchrung \u00fcberraschen, die Breakdance, Popping &amp; Hip-Hop zu einem Thema mit hohem Wiedererkennungswert f\u00fcr Jung und Alt verbindet!<\/p>\n\n\n\n<p><br><span style=\"color:#000000\" class=\"tadv-color\"><strong>Carlos Refos &amp; ISH<\/strong><\/span><br>Carl Refos\u202f\u200bist T\u00e4nzer, Performer und Choreograf. Er tanzt seit seinem 16. Lebensjahr und entwickelte sich mit der Zeit zum Breakdancer.\u202fSeitdem er sich 2005 dem ISH Dance Collective angeschlossen hatte, war er in mehreren kleinen und gro\u00dfen ISH-Produktionen zu sehen. Als Spross einer surinamischen Gro\u00dffamilie und Vater dreier Kinder macht er mit der Tanzauff\u00fchrung BR\u00dcDERSCHWESTERN nun seine ersten Schritte als Theatermacher.<\/p>\n\n\n\n<h3 class=\"has-black-color has-text-color wp-block-heading\"><strong>Kreativworkshop \u201eBau deine eigene Familie nach!\u201c<\/strong><\/h3>\n\n\n\n<p>Vor der Vorstellung k\u00f6nnen Kinder f\u00fcr 2,- \u20ac an diesem Kreativworkshop teilnehmen, der von der Vrije Akademie Parkstad angeboten wird. Hier k\u00f6nnen sie mit Holzpuppen und Stiften \u201eSpielfiguren\u201c ihrer eigenen Familie nachbauen! Der Workshop beginnt eine Stunde vor Anfang der Vorstellung.<\/p>\n\n\n\n<hr class=\"wp-block-separator\"\/>\n\n\n\n<div class=\"wp-block-buttons is-content-justification-center is-layout-flex wp-block-buttons-is-layout-flex\">\n<div class=\"wp-block-button is-style-fill\"><a class=\"wp-block-button__link has-black-color has-text-color has-background\" style=\"background-color:#f5ec5a\"><strong>Abgesagt<\/strong><\/a><\/div>\n<\/div>\n\n\n\n<hr class=\"wp-block-separator\"\/>\n\n\n\n<figure class=\"wp-block-embed aligncenter is-type-video is-provider-youtube wp-block-embed-youtube wp-embed-aspect-16-9 wp-has-aspect-ratio\"><div class=\"wp-block-embed__wrapper\">\n<iframe  id=\"_ytid_12131\"  width=\"640\" height=\"360\"  data-origwidth=\"640\" data-origheight=\"360\" src=\"https:\/\/www.youtube.com\/embed\/ucshE4p7vkY?enablejsapi=1&#038;autoplay=0&#038;cc_load_policy=0&#038;cc_lang_pref=&#038;iv_load_policy=1&#038;loop=0&#038;rel=1&#038;fs=1&#038;playsinline=0&#038;autohide=2&#038;theme=dark&#038;color=red&#038;controls=1&#038;disablekb=0&#038;\" class=\"__youtube_prefs__  epyt-is-override  no-lazyload\" title=\"YouTube player\"  allow=\"fullscreen; accelerometer; autoplay; clipboard-write; encrypted-media; gyroscope; picture-in-picture; web-share\" referrerpolicy=\"strict-origin-when-cross-origin\" allowfullscreen data-no-lazy=\"1\" data-skipgform_ajax_framebjll=\"\"><\/iframe>\n<\/div><\/figure>\n\n\n\n<hr class=\"wp-block-separator\"\/>\n\n\n\n<div class=\"wp-block-image\"><figure class=\"aligncenter size-large\"><img data-recalc-dims=\"1\" decoding=\"async\" width=\"640\" height=\"904\" src=\"https:\/\/i0.wp.com\/schrittmacherfestival.nl\/wp-content\/uploads\/2021\/06\/2021-01-17_broerszussen_-_fotograaf_carl_refos-1.1280x1280.jpg?resize=640%2C904&#038;ssl=1\" alt=\"\" class=\"wp-image-266\" srcset=\"https:\/\/i0.wp.com\/schrittmacherfestival.nl\/wp-content\/uploads\/2021\/06\/2021-01-17_broerszussen_-_fotograaf_carl_refos-1.1280x1280.jpg?resize=725%2C1024&amp;ssl=1 725w, https:\/\/i0.wp.com\/schrittmacherfestival.nl\/wp-content\/uploads\/2021\/06\/2021-01-17_broerszussen_-_fotograaf_carl_refos-1.1280x1280.jpg?resize=212%2C300&amp;ssl=1 212w, https:\/\/i0.wp.com\/schrittmacherfestival.nl\/wp-content\/uploads\/2021\/06\/2021-01-17_broerszussen_-_fotograaf_carl_refos-1.1280x1280.jpg?resize=768%2C1085&amp;ssl=1 768w, https:\/\/i0.wp.com\/schrittmacherfestival.nl\/wp-content\/uploads\/2021\/06\/2021-01-17_broerszussen_-_fotograaf_carl_refos-1.1280x1280.jpg?w=906&amp;ssl=1 906w\" sizes=\"(max-width: 640px) 100vw, 640px\" \/><\/figure><\/div>\n\n\n\n<hr class=\"wp-block-separator\"\/>\n","protected":false},"excerpt":{"rendered":"<p>ISH Dance\u202fCollective \/ 6 Jahre + THEATER KERKRADEAbgesagt15.00 Uhr\u20ac15,- Mit BR\u00dcDERSCHWESTERN gelingt es ISH, ein junges Publikum mit Humor, Energie und Eigenwilligkeit zu begeistern. In der Tanzauff\u00fchrung BR\u00dcDERSCHWESTERN befasst Choreograf Carl Refos sich mit der Beziehung zwischen zwei Br\u00fcdern und einer Schwester. Jedes Kind besitzt einen eigenen Charakter: Da ist zum Beispiel der starke \u00e4ltere Bruder, der sich f\u00fcr alles [&hellip;]<\/p>\n","protected":false},"author":1,"featured_media":0,"parent":0,"menu_order":0,"comment_status":"closed","ping_status":"closed","template":"","meta":{"_acf_changed":false,"footnotes":""},"class_list":["post-1206","page","type-page","status-publish","hentry"],"aioseo_notices":[],"acf":[],"jetpack_sharing_enabled":true,"_links":{"self":[{"href":"https:\/\/schrittmacherfestival.nl\/de\/wp-json\/wp\/v2\/pages\/1206","targetHints":{"allow":["GET"]}}],"collection":[{"href":"https:\/\/schrittmacherfestival.nl\/de\/wp-json\/wp\/v2\/pages"}],"about":[{"href":"https:\/\/schrittmacherfestival.nl\/de\/wp-json\/wp\/v2\/types\/page"}],"author":[{"embeddable":true,"href":"https:\/\/schrittmacherfestival.nl\/de\/wp-json\/wp\/v2\/users\/1"}],"replies":[{"embeddable":true,"href":"https:\/\/schrittmacherfestival.nl\/de\/wp-json\/wp\/v2\/comments?post=1206"}],"version-history":[{"count":3,"href":"https:\/\/schrittmacherfestival.nl\/de\/wp-json\/wp\/v2\/pages\/1206\/revisions"}],"predecessor-version":[{"id":1957,"href":"https:\/\/schrittmacherfestival.nl\/de\/wp-json\/wp\/v2\/pages\/1206\/revisions\/1957"}],"wp:attachment":[{"href":"https:\/\/schrittmacherfestival.nl\/de\/wp-json\/wp\/v2\/media?parent=1206"}],"curies":[{"name":"wp","href":"https:\/\/api.w.org\/{rel}","templated":true}]}}