{"id":3610,"date":"2022-02-17T10:25:02","date_gmt":"2022-02-17T10:25:02","guid":{"rendered":"https:\/\/schrittmacherfestival.nl\/preise\/"},"modified":"2025-05-20T05:27:56","modified_gmt":"2025-05-20T05:27:56","slug":"preise","status":"publish","type":"page","link":"https:\/\/schrittmacherfestival.nl\/de\/preise\/","title":{"rendered":"PREISE"},"content":{"rendered":"\n<figure class=\"wp-block-image alignwide size-full\"><img data-recalc-dims=\"1\" decoding=\"async\" src=\"https:\/\/i0.wp.com\/schrittmacherfestival.nl\/wp-content\/uploads\/2025\/05\/in-c_sasha-waltz-guests_terry-riley_ensemble%C2%A9yanina-isla_0603-1-scaled-e1747718235148.jpg?w=640&#038;ssl=1\" alt=\"\" class=\"wp-image-11689\"\/><\/figure>\n\n<hr class=\"wp-block-separator has-css-opacity\"\/>\n\n<p><strong><strong>VORSTELLUNGEN FABRIK STAHLBAU STRANG (AACHEN)<\/strong><\/strong><br\/>Vorverkauf (VVK) &amp; Abendkasse (AK) + Tageskasse (TK)<\/p>\n\n<p><strong>Rang 1:<\/strong><br\/>F\u00fcr Pl\u00e4tze in den Reihen: <strong>R 01 \u2013 R 17\u00a0\u00a0\u00a0\u00a0\u00a0\u00a0\u00a0\u00a0\u00a0\u00a0\u00a0\u00a0\u00a0\u00a0\u00a0\u00a0\u00a0<\/strong><br\/><strong>VVK:<\/strong> \u00a0\u00a0\u00a0 29,00 \u20ac normal | 26,00 \u20ac erm\u00e4\u00dfigt<br\/><strong>AK:<\/strong> \u00a0\u00a0\u00a0\u00a0\u00a0 31,00 \u20ac normal | 28,00 \u20ac erm\u00e4\u00dfigt<\/p>\n\n<p><strong>Rang 2:<\/strong><br\/>F\u00fcr Pl\u00e4tze in den Reihen: <strong>R 18 \u2013 R 26\u00a0\u00a0\u00a0\u00a0\u00a0\u00a0\u00a0\u00a0\u00a0\u00a0\u00a0\u00a0\u00a0\u00a0\u00a0\u00a0\u00a0\u00a0\u00a0<\/strong><br\/><strong>VVK:<\/strong> \u00a0\u00a0\u00a0 27,00 \u20ac normal | 24,00 \u20ac erm\u00e4\u00dfigt<br\/><strong>AK: \u00a0\u00a0\u00a0\u00a0\u00a0 <\/strong>29,00 \u20ac normal | 26,00 \u20ac erm\u00e4\u00dfigt<\/p>\n\n<p>Alle VVK-Preise u\u0308ber AD-Ticket zzgl. Gebu\u0308hren<\/p>\n\n<hr class=\"wp-block-separator has-css-opacity\"\/>\n\n<p><strong><strong><strong>VORSTELLUNG THEATER AACHEN<\/strong><\/strong><\/strong><br\/>Vorverkauf (VVK) &amp; Abendkasse (AK)<\/p>\n\n<p><strong>VVK\/AK:<\/strong> \u00a0\u00a0\u00a0 40,00 \u20ac normal | 28,00 \u20ac erm\u00e4\u00dfigt<\/p>\n\n<p>Alle VVK-Preise u\u0308ber AD-Ticket zzgl. Gebu\u0308hren<\/p>\n\n<hr class=\"wp-block-separator has-css-opacity\"\/>\n\n<p><strong>V<spanorstellungen><\/spanorstellungen><\/strong><span><b>LUDWIG FORU<\/b><strong><b>M <\/b>AACHEN<\/strong><\/span><br\/>Vorverkauf (VVK) &amp; bendkasse (AK)<\/p>\n\n<p><strong>VVK:<\/strong> \u00a0\u00a0\u00a0 15,00 \u20ac normal | 12,00 \u20ac erm\u00e4\u00dfigt<br\/><strong>AK: \u00a0\u00a0\u00a0\u00a0\u00a0 <\/strong>17,00 \u20ac normaal | 14,00 \u20ac erm\u00e4\u00dfigt<\/p>\n\n<p>Alle VVK-Preise u\u0308ber AD-Ticket zzgl. Gebu\u0308hren<\/p>\n\n<hr class=\"wp-block-separator has-css-opacity\"\/>\n\n<p><strong>VORSTELLUNGEN THEATER HEERLEN &amp; THEATER KERKRADE<\/strong><br\/>Vorverkauf (VVK) &amp; Abendkasse (AK)<\/p>\n\n<p><strong>THEATER HEERLEN<\/strong> &#8211; <strong>RABOzaal<\/strong><br\/>NDT 1:<br\/>Bis 27 Jahre: 12,50 \u20ac \/ Rang 1: 34,00 \u20ac \/ Rang 2: 27,00 \u20ac \/ Rang 3: 24,00 \u20ac \/ Rang 4: 17,00 \u20ac\u00a0 \/ Sterrang: 39,00 \u20ac<\/p>\n\n<p>Company Wayne McGregor:<br\/>Bis 18 Jahre: 12,50 \u20ac \/ Rang 1: 32,00 \u20ac \/ Rang 2: 25,50 \u20ac \/ Rang 3: 22,50 \u20ac \/ Rang 4: 16,00 \u20ac \/ Sterrang: 37,00 \u20ac<\/p>\n\n<p>Saburo Teshigawara, Rihoko Sato &amp; Jonathan Roozeman:<br\/>Bis 18 Jahre: 12,50 \u20ac \/ Rang 1: 32,00 \u20ac \/ Rang 2: 25,50 \u20ac \/ Rang 3: 22,50 \u20ac \/ Rang 4: 16,00 \u20ac \/ Sterrang: 37,00 \u20ac<br\/><\/p>\n\n<p><strong>THEATER KERKRADE<\/strong><br\/>Alice Ripoll \/ Cie. Suave:\u00a0\u00a0\u00a0\u00a0\u00a0\u00a0\u00a0\u00a0\u00a0<br\/>Rang 1: 28,50 \u20ac \/ Rang 2: 21,50 \u20ac \/ Sterrang: 32,75 \u20ac<\/p>\n\n<p>B.Dance:\u00a0\u00a0\u00a0\u00a0\u00a0\u00a0\u00a0\u00a0\u00a0<br\/>Bis 18 Jahre: 12,50 \u20ac  \/ Rang 1: 28,50 \u20ac \/ Rang 2: 24,00 \u20ac \/ Rang 3: 21,00 \u20ac\u00a0\/ Sterrang: 32,75 \u20ac<\/p>\n\n<p>Dickson Mbi Company:\u00a0\u00a0\u00a0\u00a0\u00a0\u00a0\u00a0\u00a0\u00a0<br\/>Rang 1: 24,00 \u20ac<\/p>\n\n<hr class=\"wp-block-separator has-css-opacity\"\/>\n\n<p><strong>VORSTELLUNGEN EUPEN \/ ALTER SCHLACHTHOF<\/strong><br\/>Vorverkauf (VVK) &amp; Abendkasse (AK)<br\/>Preise inklusive Gebu\u0308hren.<\/p>\n\n<p><strong>VVK: <\/strong> 22,00 \u20ac (normal) \/ 11,00 \u20ac (Studenten)<br\/><strong>AK:<\/strong> 24,00 \u20ac (normal) \/ 12,00 \u20ac (Studenten)<\/p>\n\n<p>Tickets \u00fcber<a> <\/a><a href=\"https:\/\/www.alter-schlachthof.be\/\" target=\"_blank\" rel=\"noreferrer noopener\">www.alter-schlachthof.be<\/a> <br\/><br\/>Diese Veranstaltungen sind vom ABO-Angebot ausgeschlossen.<\/p>\n\n<hr class=\"wp-block-separator has-css-opacity\"\/>\n\n<figure class=\"wp-block-image alignwide size-large is-style-rounded\"><a href=\"https:\/\/schrittmacherfestival.nl\/de\/newsletter\/\"><img data-recalc-dims=\"1\" fetchpriority=\"high\" decoding=\"async\" width=\"640\" height=\"251\" src=\"https:\/\/i0.wp.com\/schrittmacherfestival.nl\/wp-content\/uploads\/2024\/05\/Nieuwsbrief-banner-DEF.jpeg?resize=640%2C251&#038;ssl=1\" alt=\"\" class=\"wp-image-9119\" srcset=\"https:\/\/i0.wp.com\/schrittmacherfestival.nl\/wp-content\/uploads\/2024\/05\/Nieuwsbrief-banner-DEF.jpeg?resize=1024%2C402&amp;ssl=1 1024w, https:\/\/i0.wp.com\/schrittmacherfestival.nl\/wp-content\/uploads\/2024\/05\/Nieuwsbrief-banner-DEF.jpeg?resize=300%2C118&amp;ssl=1 300w, https:\/\/i0.wp.com\/schrittmacherfestival.nl\/wp-content\/uploads\/2024\/05\/Nieuwsbrief-banner-DEF.jpeg?resize=768%2C302&amp;ssl=1 768w, https:\/\/i0.wp.com\/schrittmacherfestival.nl\/wp-content\/uploads\/2024\/05\/Nieuwsbrief-banner-DEF.jpeg?resize=1536%2C603&amp;ssl=1 1536w, https:\/\/i0.wp.com\/schrittmacherfestival.nl\/wp-content\/uploads\/2024\/05\/Nieuwsbrief-banner-DEF.jpeg?resize=31%2C12&amp;ssl=1 31w, https:\/\/i0.wp.com\/schrittmacherfestival.nl\/wp-content\/uploads\/2024\/05\/Nieuwsbrief-banner-DEF.jpeg?w=1772&amp;ssl=1 1772w, https:\/\/i0.wp.com\/schrittmacherfestival.nl\/wp-content\/uploads\/2024\/05\/Nieuwsbrief-banner-DEF.jpeg?w=1280&amp;ssl=1 1280w\" sizes=\"(max-width: 640px) 100vw, 640px\" \/><\/a><\/figure>\n\n<hr class=\"wp-block-separator has-css-opacity\"\/>\n","protected":false},"excerpt":{"rendered":"<p>VORSTELLUNGEN FABRIK STAHLBAU STRANG (AACHEN)Vorverkauf (VVK) &amp; Abendkasse (AK) + Tageskasse (TK) Rang 1:F\u00fcr Pl\u00e4tze in den Reihen: R 01 \u2013 R 17\u00a0\u00a0\u00a0\u00a0\u00a0\u00a0\u00a0\u00a0\u00a0\u00a0\u00a0\u00a0\u00a0\u00a0\u00a0\u00a0\u00a0VVK: \u00a0\u00a0\u00a0 29,00 \u20ac normal | 26,00 \u20ac erm\u00e4\u00dfigtAK: \u00a0\u00a0\u00a0\u00a0\u00a0 31,00 \u20ac normal | 28,00 \u20ac erm\u00e4\u00dfigt Rang 2:F\u00fcr Pl\u00e4tze in den Reihen: R 18 \u2013 R 26\u00a0\u00a0\u00a0\u00a0\u00a0\u00a0\u00a0\u00a0\u00a0\u00a0\u00a0\u00a0\u00a0\u00a0\u00a0\u00a0\u00a0\u00a0\u00a0VVK: \u00a0\u00a0\u00a0 27,00 \u20ac normal | 24,00 \u20ac erm\u00e4\u00dfigtAK: \u00a0\u00a0\u00a0\u00a0\u00a0 29,00 [&hellip;]<\/p>\n","protected":false},"author":1,"featured_media":0,"parent":0,"menu_order":0,"comment_status":"closed","ping_status":"closed","template":"","meta":{"_acf_changed":false,"footnotes":""},"class_list":["post-3610","page","type-page","status-publish","hentry"],"aioseo_notices":[],"acf":[],"jetpack_sharing_enabled":true,"_links":{"self":[{"href":"https:\/\/schrittmacherfestival.nl\/de\/wp-json\/wp\/v2\/pages\/3610","targetHints":{"allow":["GET"]}}],"collection":[{"href":"https:\/\/schrittmacherfestival.nl\/de\/wp-json\/wp\/v2\/pages"}],"about":[{"href":"https:\/\/schrittmacherfestival.nl\/de\/wp-json\/wp\/v2\/types\/page"}],"author":[{"embeddable":true,"href":"https:\/\/schrittmacherfestival.nl\/de\/wp-json\/wp\/v2\/users\/1"}],"replies":[{"embeddable":true,"href":"https:\/\/schrittmacherfestival.nl\/de\/wp-json\/wp\/v2\/comments?post=3610"}],"version-history":[{"count":26,"href":"https:\/\/schrittmacherfestival.nl\/de\/wp-json\/wp\/v2\/pages\/3610\/revisions"}],"predecessor-version":[{"id":11719,"href":"https:\/\/schrittmacherfestival.nl\/de\/wp-json\/wp\/v2\/pages\/3610\/revisions\/11719"}],"wp:attachment":[{"href":"https:\/\/schrittmacherfestival.nl\/de\/wp-json\/wp\/v2\/media?parent=3610"}],"curies":[{"name":"wp","href":"https:\/\/api.w.org\/{rel}","templated":true}]}}