{"id":3757,"date":"2022-02-18T11:41:13","date_gmt":"2022-02-18T11:41:13","guid":{"rendered":"https:\/\/schrittmacherfestival.nl\/tag-der-jugend\/"},"modified":"2022-03-18T13:54:52","modified_gmt":"2022-03-18T13:54:52","slug":"tag-der-jugend","status":"publish","type":"page","link":"https:\/\/schrittmacherfestival.nl\/de\/tag-der-jugend\/","title":{"rendered":"Familientag"},"content":{"rendered":"\n<p>Teil des GENERATION2 Programms ist der schrit_tmacher Familientag am Sonntag, den 27. M\u00e4rz. An diesem Tag gibt es Tanzvorf\u00fchrungen f\u00fcr die ganze Familie. Und auch im Foyer gibt es viel zu erleben.<\/p>\n\n<hr class=\"wp-block-separator\"\/>\n\n<div class=\"wp-block-media-text alignwide is-stacked-on-mobile\"><figure class=\"wp-block-media-text__media\"><a href=\"https:\/\/schrittmacherfestival.nl\/dit-dat-dans-4-8-jaar\/\"><img data-recalc-dims=\"1\" fetchpriority=\"high\" decoding=\"async\" width=\"640\" height=\"261\" src=\"https:\/\/i0.wp.com\/schrittmacherfestival.nl\/wp-content\/uploads\/2022\/02\/smf_22_Dit-Dat-Dans_SALLY-Dansgezelschap-Maastricht-foto-Tycho-Merijn-scaled-e1644489409151-1024x417.jpeg?resize=640%2C261&#038;ssl=1\" alt=\"\" class=\"wp-image-3213 size-full\" srcset=\"https:\/\/i0.wp.com\/schrittmacherfestival.nl\/wp-content\/uploads\/2022\/02\/smf_22_Dit-Dat-Dans_SALLY-Dansgezelschap-Maastricht-foto-Tycho-Merijn-scaled-e1644489409151.jpeg?resize=1024%2C417&amp;ssl=1 1024w, https:\/\/i0.wp.com\/schrittmacherfestival.nl\/wp-content\/uploads\/2022\/02\/smf_22_Dit-Dat-Dans_SALLY-Dansgezelschap-Maastricht-foto-Tycho-Merijn-scaled-e1644489409151.jpeg?resize=300%2C122&amp;ssl=1 300w, https:\/\/i0.wp.com\/schrittmacherfestival.nl\/wp-content\/uploads\/2022\/02\/smf_22_Dit-Dat-Dans_SALLY-Dansgezelschap-Maastricht-foto-Tycho-Merijn-scaled-e1644489409151.jpeg?resize=768%2C313&amp;ssl=1 768w, https:\/\/i0.wp.com\/schrittmacherfestival.nl\/wp-content\/uploads\/2022\/02\/smf_22_Dit-Dat-Dans_SALLY-Dansgezelschap-Maastricht-foto-Tycho-Merijn-scaled-e1644489409151.jpeg?w=1230&amp;ssl=1 1230w\" sizes=\"(max-width: 640px) 100vw, 640px\" \/><\/a><\/figure><div class=\"wp-block-media-text__content\">\n<h3 class=\"wp-block-heading\" id=\"lloyd-s-company-nl\"><a href=\"https:\/\/schrittmacherfestival.nl\/de\/dit-dat-dans-4-8-jaar\/\" title=\"Father Figure\">Dit Dat Dans (4-8 Jahr)<\/a><\/h3>\n\n\n\n<p id=\"lloyd-s-company-nl\"><strong><strong>SALLY Dansgezelschap Maastricht\u00a0<\/strong>(NL)<\/strong><br\/><strong><strong>Theater Heerlen \/ VEBEGOfoyer<br\/>So 27.03.2022<br\/>11.00 Uhr + 13.30 Uhr<\/strong><\/strong><\/p>\n<\/div><\/div>\n\n<hr class=\"wp-block-separator\"\/>\n\n<div class=\"wp-block-media-text alignwide is-stacked-on-mobile\"><figure class=\"wp-block-media-text__media\"><a href=\"https:\/\/schrittmacherfestival.nl\/do-re-mi-ka-do-2\/\"><img data-recalc-dims=\"1\" decoding=\"async\" width=\"640\" height=\"261\" src=\"https:\/\/i0.wp.com\/schrittmacherfestival.nl\/wp-content\/uploads\/2022\/02\/smf_22_de_stilte_foto_hans_gerritsen-scaled-e1644491888333-1024x417.jpeg?resize=640%2C261&#038;ssl=1\" alt=\"\" class=\"wp-image-3227 size-full\" srcset=\"https:\/\/i0.wp.com\/schrittmacherfestival.nl\/wp-content\/uploads\/2022\/02\/smf_22_de_stilte_foto_hans_gerritsen-scaled-e1644491888333.jpeg?resize=1024%2C417&amp;ssl=1 1024w, https:\/\/i0.wp.com\/schrittmacherfestival.nl\/wp-content\/uploads\/2022\/02\/smf_22_de_stilte_foto_hans_gerritsen-scaled-e1644491888333.jpeg?resize=300%2C122&amp;ssl=1 300w, https:\/\/i0.wp.com\/schrittmacherfestival.nl\/wp-content\/uploads\/2022\/02\/smf_22_de_stilte_foto_hans_gerritsen-scaled-e1644491888333.jpeg?resize=768%2C313&amp;ssl=1 768w, https:\/\/i0.wp.com\/schrittmacherfestival.nl\/wp-content\/uploads\/2022\/02\/smf_22_de_stilte_foto_hans_gerritsen-scaled-e1644491888333.jpeg?w=1230&amp;ssl=1 1230w\" sizes=\"(max-width: 640px) 100vw, 640px\" \/><\/a><\/figure><div class=\"wp-block-media-text__content\">\n<h3 class=\"wp-block-heading\" id=\"lloyd-s-company-nl\"><a href=\"https:\/\/schrittmacherfestival.nl\/de\/do-re-mi-ka-do-2\/\" title=\"Father Figure\">Do-re-mi-ka-do (2+)<\/a><\/h3>\n\n\n\n<p><strong>Orgarhythm, Taktil &amp; Space<\/strong><br\/><strong><strong><strong><strong>Theater Heerlen \/ LIMBURGzaal<br\/>So 27.03.2022<br\/>12.00 Uhr + 15.00 Uhr<\/strong><\/strong><\/strong><\/strong><\/p>\n<\/div><\/div>\n\n<hr class=\"wp-block-separator\"\/>\n\n<div class=\"wp-block-media-text alignwide is-stacked-on-mobile\"><figure class=\"wp-block-media-text__media\"><a href=\"https:\/\/schrittmacherfestival.nl\/wild-6\/\"><img data-recalc-dims=\"1\" decoding=\"async\" width=\"640\" height=\"261\" src=\"https:\/\/i0.wp.com\/schrittmacherfestival.nl\/wp-content\/uploads\/2022\/02\/smf_22_AYA-Wild-campagnebeeld-Richard-Beukelaar-liggend-scaled-e1644493354340-1024x417.jpeg?resize=640%2C261&#038;ssl=1\" alt=\"\" class=\"wp-image-3245 size-full\" srcset=\"https:\/\/i0.wp.com\/schrittmacherfestival.nl\/wp-content\/uploads\/2022\/02\/smf_22_AYA-Wild-campagnebeeld-Richard-Beukelaar-liggend-scaled-e1644493354340.jpeg?resize=1024%2C417&amp;ssl=1 1024w, https:\/\/i0.wp.com\/schrittmacherfestival.nl\/wp-content\/uploads\/2022\/02\/smf_22_AYA-Wild-campagnebeeld-Richard-Beukelaar-liggend-scaled-e1644493354340.jpeg?resize=300%2C122&amp;ssl=1 300w, https:\/\/i0.wp.com\/schrittmacherfestival.nl\/wp-content\/uploads\/2022\/02\/smf_22_AYA-Wild-campagnebeeld-Richard-Beukelaar-liggend-scaled-e1644493354340.jpeg?resize=768%2C313&amp;ssl=1 768w, https:\/\/i0.wp.com\/schrittmacherfestival.nl\/wp-content\/uploads\/2022\/02\/smf_22_AYA-Wild-campagnebeeld-Richard-Beukelaar-liggend-scaled-e1644493354340.jpeg?w=1230&amp;ssl=1 1230w\" sizes=\"(max-width: 640px) 100vw, 640px\" \/><\/a><\/figure><div class=\"wp-block-media-text__content\">\n<h3 class=\"wp-block-heading\" id=\"lloyd-s-company-nl\"><a href=\"https:\/\/schrittmacherfestival.nl\/de\/wild-6\/\">Wild (6+)<\/a><\/h3>\n\n\n\n<p id=\"lloyd-s-company-nl\"><strong><strong><strong>Danstheater AYA &amp; Maat Saxophone Quartet\u00a0<\/strong>(NL)<\/strong><br\/><strong><strong><strong>Theater Heerlen \/ RABOzaal<br\/>So 27.03.2022<br\/>13.30 Uhr<\/strong><\/strong><\/strong><\/strong><\/p>\n<\/div><\/div>\n\n<hr class=\"wp-block-separator\"\/>\n","protected":false},"excerpt":{"rendered":"<p>Teil des GENERATION2 Programms ist der schrit_tmacher Familientag am Sonntag, den 27. M\u00e4rz. An diesem Tag gibt es Tanzvorf\u00fchrungen f\u00fcr die ganze Familie. Und auch im Foyer gibt es viel zu erleben. Dit Dat Dans (4-8 Jahr) SALLY Dansgezelschap Maastricht\u00a0(NL)Theater Heerlen \/ VEBEGOfoyerSo 27.03.202211.00 Uhr + 13.30 Uhr Do-re-mi-ka-do (2+) Orgarhythm, Taktil &amp; SpaceTheater Heerlen \/ LIMBURGzaalSo 27.03.202212.00 Uhr + [&hellip;]<\/p>\n","protected":false},"author":1,"featured_media":0,"parent":0,"menu_order":0,"comment_status":"closed","ping_status":"closed","template":"","meta":{"_acf_changed":false,"footnotes":""},"class_list":["post-3757","page","type-page","status-publish","hentry"],"aioseo_notices":[],"acf":[],"jetpack_sharing_enabled":true,"_links":{"self":[{"href":"https:\/\/schrittmacherfestival.nl\/de\/wp-json\/wp\/v2\/pages\/3757","targetHints":{"allow":["GET"]}}],"collection":[{"href":"https:\/\/schrittmacherfestival.nl\/de\/wp-json\/wp\/v2\/pages"}],"about":[{"href":"https:\/\/schrittmacherfestival.nl\/de\/wp-json\/wp\/v2\/types\/page"}],"author":[{"embeddable":true,"href":"https:\/\/schrittmacherfestival.nl\/de\/wp-json\/wp\/v2\/users\/1"}],"replies":[{"embeddable":true,"href":"https:\/\/schrittmacherfestival.nl\/de\/wp-json\/wp\/v2\/comments?post=3757"}],"version-history":[{"count":10,"href":"https:\/\/schrittmacherfestival.nl\/de\/wp-json\/wp\/v2\/pages\/3757\/revisions"}],"predecessor-version":[{"id":4060,"href":"https:\/\/schrittmacherfestival.nl\/de\/wp-json\/wp\/v2\/pages\/3757\/revisions\/4060"}],"wp:attachment":[{"href":"https:\/\/schrittmacherfestival.nl\/de\/wp-json\/wp\/v2\/media?parent=3757"}],"curies":[{"name":"wp","href":"https:\/\/api.w.org\/{rel}","templated":true}]}}