{"id":4845,"date":"2022-12-06T10:28:50","date_gmt":"2022-12-06T10:28:50","guid":{"rendered":"https:\/\/schrittmacherfestival.nl\/danse-dance-dans-danza-tanz\/"},"modified":"2022-12-22T11:09:58","modified_gmt":"2022-12-22T11:09:58","slug":"danse-dance-dans-danza-tanz","status":"publish","type":"page","link":"https:\/\/schrittmacherfestival.nl\/de\/danse-dance-dans-danza-tanz\/","title":{"rendered":"DANSE \u2013 DANCE \u2013 DANS \u2013 DANZA \u2013 TANZ!"},"content":{"rendered":"\n<h1 class=\"has-black-color has-text-color wp-block-heading\" id=\"hofesh-shechter-company-gbr\">Hochschule f\u00fcr Musik und Tanz (D)<\/h1>\n\n<p><strong>Konzertsaal, Hochschule f\u00fcr Musik und Tanz K\u00f6ln | Aachen <\/strong><br\/><strong>Fr 03.03.2023<\/strong><br\/><strong>19.00 Uhr <\/strong><br\/><strong>Eintritt frei<\/strong><\/p>\n\n<figure class=\"wp-block-image alignwide size-large\"><img data-recalc-dims=\"1\" fetchpriority=\"high\" decoding=\"async\" width=\"640\" height=\"268\" src=\"https:\/\/i0.wp.com\/schrittmacherfestival.nl\/wp-content\/uploads\/2022\/12\/Danse_Dance_Dans_03.03.23_Hochschule-fur-Musik-und-Tanz_Klavier-1-e1671707264422.jpg.webp?resize=640%2C268&#038;ssl=1\" alt=\"\" class=\"wp-image-6032\" srcset=\"https:\/\/i0.wp.com\/schrittmacherfestival.nl\/wp-content\/uploads\/2022\/12\/Danse_Dance_Dans_03.03.23_Hochschule-fur-Musik-und-Tanz_Klavier-1-e1671707264422.jpg.webp?resize=1024%2C428&amp;ssl=1 1024w, https:\/\/i0.wp.com\/schrittmacherfestival.nl\/wp-content\/uploads\/2022\/12\/Danse_Dance_Dans_03.03.23_Hochschule-fur-Musik-und-Tanz_Klavier-1-e1671707264422.jpg.webp?resize=300%2C125&amp;ssl=1 300w, https:\/\/i0.wp.com\/schrittmacherfestival.nl\/wp-content\/uploads\/2022\/12\/Danse_Dance_Dans_03.03.23_Hochschule-fur-Musik-und-Tanz_Klavier-1-e1671707264422.jpg.webp?resize=768%2C321&amp;ssl=1 768w, https:\/\/i0.wp.com\/schrittmacherfestival.nl\/wp-content\/uploads\/2022\/12\/Danse_Dance_Dans_03.03.23_Hochschule-fur-Musik-und-Tanz_Klavier-1-e1671707264422.jpg.webp?resize=31%2C13&amp;ssl=1 31w, https:\/\/i0.wp.com\/schrittmacherfestival.nl\/wp-content\/uploads\/2022\/12\/Danse_Dance_Dans_03.03.23_Hochschule-fur-Musik-und-Tanz_Klavier-1-e1671707264422.jpg.webp?w=1200&amp;ssl=1 1200w\" sizes=\"(max-width: 640px) 100vw, 640px\" \/><\/figure>\n<hr class=\"wp-block-separator has-css-opacity\"\/>\n\n<h2 class=\"wp-block-heading\">In Kooperation mit Hochschule f\u00fcr Musik und Tanz K\u00f6ln <strong>|<\/strong> Aachen<\/h2>\n\n<p>Musik und Tanz geh\u00f6ren zu den fr\u00fchesten und elementarsten Ausdrucksformen der Menschheit. Mensch \u2013 Musik \u2013 Tanz: dieser Dreiklang pr\u00e4gte und pr\u00e4gt alle Kulturen, ver\u00e4ndert sich stets mit der Art unseres Zusammenlebens und bringt unersch\u00f6pflich neue Formen, Werke, Perspektiven und auch Debatten hervor.<\/p>\n\n<p>In der klassischen Musik taucht \u201eder Tanz\u201c bei nahezu allen Komponist*innen auf, dabei kann er sich selbst gen\u00fcgen oder ist Stilmittel, Inspiration, Werkzeug, Bedeutungstr\u00e4ger.<\/p>\n\n<p>Wer den Tanz sieht, h\u00f6rt auch die Musik, wer den Tanz h\u00f6rt, sp\u00fcrt auch die Bewegung \u2013 in dieser Verbundenheit freuen wir uns sehr, zum Auftakt des schrit_tmacher Festivals 2023 in Aachen den Tanz konzertant und in vielf\u00e4ltiger Form zum Klingen zu bringen: Studierende der unterschiedlichen Instrumentalklassen der Hochschule f\u00fcr Musik spielen T\u00e4nze!<\/p>\n\n<p>Dauer: ~ 70 min. ohne Pause<\/p>\n\n<hr class=\"wp-block-separator has-css-opacity\"\/>\n\n<figure class=\"wp-block-gallery has-nested-images columns-default is-cropped wp-block-gallery-1 is-layout-flex wp-block-gallery-is-layout-flex\">\n<figure class=\"wp-block-image size-large\"><img data-recalc-dims=\"1\" decoding=\"async\" width=\"640\" height=\"640\" data-id=\"6017\" src=\"https:\/\/i0.wp.com\/schrittmacherfestival.nl\/wp-content\/uploads\/2022\/12\/Danse_Dance_Dans_03.03.23_Hochschule-fur-Musik-und-Tanz.jpg?resize=640%2C640&#038;ssl=1\" alt=\"\" class=\"wp-image-6017\" srcset=\"https:\/\/i0.wp.com\/schrittmacherfestival.nl\/wp-content\/uploads\/2022\/12\/Danse_Dance_Dans_03.03.23_Hochschule-fur-Musik-und-Tanz.jpg?resize=1024%2C1024&amp;ssl=1 1024w, https:\/\/i0.wp.com\/schrittmacherfestival.nl\/wp-content\/uploads\/2022\/12\/Danse_Dance_Dans_03.03.23_Hochschule-fur-Musik-und-Tanz.jpg?resize=300%2C300&amp;ssl=1 300w, https:\/\/i0.wp.com\/schrittmacherfestival.nl\/wp-content\/uploads\/2022\/12\/Danse_Dance_Dans_03.03.23_Hochschule-fur-Musik-und-Tanz.jpg?resize=150%2C150&amp;ssl=1 150w, https:\/\/i0.wp.com\/schrittmacherfestival.nl\/wp-content\/uploads\/2022\/12\/Danse_Dance_Dans_03.03.23_Hochschule-fur-Musik-und-Tanz.jpg?resize=768%2C768&amp;ssl=1 768w, https:\/\/i0.wp.com\/schrittmacherfestival.nl\/wp-content\/uploads\/2022\/12\/Danse_Dance_Dans_03.03.23_Hochschule-fur-Musik-und-Tanz.jpg?resize=80%2C80&amp;ssl=1 80w, https:\/\/i0.wp.com\/schrittmacherfestival.nl\/wp-content\/uploads\/2022\/12\/Danse_Dance_Dans_03.03.23_Hochschule-fur-Musik-und-Tanz.jpg?resize=27%2C27&amp;ssl=1 27w, https:\/\/i0.wp.com\/schrittmacherfestival.nl\/wp-content\/uploads\/2022\/12\/Danse_Dance_Dans_03.03.23_Hochschule-fur-Musik-und-Tanz.jpg?w=1080&amp;ssl=1 1080w\" sizes=\"(max-width: 640px) 100vw, 640px\" \/><\/figure>\n\n\n<figure class=\"wp-block-image size-large\"><img data-recalc-dims=\"1\" decoding=\"async\" width=\"640\" height=\"360\" data-id=\"6019\" src=\"https:\/\/i0.wp.com\/schrittmacherfestival.nl\/wp-content\/uploads\/2022\/12\/Danse_Dance_Dans_03.03.23_Hochschule-fur-Musik-und-Tanz_Klavier.jpg?resize=640%2C360&#038;ssl=1\" alt=\"\" class=\"wp-image-6019\" srcset=\"https:\/\/i0.wp.com\/schrittmacherfestival.nl\/wp-content\/uploads\/2022\/12\/Danse_Dance_Dans_03.03.23_Hochschule-fur-Musik-und-Tanz_Klavier.jpg?resize=1024%2C576&amp;ssl=1 1024w, https:\/\/i0.wp.com\/schrittmacherfestival.nl\/wp-content\/uploads\/2022\/12\/Danse_Dance_Dans_03.03.23_Hochschule-fur-Musik-und-Tanz_Klavier.jpg?resize=300%2C169&amp;ssl=1 300w, https:\/\/i0.wp.com\/schrittmacherfestival.nl\/wp-content\/uploads\/2022\/12\/Danse_Dance_Dans_03.03.23_Hochschule-fur-Musik-und-Tanz_Klavier.jpg?resize=768%2C432&amp;ssl=1 768w, https:\/\/i0.wp.com\/schrittmacherfestival.nl\/wp-content\/uploads\/2022\/12\/Danse_Dance_Dans_03.03.23_Hochschule-fur-Musik-und-Tanz_Klavier.jpg?resize=1536%2C864&amp;ssl=1 1536w, https:\/\/i0.wp.com\/schrittmacherfestival.nl\/wp-content\/uploads\/2022\/12\/Danse_Dance_Dans_03.03.23_Hochschule-fur-Musik-und-Tanz_Klavier.jpg?resize=31%2C17&amp;ssl=1 31w, https:\/\/i0.wp.com\/schrittmacherfestival.nl\/wp-content\/uploads\/2022\/12\/Danse_Dance_Dans_03.03.23_Hochschule-fur-Musik-und-Tanz_Klavier.jpg?w=1920&amp;ssl=1 1920w, https:\/\/i0.wp.com\/schrittmacherfestival.nl\/wp-content\/uploads\/2022\/12\/Danse_Dance_Dans_03.03.23_Hochschule-fur-Musik-und-Tanz_Klavier.jpg?w=1280&amp;ssl=1 1280w\" sizes=\"(max-width: 640px) 100vw, 640px\" \/><\/figure>\n\n\n<figure class=\"wp-block-image size-large\"><img data-recalc-dims=\"1\" loading=\"lazy\" decoding=\"async\" width=\"474\" height=\"247\" data-id=\"4841\" src=\"https:\/\/i0.wp.com\/schrittmacherfestival.nl\/wp-content\/uploads\/2022\/12\/head_internet_474_247.jpeg?resize=474%2C247&#038;ssl=1\" alt=\"\" class=\"wp-image-4841\" srcset=\"https:\/\/i0.wp.com\/schrittmacherfestival.nl\/wp-content\/uploads\/2022\/12\/head_internet_474_247.jpeg?w=474&amp;ssl=1 474w, https:\/\/i0.wp.com\/schrittmacherfestival.nl\/wp-content\/uploads\/2022\/12\/head_internet_474_247.jpeg?resize=300%2C156&amp;ssl=1 300w, https:\/\/i0.wp.com\/schrittmacherfestival.nl\/wp-content\/uploads\/2022\/12\/head_internet_474_247.jpeg?resize=31%2C16&amp;ssl=1 31w\" sizes=\"(max-width: 474px) 100vw, 474px\" \/><\/figure><\/figure>\n\n<hr class=\"wp-block-separator has-css-opacity\"\/>\n","protected":false},"excerpt":{"rendered":"<p>Hochschule f\u00fcr Musik und Tanz (D) Konzertsaal, Hochschule f\u00fcr Musik und Tanz K\u00f6ln | Aachen Fr 03.03.202319.00 Uhr Eintritt frei In Kooperation mit Hochschule f\u00fcr Musik und Tanz K\u00f6ln | Aachen Musik und Tanz geh\u00f6ren zu den fr\u00fchesten und elementarsten Ausdrucksformen der Menschheit. Mensch \u2013 Musik \u2013 Tanz: dieser Dreiklang pr\u00e4gte und pr\u00e4gt alle Kulturen, ver\u00e4ndert sich stets mit der [&hellip;]<\/p>\n","protected":false},"author":1,"featured_media":0,"parent":0,"menu_order":0,"comment_status":"closed","ping_status":"closed","template":"","meta":{"_acf_changed":false,"footnotes":""},"class_list":["post-4845","page","type-page","status-publish","hentry"],"aioseo_notices":[],"acf":[],"jetpack_sharing_enabled":true,"_links":{"self":[{"href":"https:\/\/schrittmacherfestival.nl\/de\/wp-json\/wp\/v2\/pages\/4845","targetHints":{"allow":["GET"]}}],"collection":[{"href":"https:\/\/schrittmacherfestival.nl\/de\/wp-json\/wp\/v2\/pages"}],"about":[{"href":"https:\/\/schrittmacherfestival.nl\/de\/wp-json\/wp\/v2\/types\/page"}],"author":[{"embeddable":true,"href":"https:\/\/schrittmacherfestival.nl\/de\/wp-json\/wp\/v2\/users\/1"}],"replies":[{"embeddable":true,"href":"https:\/\/schrittmacherfestival.nl\/de\/wp-json\/wp\/v2\/comments?post=4845"}],"version-history":[{"count":10,"href":"https:\/\/schrittmacherfestival.nl\/de\/wp-json\/wp\/v2\/pages\/4845\/revisions"}],"predecessor-version":[{"id":6037,"href":"https:\/\/schrittmacherfestival.nl\/de\/wp-json\/wp\/v2\/pages\/4845\/revisions\/6037"}],"wp:attachment":[{"href":"https:\/\/schrittmacherfestival.nl\/de\/wp-json\/wp\/v2\/media?parent=4845"}],"curies":[{"name":"wp","href":"https:\/\/api.w.org\/{rel}","templated":true}]}}