{"id":5044,"date":"2022-06-13T14:10:44","date_gmt":"2022-06-13T14:10:44","guid":{"rendered":"https:\/\/schrittmacherfestival.nl\/generation2-2\/"},"modified":"2023-02-08T12:35:22","modified_gmt":"2023-02-08T12:35:22","slug":"generation2-2","status":"publish","type":"page","link":"https:\/\/schrittmacherfestival.nl\/de\/generation2-2\/","title":{"rendered":"GENERATION2"},"content":{"rendered":"\n<p>schrit_tmacher pr\u00e4sentiert Tanz nicht nur f\u00fcr Erwachsene, sondern auch f\u00fcr Kinder, Jugendliche und junge Erwachsene: die Zuschauer*innen und T\u00e4nzer*innen der Zukunft. Unter dem Titel GENERATION2 geht es um die Erlebniswelt bzw. Lebenswelt dieser Zielgruppe. Teil des Programms sind Nachwuchschoreograf*innen, junge Talente auf der B\u00fchne, der schrit_tmacher Familientag und Austauschformate.<\/p>\n\n<hr class=\"wp-block-separator has-css-opacity\"\/>\n\n<h2 class=\"wp-block-heading\"><strong>FAMILIENTAG<\/strong><\/h2>\n\n<p>Teil des Programms f\u00fcr GENERATION2 ist der schrit_tmacher Familientag am Sonntag, dem 12. M\u00e4rz 2023. An diesem Tag gibt es Tanzauff\u00fchrungen f\u00fcr die ganze Familie, Workshops zum Mitmachen und allerlei Aktivit\u00e4ten im Foyer.<\/p>\n\n<hr class=\"wp-block-separator has-css-opacity\"\/>\n\n<div class=\"wp-block-columns is-layout-flex wp-container-core-columns-is-layout-9d6595d7 wp-block-columns-is-layout-flex\">\n<div class=\"wp-block-column is-layout-flow wp-block-column-is-layout-flow\">\n<figure class=\"wp-block-image size-large\"><a href=\"https:\/\/schrittmacherfestival.nl\/de\/sens\/\"><img data-recalc-dims=\"1\" fetchpriority=\"high\" decoding=\"async\" width=\"640\" height=\"427\" src=\"https:\/\/i0.wp.com\/schrittmacherfestival.nl\/wp-content\/uploads\/2022\/06\/SENS-Arscom2018%40jacqueline.Ledoux-1.jpg?resize=640%2C427&#038;ssl=1\" alt=\"\" class=\"wp-image-4468\" srcset=\"https:\/\/i0.wp.com\/schrittmacherfestival.nl\/wp-content\/uploads\/2022\/06\/SENS-Arscom2018%40jacqueline.Ledoux-1.jpg?resize=1024%2C683&amp;ssl=1 1024w, https:\/\/i0.wp.com\/schrittmacherfestival.nl\/wp-content\/uploads\/2022\/06\/SENS-Arscom2018%40jacqueline.Ledoux-1.jpg?resize=300%2C200&amp;ssl=1 300w, https:\/\/i0.wp.com\/schrittmacherfestival.nl\/wp-content\/uploads\/2022\/06\/SENS-Arscom2018%40jacqueline.Ledoux-1.jpg?resize=768%2C512&amp;ssl=1 768w, https:\/\/i0.wp.com\/schrittmacherfestival.nl\/wp-content\/uploads\/2022\/06\/SENS-Arscom2018%40jacqueline.Ledoux-1.jpg?resize=600%2C400&amp;ssl=1 600w, https:\/\/i0.wp.com\/schrittmacherfestival.nl\/wp-content\/uploads\/2022\/06\/SENS-Arscom2018%40jacqueline.Ledoux-1.jpg?resize=31%2C21&amp;ssl=1 31w, https:\/\/i0.wp.com\/schrittmacherfestival.nl\/wp-content\/uploads\/2022\/06\/SENS-Arscom2018%40jacqueline.Ledoux-1.jpg?w=1335&amp;ssl=1 1335w, https:\/\/i0.wp.com\/schrittmacherfestival.nl\/wp-content\/uploads\/2022\/06\/SENS-Arscom2018%40jacqueline.Ledoux-1.jpg?w=1280&amp;ssl=1 1280w\" sizes=\"(max-width: 640px) 100vw, 640px\" \/><\/a><\/figure>\n\n\n<h4 class=\"wp-block-heading\" id=\"hofesh-shechter-company-gbr\"><strong>Cie. Arcosm <\/strong>(F)<br\/><br\/><\/h4>\n\n\n\n<h4 class=\"wp-block-heading\" id=\"double-murder\"><a href=\"https:\/\/schrittmacherfestival.nl\/de\/sens\/\">SENS (7+)<\/a> <\/h4>\n\n\n\n<p>Mi 08.03.2023<\/p>\n<\/div>\n\n\n\n<div class=\"wp-block-column is-layout-flow wp-block-column-is-layout-flow\">\n<figure class=\"wp-block-image size-large\"><a href=\"https:\/\/schrittmacherfestival.nl\/de\/diep-in-zee\/\"><img data-recalc-dims=\"1\" height=\"427\" width=\"640\" decoding=\"async\" src=\"https:\/\/i0.wp.com\/schrittmacherfestival.nl\/wp-content\/uploads\/2022\/06\/Rauher-Engel-Diep-in-Zee-%C2%A9-Kees-van-Putten-3.jpg?resize=640%2C427&#038;ssl=1\" alt=\"\" class=\"wp-image-4484\"\/><\/a><\/figure>\n\n\n<h4 class=\"wp-block-heading\" id=\"marina-cherry-usa-swe-and-cie-un-loup-pour-l-homme-fr\"><strong>Dagmar Chittka \u2013 Rauher Engel <\/strong> (D)<br\/><br\/><\/h4>\n\n\n\n<h4 class=\"wp-block-heading\" id=\"only-bones-v-1-6-and-cuir\"><a href=\"https:\/\/schrittmacherfestival.nl\/de\/diep-in-zee\/\">Diep in Zee (2-5 Jahre)<\/a><\/h4>\n\n\n\n<p>So 12.03.2023<\/p>\n<\/div>\n\n\n\n<div class=\"wp-block-column is-layout-flow wp-block-column-is-layout-flow\">\n<figure class=\"wp-block-image size-large\"><a href=\"https:\/\/schrittmacherfestival.nl\/de\/la-poetique-de-linstable\/\"><img data-recalc-dims=\"1\" decoding=\"async\" width=\"640\" height=\"428\" src=\"https:\/\/i0.wp.com\/schrittmacherfestival.nl\/wp-content\/uploads\/2022\/12\/Cie-Arcosm-La-Poetique-foto-Alain-Epaillard-1-e1671700779355.jpeg.webp?resize=640%2C428&#038;ssl=1\" alt=\"\" class=\"wp-image-5924\" srcset=\"https:\/\/i0.wp.com\/schrittmacherfestival.nl\/wp-content\/uploads\/2022\/12\/Cie-Arcosm-La-Poetique-foto-Alain-Epaillard-1-e1671700779355.jpeg.webp?resize=1024%2C685&amp;ssl=1 1024w, https:\/\/i0.wp.com\/schrittmacherfestival.nl\/wp-content\/uploads\/2022\/12\/Cie-Arcosm-La-Poetique-foto-Alain-Epaillard-1-e1671700779355.jpeg.webp?resize=300%2C201&amp;ssl=1 300w, https:\/\/i0.wp.com\/schrittmacherfestival.nl\/wp-content\/uploads\/2022\/12\/Cie-Arcosm-La-Poetique-foto-Alain-Epaillard-1-e1671700779355.jpeg.webp?resize=768%2C514&amp;ssl=1 768w, https:\/\/i0.wp.com\/schrittmacherfestival.nl\/wp-content\/uploads\/2022\/12\/Cie-Arcosm-La-Poetique-foto-Alain-Epaillard-1-e1671700779355.jpeg.webp?resize=600%2C400&amp;ssl=1 600w, https:\/\/i0.wp.com\/schrittmacherfestival.nl\/wp-content\/uploads\/2022\/12\/Cie-Arcosm-La-Poetique-foto-Alain-Epaillard-1-e1671700779355.jpeg.webp?resize=31%2C21&amp;ssl=1 31w, https:\/\/i0.wp.com\/schrittmacherfestival.nl\/wp-content\/uploads\/2022\/12\/Cie-Arcosm-La-Poetique-foto-Alain-Epaillard-1-e1671700779355.jpeg.webp?w=1121&amp;ssl=1 1121w\" sizes=\"(max-width: 640px) 100vw, 640px\" \/><\/a><\/figure>\n\n\n<h4 class=\"wp-block-heading\" id=\"alexander-whitley-dance-company-gbr\"><strong>Cie Arcosm (F) <\/strong><br\/><br\/><\/h4>\n\n\n\n<h4 class=\"wp-block-heading\" id=\"overflow\"><a href=\"https:\/\/schrittmacherfestival.nl\/de\/la-poetique-de-linstable\/\">La Po\u00e9tique de l\u2019instable (6+)<\/a> <\/h4>\n\n\n\n<p>So 12.03.2023<\/p>\n<\/div>\n<\/div>\n\n<div class=\"wp-block-columns is-layout-flex wp-container-core-columns-is-layout-9d6595d7 wp-block-columns-is-layout-flex\">\n<div class=\"wp-block-column is-layout-flow wp-block-column-is-layout-flow\">\n<figure class=\"wp-block-image size-large\"><a href=\"https:\/\/schrittmacherfestival.nl\/de\/sribi-switi\/\"><img data-recalc-dims=\"1\" height=\"435\" width=\"640\" decoding=\"async\" src=\"https:\/\/i0.wp.com\/schrittmacherfestival.nl\/wp-content\/uploads\/2023\/01\/Sribi-Switi-campagnebeeld_Lloydscompany_%C2%A9-Rhaida-El-Touny_liggend-2-scaled-e1674641789722-1024x696.webp?resize=640%2C435&#038;ssl=1\" alt=\"\" class=\"wp-image-6299\"\/><\/a><\/figure>\n\n\n<h4 class=\"wp-block-heading\" id=\"hofesh-shechter-company-gbr\">Lloyd Marengo (NL)<br\/><br\/><\/h4>\n\n\n\n<h4 class=\"wp-block-heading\" id=\"double-murder\"><a href=\"https:\/\/schrittmacherfestival.nl\/de\/sribi-switi\/\">Sribi Switi (4+)<\/a><\/h4>\n\n\n\n<p>So 12.03.2023<\/p>\n<\/div>\n\n\n\n<div class=\"wp-block-column is-layout-flow wp-block-column-is-layout-flow\">\n<figure class=\"wp-block-image size-large\"><a href=\"https:\/\/schrittmacherfestival.nl\/de\/weerklank\/\"><img data-recalc-dims=\"1\" decoding=\"async\" width=\"640\" height=\"436\" src=\"https:\/\/i0.wp.com\/schrittmacherfestival.nl\/wp-content\/uploads\/2022\/06\/Weerklank-Dadodans-ism-MuziekgebouwaanhetIJ-043.jpg?resize=640%2C436&#038;ssl=1\" alt=\"\" class=\"wp-image-4573\" srcset=\"https:\/\/i0.wp.com\/schrittmacherfestival.nl\/wp-content\/uploads\/2022\/06\/Weerklank-Dadodans-ism-MuziekgebouwaanhetIJ-043.jpg?resize=1024%2C697&amp;ssl=1 1024w, https:\/\/i0.wp.com\/schrittmacherfestival.nl\/wp-content\/uploads\/2022\/06\/Weerklank-Dadodans-ism-MuziekgebouwaanhetIJ-043.jpg?resize=300%2C204&amp;ssl=1 300w, https:\/\/i0.wp.com\/schrittmacherfestival.nl\/wp-content\/uploads\/2022\/06\/Weerklank-Dadodans-ism-MuziekgebouwaanhetIJ-043.jpg?resize=768%2C523&amp;ssl=1 768w, https:\/\/i0.wp.com\/schrittmacherfestival.nl\/wp-content\/uploads\/2022\/06\/Weerklank-Dadodans-ism-MuziekgebouwaanhetIJ-043.jpg?resize=31%2C21&amp;ssl=1 31w, https:\/\/i0.wp.com\/schrittmacherfestival.nl\/wp-content\/uploads\/2022\/06\/Weerklank-Dadodans-ism-MuziekgebouwaanhetIJ-043.jpg?w=1200&amp;ssl=1 1200w\" sizes=\"(max-width: 640px) 100vw, 640px\" \/><\/a><\/figure>\n\n\n<h4 class=\"wp-block-heading\" id=\"marina-cherry-usa-swe-and-cie-un-loup-pour-l-homme-fr\"><strong>Dadodans | Gaia Gonnelli<\/strong> (NL\/I)<br\/><br\/><\/h4>\n\n\n\n<h4 class=\"wp-block-heading\" id=\"only-bones-v-1-6-and-cuir\"><a href=\"https:\/\/schrittmacherfestival.nl\/de\/weerklank\/\">WeeRKLaNK (0+)<\/a><\/h4>\n\n\n\n<p>So 12.03.2023<\/p>\n<\/div>\n\n\n\n<div class=\"wp-block-column is-layout-flow wp-block-column-is-layout-flow\">\n<figure class=\"wp-block-image size-full\"><a href=\"https:\/\/schrittmacherfestival.nl\/de\/delusion\/\"><img data-recalc-dims=\"1\" loading=\"lazy\" decoding=\"async\" width=\"640\" height=\"435\" src=\"https:\/\/i0.wp.com\/schrittmacherfestival.nl\/wp-content\/uploads\/2022\/06\/oxygen4-e1670579856427.jpg?resize=640%2C435&#038;ssl=1\" alt=\"\" class=\"wp-image-4459\" srcset=\"https:\/\/i0.wp.com\/schrittmacherfestival.nl\/wp-content\/uploads\/2022\/06\/oxygen4-e1670579856427.jpg?w=922&amp;ssl=1 922w, https:\/\/i0.wp.com\/schrittmacherfestival.nl\/wp-content\/uploads\/2022\/06\/oxygen4-e1670579856427.jpg?resize=300%2C204&amp;ssl=1 300w, https:\/\/i0.wp.com\/schrittmacherfestival.nl\/wp-content\/uploads\/2022\/06\/oxygen4-e1670579856427.jpg?resize=768%2C521&amp;ssl=1 768w, https:\/\/i0.wp.com\/schrittmacherfestival.nl\/wp-content\/uploads\/2022\/06\/oxygen4-e1670579856427.jpg?resize=31%2C21&amp;ssl=1 31w\" sizes=\"(max-width: 640px) 100vw, 640px\" \/><\/a><\/figure>\n\n\n<h4 class=\"wp-block-heading\"><strong>Oxygen \u2013 a Jennifer Romen Production (NL)<\/strong><br\/><\/h4>\n\n\n\n<h4 class=\"wp-block-heading\"><a href=\"https:\/\/schrittmacherfestival.nl\/de\/delusion\/\">Delusion (AL)<\/a><\/h4>\n\n\n\n<p>So 02.04.2023<\/p>\n<\/div>\n<\/div>\n\n<hr class=\"wp-block-separator has-css-opacity\"\/>\n\n<h2 class=\"wp-block-heading\"> Hier ansehen dans_doe_boekje (NL)<\/h2>\n<div style=\"text-align:center;\"><iframe src=\"\/\/v.calameo.com\/?bkcode=0072777118f4a6146eb3f&amp;mode=mini\" width=\"480\" height=\"300\" frameborder=\"0\" scrolling=\"no\" allowtransparency=\"\" allowfullscreen=\"\" style=\"margin:0 auto;\"><\/iframe><\/div>\n\n<hr class=\"wp-block-separator has-css-opacity\"\/>\n","protected":false},"excerpt":{"rendered":"<p>schrit_tmacher pr\u00e4sentiert Tanz nicht nur f\u00fcr Erwachsene, sondern auch f\u00fcr Kinder, Jugendliche und junge Erwachsene: die Zuschauer*innen und T\u00e4nzer*innen der Zukunft. Unter dem Titel GENERATION2 geht es um die Erlebniswelt bzw. Lebenswelt dieser Zielgruppe. Teil des Programms sind Nachwuchschoreograf*innen, junge Talente auf der B\u00fchne, der schrit_tmacher Familientag und Austauschformate. FAMILIENTAG Teil des Programms f\u00fcr GENERATION2 ist der schrit_tmacher Familientag am [&hellip;]<\/p>\n","protected":false},"author":1,"featured_media":0,"parent":0,"menu_order":0,"comment_status":"closed","ping_status":"closed","template":"","meta":{"_acf_changed":false,"footnotes":""},"class_list":["post-5044","page","type-page","status-publish","hentry"],"aioseo_notices":[],"acf":[],"jetpack_sharing_enabled":true,"_links":{"self":[{"href":"https:\/\/schrittmacherfestival.nl\/de\/wp-json\/wp\/v2\/pages\/5044","targetHints":{"allow":["GET"]}}],"collection":[{"href":"https:\/\/schrittmacherfestival.nl\/de\/wp-json\/wp\/v2\/pages"}],"about":[{"href":"https:\/\/schrittmacherfestival.nl\/de\/wp-json\/wp\/v2\/types\/page"}],"author":[{"embeddable":true,"href":"https:\/\/schrittmacherfestival.nl\/de\/wp-json\/wp\/v2\/users\/1"}],"replies":[{"embeddable":true,"href":"https:\/\/schrittmacherfestival.nl\/de\/wp-json\/wp\/v2\/comments?post=5044"}],"version-history":[{"count":21,"href":"https:\/\/schrittmacherfestival.nl\/de\/wp-json\/wp\/v2\/pages\/5044\/revisions"}],"predecessor-version":[{"id":6418,"href":"https:\/\/schrittmacherfestival.nl\/de\/wp-json\/wp\/v2\/pages\/5044\/revisions\/6418"}],"wp:attachment":[{"href":"https:\/\/schrittmacherfestival.nl\/de\/wp-json\/wp\/v2\/media?parent=5044"}],"curies":[{"name":"wp","href":"https:\/\/api.w.org\/{rel}","templated":true}]}}