{"id":5065,"date":"2022-12-09T08:12:48","date_gmt":"2022-12-09T08:12:48","guid":{"rendered":"https:\/\/schrittmacherfestival.nl\/home-2023\/"},"modified":"2026-02-25T12:44:36","modified_gmt":"2026-02-25T12:44:36","slug":"home-2023","status":"publish","type":"page","link":"https:\/\/schrittmacherfestival.nl\/de\/","title":{"rendered":"Home &#8211; 2025"},"content":{"rendered":"\n<div style=\"height:100px\" aria-hidden=\"true\" class=\"wp-block-spacer\"><\/div>\n\n\n\n<h1 class=\"wp-block-heading has-text-align-center\">schrit_tmacher&nbsp;<em>just dance!<\/em><\/h1>\n\n\n\n<h2 class=\"wp-block-heading has-text-align-center\">internationaal dansfestival<\/h2>\n\n\n\n<div style=\"height:40px\" aria-hidden=\"true\" class=\"wp-block-spacer\"><\/div>\n\n\n\n<p>Vom 24. Februar bis zum 29. M\u00e4rz 2026 bildet die Euregio erneut den Rahmen f\u00fcr internationalen zeitgen\u00f6ssischen Tanz. Das schrit_tmacher Festival verbindet die Niederlande, Deutschland und Belgien in einem grenz\u00fcberschreitenden Programm voller f\u00fchrender Ensembles und \u00fcberraschender K\u00fcnstler. Eine Einladung zu Begegnung, Austausch und Bewegung.<\/p>\n\n\n\n<p><strong>Immer auf dem neuesten Stand bleiben zu Programm, Vorverkauf und Festivalnews?<\/strong><br>\ud83d\udc49&nbsp;<a href=\"https:\/\/schrittmacherfestival.nl\/de\/newsletter\/\" title=\"\">Jetzt f\u00fcr den schrit_tmacher Newsletter anmelden.<\/a>.<\/p>\n\n\n\n<div style=\"height:40px\" aria-hidden=\"true\" class=\"wp-block-spacer\"><\/div>\n\n\n\n<div class=\"wp-block-buttons is-content-justification-center is-layout-flex wp-container-core-buttons-is-layout-16018d1d wp-block-buttons-is-layout-flex\">\n<div class=\"wp-block-button\"><a class=\"wp-block-button__link has-background wp-element-button\" href=\"https:\/\/schrittmacherfestival.nl\/de\/programmheft-2026\/\" style=\"background-color:#00305d\"><strong>PROGRAMMHEFT 2026<\/strong><\/a><\/div>\n\n\n\n<div class=\"wp-block-button\"><a class=\"wp-block-button__link has-background wp-element-button\" href=\"https:\/\/schrittmacherfestival.nl\/de\/blockzeitplan-2026\/\" style=\"background-color:#00305d\"><strong>BLOCKZEITPLAN 2026<\/strong><\/a><\/div>\n<\/div>\n\n\n\n<hr class=\"wp-block-separator has-css-opacity\"\/>\n\n\n\n<figure class=\"wp-block-embed aligncenter is-type-video is-provider-youtube wp-block-embed-youtube wp-embed-aspect-16-9 wp-has-aspect-ratio\"><div class=\"wp-block-embed__wrapper\">\n<iframe  id=\"_ytid_97204\"  width=\"640\" height=\"360\"  data-origwidth=\"640\" data-origheight=\"360\" src=\"https:\/\/www.youtube.com\/embed\/TKPaB0n4K1c?enablejsapi=1&#038;autoplay=0&#038;cc_load_policy=0&#038;cc_lang_pref=&#038;iv_load_policy=1&#038;loop=0&#038;rel=1&#038;fs=1&#038;playsinline=0&#038;autohide=2&#038;theme=dark&#038;color=red&#038;controls=1&#038;disablekb=0&#038;\" class=\"__youtube_prefs__  epyt-is-override  no-lazyload\" title=\"YouTube player\"  allow=\"fullscreen; accelerometer; autoplay; clipboard-write; encrypted-media; gyroscope; picture-in-picture; web-share\" referrerpolicy=\"strict-origin-when-cross-origin\" allowfullscreen data-no-lazy=\"1\" data-skipgform_ajax_framebjll=\"\"><\/iframe>\n<\/div><\/figure>\n\n\n\n<hr class=\"wp-block-separator has-css-opacity\"\/>\n\n\n\n<h1 class=\"wp-block-heading has-text-color has-link-color wp-elements-91c9fcded2fee8cc48ce2b0ec39c67a7\" id=\"voorstellingen\" style=\"color:#00305d\">PERFORMANCES<\/h1>\n\n\n\n<div class=\"wp-block-columns is-layout-flex wp-container-core-columns-is-layout-9d6595d7 wp-block-columns-is-layout-flex\">\n<div class=\"wp-block-column has-background is-layout-flow wp-block-column-is-layout-flow\" style=\"background-color:#bfcbd6\">\n<figure class=\"wp-block-image size-large\"><a href=\"https:\/\/schrittmacherfestival.nl\/de\/ink\/\"><img data-recalc-dims=\"1\" fetchpriority=\"high\" decoding=\"async\" width=\"640\" height=\"267\" src=\"https:\/\/i0.wp.com\/schrittmacherfestival.nl\/wp-content\/uploads\/2025\/12\/DSC2302%EF%BD%9C%E6%94%9D%E5%BD%B1%E9%A1%8F%E7%BF%A0%E8%90%B1_SummerYen-e1765185502919-1024x427.png?resize=640%2C267&#038;ssl=1\" alt=\"\" class=\"wp-image-11908\" srcset=\"https:\/\/i0.wp.com\/schrittmacherfestival.nl\/wp-content\/uploads\/2025\/12\/DSC2302%EF%BD%9C%E6%94%9D%E5%BD%B1%E9%A1%8F%E7%BF%A0%E8%90%B1_SummerYen-e1765185502919.png?resize=1024%2C427&amp;ssl=1 1024w, https:\/\/i0.wp.com\/schrittmacherfestival.nl\/wp-content\/uploads\/2025\/12\/DSC2302%EF%BD%9C%E6%94%9D%E5%BD%B1%E9%A1%8F%E7%BF%A0%E8%90%B1_SummerYen-e1765185502919.png?resize=300%2C125&amp;ssl=1 300w, https:\/\/i0.wp.com\/schrittmacherfestival.nl\/wp-content\/uploads\/2025\/12\/DSC2302%EF%BD%9C%E6%94%9D%E5%BD%B1%E9%A1%8F%E7%BF%A0%E8%90%B1_SummerYen-e1765185502919.png?resize=768%2C320&amp;ssl=1 768w, https:\/\/i0.wp.com\/schrittmacherfestival.nl\/wp-content\/uploads\/2025\/12\/DSC2302%EF%BD%9C%E6%94%9D%E5%BD%B1%E9%A1%8F%E7%BF%A0%E8%90%B1_SummerYen-e1765185502919.png?resize=31%2C13&amp;ssl=1 31w, https:\/\/i0.wp.com\/schrittmacherfestival.nl\/wp-content\/uploads\/2025\/12\/DSC2302%EF%BD%9C%E6%94%9D%E5%BD%B1%E9%A1%8F%E7%BF%A0%E8%90%B1_SummerYen-e1765185502919.png?w=1200&amp;ssl=1 1200w\" sizes=\"(max-width: 640px) 100vw, 640px\" \/><\/a><\/figure>\n\n\n\n<h4 class=\"wp-block-heading has-text-color has-link-color wp-elements-47a8bce0802f7289e396aaea14deb18d\" id=\"hofesh-shechter-company-gbr\" style=\"color:#00305d\">INK<br><br><\/h4>\n\n\n\n<h4 class=\"wp-block-heading\" id=\"double-murder\"><a href=\"https:\/\/schrittmacherfestival.nl\/de\/ink\/\" title=\"\">Huang Yi Studio + (TW) &amp; Ryoichi Kurokawa (JP)<\/a><br><\/h4>\n\n\n\n<p><br>Di 24.02.2026 + Mi 25.02.2026<\/p>\n<\/div>\n\n\n\n<div class=\"wp-block-column has-background is-layout-flow wp-block-column-is-layout-flow\" style=\"background-color:#bfcbd6\">\n<figure class=\"wp-block-image size-large\"><a href=\"https:\/\/schrittmacherfestival.nl\/de\/double-bill\/\"><img data-recalc-dims=\"1\" decoding=\"async\" width=\"640\" height=\"267\" src=\"https:\/\/i0.wp.com\/schrittmacherfestival.nl\/wp-content\/uploads\/2025\/12\/Sinking-Sideways_Rene_2_JostijnLigtvoet-e1765185271394-1024x427.jpg?resize=640%2C267&#038;ssl=1\" alt=\"\" class=\"wp-image-11903\" srcset=\"https:\/\/i0.wp.com\/schrittmacherfestival.nl\/wp-content\/uploads\/2025\/12\/Sinking-Sideways_Rene_2_JostijnLigtvoet-e1765185271394.jpg?resize=1024%2C427&amp;ssl=1 1024w, https:\/\/i0.wp.com\/schrittmacherfestival.nl\/wp-content\/uploads\/2025\/12\/Sinking-Sideways_Rene_2_JostijnLigtvoet-e1765185271394.jpg?resize=300%2C125&amp;ssl=1 300w, https:\/\/i0.wp.com\/schrittmacherfestival.nl\/wp-content\/uploads\/2025\/12\/Sinking-Sideways_Rene_2_JostijnLigtvoet-e1765185271394.jpg?resize=768%2C320&amp;ssl=1 768w, https:\/\/i0.wp.com\/schrittmacherfestival.nl\/wp-content\/uploads\/2025\/12\/Sinking-Sideways_Rene_2_JostijnLigtvoet-e1765185271394.jpg?resize=31%2C13&amp;ssl=1 31w, https:\/\/i0.wp.com\/schrittmacherfestival.nl\/wp-content\/uploads\/2025\/12\/Sinking-Sideways_Rene_2_JostijnLigtvoet-e1765185271394.jpg?w=1200&amp;ssl=1 1200w\" sizes=\"(max-width: 640px) 100vw, 640px\" \/><\/a><\/figure>\n\n\n\n<h4 class=\"wp-block-heading has-text-color has-link-color wp-elements-a792444840aaa8c22fa74755f0af53de\" id=\"hofesh-shechter-company-gbr\" style=\"color:#00305d\"><strong><strong><strong>Double Bill<\/strong><\/strong><\/strong><br><br><\/h4>\n\n\n\n<h4 class=\"wp-block-heading\"><a href=\"https:\/\/schrittmacherfestival.nl\/de\/double-bill\/\" title=\"\"><strong>Sinking Sideways<\/strong> (BE\/DE)<strong>Ren\u00e9 &amp; Cie. Elelei <\/strong>(ES)<strong>A Ciegas<\/strong><\/a><br><\/h4>\n\n\n\n<p><br>Do 26.02.2026 + Fr 27.02.2026<\/p>\n<\/div>\n\n\n\n<div class=\"wp-block-column has-background is-layout-flow wp-block-column-is-layout-flow\" style=\"background-color:#bfcbd6\">\n<figure class=\"wp-block-image size-large\"><a href=\"https:\/\/schrittmacherfestival.nl\/de\/hype-the-pain\/\"><img data-recalc-dims=\"1\" decoding=\"async\" width=\"640\" height=\"267\" src=\"https:\/\/i0.wp.com\/schrittmacherfestival.nl\/wp-content\/uploads\/2025\/12\/mdn_hype_the_pain_klaus_gigga-2123-scaled-e1765188166146-1024x427.jpg?resize=640%2C267&#038;ssl=1\" alt=\"\" class=\"wp-image-11944\" srcset=\"https:\/\/i0.wp.com\/schrittmacherfestival.nl\/wp-content\/uploads\/2025\/12\/mdn_hype_the_pain_klaus_gigga-2123-scaled-e1765188166146.jpg?resize=1024%2C427&amp;ssl=1 1024w, https:\/\/i0.wp.com\/schrittmacherfestival.nl\/wp-content\/uploads\/2025\/12\/mdn_hype_the_pain_klaus_gigga-2123-scaled-e1765188166146.jpg?resize=300%2C125&amp;ssl=1 300w, https:\/\/i0.wp.com\/schrittmacherfestival.nl\/wp-content\/uploads\/2025\/12\/mdn_hype_the_pain_klaus_gigga-2123-scaled-e1765188166146.jpg?resize=768%2C320&amp;ssl=1 768w, https:\/\/i0.wp.com\/schrittmacherfestival.nl\/wp-content\/uploads\/2025\/12\/mdn_hype_the_pain_klaus_gigga-2123-scaled-e1765188166146.jpg?resize=31%2C13&amp;ssl=1 31w, https:\/\/i0.wp.com\/schrittmacherfestival.nl\/wp-content\/uploads\/2025\/12\/mdn_hype_the_pain_klaus_gigga-2123-scaled-e1765188166146.jpg?w=1200&amp;ssl=1 1200w\" sizes=\"(max-width: 640px) 100vw, 640px\" \/><\/a><\/figure>\n\n\n\n<h4 class=\"wp-block-heading has-text-color has-link-color wp-elements-1e3d36d483c7831526e32d80ffdbfebf\" id=\"hofesh-shechter-company-gbr\" style=\"color:#00305d\"><strong><strong><strong>Hype the Pain<\/strong><\/strong><\/strong><br><br><\/h4>\n\n\n\n<h4 class=\"wp-block-heading\"><a href=\"https:\/\/schrittmacherfestival.nl\/de\/hype-the-pain\/\" title=\"\"><strong>Miller de\u2019 Nobili <\/strong>(DE)<\/a><br><\/h4>\n\n\n\n<p><br><br>Sa 28.02.2026 + So 01.03.2026<\/p>\n<\/div>\n<\/div>\n\n\n\n<div class=\"wp-block-columns is-layout-flex wp-container-core-columns-is-layout-9d6595d7 wp-block-columns-is-layout-flex\">\n<div class=\"wp-block-column has-background is-layout-flow wp-block-column-is-layout-flow\" style=\"background-color:#bfcbd6\">\n<figure class=\"wp-block-image size-large\"><a href=\"https:\/\/schrittmacherfestival.nl\/de\/des-chimeres-dans-la-tete-8\/\"><img data-recalc-dims=\"1\" loading=\"lazy\" decoding=\"async\" width=\"640\" height=\"267\" src=\"https:\/\/i0.wp.com\/schrittmacherfestival.nl\/wp-content\/uploads\/2025\/12\/CHIMERES-HERVE-PLUMET-3-H-scaled-e1765189373373-1024x427.jpg?resize=640%2C267&#038;ssl=1\" alt=\"\" class=\"wp-image-11975\" srcset=\"https:\/\/i0.wp.com\/schrittmacherfestival.nl\/wp-content\/uploads\/2025\/12\/CHIMERES-HERVE-PLUMET-3-H-scaled-e1765189373373.jpg?resize=1024%2C427&amp;ssl=1 1024w, https:\/\/i0.wp.com\/schrittmacherfestival.nl\/wp-content\/uploads\/2025\/12\/CHIMERES-HERVE-PLUMET-3-H-scaled-e1765189373373.jpg?resize=300%2C125&amp;ssl=1 300w, https:\/\/i0.wp.com\/schrittmacherfestival.nl\/wp-content\/uploads\/2025\/12\/CHIMERES-HERVE-PLUMET-3-H-scaled-e1765189373373.jpg?resize=768%2C320&amp;ssl=1 768w, https:\/\/i0.wp.com\/schrittmacherfestival.nl\/wp-content\/uploads\/2025\/12\/CHIMERES-HERVE-PLUMET-3-H-scaled-e1765189373373.jpg?resize=31%2C13&amp;ssl=1 31w, https:\/\/i0.wp.com\/schrittmacherfestival.nl\/wp-content\/uploads\/2025\/12\/CHIMERES-HERVE-PLUMET-3-H-scaled-e1765189373373.jpg?w=1200&amp;ssl=1 1200w\" sizes=\"(max-width: 640px) 100vw, 640px\" \/><\/a><\/figure>\n\n\n\n<h4 class=\"wp-block-heading has-text-color has-link-color wp-elements-38a363c1fed36ec24448de4651a68e95\" id=\"hofesh-shechter-company-gbr\" style=\"color:#00305d\"><strong><strong>Des chim\u00e8res dans la t\u00eate (8+)<\/strong><\/strong><br><br><\/h4>\n\n\n\n<h4 class=\"wp-block-heading\"><a href=\"https:\/\/schrittmacherfestival.nl\/de\/des-chimeres-dans-la-tete-8\/\" title=\"\">Ballet du Nord (FR)<\/a><br><\/h4>\n\n\n\n<p><br><br>So 01.03.2026<\/p>\n<\/div>\n\n\n\n<div class=\"wp-block-column has-background is-layout-flow wp-block-column-is-layout-flow\" style=\"background-color:#bfcbd6\">\n<figure class=\"wp-block-image size-large\"><a href=\"https:\/\/schrittmacherfestival.nl\/de\/in-c\/\"><img data-recalc-dims=\"1\" loading=\"lazy\" decoding=\"async\" width=\"640\" height=\"267\" src=\"https:\/\/i0.wp.com\/schrittmacherfestival.nl\/wp-content\/uploads\/2025\/05\/in-c_sasha-waltz-guests_terry-riley_ensemble2%C2%A9jo-glinka-2021-e1765189861462.jpg?resize=640%2C267&#038;ssl=1\" alt=\"\" class=\"wp-image-11406\" srcset=\"https:\/\/i0.wp.com\/schrittmacherfestival.nl\/wp-content\/uploads\/2025\/05\/in-c_sasha-waltz-guests_terry-riley_ensemble2%C2%A9jo-glinka-2021-e1765189861462.jpg?w=1200&amp;ssl=1 1200w, https:\/\/i0.wp.com\/schrittmacherfestival.nl\/wp-content\/uploads\/2025\/05\/in-c_sasha-waltz-guests_terry-riley_ensemble2%C2%A9jo-glinka-2021-e1765189861462.jpg?resize=300%2C125&amp;ssl=1 300w, https:\/\/i0.wp.com\/schrittmacherfestival.nl\/wp-content\/uploads\/2025\/05\/in-c_sasha-waltz-guests_terry-riley_ensemble2%C2%A9jo-glinka-2021-e1765189861462.jpg?resize=1024%2C427&amp;ssl=1 1024w, https:\/\/i0.wp.com\/schrittmacherfestival.nl\/wp-content\/uploads\/2025\/05\/in-c_sasha-waltz-guests_terry-riley_ensemble2%C2%A9jo-glinka-2021-e1765189861462.jpg?resize=768%2C320&amp;ssl=1 768w, https:\/\/i0.wp.com\/schrittmacherfestival.nl\/wp-content\/uploads\/2025\/05\/in-c_sasha-waltz-guests_terry-riley_ensemble2%C2%A9jo-glinka-2021-e1765189861462.jpg?resize=31%2C13&amp;ssl=1 31w\" sizes=\"(max-width: 640px) 100vw, 640px\" \/><\/a><\/figure>\n\n\n\n<h4 class=\"wp-block-heading has-text-color has-link-color wp-elements-bfd42c9559cb2afda19c2f7397534fbf\" id=\"hofesh-shechter-company-gbr\" style=\"color:#00305d\">In C<br><br><\/h4>\n\n\n\n<h4 class=\"wp-block-heading\" id=\"double-murder\"><a href=\"https:\/\/schrittmacherfestival.nl\/de\/in-c\/\" title=\"\">Sasha Waltz &amp; Guests (DE) &amp; Philzuid<\/a><br><\/h4>\n\n\n\n<p><br>Do 05.03.2026<\/p>\n<\/div>\n\n\n\n<div class=\"wp-block-column has-background is-layout-flow wp-block-column-is-layout-flow\" style=\"background-color:#bfcbd6\">\n<figure class=\"wp-block-image size-full\"><a href=\"https:\/\/schrittmacherfestival.nl\/de\/paintformance-back-to-zero\/\"><img data-recalc-dims=\"1\" loading=\"lazy\" decoding=\"async\" width=\"640\" height=\"267\" src=\"https:\/\/i0.wp.com\/schrittmacherfestival.nl\/wp-content\/uploads\/2025\/12\/Kadir_Amigo_Memis_c_privat_01-scaled-e1765190601637.jpg?resize=640%2C267&#038;ssl=1\" alt=\"\" class=\"wp-image-11991\" srcset=\"https:\/\/i0.wp.com\/schrittmacherfestival.nl\/wp-content\/uploads\/2025\/12\/Kadir_Amigo_Memis_c_privat_01-scaled-e1765190601637.jpg?w=1200&amp;ssl=1 1200w, https:\/\/i0.wp.com\/schrittmacherfestival.nl\/wp-content\/uploads\/2025\/12\/Kadir_Amigo_Memis_c_privat_01-scaled-e1765190601637.jpg?resize=300%2C125&amp;ssl=1 300w, https:\/\/i0.wp.com\/schrittmacherfestival.nl\/wp-content\/uploads\/2025\/12\/Kadir_Amigo_Memis_c_privat_01-scaled-e1765190601637.jpg?resize=1024%2C427&amp;ssl=1 1024w, https:\/\/i0.wp.com\/schrittmacherfestival.nl\/wp-content\/uploads\/2025\/12\/Kadir_Amigo_Memis_c_privat_01-scaled-e1765190601637.jpg?resize=768%2C320&amp;ssl=1 768w, https:\/\/i0.wp.com\/schrittmacherfestival.nl\/wp-content\/uploads\/2025\/12\/Kadir_Amigo_Memis_c_privat_01-scaled-e1765190601637.jpg?resize=31%2C13&amp;ssl=1 31w\" sizes=\"(max-width: 640px) 100vw, 640px\" \/><\/a><\/figure>\n\n\n\n<h4 class=\"wp-block-heading has-text-color has-link-color wp-elements-012bfe64d3a471f7c802b3c0a38dfda0\" id=\"hofesh-shechter-company-gbr\" style=\"color:#00305d\"><strong>Paint\u00b4formance: BACK TO ZERO<\/strong><br><br><\/h4>\n\n\n\n<h4 class=\"wp-block-heading\" id=\"double-murder\"><a href=\"https:\/\/schrittmacherfestival.nl\/de\/paintformance-back-to-zero\/\" title=\"\"><strong>Kadir \u201cAmigo\u201d Memi\u015f <\/strong>(DE\/TR)<\/a><br><br><\/h4>\n\n\n\n<p><br>Sa 07.03.2026<\/p>\n<\/div>\n<\/div>\n\n\n\n<div class=\"wp-block-columns is-layout-flex wp-container-core-columns-is-layout-9d6595d7 wp-block-columns-is-layout-flex\">\n<div class=\"wp-block-column has-background is-layout-flow wp-block-column-is-layout-flow\" style=\"background-color:#bfcbd6\">\n<figure class=\"wp-block-image size-full\"><a href=\"https:\/\/schrittmacherfestival.nl\/de\/wildsong\/\"><img data-recalc-dims=\"1\" loading=\"lazy\" decoding=\"async\" width=\"640\" height=\"267\" src=\"https:\/\/i0.wp.com\/schrittmacherfestival.nl\/wp-content\/uploads\/2025\/05\/Wildsong-NDT-1-%C2%A9Rahi-Rezvani_print-e1747560460544.jpg?resize=640%2C267&#038;ssl=1\" alt=\"\" class=\"wp-image-11323\" srcset=\"https:\/\/i0.wp.com\/schrittmacherfestival.nl\/wp-content\/uploads\/2025\/05\/Wildsong-NDT-1-%C2%A9Rahi-Rezvani_print-e1747560460544.jpg?w=1200&amp;ssl=1 1200w, https:\/\/i0.wp.com\/schrittmacherfestival.nl\/wp-content\/uploads\/2025\/05\/Wildsong-NDT-1-%C2%A9Rahi-Rezvani_print-e1747560460544.jpg?resize=300%2C125&amp;ssl=1 300w, https:\/\/i0.wp.com\/schrittmacherfestival.nl\/wp-content\/uploads\/2025\/05\/Wildsong-NDT-1-%C2%A9Rahi-Rezvani_print-e1747560460544.jpg?resize=1024%2C427&amp;ssl=1 1024w, https:\/\/i0.wp.com\/schrittmacherfestival.nl\/wp-content\/uploads\/2025\/05\/Wildsong-NDT-1-%C2%A9Rahi-Rezvani_print-e1747560460544.jpg?resize=768%2C320&amp;ssl=1 768w\" sizes=\"(max-width: 640px) 100vw, 640px\" \/><\/a><\/figure>\n\n\n\n<h4 class=\"wp-block-heading has-text-color has-link-color wp-elements-5ec007acc664aa15d9d5878ec4cb0a0d\" id=\"hofesh-shechter-company-gbr\" style=\"color:#00305d\">Wildsong<br><br><\/h4>\n\n\n\n<h4 class=\"wp-block-heading\" id=\"double-murder\"><a href=\"https:\/\/schrittmacherfestival.nl\/de\/wildsong\/\" title=\"\">NDT 1 (NL)<\/a><br><br><\/h4>\n\n\n\n<p><br>Sa 07.03.2026<\/p>\n<\/div>\n\n\n\n<div class=\"wp-block-column has-background is-layout-flow wp-block-column-is-layout-flow\" style=\"background-color:#bfcbd6\">\n<figure class=\"wp-block-image size-large\"><a href=\"https:\/\/schrittmacherfestival.nl\/de\/16-17\/\"><img data-recalc-dims=\"1\" loading=\"lazy\" decoding=\"async\" width=\"640\" height=\"267\" src=\"https:\/\/i0.wp.com\/schrittmacherfestival.nl\/wp-content\/uploads\/2025\/12\/WechatIMG62212-scaled-e1765194488945-1024x427.webp?resize=640%2C267&#038;ssl=1\" alt=\"\" class=\"wp-image-12020\" srcset=\"https:\/\/i0.wp.com\/schrittmacherfestival.nl\/wp-content\/uploads\/2025\/12\/WechatIMG62212-scaled-e1765194488945.webp?resize=1024%2C427&amp;ssl=1 1024w, https:\/\/i0.wp.com\/schrittmacherfestival.nl\/wp-content\/uploads\/2025\/12\/WechatIMG62212-scaled-e1765194488945.webp?resize=300%2C125&amp;ssl=1 300w, https:\/\/i0.wp.com\/schrittmacherfestival.nl\/wp-content\/uploads\/2025\/12\/WechatIMG62212-scaled-e1765194488945.webp?resize=768%2C320&amp;ssl=1 768w, https:\/\/i0.wp.com\/schrittmacherfestival.nl\/wp-content\/uploads\/2025\/12\/WechatIMG62212-scaled-e1765194488945.webp?resize=31%2C13&amp;ssl=1 31w, https:\/\/i0.wp.com\/schrittmacherfestival.nl\/wp-content\/uploads\/2025\/12\/WechatIMG62212-scaled-e1765194488945.webp?w=1200&amp;ssl=1 1200w\" sizes=\"(max-width: 640px) 100vw, 640px\" \/><\/a><\/figure>\n\n\n\n<h4 class=\"wp-block-heading has-text-color has-link-color wp-elements-0cc02aa2d155de639f19fc787a0ffc9f\" id=\"hofesh-shechter-company-gbr\" style=\"color:#00305d\">16 &amp; 17<br><br><\/h4>\n\n\n\n<h4 class=\"wp-block-heading\" id=\"double-murder\"><a href=\"https:\/\/schrittmacherfestival.nl\/de\/16-17\/\" title=\"\">TAO Dance Theater (CN)<\/a><br><br><\/h4>\n\n\n\n<p><br>Di 10.03.2026<\/p>\n<\/div>\n\n\n\n<div class=\"wp-block-column has-background is-layout-flow wp-block-column-is-layout-flow\" style=\"background-color:#bfcbd6\">\n<figure class=\"wp-block-image size-large\"><a href=\"https:\/\/schrittmacherfestival.nl\/de\/r-osa-10-exercises-for-new-virtuosities\/\"><img data-recalc-dims=\"1\" loading=\"lazy\" decoding=\"async\" width=\"640\" height=\"267\" src=\"https:\/\/i0.wp.com\/schrittmacherfestival.nl\/wp-content\/uploads\/2025\/05\/%40Manuel-Cafini-scaled-e1747562765348-1024x427.webp?resize=640%2C267&#038;ssl=1\" alt=\"\" class=\"wp-image-11479\" srcset=\"https:\/\/i0.wp.com\/schrittmacherfestival.nl\/wp-content\/uploads\/2025\/05\/%40Manuel-Cafini-scaled-e1747562765348.webp?resize=1024%2C427&amp;ssl=1 1024w, https:\/\/i0.wp.com\/schrittmacherfestival.nl\/wp-content\/uploads\/2025\/05\/%40Manuel-Cafini-scaled-e1747562765348.webp?resize=300%2C125&amp;ssl=1 300w, https:\/\/i0.wp.com\/schrittmacherfestival.nl\/wp-content\/uploads\/2025\/05\/%40Manuel-Cafini-scaled-e1747562765348.webp?resize=768%2C320&amp;ssl=1 768w, https:\/\/i0.wp.com\/schrittmacherfestival.nl\/wp-content\/uploads\/2025\/05\/%40Manuel-Cafini-scaled-e1747562765348.webp?w=1200&amp;ssl=1 1200w\" sizes=\"(max-width: 640px) 100vw, 640px\" \/><\/a><\/figure>\n\n\n\n<h4 class=\"wp-block-heading has-text-color has-link-color wp-elements-77338a9e3791028c14c5fc6723e48a99\" id=\"hofesh-shechter-company-gbr\" style=\"color:#00305d\"><strong>R. OSA &#8211; 10 EXERCISES FOR NEW VIRTUOSITIES<\/strong><br><\/h4>\n\n\n\n<h4 class=\"wp-block-heading\" id=\"double-murder\"><a href=\"https:\/\/schrittmacherfestival.nl\/de\/r-osa-10-exercises-for-new-virtuosities\/\" title=\"\">Silvia Gribaudi (IT)<\/a><br><br><\/h4>\n\n\n\n<p><br>Mi 11.03.2026<\/p>\n<\/div>\n<\/div>\n\n\n\n<div class=\"wp-block-columns is-layout-flex wp-container-core-columns-is-layout-9d6595d7 wp-block-columns-is-layout-flex\">\n<div class=\"wp-block-column has-background is-layout-flow wp-block-column-is-layout-flow\" style=\"background-color:#bfcbd6\">\n<figure class=\"wp-block-image size-large\"><a href=\"https:\/\/schrittmacherfestival.nl\/de\/tamyr-a-poetic-ritual-from-central-asia\/\"><img data-recalc-dims=\"1\" loading=\"lazy\" decoding=\"async\" width=\"640\" height=\"267\" src=\"https:\/\/i0.wp.com\/schrittmacherfestival.nl\/wp-content\/uploads\/2025\/12\/Jolda-DC_c_Ilya-Kim_01-scaled-e1765195880794-1024x427.jpg?resize=640%2C267&#038;ssl=1\" alt=\"\" class=\"wp-image-12030\" srcset=\"https:\/\/i0.wp.com\/schrittmacherfestival.nl\/wp-content\/uploads\/2025\/12\/Jolda-DC_c_Ilya-Kim_01-scaled-e1765195880794.jpg?resize=1024%2C427&amp;ssl=1 1024w, https:\/\/i0.wp.com\/schrittmacherfestival.nl\/wp-content\/uploads\/2025\/12\/Jolda-DC_c_Ilya-Kim_01-scaled-e1765195880794.jpg?resize=300%2C125&amp;ssl=1 300w, https:\/\/i0.wp.com\/schrittmacherfestival.nl\/wp-content\/uploads\/2025\/12\/Jolda-DC_c_Ilya-Kim_01-scaled-e1765195880794.jpg?resize=768%2C320&amp;ssl=1 768w, https:\/\/i0.wp.com\/schrittmacherfestival.nl\/wp-content\/uploads\/2025\/12\/Jolda-DC_c_Ilya-Kim_01-scaled-e1765195880794.jpg?resize=31%2C13&amp;ssl=1 31w, https:\/\/i0.wp.com\/schrittmacherfestival.nl\/wp-content\/uploads\/2025\/12\/Jolda-DC_c_Ilya-Kim_01-scaled-e1765195880794.jpg?w=1200&amp;ssl=1 1200w\" sizes=\"(max-width: 640px) 100vw, 640px\" \/><\/a><\/figure>\n\n\n\n<h4 class=\"wp-block-heading has-text-color has-link-color wp-elements-b937adea1fa689f4612d84975d64ba8a\" id=\"hofesh-shechter-company-gbr\" style=\"color:#00305d\"><strong>TAMYR &#8211; a Poetic Ritual from Central Asia<\/strong><br><br><\/h4>\n\n\n\n<h4 class=\"wp-block-heading\" id=\"double-murder\"><a href=\"https:\/\/schrittmacherfestival.nl\/de\/tamyr-a-poetic-ritual-from-central-asia\/\" title=\"\"><strong>JOLDA Dance Theatre <\/strong>(KZ)<\/a><br><\/h4>\n\n\n\n<p><br>Fr 13.03.2026 + Sa 14.03.2026<\/p>\n<\/div>\n\n\n\n<div class=\"wp-block-column has-background is-layout-flow wp-block-column-is-layout-flow\" style=\"background-color:#bfcbd6\">\n<figure class=\"wp-block-image size-large\"><a href=\"https:\/\/schrittmacherfestival.nl\/de\/stabat-mater\/\"><img data-recalc-dims=\"1\" loading=\"lazy\" decoding=\"async\" width=\"640\" height=\"267\" src=\"https:\/\/i0.wp.com\/schrittmacherfestival.nl\/wp-content\/uploads\/2025\/12\/Stabat-Mater-Image-HR_Shropshire-scaled-e1765196102454-1024x427.jpg?resize=640%2C267&#038;ssl=1\" alt=\"\" class=\"wp-image-12031\" srcset=\"https:\/\/i0.wp.com\/schrittmacherfestival.nl\/wp-content\/uploads\/2025\/12\/Stabat-Mater-Image-HR_Shropshire-scaled-e1765196102454.jpg?resize=1024%2C427&amp;ssl=1 1024w, https:\/\/i0.wp.com\/schrittmacherfestival.nl\/wp-content\/uploads\/2025\/12\/Stabat-Mater-Image-HR_Shropshire-scaled-e1765196102454.jpg?resize=300%2C125&amp;ssl=1 300w, https:\/\/i0.wp.com\/schrittmacherfestival.nl\/wp-content\/uploads\/2025\/12\/Stabat-Mater-Image-HR_Shropshire-scaled-e1765196102454.jpg?resize=768%2C320&amp;ssl=1 768w, https:\/\/i0.wp.com\/schrittmacherfestival.nl\/wp-content\/uploads\/2025\/12\/Stabat-Mater-Image-HR_Shropshire-scaled-e1765196102454.jpg?resize=31%2C13&amp;ssl=1 31w, https:\/\/i0.wp.com\/schrittmacherfestival.nl\/wp-content\/uploads\/2025\/12\/Stabat-Mater-Image-HR_Shropshire-scaled-e1765196102454.jpg?w=1200&amp;ssl=1 1200w\" sizes=\"(max-width: 640px) 100vw, 640px\" \/><\/a><\/figure>\n\n\n\n<h4 class=\"wp-block-heading has-text-color has-link-color wp-elements-1c53fca717404e283d55250549b13072\" id=\"hofesh-shechter-company-gbr\" style=\"color:#00305d\">St<strong><strong><strong>abat Mater<\/strong><\/strong><\/strong><br><br><\/h4>\n\n\n\n<h4 class=\"wp-block-heading\" id=\"double-murder\"><a href=\"https:\/\/schrittmacherfestival.nl\/de\/stabat-mater\/\" title=\"\"><strong>Stephen Shropshire in collaboration with Ad Mosam <\/strong>(NL)<\/a><br><\/h4>\n\n\n\n<p><br>Sa 14.03.2026<\/p>\n<\/div>\n\n\n\n<div class=\"wp-block-column has-background is-layout-flow wp-block-column-is-layout-flow\" style=\"background-color:#bfcbd6\">\n<figure class=\"wp-block-image size-large\"><a href=\"https:\/\/schrittmacherfestival.nl\/de\/johannes-passion\/\"><img data-recalc-dims=\"1\" loading=\"lazy\" decoding=\"async\" width=\"640\" height=\"267\" src=\"https:\/\/i0.wp.com\/schrittmacherfestival.nl\/wp-content\/uploads\/2025\/12\/Guillaume-Hulot_2_Foto_Matthias-Baus-e1765196770625-1024x427.jpg?resize=640%2C267&#038;ssl=1\" alt=\"\" class=\"wp-image-12032\" srcset=\"https:\/\/i0.wp.com\/schrittmacherfestival.nl\/wp-content\/uploads\/2025\/12\/Guillaume-Hulot_2_Foto_Matthias-Baus-e1765196770625.jpg?resize=1024%2C427&amp;ssl=1 1024w, https:\/\/i0.wp.com\/schrittmacherfestival.nl\/wp-content\/uploads\/2025\/12\/Guillaume-Hulot_2_Foto_Matthias-Baus-e1765196770625.jpg?resize=300%2C125&amp;ssl=1 300w, https:\/\/i0.wp.com\/schrittmacherfestival.nl\/wp-content\/uploads\/2025\/12\/Guillaume-Hulot_2_Foto_Matthias-Baus-e1765196770625.jpg?resize=768%2C320&amp;ssl=1 768w, https:\/\/i0.wp.com\/schrittmacherfestival.nl\/wp-content\/uploads\/2025\/12\/Guillaume-Hulot_2_Foto_Matthias-Baus-e1765196770625.jpg?resize=31%2C13&amp;ssl=1 31w, https:\/\/i0.wp.com\/schrittmacherfestival.nl\/wp-content\/uploads\/2025\/12\/Guillaume-Hulot_2_Foto_Matthias-Baus-e1765196770625.jpg?w=1200&amp;ssl=1 1200w\" sizes=\"(max-width: 640px) 100vw, 640px\" \/><\/a><\/figure>\n\n\n\n<h4 class=\"wp-block-heading has-text-color has-link-color wp-elements-65b9aad0a6f783086188cecf0efa2f58\" id=\"hofesh-shechter-company-gbr\" style=\"color:#00305d\"><strong>Jo<strong><strong><strong>hannes-Passion<\/strong><\/strong><\/strong><\/strong><br><\/h4>\n\n\n\n<h4 class=\"wp-block-heading\" id=\"double-murder\"><br><a href=\"https:\/\/schrittmacherfestival.nl\/de\/johannes-passion\/\" title=\"\"><strong>Guillaume Hulot <\/strong>(FR\/HU)<strong>\/ Olivia Fuchs <\/strong>(D)<\/a><br><br><\/h4>\n\n\n\n<p>So 15.03.2026 + So 29.03.2026<\/p>\n<\/div>\n<\/div>\n\n\n\n<div class=\"wp-block-columns is-layout-flex wp-container-core-columns-is-layout-9d6595d7 wp-block-columns-is-layout-flex\">\n<div class=\"wp-block-column has-background is-layout-flow wp-block-column-is-layout-flow\" style=\"background-color:#bfcbd6\">\n<figure class=\"wp-block-image size-large\"><a href=\"https:\/\/schrittmacherfestival.nl\/de\/tellus\/\"><img data-recalc-dims=\"1\" loading=\"lazy\" decoding=\"async\" width=\"640\" height=\"267\" src=\"https:\/\/i0.wp.com\/schrittmacherfestival.nl\/wp-content\/uploads\/2025\/05\/Dickson-Mbi-Ipswich-RD-Malachy-Luckie-23-scaled-e1747562887960-1024x427.webp?resize=640%2C267&#038;ssl=1\" alt=\"\" class=\"wp-image-11503\" srcset=\"https:\/\/i0.wp.com\/schrittmacherfestival.nl\/wp-content\/uploads\/2025\/05\/Dickson-Mbi-Ipswich-RD-Malachy-Luckie-23-scaled-e1747562887960.webp?resize=1024%2C427&amp;ssl=1 1024w, https:\/\/i0.wp.com\/schrittmacherfestival.nl\/wp-content\/uploads\/2025\/05\/Dickson-Mbi-Ipswich-RD-Malachy-Luckie-23-scaled-e1747562887960.webp?resize=300%2C125&amp;ssl=1 300w, https:\/\/i0.wp.com\/schrittmacherfestival.nl\/wp-content\/uploads\/2025\/05\/Dickson-Mbi-Ipswich-RD-Malachy-Luckie-23-scaled-e1747562887960.webp?resize=768%2C320&amp;ssl=1 768w, https:\/\/i0.wp.com\/schrittmacherfestival.nl\/wp-content\/uploads\/2025\/05\/Dickson-Mbi-Ipswich-RD-Malachy-Luckie-23-scaled-e1747562887960.webp?w=1200&amp;ssl=1 1200w\" sizes=\"(max-width: 640px) 100vw, 640px\" \/><\/a><\/figure>\n\n\n\n<h4 class=\"wp-block-heading has-text-color has-link-color wp-elements-d74836a7682f7361b4c1b0617d880c07\" id=\"hofesh-shechter-company-gbr\" style=\"color:#00305d\">TE<strong><strong>LLUS<\/strong><\/strong><br><br><\/h4>\n\n\n\n<h4 class=\"wp-block-heading\" id=\"hofesh-shechter-company-gbr\"><strong><a href=\"https:\/\/schrittmacherfestival.nl\/de\/tellus\/\" title=\"\">Dickson Mbi Company (GB)<\/a><\/strong><br><br><\/h4>\n\n\n\n<p><br>Di 17.03.2026<\/p>\n<\/div>\n\n\n\n<div class=\"wp-block-column has-background is-layout-flow wp-block-column-is-layout-flow\" style=\"background-color:#bfcbd6\">\n<figure class=\"wp-block-image size-large\"><a href=\"https:\/\/schrittmacherfestival.nl\/de\/i-dreamt-i-had-hairy-teeth\/\"><img data-recalc-dims=\"1\" loading=\"lazy\" decoding=\"async\" width=\"640\" height=\"267\" src=\"https:\/\/i0.wp.com\/schrittmacherfestival.nl\/wp-content\/uploads\/2025\/12\/I-dreamt-I-had-hairy-teeth_Humo_y_Polvo_Morgane-Maret-scaled-e1765201728772-1024x427.jpg?resize=640%2C267&#038;ssl=1\" alt=\"\" class=\"wp-image-12104\" srcset=\"https:\/\/i0.wp.com\/schrittmacherfestival.nl\/wp-content\/uploads\/2025\/12\/I-dreamt-I-had-hairy-teeth_Humo_y_Polvo_Morgane-Maret-scaled-e1765201728772.jpg?resize=1024%2C427&amp;ssl=1 1024w, https:\/\/i0.wp.com\/schrittmacherfestival.nl\/wp-content\/uploads\/2025\/12\/I-dreamt-I-had-hairy-teeth_Humo_y_Polvo_Morgane-Maret-scaled-e1765201728772.jpg?resize=300%2C125&amp;ssl=1 300w, https:\/\/i0.wp.com\/schrittmacherfestival.nl\/wp-content\/uploads\/2025\/12\/I-dreamt-I-had-hairy-teeth_Humo_y_Polvo_Morgane-Maret-scaled-e1765201728772.jpg?resize=768%2C320&amp;ssl=1 768w, https:\/\/i0.wp.com\/schrittmacherfestival.nl\/wp-content\/uploads\/2025\/12\/I-dreamt-I-had-hairy-teeth_Humo_y_Polvo_Morgane-Maret-scaled-e1765201728772.jpg?resize=31%2C13&amp;ssl=1 31w, https:\/\/i0.wp.com\/schrittmacherfestival.nl\/wp-content\/uploads\/2025\/12\/I-dreamt-I-had-hairy-teeth_Humo_y_Polvo_Morgane-Maret-scaled-e1765201728772.jpg?w=1200&amp;ssl=1 1200w\" sizes=\"(max-width: 640px) 100vw, 640px\" \/><\/a><\/figure>\n\n\n\n<h4 class=\"wp-block-heading has-text-color has-link-color wp-elements-677026e8be813ecd293189c1bec954bf\" id=\"hofesh-shechter-company-gbr\" style=\"color:#00305d\"><strong>I dreamt I had hairy teeth<\/strong><br><br><\/h4>\n\n\n\n<h4 class=\"wp-block-heading\" id=\"double-murder\"><a href=\"https:\/\/schrittmacherfestival.nl\/de\/i-dreamt-i-had-hairy-teeth\/\" title=\"\"><strong>Humo y Polvo<\/strong> (BE\/CHL\/CH)<\/a><br><br><\/h4>\n\n\n\n<p><br>Do 19.03.2026<\/p>\n<\/div>\n\n\n\n<div class=\"wp-block-column has-background is-layout-flow wp-block-column-is-layout-flow\" style=\"background-color:#bfcbd6\">\n<figure class=\"wp-block-image size-large\"><a href=\"https:\/\/schrittmacherfestival.nl\/de\/vortex\/\"><img data-recalc-dims=\"1\" loading=\"lazy\" decoding=\"async\" width=\"640\" height=\"267\" src=\"https:\/\/i0.wp.com\/schrittmacherfestival.nl\/wp-content\/uploads\/2025\/12\/Thomas.Vilhelm_VORTEX4-scaled-e1765201890333-1024x427.jpg?resize=640%2C267&#038;ssl=1\" alt=\"\" class=\"wp-image-12106\" srcset=\"https:\/\/i0.wp.com\/schrittmacherfestival.nl\/wp-content\/uploads\/2025\/12\/Thomas.Vilhelm_VORTEX4-scaled-e1765201890333.jpg?resize=1024%2C427&amp;ssl=1 1024w, https:\/\/i0.wp.com\/schrittmacherfestival.nl\/wp-content\/uploads\/2025\/12\/Thomas.Vilhelm_VORTEX4-scaled-e1765201890333.jpg?resize=300%2C125&amp;ssl=1 300w, https:\/\/i0.wp.com\/schrittmacherfestival.nl\/wp-content\/uploads\/2025\/12\/Thomas.Vilhelm_VORTEX4-scaled-e1765201890333.jpg?resize=768%2C320&amp;ssl=1 768w, https:\/\/i0.wp.com\/schrittmacherfestival.nl\/wp-content\/uploads\/2025\/12\/Thomas.Vilhelm_VORTEX4-scaled-e1765201890333.jpg?resize=31%2C13&amp;ssl=1 31w, https:\/\/i0.wp.com\/schrittmacherfestival.nl\/wp-content\/uploads\/2025\/12\/Thomas.Vilhelm_VORTEX4-scaled-e1765201890333.jpg?w=1200&amp;ssl=1 1200w\" sizes=\"(max-width: 640px) 100vw, 640px\" \/><\/a><\/figure>\n\n\n\n<h4 class=\"wp-block-heading has-text-color has-link-color wp-elements-316c618bd1d22005f3d9480edeabd571\" id=\"hofesh-shechter-company-gbr\" style=\"color:#00305d\"><strong>VORTEX<\/strong><br><br><\/h4>\n\n\n\n<h4 class=\"wp-block-heading\" id=\"double-murder\"><a href=\"https:\/\/schrittmacherfestival.nl\/de\/vortex\/\" title=\"\"><strong>Humanhood Dance Company <\/strong>(GB\/ES)<\/a><br><br><\/h4>\n\n\n\n<p>Fr 20.03.2026 + Sa 21.03.2026<\/p>\n<\/div>\n<\/div>\n\n\n\n<div class=\"wp-block-columns is-layout-flex wp-container-core-columns-is-layout-9d6595d7 wp-block-columns-is-layout-flex\">\n<div class=\"wp-block-column has-background is-layout-flow wp-block-column-is-layout-flow\" style=\"background-color:#bfcbd6\">\n<figure class=\"wp-block-image size-large\"><a href=\"https:\/\/schrittmacherfestival.nl\/de\/thikra-night-of-remembering\/\"><img data-recalc-dims=\"1\" loading=\"lazy\" decoding=\"async\" width=\"640\" height=\"267\" src=\"https:\/\/i0.wp.com\/schrittmacherfestival.nl\/wp-content\/uploads\/2026\/01\/AKC_Thikra_1526_kl-1-scaled-e1769419267447-1024x427.jpg?resize=640%2C267&#038;ssl=1\" alt=\"\" class=\"wp-image-13582\" srcset=\"https:\/\/i0.wp.com\/schrittmacherfestival.nl\/wp-content\/uploads\/2026\/01\/AKC_Thikra_1526_kl-1-scaled-e1769419267447.jpg?resize=1024%2C427&amp;ssl=1 1024w, https:\/\/i0.wp.com\/schrittmacherfestival.nl\/wp-content\/uploads\/2026\/01\/AKC_Thikra_1526_kl-1-scaled-e1769419267447.jpg?resize=300%2C125&amp;ssl=1 300w, https:\/\/i0.wp.com\/schrittmacherfestival.nl\/wp-content\/uploads\/2026\/01\/AKC_Thikra_1526_kl-1-scaled-e1769419267447.jpg?resize=768%2C320&amp;ssl=1 768w, https:\/\/i0.wp.com\/schrittmacherfestival.nl\/wp-content\/uploads\/2026\/01\/AKC_Thikra_1526_kl-1-scaled-e1769419267447.jpg?resize=31%2C13&amp;ssl=1 31w, https:\/\/i0.wp.com\/schrittmacherfestival.nl\/wp-content\/uploads\/2026\/01\/AKC_Thikra_1526_kl-1-scaled-e1769419267447.jpg?w=1200&amp;ssl=1 1200w\" sizes=\"(max-width: 640px) 100vw, 640px\" \/><\/a><\/figure>\n\n\n\n<h4 class=\"wp-block-heading has-text-color has-link-color wp-elements-088681219e0facb43b75646108addd75\" id=\"hofesh-shechter-company-gbr\" style=\"color:#00305d\"><strong>Thikra: Night of Remembering<\/strong><br><br><\/h4>\n\n\n\n<h4 class=\"wp-block-heading\" id=\"double-murder\"><a href=\"https:\/\/schrittmacherfestival.nl\/de\/thikra-night-of-remembering\/\" title=\"\">Akram Khan Company (GB)<\/a><br><br><\/h4>\n\n\n\n<p><br>Di 24.03.2026<br><br><\/p>\n<\/div>\n\n\n\n<div class=\"wp-block-column has-background is-layout-flow wp-block-column-is-layout-flow\" style=\"background-color:#bfcbd6\">\n<figure class=\"wp-block-image size-large\"><a href=\"https:\/\/schrittmacherfestival.nl\/de\/rhino\/\"><img data-recalc-dims=\"1\" loading=\"lazy\" decoding=\"async\" width=\"640\" height=\"267\" src=\"https:\/\/i0.wp.com\/schrittmacherfestival.nl\/wp-content\/uploads\/2025\/12\/Rhino-by-Out-Innerspace-Photo-of-Aiden-Cass-Jade-Chong-Tiffany-Tregarthen-by-Mark-Kelly-DIGITALMAIN-e1765204802859-1024x427.png?resize=640%2C267&#038;ssl=1\" alt=\"\" class=\"wp-image-12167\" srcset=\"https:\/\/i0.wp.com\/schrittmacherfestival.nl\/wp-content\/uploads\/2025\/12\/Rhino-by-Out-Innerspace-Photo-of-Aiden-Cass-Jade-Chong-Tiffany-Tregarthen-by-Mark-Kelly-DIGITALMAIN-e1765204802859.png?resize=1024%2C427&amp;ssl=1 1024w, https:\/\/i0.wp.com\/schrittmacherfestival.nl\/wp-content\/uploads\/2025\/12\/Rhino-by-Out-Innerspace-Photo-of-Aiden-Cass-Jade-Chong-Tiffany-Tregarthen-by-Mark-Kelly-DIGITALMAIN-e1765204802859.png?resize=300%2C125&amp;ssl=1 300w, https:\/\/i0.wp.com\/schrittmacherfestival.nl\/wp-content\/uploads\/2025\/12\/Rhino-by-Out-Innerspace-Photo-of-Aiden-Cass-Jade-Chong-Tiffany-Tregarthen-by-Mark-Kelly-DIGITALMAIN-e1765204802859.png?resize=768%2C320&amp;ssl=1 768w, https:\/\/i0.wp.com\/schrittmacherfestival.nl\/wp-content\/uploads\/2025\/12\/Rhino-by-Out-Innerspace-Photo-of-Aiden-Cass-Jade-Chong-Tiffany-Tregarthen-by-Mark-Kelly-DIGITALMAIN-e1765204802859.png?resize=31%2C13&amp;ssl=1 31w, https:\/\/i0.wp.com\/schrittmacherfestival.nl\/wp-content\/uploads\/2025\/12\/Rhino-by-Out-Innerspace-Photo-of-Aiden-Cass-Jade-Chong-Tiffany-Tregarthen-by-Mark-Kelly-DIGITALMAIN-e1765204802859.png?w=1200&amp;ssl=1 1200w\" sizes=\"(max-width: 640px) 100vw, 640px\" \/><\/a><\/figure>\n\n\n\n<h4 class=\"wp-block-heading has-text-color has-link-color wp-elements-61061ae534e181a48ce554d6c0e6fe83\" id=\"hofesh-shechter-company-gbr\" style=\"color:#00305d\"><strong>Rhino<\/strong><br><br><\/h4>\n\n\n\n<h4 class=\"wp-block-heading\" id=\"double-murder\"><a href=\"https:\/\/schrittmacherfestival.nl\/de\/rhino\/\" title=\"\"><strong>Out Innerspace Dance Theatre<\/strong> (CA)<\/a><br><\/h4>\n\n\n\n<p><br>Fr 27.03.2026 + Sa 28.03.2026<\/p>\n<\/div>\n\n\n\n<div class=\"wp-block-column is-layout-flow wp-block-column-is-layout-flow\">\n<h4 class=\"wp-block-heading\" id=\"hofesh-shechter-company-gbr\"><br><br><\/h4>\n\n\n\n<h4 class=\"wp-block-heading\" id=\"double-murder\"><br><\/h4>\n\n\n\n<p><br><\/p>\n<\/div>\n<\/div>\n\n\n\n<hr class=\"wp-block-separator has-css-opacity\"\/>\n\n\n\n<h1 class=\"wp-block-heading has-text-color has-link-color wp-elements-0f053a65e20c4180aa2d1cc2c68b782f\" id=\"voorstellingen\" style=\"color:#f6782f\">YOUNG<\/h1>\n\n\n\n<div class=\"wp-block-columns is-layout-flex wp-container-core-columns-is-layout-9d6595d7 wp-block-columns-is-layout-flex\">\n<div class=\"wp-block-column has-background is-layout-flow wp-block-column-is-layout-flow\" style=\"background-color:#fdddcb\">\n<figure class=\"wp-block-image size-large\"><a href=\"https:\/\/schrittmacherfestival.nl\/de\/family-portrait-2\/\"><img data-recalc-dims=\"1\" loading=\"lazy\" decoding=\"async\" width=\"640\" height=\"267\" src=\"https:\/\/i0.wp.com\/schrittmacherfestival.nl\/wp-content\/uploads\/2024\/05\/barrowland_ballet_-_family_portrait_-_group_balance.1230x500-e1747563725383.jpg?resize=640%2C267&#038;ssl=1\" alt=\"\" class=\"wp-image-9176\" srcset=\"https:\/\/i0.wp.com\/schrittmacherfestival.nl\/wp-content\/uploads\/2024\/05\/barrowland_ballet_-_family_portrait_-_group_balance.1230x500-e1747563725383.jpg?w=1200&amp;ssl=1 1200w, https:\/\/i0.wp.com\/schrittmacherfestival.nl\/wp-content\/uploads\/2024\/05\/barrowland_ballet_-_family_portrait_-_group_balance.1230x500-e1747563725383.jpg?resize=300%2C125&amp;ssl=1 300w, https:\/\/i0.wp.com\/schrittmacherfestival.nl\/wp-content\/uploads\/2024\/05\/barrowland_ballet_-_family_portrait_-_group_balance.1230x500-e1747563725383.jpg?resize=1024%2C427&amp;ssl=1 1024w, https:\/\/i0.wp.com\/schrittmacherfestival.nl\/wp-content\/uploads\/2024\/05\/barrowland_ballet_-_family_portrait_-_group_balance.1230x500-e1747563725383.jpg?resize=768%2C320&amp;ssl=1 768w\" sizes=\"(max-width: 640px) 100vw, 640px\" \/><\/a><\/figure>\n\n\n\n<h4 class=\"wp-block-heading has-text-color has-link-color wp-elements-635bc11d1d3ef26c40de630dee13c021\" id=\"hofesh-shechter-company-gbr\" style=\"color:#f6782f\"><strong>Family Portrait (AL)<\/strong><br><br><\/h4>\n\n\n\n<h4 class=\"wp-block-heading\"><a href=\"https:\/\/schrittmacherfestival.nl\/de\/family-portrait-2\/\" title=\"\">Barrowland Ballet (UK)<\/a><br><\/h4>\n\n\n\n<p><br>So 01.03.2026<\/p>\n<\/div>\n\n\n\n<div class=\"wp-block-column has-background is-layout-flow wp-block-column-is-layout-flow\" style=\"background-color:#fdddcb\">\n<figure class=\"wp-block-image size-large\"><a href=\"https:\/\/schrittmacherfestival.nl\/de\/van-mij-2\/\"><img data-recalc-dims=\"1\" loading=\"lazy\" decoding=\"async\" width=\"640\" height=\"267\" src=\"https:\/\/i0.wp.com\/schrittmacherfestival.nl\/wp-content\/uploads\/2025\/05\/Malou-van-Sluis-Producties-Van-mij-1-%C2%A9-Moon-Saris-scaled-e1747650790271-1024x427.webp?resize=640%2C267&#038;ssl=1\" alt=\"\" class=\"wp-image-11621\" srcset=\"https:\/\/i0.wp.com\/schrittmacherfestival.nl\/wp-content\/uploads\/2025\/05\/Malou-van-Sluis-Producties-Van-mij-1-%C2%A9-Moon-Saris-scaled-e1747650790271.webp?resize=1024%2C427&amp;ssl=1 1024w, https:\/\/i0.wp.com\/schrittmacherfestival.nl\/wp-content\/uploads\/2025\/05\/Malou-van-Sluis-Producties-Van-mij-1-%C2%A9-Moon-Saris-scaled-e1747650790271.webp?resize=300%2C125&amp;ssl=1 300w, https:\/\/i0.wp.com\/schrittmacherfestival.nl\/wp-content\/uploads\/2025\/05\/Malou-van-Sluis-Producties-Van-mij-1-%C2%A9-Moon-Saris-scaled-e1747650790271.webp?resize=768%2C320&amp;ssl=1 768w, https:\/\/i0.wp.com\/schrittmacherfestival.nl\/wp-content\/uploads\/2025\/05\/Malou-van-Sluis-Producties-Van-mij-1-%C2%A9-Moon-Saris-scaled-e1747650790271.webp?w=1200&amp;ssl=1 1200w\" sizes=\"(max-width: 640px) 100vw, 640px\" \/><\/a><\/figure>\n\n\n\n<h4 class=\"wp-block-heading has-text-color has-link-color wp-elements-859a910c1d90e637942b8db5fd1b25c0\" id=\"hofesh-shechter-company-gbr\" style=\"color:#f6782f\"><strong>Van Mij! (2+)<\/strong><br><br><\/h4>\n\n\n\n<h4 class=\"wp-block-heading\"><strong><a href=\"https:\/\/schrittmacherfestival.nl\/de\/van-mij-2\/\" title=\"\">Malou van Sluis &amp; Garage TDI (NL)<\/a><\/strong><br><\/h4>\n\n\n\n<p><br>So 01.03.2026<\/p>\n<\/div>\n\n\n\n<div class=\"wp-block-column has-background is-layout-flow wp-block-column-is-layout-flow\" style=\"background-color:#fdddcb\">\n<figure class=\"wp-block-image size-large\"><a href=\"https:\/\/schrittmacherfestival.nl\/de\/skydiver-3\/\"><img data-recalc-dims=\"1\" loading=\"lazy\" decoding=\"async\" width=\"640\" height=\"267\" src=\"https:\/\/i0.wp.com\/schrittmacherfestival.nl\/wp-content\/uploads\/2025\/05\/Skydiver-lead-Jimage-by-Nikolas-Louka-JPEG-scaled-e1747564101339-1024x427.webp?resize=640%2C267&#038;ssl=1\" alt=\"\" class=\"wp-image-11647\" srcset=\"https:\/\/i0.wp.com\/schrittmacherfestival.nl\/wp-content\/uploads\/2025\/05\/Skydiver-lead-Jimage-by-Nikolas-Louka-JPEG-scaled-e1747564101339.webp?resize=1024%2C427&amp;ssl=1 1024w, https:\/\/i0.wp.com\/schrittmacherfestival.nl\/wp-content\/uploads\/2025\/05\/Skydiver-lead-Jimage-by-Nikolas-Louka-JPEG-scaled-e1747564101339.webp?resize=300%2C125&amp;ssl=1 300w, https:\/\/i0.wp.com\/schrittmacherfestival.nl\/wp-content\/uploads\/2025\/05\/Skydiver-lead-Jimage-by-Nikolas-Louka-JPEG-scaled-e1747564101339.webp?resize=768%2C320&amp;ssl=1 768w, https:\/\/i0.wp.com\/schrittmacherfestival.nl\/wp-content\/uploads\/2025\/05\/Skydiver-lead-Jimage-by-Nikolas-Louka-JPEG-scaled-e1747564101339.webp?w=1200&amp;ssl=1 1200w\" sizes=\"(max-width: 640px) 100vw, 640px\" \/><\/a><\/figure>\n\n\n\n<h4 class=\"wp-block-heading has-text-color has-link-color wp-elements-03c269b9f74b5fcd5223ee465121f72d\" id=\"hofesh-shechter-company-gbr\" style=\"color:#f6782f\"><strong>SKYDIVER (3+)<\/strong><br><br><\/h4>\n\n\n\n<h4 class=\"wp-block-heading\"><strong><a href=\"https:\/\/schrittmacherfestival.nl\/de\/skydiver-3\/\" title=\"\">Xenia Aidonopoulou (GR)<\/a><\/strong><br><\/h4>\n\n\n\n<p><br>So 01.03.2026<\/p>\n<\/div>\n<\/div>\n\n\n\n<div class=\"wp-block-columns is-layout-flex wp-container-core-columns-is-layout-9d6595d7 wp-block-columns-is-layout-flex\">\n<div class=\"wp-block-column has-background is-layout-flow wp-block-column-is-layout-flow\" style=\"background-color:#fdddcb\">\n<figure class=\"wp-block-image size-large\"><a href=\"https:\/\/schrittmacherfestival.nl\/de\/des-chimeres-dans-la-tete-8\/\"><img data-recalc-dims=\"1\" loading=\"lazy\" decoding=\"async\" width=\"640\" height=\"267\" src=\"https:\/\/i0.wp.com\/schrittmacherfestival.nl\/wp-content\/uploads\/2025\/05\/CHIMERES-HERVE-PLUMET-2-L-1-scaled-e1747561546245-1024x427.webp?resize=640%2C267&#038;ssl=1\" alt=\"\" class=\"wp-image-11664\" srcset=\"https:\/\/i0.wp.com\/schrittmacherfestival.nl\/wp-content\/uploads\/2025\/05\/CHIMERES-HERVE-PLUMET-2-L-1-scaled-e1747561546245.webp?resize=1024%2C427&amp;ssl=1 1024w, https:\/\/i0.wp.com\/schrittmacherfestival.nl\/wp-content\/uploads\/2025\/05\/CHIMERES-HERVE-PLUMET-2-L-1-scaled-e1747561546245.webp?resize=300%2C125&amp;ssl=1 300w, https:\/\/i0.wp.com\/schrittmacherfestival.nl\/wp-content\/uploads\/2025\/05\/CHIMERES-HERVE-PLUMET-2-L-1-scaled-e1747561546245.webp?resize=768%2C320&amp;ssl=1 768w, https:\/\/i0.wp.com\/schrittmacherfestival.nl\/wp-content\/uploads\/2025\/05\/CHIMERES-HERVE-PLUMET-2-L-1-scaled-e1747561546245.webp?w=1200&amp;ssl=1 1200w\" sizes=\"(max-width: 640px) 100vw, 640px\" \/><\/a><\/figure>\n\n\n\n<h4 class=\"wp-block-heading has-text-color has-link-color wp-elements-83929798bc1f47094e73dd9ecee3314e\" id=\"hofesh-shechter-company-gbr\" style=\"color:#f6782f\"><strong><strong>Des chim\u00e8res dans la t\u00eate (8+)<\/strong><\/strong><br><br><\/h4>\n\n\n\n<h4 class=\"wp-block-heading\"><a href=\"https:\/\/schrittmacherfestival.nl\/de\/des-chimeres-dans-la-tete-8\/\" title=\"\">Ballet du Nord (FR)<\/a><br><\/h4>\n\n\n\n<p><br>So 01.03.2026<\/p>\n<\/div>\n\n\n\n<div class=\"wp-block-column has-background is-layout-flow wp-block-column-is-layout-flow\" style=\"background-color:#fdddcb\">\n<figure class=\"wp-block-image size-large\"><a href=\"https:\/\/schrittmacherfestival.nl\/de\/female-edition\/\"><img data-recalc-dims=\"1\" loading=\"lazy\" decoding=\"async\" width=\"640\" height=\"267\" src=\"https:\/\/i0.wp.com\/schrittmacherfestival.nl\/wp-content\/uploads\/2025\/12\/ExhibitionBattle_c_Mato_Schaefer_02-scaled-e1765270024933-1024x427.jpg?resize=640%2C267&#038;ssl=1\" alt=\"\" class=\"wp-image-12199\" srcset=\"https:\/\/i0.wp.com\/schrittmacherfestival.nl\/wp-content\/uploads\/2025\/12\/ExhibitionBattle_c_Mato_Schaefer_02-scaled-e1765270024933.jpg?resize=1024%2C427&amp;ssl=1 1024w, https:\/\/i0.wp.com\/schrittmacherfestival.nl\/wp-content\/uploads\/2025\/12\/ExhibitionBattle_c_Mato_Schaefer_02-scaled-e1765270024933.jpg?resize=300%2C125&amp;ssl=1 300w, https:\/\/i0.wp.com\/schrittmacherfestival.nl\/wp-content\/uploads\/2025\/12\/ExhibitionBattle_c_Mato_Schaefer_02-scaled-e1765270024933.jpg?resize=768%2C320&amp;ssl=1 768w, https:\/\/i0.wp.com\/schrittmacherfestival.nl\/wp-content\/uploads\/2025\/12\/ExhibitionBattle_c_Mato_Schaefer_02-scaled-e1765270024933.jpg?resize=31%2C13&amp;ssl=1 31w, https:\/\/i0.wp.com\/schrittmacherfestival.nl\/wp-content\/uploads\/2025\/12\/ExhibitionBattle_c_Mato_Schaefer_02-scaled-e1765270024933.jpg?w=1200&amp;ssl=1 1200w\" sizes=\"(max-width: 640px) 100vw, 640px\" \/><\/a><\/figure>\n\n\n\n<h4 class=\"wp-block-heading has-text-color has-link-color wp-elements-ae0637c3130baed0fef70e0be6f12e26\" id=\"hofesh-shechter-company-gbr\" style=\"color:#f6782f\"><strong>Van <strong>FEMALE* Edition<\/strong><\/strong><br><br><\/h4>\n\n\n\n<h4 class=\"wp-block-heading\"><strong><strong><a href=\"https:\/\/schrittmacherfestival.nl\/de\/female-edition\/\" title=\"\">Exhibition Battle<\/a><\/strong><\/strong><br><\/h4>\n\n\n\n<p><br>Sa 07.03.2026<\/p>\n<\/div>\n\n\n\n<div class=\"wp-block-column has-background is-layout-flow wp-block-column-is-layout-flow\" style=\"background-color:#fdddcb\">\n<figure class=\"wp-block-image size-large\"><a href=\"https:\/\/schrittmacherfestival.nl\/de\/vaeter-12\/\"><img data-recalc-dims=\"1\" loading=\"lazy\" decoding=\"async\" width=\"640\" height=\"267\" src=\"https:\/\/i0.wp.com\/schrittmacherfestival.nl\/wp-content\/uploads\/2025\/12\/VATER_c_Daniel-Blattmann-2-e1765270219664-1024x427.jpg?resize=640%2C267&#038;ssl=1\" alt=\"\" class=\"wp-image-12200\" srcset=\"https:\/\/i0.wp.com\/schrittmacherfestival.nl\/wp-content\/uploads\/2025\/12\/VATER_c_Daniel-Blattmann-2-e1765270219664.jpg?resize=1024%2C427&amp;ssl=1 1024w, https:\/\/i0.wp.com\/schrittmacherfestival.nl\/wp-content\/uploads\/2025\/12\/VATER_c_Daniel-Blattmann-2-e1765270219664.jpg?resize=300%2C125&amp;ssl=1 300w, https:\/\/i0.wp.com\/schrittmacherfestival.nl\/wp-content\/uploads\/2025\/12\/VATER_c_Daniel-Blattmann-2-e1765270219664.jpg?resize=768%2C320&amp;ssl=1 768w, https:\/\/i0.wp.com\/schrittmacherfestival.nl\/wp-content\/uploads\/2025\/12\/VATER_c_Daniel-Blattmann-2-e1765270219664.jpg?resize=31%2C13&amp;ssl=1 31w, https:\/\/i0.wp.com\/schrittmacherfestival.nl\/wp-content\/uploads\/2025\/12\/VATER_c_Daniel-Blattmann-2-e1765270219664.jpg?w=1200&amp;ssl=1 1200w\" sizes=\"(max-width: 640px) 100vw, 640px\" \/><\/a><\/figure>\n\n\n\n<h4 class=\"wp-block-heading has-text-color has-link-color wp-elements-bbd877764f36de43421bab68db018b0b\" id=\"hofesh-shechter-company-gbr\" style=\"color:#f6782f\"><strong><strong>V\u00c4TER (12+)<\/strong><\/strong><br><br><\/h4>\n\n\n\n<h4 class=\"wp-block-heading\"><strong><a href=\"https:\/\/schrittmacherfestival.nl\/de\/vaeter-12\/\" title=\"\"><strong>Hennermanns Horde <\/strong>(DE)<\/a><\/strong><br><\/h4>\n\n\n\n<p><br>Fr 13.03.2026<\/p>\n<\/div>\n<\/div>\n\n\n\n<div class=\"wp-block-columns is-layout-flex wp-container-core-columns-is-layout-9d6595d7 wp-block-columns-is-layout-flex\">\n<div class=\"wp-block-column has-background is-layout-flow wp-block-column-is-layout-flow\" style=\"background-color:#fdddcb\">\n<figure class=\"wp-block-image size-large\"><a href=\"https:\/\/schrittmacherfestival.nl\/de\/por\/\"><img data-recalc-dims=\"1\" loading=\"lazy\" decoding=\"async\" width=\"640\" height=\"267\" src=\"https:\/\/i0.wp.com\/schrittmacherfestival.nl\/wp-content\/uploads\/2025\/05\/TIJDELIJK-BEELD-POR-promo_horizontaalc-Jonas-Vermeulen-scaled-e1747565132827-1024x427.webp?resize=640%2C267&#038;ssl=1\" alt=\"\" class=\"wp-image-11567\" srcset=\"https:\/\/i0.wp.com\/schrittmacherfestival.nl\/wp-content\/uploads\/2025\/05\/TIJDELIJK-BEELD-POR-promo_horizontaalc-Jonas-Vermeulen-scaled-e1747565132827.webp?resize=1024%2C427&amp;ssl=1 1024w, https:\/\/i0.wp.com\/schrittmacherfestival.nl\/wp-content\/uploads\/2025\/05\/TIJDELIJK-BEELD-POR-promo_horizontaalc-Jonas-Vermeulen-scaled-e1747565132827.webp?resize=300%2C125&amp;ssl=1 300w, https:\/\/i0.wp.com\/schrittmacherfestival.nl\/wp-content\/uploads\/2025\/05\/TIJDELIJK-BEELD-POR-promo_horizontaalc-Jonas-Vermeulen-scaled-e1747565132827.webp?resize=768%2C320&amp;ssl=1 768w, https:\/\/i0.wp.com\/schrittmacherfestival.nl\/wp-content\/uploads\/2025\/05\/TIJDELIJK-BEELD-POR-promo_horizontaalc-Jonas-Vermeulen-scaled-e1747565132827.webp?w=1200&amp;ssl=1 1200w\" sizes=\"(max-width: 640px) 100vw, 640px\" \/><\/a><\/figure>\n\n\n\n<h4 class=\"wp-block-heading has-text-color has-link-color wp-elements-db1a909e971c61704bcada5aa29dac42\" id=\"hofesh-shechter-company-gbr\" style=\"color:#f6782f\"><strong>POR<\/strong> <strong>(6+)<\/strong><br><br><\/h4>\n\n\n\n<h4 class=\"wp-block-heading\"><strong><a href=\"https:\/\/schrittmacherfestival.nl\/de\/por\/\" title=\"\">dOFt (BE)<\/a><\/strong><br><br><\/h4>\n\n\n\n<p>Fr 20.03.2026<\/p>\n<\/div>\n\n\n\n<div class=\"wp-block-column has-background is-layout-flow wp-block-column-is-layout-flow\" style=\"background-color:#fdddcb\">\n<figure class=\"wp-block-image size-large\"><a href=\"https:\/\/schrittmacherfestival.nl\/de\/be-girl-10\/\"><img data-recalc-dims=\"1\" loading=\"lazy\" decoding=\"async\" width=\"640\" height=\"267\" src=\"https:\/\/i0.wp.com\/schrittmacherfestival.nl\/wp-content\/uploads\/2025\/12\/BE.Girl_c_Ville-Elancourt-scaled-e1765270387151-1024x427.jpg?resize=640%2C267&#038;ssl=1\" alt=\"\" class=\"wp-image-12201\" srcset=\"https:\/\/i0.wp.com\/schrittmacherfestival.nl\/wp-content\/uploads\/2025\/12\/BE.Girl_c_Ville-Elancourt-scaled-e1765270387151.jpg?resize=1024%2C427&amp;ssl=1 1024w, https:\/\/i0.wp.com\/schrittmacherfestival.nl\/wp-content\/uploads\/2025\/12\/BE.Girl_c_Ville-Elancourt-scaled-e1765270387151.jpg?resize=300%2C125&amp;ssl=1 300w, https:\/\/i0.wp.com\/schrittmacherfestival.nl\/wp-content\/uploads\/2025\/12\/BE.Girl_c_Ville-Elancourt-scaled-e1765270387151.jpg?resize=768%2C320&amp;ssl=1 768w, https:\/\/i0.wp.com\/schrittmacherfestival.nl\/wp-content\/uploads\/2025\/12\/BE.Girl_c_Ville-Elancourt-scaled-e1765270387151.jpg?resize=31%2C13&amp;ssl=1 31w, https:\/\/i0.wp.com\/schrittmacherfestival.nl\/wp-content\/uploads\/2025\/12\/BE.Girl_c_Ville-Elancourt-scaled-e1765270387151.jpg?w=1200&amp;ssl=1 1200w\" sizes=\"(max-width: 640px) 100vw, 640px\" \/><\/a><\/figure>\n\n\n\n<h4 class=\"wp-block-heading has-text-color has-link-color wp-elements-a9b052aad58608382747b30368581451\" id=\"hofesh-shechter-company-gbr\" style=\"color:#f6782f\"><strong><strong>BE.Girl (10+)<\/strong><\/strong><br><br><\/h4>\n\n\n\n<h4 class=\"wp-block-heading\"><strong><a href=\"https:\/\/schrittmacherfestival.nl\/de\/be-girl-10\/\" title=\"\"><strong>Cie du Uzumaki <\/strong>(FR)<\/a><\/strong><br><\/h4>\n\n\n\n<p><br>Sa 21.03.2026<\/p>\n<\/div>\n\n\n\n<div class=\"wp-block-column has-background is-layout-flow wp-block-column-is-layout-flow\" style=\"background-color:#fdddcb\">\n<figure class=\"wp-block-image size-large\"><a href=\"https:\/\/schrittmacherfestival.nl\/de\/licht\/\"><img data-recalc-dims=\"1\" loading=\"lazy\" decoding=\"async\" width=\"640\" height=\"267\" src=\"https:\/\/i0.wp.com\/schrittmacherfestival.nl\/wp-content\/uploads\/2026\/01\/DADO-Banner-Hres-scaled-e1767694352829-1024x427.jpg?resize=640%2C267&#038;ssl=1\" alt=\"\" class=\"wp-image-13438\" srcset=\"https:\/\/i0.wp.com\/schrittmacherfestival.nl\/wp-content\/uploads\/2026\/01\/DADO-Banner-Hres-scaled-e1767694352829.jpg?resize=1024%2C427&amp;ssl=1 1024w, https:\/\/i0.wp.com\/schrittmacherfestival.nl\/wp-content\/uploads\/2026\/01\/DADO-Banner-Hres-scaled-e1767694352829.jpg?resize=300%2C125&amp;ssl=1 300w, https:\/\/i0.wp.com\/schrittmacherfestival.nl\/wp-content\/uploads\/2026\/01\/DADO-Banner-Hres-scaled-e1767694352829.jpg?resize=768%2C320&amp;ssl=1 768w, https:\/\/i0.wp.com\/schrittmacherfestival.nl\/wp-content\/uploads\/2026\/01\/DADO-Banner-Hres-scaled-e1767694352829.jpg?resize=31%2C13&amp;ssl=1 31w, https:\/\/i0.wp.com\/schrittmacherfestival.nl\/wp-content\/uploads\/2026\/01\/DADO-Banner-Hres-scaled-e1767694352829.jpg?w=1200&amp;ssl=1 1200w\" sizes=\"(max-width: 640px) 100vw, 640px\" \/><\/a><\/figure>\n\n\n\n<h4 class=\"wp-block-heading has-text-color has-link-color wp-elements-2565ce7695feb22ebc007af7e6d012a0\" id=\"hofesh-shechter-company-gbr\" style=\"color:#f6782f\"><strong>LiCHT<\/strong> <strong>(2+)<\/strong><br><br><\/h4>\n\n\n\n<h4 class=\"wp-block-heading\"><strong><a href=\"https:\/\/schrittmacherfestival.nl\/de\/licht\/\" title=\"\">DadoDans | Gaia Gonnelli (NL\/IT)<\/a><\/strong><br><br><\/h4>\n\n\n\n<p>So 22.03.2026<\/p>\n<\/div>\n<\/div>\n\n\n\n<div class=\"wp-block-columns is-layout-flex wp-container-core-columns-is-layout-9d6595d7 wp-block-columns-is-layout-flex\">\n<div class=\"wp-block-column has-background is-layout-flow wp-block-column-is-layout-flow\" style=\"background-color:#fdddcb\">\n<figure class=\"wp-block-image size-large\"><a href=\"https:\/\/schrittmacherfestival.nl\/de\/alter-3\/\"><img data-recalc-dims=\"1\" loading=\"lazy\" decoding=\"async\" width=\"640\" height=\"267\" src=\"https:\/\/i0.wp.com\/schrittmacherfestival.nl\/wp-content\/uploads\/2025\/12\/Cie-Nyash_ALTER%C2%AEAliceKhol_HD-3-scaled-e1765270600661-1024x427.jpg?resize=640%2C267&#038;ssl=1\" alt=\"\" class=\"wp-image-12202\" srcset=\"https:\/\/i0.wp.com\/schrittmacherfestival.nl\/wp-content\/uploads\/2025\/12\/Cie-Nyash_ALTER%C2%AEAliceKhol_HD-3-scaled-e1765270600661.jpg?resize=1024%2C427&amp;ssl=1 1024w, https:\/\/i0.wp.com\/schrittmacherfestival.nl\/wp-content\/uploads\/2025\/12\/Cie-Nyash_ALTER%C2%AEAliceKhol_HD-3-scaled-e1765270600661.jpg?resize=300%2C125&amp;ssl=1 300w, https:\/\/i0.wp.com\/schrittmacherfestival.nl\/wp-content\/uploads\/2025\/12\/Cie-Nyash_ALTER%C2%AEAliceKhol_HD-3-scaled-e1765270600661.jpg?resize=768%2C320&amp;ssl=1 768w, https:\/\/i0.wp.com\/schrittmacherfestival.nl\/wp-content\/uploads\/2025\/12\/Cie-Nyash_ALTER%C2%AEAliceKhol_HD-3-scaled-e1765270600661.jpg?resize=31%2C13&amp;ssl=1 31w, https:\/\/i0.wp.com\/schrittmacherfestival.nl\/wp-content\/uploads\/2025\/12\/Cie-Nyash_ALTER%C2%AEAliceKhol_HD-3-scaled-e1765270600661.jpg?w=1200&amp;ssl=1 1200w\" sizes=\"(max-width: 640px) 100vw, 640px\" \/><\/a><\/figure>\n\n\n\n<h4 class=\"wp-block-heading has-text-color has-link-color wp-elements-669d8308c95a131e5a3bacfb22baa3c2\" id=\"hofesh-shechter-company-gbr\" style=\"color:#f6782f\"><strong><strong><strong>ALTER (3+)<\/strong><\/strong><\/strong><br><br><\/h4>\n\n\n\n<h4 class=\"wp-block-heading\"><a href=\"https:\/\/schrittmacherfestival.nl\/de\/alter-3\/\" title=\"\"><strong>Cie. Nyash <\/strong>(BE)<\/a><br><\/h4>\n\n\n\n<p><br>So 22.03.2026<\/p>\n<\/div>\n\n\n\n<div class=\"wp-block-column is-layout-flow wp-block-column-is-layout-flow\">\n<h4 class=\"wp-block-heading\" id=\"hofesh-shechter-company-gbr\"><br><br><\/h4>\n\n\n\n<h4 class=\"wp-block-heading\"><br><\/h4>\n\n\n\n<p><br><\/p>\n<\/div>\n\n\n\n<div class=\"wp-block-column is-layout-flow wp-block-column-is-layout-flow\">\n<h4 class=\"wp-block-heading\" id=\"hofesh-shechter-company-gbr\"><br><br><\/h4>\n\n\n\n<h4 class=\"wp-block-heading\"><br><\/h4>\n\n\n\n<p><br><\/p>\n<\/div>\n<\/div>\n\n\n\n<hr class=\"wp-block-separator has-css-opacity\"\/>\n\n\n\n<h2 class=\"wp-block-heading has-text-color has-link-color wp-elements-85b7f0ed9252263a7cc857d4bcdfe16c\" style=\"color:#af1d8a\">TALENT<\/h2>\n\n\n\n<div class=\"wp-block-columns is-layout-flex wp-container-core-columns-is-layout-9d6595d7 wp-block-columns-is-layout-flex\">\n<div class=\"wp-block-column has-background is-layout-flow wp-block-column-is-layout-flow\" style=\"background-color:#ebc6e2\">\n<figure class=\"wp-block-image size-large\"><a href=\"https:\/\/schrittmacherfestival.nl\/de\/morgenzon\/\"><img data-recalc-dims=\"1\" loading=\"lazy\" decoding=\"async\" width=\"640\" height=\"267\" src=\"https:\/\/i0.wp.com\/schrittmacherfestival.nl\/wp-content\/uploads\/2025\/12\/Minoe-Bossink-Morgenzon-Carmine-Vigliotti-100-scaled-e1765367730212-1024x427.jpg?resize=640%2C267&#038;ssl=1\" alt=\"\" class=\"wp-image-12345\" srcset=\"https:\/\/i0.wp.com\/schrittmacherfestival.nl\/wp-content\/uploads\/2025\/12\/Minoe-Bossink-Morgenzon-Carmine-Vigliotti-100-scaled-e1765367730212.jpg?resize=1024%2C427&amp;ssl=1 1024w, https:\/\/i0.wp.com\/schrittmacherfestival.nl\/wp-content\/uploads\/2025\/12\/Minoe-Bossink-Morgenzon-Carmine-Vigliotti-100-scaled-e1765367730212.jpg?resize=300%2C125&amp;ssl=1 300w, https:\/\/i0.wp.com\/schrittmacherfestival.nl\/wp-content\/uploads\/2025\/12\/Minoe-Bossink-Morgenzon-Carmine-Vigliotti-100-scaled-e1765367730212.jpg?resize=768%2C320&amp;ssl=1 768w, https:\/\/i0.wp.com\/schrittmacherfestival.nl\/wp-content\/uploads\/2025\/12\/Minoe-Bossink-Morgenzon-Carmine-Vigliotti-100-scaled-e1765367730212.jpg?resize=31%2C13&amp;ssl=1 31w, https:\/\/i0.wp.com\/schrittmacherfestival.nl\/wp-content\/uploads\/2025\/12\/Minoe-Bossink-Morgenzon-Carmine-Vigliotti-100-scaled-e1765367730212.jpg?w=1200&amp;ssl=1 1200w\" sizes=\"(max-width: 640px) 100vw, 640px\" \/><\/a><\/figure>\n\n\n\n<h4 class=\"wp-block-heading has-text-color has-link-color wp-elements-ae78d60138a6c80bcf62d99bee50c78b\" id=\"hofesh-shechter-company-gbr\" style=\"color:#af1d8a\"><strong>Morgenzon<\/strong><br><br><\/h4>\n\n\n\n<h4 class=\"wp-block-heading\"><a href=\"https:\/\/schrittmacherfestival.nl\/de\/morgenzon\/\" title=\"\"><strong>Minoe Bossink <\/strong>(NL)<\/a><br><\/h4>\n\n\n\n<p><br>Di 03.03.2026 + Fr 06.03.2026 + Fr 20.03.2026<\/p>\n<\/div>\n\n\n\n<div class=\"wp-block-column has-background is-layout-flow wp-block-column-is-layout-flow\" style=\"background-color:#ebc6e2\">\n<figure class=\"wp-block-image size-large\"><a href=\"https:\/\/schrittmacherfestival.nl\/de\/schrit_tmacher-co-lab\/\"><img data-recalc-dims=\"1\" loading=\"lazy\" decoding=\"async\" width=\"640\" height=\"267\" src=\"https:\/\/i0.wp.com\/schrittmacherfestival.nl\/wp-content\/uploads\/2025\/12\/schrit_tmacher_SIDEWALK_Panorama-Heerlen_foto-Luc-Lodder-36-scaled-e1765368370410-1024x427.jpg?resize=640%2C267&#038;ssl=1\" alt=\"\" class=\"wp-image-12346\" srcset=\"https:\/\/i0.wp.com\/schrittmacherfestival.nl\/wp-content\/uploads\/2025\/12\/schrit_tmacher_SIDEWALK_Panorama-Heerlen_foto-Luc-Lodder-36-scaled-e1765368370410.jpg?resize=1024%2C427&amp;ssl=1 1024w, https:\/\/i0.wp.com\/schrittmacherfestival.nl\/wp-content\/uploads\/2025\/12\/schrit_tmacher_SIDEWALK_Panorama-Heerlen_foto-Luc-Lodder-36-scaled-e1765368370410.jpg?resize=300%2C125&amp;ssl=1 300w, https:\/\/i0.wp.com\/schrittmacherfestival.nl\/wp-content\/uploads\/2025\/12\/schrit_tmacher_SIDEWALK_Panorama-Heerlen_foto-Luc-Lodder-36-scaled-e1765368370410.jpg?resize=768%2C320&amp;ssl=1 768w, https:\/\/i0.wp.com\/schrittmacherfestival.nl\/wp-content\/uploads\/2025\/12\/schrit_tmacher_SIDEWALK_Panorama-Heerlen_foto-Luc-Lodder-36-scaled-e1765368370410.jpg?resize=31%2C13&amp;ssl=1 31w, https:\/\/i0.wp.com\/schrittmacherfestival.nl\/wp-content\/uploads\/2025\/12\/schrit_tmacher_SIDEWALK_Panorama-Heerlen_foto-Luc-Lodder-36-scaled-e1765368370410.jpg?w=1200&amp;ssl=1 1200w\" sizes=\"(max-width: 640px) 100vw, 640px\" \/><\/a><\/figure>\n\n\n\n<h4 class=\"wp-block-heading has-text-color has-link-color wp-elements-110629117b60d95aba5b15bc94d091d0\" id=\"hofesh-shechter-company-gbr\" style=\"color:#af1d8a\"><strong>schrit_tmacher Co-Lab<\/strong><br><br><\/h4>\n\n\n\n<h4 class=\"wp-block-heading\"><a href=\"https:\/\/schrittmacherfestival.nl\/de\/schrit_tmacher-co-lab\/\" title=\"\">Verschiedene K\u00fcnstler (DE\/NL\/BE)<\/a><br><\/h4>\n\n\n\n<p><br>Fr 06.03.2026 + So 08.03.2026 + Sa 14.03.2026<\/p>\n<\/div>\n\n\n\n<div class=\"wp-block-column has-background is-layout-flow wp-block-column-is-layout-flow\" style=\"background-color:#ebc6e2\">\n<figure class=\"wp-block-image size-large\"><a href=\"https:\/\/schrittmacherfestival.nl\/de\/trail\/\"><img data-recalc-dims=\"1\" loading=\"lazy\" decoding=\"async\" width=\"640\" height=\"267\" src=\"https:\/\/i0.wp.com\/schrittmacherfestival.nl\/wp-content\/uploads\/2025\/12\/Trial-MinoeBossink-JostijnLigtvoetFotografie-101-e1765368476521-1024x427.jpg?resize=640%2C267&#038;ssl=1\" alt=\"\" class=\"wp-image-12347\" srcset=\"https:\/\/i0.wp.com\/schrittmacherfestival.nl\/wp-content\/uploads\/2025\/12\/Trial-MinoeBossink-JostijnLigtvoetFotografie-101-e1765368476521.jpg?resize=1024%2C427&amp;ssl=1 1024w, https:\/\/i0.wp.com\/schrittmacherfestival.nl\/wp-content\/uploads\/2025\/12\/Trial-MinoeBossink-JostijnLigtvoetFotografie-101-e1765368476521.jpg?resize=300%2C125&amp;ssl=1 300w, https:\/\/i0.wp.com\/schrittmacherfestival.nl\/wp-content\/uploads\/2025\/12\/Trial-MinoeBossink-JostijnLigtvoetFotografie-101-e1765368476521.jpg?resize=768%2C320&amp;ssl=1 768w, https:\/\/i0.wp.com\/schrittmacherfestival.nl\/wp-content\/uploads\/2025\/12\/Trial-MinoeBossink-JostijnLigtvoetFotografie-101-e1765368476521.jpg?resize=31%2C13&amp;ssl=1 31w, https:\/\/i0.wp.com\/schrittmacherfestival.nl\/wp-content\/uploads\/2025\/12\/Trial-MinoeBossink-JostijnLigtvoetFotografie-101-e1765368476521.jpg?w=1200&amp;ssl=1 1200w\" sizes=\"(max-width: 640px) 100vw, 640px\" \/><\/a><\/figure>\n\n\n\n<h4 class=\"wp-block-heading has-text-color has-link-color wp-elements-39736963f7af72f803820dd64bc4d2ef\" id=\"hofesh-shechter-company-gbr\" style=\"color:#af1d8a\"><strong>Trial<\/strong><br><br><\/h4>\n\n\n\n<h4 class=\"wp-block-heading\"><a href=\"https:\/\/schrittmacherfestival.nl\/de\/trail\/\" title=\"\"><strong>Minoe Bossink <\/strong>(NL)<\/a><br><\/h4>\n\n\n\n<p><br>Sa 07.03.2026 + Sa 21.03.2026<\/p>\n<\/div>\n<\/div>\n\n\n\n<div class=\"wp-block-columns is-layout-flex wp-container-core-columns-is-layout-9d6595d7 wp-block-columns-is-layout-flex\">\n<div class=\"wp-block-column has-background is-layout-flow wp-block-column-is-layout-flow\" style=\"background-color:#ebc6e2\">\n<figure class=\"wp-block-image size-large\"><a href=\"https:\/\/schrittmacherfestival.nl\/de\/breaking-games\/\"><img data-recalc-dims=\"1\" loading=\"lazy\" decoding=\"async\" width=\"640\" height=\"267\" src=\"https:\/\/i0.wp.com\/schrittmacherfestival.nl\/wp-content\/uploads\/2025\/12\/Breaking-Games-e1765368890324-1024x427.jpeg?resize=640%2C267&#038;ssl=1\" alt=\"\" class=\"wp-image-12348\" srcset=\"https:\/\/i0.wp.com\/schrittmacherfestival.nl\/wp-content\/uploads\/2025\/12\/Breaking-Games-e1765368890324.jpeg?resize=1024%2C427&amp;ssl=1 1024w, https:\/\/i0.wp.com\/schrittmacherfestival.nl\/wp-content\/uploads\/2025\/12\/Breaking-Games-e1765368890324.jpeg?resize=300%2C125&amp;ssl=1 300w, https:\/\/i0.wp.com\/schrittmacherfestival.nl\/wp-content\/uploads\/2025\/12\/Breaking-Games-e1765368890324.jpeg?resize=768%2C320&amp;ssl=1 768w, https:\/\/i0.wp.com\/schrittmacherfestival.nl\/wp-content\/uploads\/2025\/12\/Breaking-Games-e1765368890324.jpeg?resize=31%2C13&amp;ssl=1 31w, https:\/\/i0.wp.com\/schrittmacherfestival.nl\/wp-content\/uploads\/2025\/12\/Breaking-Games-e1765368890324.jpeg?w=1200&amp;ssl=1 1200w\" sizes=\"(max-width: 640px) 100vw, 640px\" \/><\/a><\/figure>\n\n\n\n<h4 class=\"wp-block-heading has-text-color has-link-color wp-elements-9903f84955d79207955a9df79b799a04\" id=\"hofesh-shechter-company-gbr\" style=\"color:#af1d8a\"><strong>Breaking Games<\/strong><br><br><\/h4>\n\n\n\n<h4 class=\"wp-block-heading\"><a href=\"https:\/\/schrittmacherfestival.nl\/de\/breaking-games\/\" title=\"\">Verschiedene K\u00fcnstler (NL)<\/a><br><\/h4>\n\n\n\n<p><br>So 22.03.2026<\/p>\n<\/div>\n\n\n\n<div class=\"wp-block-column has-background is-layout-flow wp-block-column-is-layout-flow\" style=\"background-color:#ebc6e2\">\n<figure class=\"wp-block-image size-large\"><a href=\"https:\/\/schrittmacherfestival.nl\/de\/vivaldi-in-argentina\/\"><img data-recalc-dims=\"1\" loading=\"lazy\" decoding=\"async\" width=\"640\" height=\"267\" src=\"https:\/\/i0.wp.com\/schrittmacherfestival.nl\/wp-content\/uploads\/2025\/12\/Sacre_LJO_CompoundJunior_2025_cMatoSchaefer__DSC5684-e1765369138316-1024x427.jpg?resize=640%2C267&#038;ssl=1\" alt=\"\" class=\"wp-image-12349\" srcset=\"https:\/\/i0.wp.com\/schrittmacherfestival.nl\/wp-content\/uploads\/2025\/12\/Sacre_LJO_CompoundJunior_2025_cMatoSchaefer__DSC5684-e1765369138316.jpg?resize=1024%2C427&amp;ssl=1 1024w, https:\/\/i0.wp.com\/schrittmacherfestival.nl\/wp-content\/uploads\/2025\/12\/Sacre_LJO_CompoundJunior_2025_cMatoSchaefer__DSC5684-e1765369138316.jpg?resize=300%2C125&amp;ssl=1 300w, https:\/\/i0.wp.com\/schrittmacherfestival.nl\/wp-content\/uploads\/2025\/12\/Sacre_LJO_CompoundJunior_2025_cMatoSchaefer__DSC5684-e1765369138316.jpg?resize=768%2C320&amp;ssl=1 768w, https:\/\/i0.wp.com\/schrittmacherfestival.nl\/wp-content\/uploads\/2025\/12\/Sacre_LJO_CompoundJunior_2025_cMatoSchaefer__DSC5684-e1765369138316.jpg?resize=31%2C13&amp;ssl=1 31w, https:\/\/i0.wp.com\/schrittmacherfestival.nl\/wp-content\/uploads\/2025\/12\/Sacre_LJO_CompoundJunior_2025_cMatoSchaefer__DSC5684-e1765369138316.jpg?w=1200&amp;ssl=1 1200w\" sizes=\"(max-width: 640px) 100vw, 640px\" \/><\/a><\/figure>\n\n\n\n<h4 class=\"wp-block-heading has-text-color has-link-color wp-elements-6393211ead01d57f937b581b5e3177d2\" id=\"hofesh-shechter-company-gbr\" style=\"color:#af1d8a\"><strong>Vivaldi in Argentina<\/strong><br><br><\/h4>\n\n\n\n<h4 class=\"wp-block-heading\"><a href=\"https:\/\/schrittmacherfestival.nl\/de\/vivaldi-in-argentina\/\" title=\"\"><strong>HfMT <\/strong>(DE\/BE<strong>)<\/strong><\/a><br><\/h4>\n\n\n\n<p><br>Do 26.03.2026 + Fr 27.03.2026<\/p>\n<\/div>\n\n\n\n<div class=\"wp-block-column has-background is-layout-flow wp-block-column-is-layout-flow\" style=\"background-color:#ebc6e2\">\n<figure class=\"wp-block-image size-large\"><a href=\"https:\/\/schrittmacherfestival.nl\/de\/open-stage-2\/\"><img data-recalc-dims=\"1\" loading=\"lazy\" decoding=\"async\" width=\"640\" height=\"267\" src=\"https:\/\/i0.wp.com\/schrittmacherfestival.nl\/wp-content\/uploads\/2025\/12\/OpenStage_c_Mato_Schaefer_01-e1765369304468-1024x427.jpg?resize=640%2C267&#038;ssl=1\" alt=\"\" class=\"wp-image-12350\" srcset=\"https:\/\/i0.wp.com\/schrittmacherfestival.nl\/wp-content\/uploads\/2025\/12\/OpenStage_c_Mato_Schaefer_01-e1765369304468.jpg?resize=1024%2C427&amp;ssl=1 1024w, https:\/\/i0.wp.com\/schrittmacherfestival.nl\/wp-content\/uploads\/2025\/12\/OpenStage_c_Mato_Schaefer_01-e1765369304468.jpg?resize=300%2C125&amp;ssl=1 300w, https:\/\/i0.wp.com\/schrittmacherfestival.nl\/wp-content\/uploads\/2025\/12\/OpenStage_c_Mato_Schaefer_01-e1765369304468.jpg?resize=768%2C320&amp;ssl=1 768w, https:\/\/i0.wp.com\/schrittmacherfestival.nl\/wp-content\/uploads\/2025\/12\/OpenStage_c_Mato_Schaefer_01-e1765369304468.jpg?resize=31%2C13&amp;ssl=1 31w, https:\/\/i0.wp.com\/schrittmacherfestival.nl\/wp-content\/uploads\/2025\/12\/OpenStage_c_Mato_Schaefer_01-e1765369304468.jpg?w=1200&amp;ssl=1 1200w\" sizes=\"(max-width: 640px) 100vw, 640px\" \/><\/a><\/figure>\n\n\n\n<h4 class=\"wp-block-heading has-text-color has-link-color wp-elements-ae19b6743b12cbc90dd34d33e196d229\" id=\"hofesh-shechter-company-gbr\" style=\"color:#af1d8a\"><strong>OPEN STAGE<\/strong><br><br><\/h4>\n\n\n\n<h4 class=\"wp-block-heading\"><a href=\"https:\/\/schrittmacherfestival.nl\/de\/open-stage-2\/\" title=\"\">for participants<\/a><br><\/h4>\n\n\n\n<p><br>Sa 28.03.2026<\/p>\n<\/div>\n<\/div>\n\n\n\n<div class=\"wp-block-columns is-layout-flex wp-container-core-columns-is-layout-9d6595d7 wp-block-columns-is-layout-flex\">\n<div class=\"wp-block-column has-background is-layout-flow wp-block-column-is-layout-flow\" style=\"background-color:#ebc6e2\">\n<figure class=\"wp-block-image size-large\"><a href=\"https:\/\/schrittmacherfestival.nl\/de\/huidschrift\/\"><img data-recalc-dims=\"1\" loading=\"lazy\" decoding=\"async\" width=\"640\" height=\"267\" src=\"https:\/\/i0.wp.com\/schrittmacherfestival.nl\/wp-content\/uploads\/2025\/12\/1-e1765369500101-1024x427.jpeg?resize=640%2C267&#038;ssl=1\" alt=\"\" class=\"wp-image-12351\" srcset=\"https:\/\/i0.wp.com\/schrittmacherfestival.nl\/wp-content\/uploads\/2025\/12\/1-e1765369500101.jpeg?resize=1024%2C427&amp;ssl=1 1024w, https:\/\/i0.wp.com\/schrittmacherfestival.nl\/wp-content\/uploads\/2025\/12\/1-e1765369500101.jpeg?resize=300%2C125&amp;ssl=1 300w, https:\/\/i0.wp.com\/schrittmacherfestival.nl\/wp-content\/uploads\/2025\/12\/1-e1765369500101.jpeg?resize=768%2C320&amp;ssl=1 768w, https:\/\/i0.wp.com\/schrittmacherfestival.nl\/wp-content\/uploads\/2025\/12\/1-e1765369500101.jpeg?resize=31%2C13&amp;ssl=1 31w, https:\/\/i0.wp.com\/schrittmacherfestival.nl\/wp-content\/uploads\/2025\/12\/1-e1765369500101.jpeg?w=1200&amp;ssl=1 1200w\" sizes=\"(max-width: 640px) 100vw, 640px\" \/><\/a><\/figure>\n\n\n\n<h4 class=\"wp-block-heading has-text-color has-link-color wp-elements-93d452a5c5f3098f2f7c62f8bf8220b3\" id=\"hofesh-shechter-company-gbr\" style=\"color:#af1d8a\"><strong>Huidschrift<\/strong><br><br><\/h4>\n\n\n\n<h4 class=\"wp-block-heading\"><a href=\"https:\/\/schrittmacherfestival.nl\/de\/huidschrift\/\" title=\"\"><strong>Bo Jacobs <\/strong>(NL)<\/a><br><\/h4>\n\n\n\n<p>So 29.03.2026<\/p>\n<\/div>\n\n\n\n<div class=\"wp-block-column is-layout-flow wp-block-column-is-layout-flow\">\n<h4 class=\"wp-block-heading has-text-color has-link-color wp-elements-ee99494492410c7fc060b0ecbdcda9ad\" id=\"hofesh-shechter-company-gbr\" style=\"color:#f6782f\"><br><br><\/h4>\n\n\n\n<h4 class=\"wp-block-heading\"><br><\/h4>\n\n\n\n<p><br><\/p>\n<\/div>\n\n\n\n<div class=\"wp-block-column is-layout-flow wp-block-column-is-layout-flow\">\n<h4 class=\"wp-block-heading has-text-color has-link-color wp-elements-ee99494492410c7fc060b0ecbdcda9ad\" id=\"hofesh-shechter-company-gbr\" style=\"color:#f6782f\"><br><br><\/h4>\n\n\n\n<h4 class=\"wp-block-heading\"><br><br><\/h4>\n\n\n\n<p><\/p>\n<\/div>\n<\/div>\n\n\n\n<hr class=\"wp-block-separator has-css-opacity\"\/>\n\n\n\n<h2 class=\"wp-block-heading has-text-color has-link-color wp-elements-b86ee924c5e25ec81c3df75bc5ea13ca\" style=\"color:#9edde2\">WORKSHOPS<\/h2>\n\n\n\n<div class=\"wp-block-columns is-layout-flex wp-container-core-columns-is-layout-9d6595d7 wp-block-columns-is-layout-flex\">\n<div class=\"wp-block-column has-background is-layout-flow wp-block-column-is-layout-flow\" style=\"background-color:#e7f6f8\">\n<figure class=\"wp-block-image size-large is-style-default\"><a href=\"https:\/\/schrittmacherfestival.nl\/de\/dance-workshops\/\"><img data-recalc-dims=\"1\" loading=\"lazy\" decoding=\"async\" width=\"640\" height=\"267\" src=\"https:\/\/i0.wp.com\/schrittmacherfestival.nl\/wp-content\/uploads\/2025\/12\/smf26_WORKSHOP_Rhino-by-Out-Innerspace-Photo-of-Adam-Khazhmuradov-by-Mark-Kelly-1-DIGITAL_007-e1765790300433-1024x427.jpg?resize=640%2C267&#038;ssl=1\" alt=\"\" class=\"wp-image-12977\" srcset=\"https:\/\/i0.wp.com\/schrittmacherfestival.nl\/wp-content\/uploads\/2025\/12\/smf26_WORKSHOP_Rhino-by-Out-Innerspace-Photo-of-Adam-Khazhmuradov-by-Mark-Kelly-1-DIGITAL_007-e1765790300433.jpg?resize=1024%2C427&amp;ssl=1 1024w, https:\/\/i0.wp.com\/schrittmacherfestival.nl\/wp-content\/uploads\/2025\/12\/smf26_WORKSHOP_Rhino-by-Out-Innerspace-Photo-of-Adam-Khazhmuradov-by-Mark-Kelly-1-DIGITAL_007-e1765790300433.jpg?resize=300%2C125&amp;ssl=1 300w, https:\/\/i0.wp.com\/schrittmacherfestival.nl\/wp-content\/uploads\/2025\/12\/smf26_WORKSHOP_Rhino-by-Out-Innerspace-Photo-of-Adam-Khazhmuradov-by-Mark-Kelly-1-DIGITAL_007-e1765790300433.jpg?resize=768%2C320&amp;ssl=1 768w, https:\/\/i0.wp.com\/schrittmacherfestival.nl\/wp-content\/uploads\/2025\/12\/smf26_WORKSHOP_Rhino-by-Out-Innerspace-Photo-of-Adam-Khazhmuradov-by-Mark-Kelly-1-DIGITAL_007-e1765790300433.jpg?resize=31%2C13&amp;ssl=1 31w, https:\/\/i0.wp.com\/schrittmacherfestival.nl\/wp-content\/uploads\/2025\/12\/smf26_WORKSHOP_Rhino-by-Out-Innerspace-Photo-of-Adam-Khazhmuradov-by-Mark-Kelly-1-DIGITAL_007-e1765790300433.jpg?w=1200&amp;ssl=1 1200w\" sizes=\"(max-width: 640px) 100vw, 640px\" \/><\/a><\/figure>\n\n\n\n<h4 class=\"wp-block-heading has-text-color has-link-color wp-elements-7a84982ea28bd54e09c779bbec4d81da\" id=\"hofesh-shechter-company-gbr\" style=\"color:#9edde2\"><strong><strong><strong>Dance workshops<\/strong><\/strong><\/strong><br><br><\/h4>\n\n\n\n<h4 class=\"wp-block-heading\"><strong><a href=\"https:\/\/schrittmacherfestival.nl\/de\/dance-workshops\/\" title=\"\">Everyone is welcome<\/a><\/strong><br><br><\/h4>\n\n\n\n<p><br>Mi 25.02.2026 &#8211; Sa 28.03.2026<\/p>\n<\/div>\n\n\n\n<div class=\"wp-block-column has-background is-layout-flow wp-block-column-is-layout-flow\" style=\"background-color:#e7f6f8\">\n<figure class=\"wp-block-image size-large is-style-default\"><a href=\"https:\/\/schrittmacherfestival.nl\/de\/open-air-dance-workshops\/\"><img data-recalc-dims=\"1\" loading=\"lazy\" decoding=\"async\" width=\"640\" height=\"267\" src=\"https:\/\/i0.wp.com\/schrittmacherfestival.nl\/wp-content\/uploads\/2025\/12\/Dancing-in-the-city-Luc-Lodder-3-scaled-e1765790697310-1024x427.jpg?resize=640%2C267&#038;ssl=1\" alt=\"\" class=\"wp-image-12983\" srcset=\"https:\/\/i0.wp.com\/schrittmacherfestival.nl\/wp-content\/uploads\/2025\/12\/Dancing-in-the-city-Luc-Lodder-3-scaled-e1765790697310.jpg?resize=1024%2C427&amp;ssl=1 1024w, https:\/\/i0.wp.com\/schrittmacherfestival.nl\/wp-content\/uploads\/2025\/12\/Dancing-in-the-city-Luc-Lodder-3-scaled-e1765790697310.jpg?resize=300%2C125&amp;ssl=1 300w, https:\/\/i0.wp.com\/schrittmacherfestival.nl\/wp-content\/uploads\/2025\/12\/Dancing-in-the-city-Luc-Lodder-3-scaled-e1765790697310.jpg?resize=768%2C320&amp;ssl=1 768w, https:\/\/i0.wp.com\/schrittmacherfestival.nl\/wp-content\/uploads\/2025\/12\/Dancing-in-the-city-Luc-Lodder-3-scaled-e1765790697310.jpg?resize=31%2C13&amp;ssl=1 31w, https:\/\/i0.wp.com\/schrittmacherfestival.nl\/wp-content\/uploads\/2025\/12\/Dancing-in-the-city-Luc-Lodder-3-scaled-e1765790697310.jpg?w=1200&amp;ssl=1 1200w\" sizes=\"(max-width: 640px) 100vw, 640px\" \/><\/a><\/figure>\n\n\n\n<h4 class=\"wp-block-heading has-text-color has-link-color wp-elements-9df006c8eb52c8d12f57929ab03ce8e9\" id=\"hofesh-shechter-company-gbr\" style=\"color:#9edde2\"><strong><strong><strong>Open air dance workshops<\/strong><\/strong><\/strong><br><br><\/h4>\n\n\n\n<h4 class=\"wp-block-heading\"><strong><a href=\"https:\/\/schrittmacherfestival.nl\/de\/open-air-dance-workshops\/\" title=\"\">Tanze mit den K\u00fcnstler*innen<\/a><\/strong><br><br><\/h4>\n\n\n\n<p><br>Fr 27.02.2026 &#8211; Mi 25.03.2026<\/p>\n<\/div>\n\n\n\n<div class=\"wp-block-column has-background is-layout-flow wp-block-column-is-layout-flow\" style=\"background-color:#e7f6f8\">\n<figure class=\"wp-block-image size-large is-style-default\"><a href=\"https:\/\/schrittmacherfestival.nl\/de\/dance-on-prescription\/\"><img data-recalc-dims=\"1\" loading=\"lazy\" decoding=\"async\" width=\"640\" height=\"267\" src=\"https:\/\/i0.wp.com\/schrittmacherfestival.nl\/wp-content\/uploads\/2025\/12\/dans-op-recept-2-e1765791030474-1024x427.jpg?resize=640%2C267&#038;ssl=1\" alt=\"\" class=\"wp-image-12988\" srcset=\"https:\/\/i0.wp.com\/schrittmacherfestival.nl\/wp-content\/uploads\/2025\/12\/dans-op-recept-2-e1765791030474.jpg?resize=1024%2C427&amp;ssl=1 1024w, https:\/\/i0.wp.com\/schrittmacherfestival.nl\/wp-content\/uploads\/2025\/12\/dans-op-recept-2-e1765791030474.jpg?resize=300%2C125&amp;ssl=1 300w, https:\/\/i0.wp.com\/schrittmacherfestival.nl\/wp-content\/uploads\/2025\/12\/dans-op-recept-2-e1765791030474.jpg?resize=768%2C320&amp;ssl=1 768w, https:\/\/i0.wp.com\/schrittmacherfestival.nl\/wp-content\/uploads\/2025\/12\/dans-op-recept-2-e1765791030474.jpg?resize=31%2C13&amp;ssl=1 31w, https:\/\/i0.wp.com\/schrittmacherfestival.nl\/wp-content\/uploads\/2025\/12\/dans-op-recept-2-e1765791030474.jpg?w=1200&amp;ssl=1 1200w\" sizes=\"(max-width: 640px) 100vw, 640px\" \/><\/a><\/figure>\n\n\n\n<h4 class=\"wp-block-heading has-text-color has-link-color wp-elements-7fbbf570eb33df761bba0e8d838db1e1\" id=\"hofesh-shechter-company-gbr\" style=\"color:#9edde2\"><strong><strong><strong>Dance on prescription<\/strong><\/strong><\/strong><br><br><\/h4>\n\n\n\n<h4 class=\"wp-block-heading\"><strong><a href=\"https:\/\/schrittmacherfestival.nl\/de\/dance-on-prescription\/\" title=\"\">Move, meet, and enjoy<\/a><\/strong><br><br><\/h4>\n\n\n\n<p><br>Sa 28.02.2026 &#8211; Sa 28.03.2026<\/p>\n<\/div>\n<\/div>\n\n\n\n<div class=\"wp-block-columns is-layout-flex wp-container-core-columns-is-layout-9d6595d7 wp-block-columns-is-layout-flex\">\n<div class=\"wp-block-column has-background is-layout-flow wp-block-column-is-layout-flow\" style=\"background-color:#e7f6f8\">\n<figure class=\"wp-block-image size-large is-style-default\"><a href=\"https:\/\/schrittmacherfestival.nl\/de\/dance-therapy\/\"><img data-recalc-dims=\"1\" loading=\"lazy\" decoding=\"async\" width=\"640\" height=\"267\" src=\"https:\/\/i0.wp.com\/schrittmacherfestival.nl\/wp-content\/uploads\/2025\/12\/Dance-Therapy-Luc-Lodder-1-scaled-e1765791443369-1024x427.jpg?resize=640%2C267&#038;ssl=1\" alt=\"\" class=\"wp-image-12997\" srcset=\"https:\/\/i0.wp.com\/schrittmacherfestival.nl\/wp-content\/uploads\/2025\/12\/Dance-Therapy-Luc-Lodder-1-scaled-e1765791443369.jpg?resize=1024%2C427&amp;ssl=1 1024w, https:\/\/i0.wp.com\/schrittmacherfestival.nl\/wp-content\/uploads\/2025\/12\/Dance-Therapy-Luc-Lodder-1-scaled-e1765791443369.jpg?resize=300%2C125&amp;ssl=1 300w, https:\/\/i0.wp.com\/schrittmacherfestival.nl\/wp-content\/uploads\/2025\/12\/Dance-Therapy-Luc-Lodder-1-scaled-e1765791443369.jpg?resize=768%2C320&amp;ssl=1 768w, https:\/\/i0.wp.com\/schrittmacherfestival.nl\/wp-content\/uploads\/2025\/12\/Dance-Therapy-Luc-Lodder-1-scaled-e1765791443369.jpg?resize=31%2C13&amp;ssl=1 31w, https:\/\/i0.wp.com\/schrittmacherfestival.nl\/wp-content\/uploads\/2025\/12\/Dance-Therapy-Luc-Lodder-1-scaled-e1765791443369.jpg?w=1200&amp;ssl=1 1200w\" sizes=\"(max-width: 640px) 100vw, 640px\" \/><\/a><\/figure>\n\n\n\n<h4 class=\"wp-block-heading has-text-color has-link-color wp-elements-12dea441261e78741e80c567245dd291\" id=\"hofesh-shechter-company-gbr\" style=\"color:#9edde2\"><strong>Dance therapy<\/strong><br><br><br><\/h4>\n\n\n\n<h4 class=\"wp-block-heading\"><a href=\"https:\/\/schrittmacherfestival.nl\/de\/dance-therapy\/\" title=\"\"><strong>Zuyd University of Applied<\/strong> <strong>Sciences, Heerlen<\/strong><\/a><br><\/h4>\n\n\n\n<p><br>Fr 06.03.2026<\/p>\n<\/div>\n\n\n\n<div class=\"wp-block-column has-background is-layout-flow wp-block-column-is-layout-flow\" style=\"background-color:#e7f6f8\">\n<figure class=\"wp-block-image size-large is-style-default\"><a href=\"https:\/\/schrittmacherfestival.nl\/de\/storytelling-cartoon-style-locking\/\"><img data-recalc-dims=\"1\" loading=\"lazy\" decoding=\"async\" width=\"640\" height=\"267\" src=\"https:\/\/i0.wp.com\/schrittmacherfestival.nl\/wp-content\/uploads\/2025\/12\/smf26_WORKSHOP_Kadir_Amigo_Memis_c_philography.iso_Workshop_008-e1765791645221-1024x427.jpg?resize=640%2C267&#038;ssl=1\" alt=\"\" class=\"wp-image-12998\" srcset=\"https:\/\/i0.wp.com\/schrittmacherfestival.nl\/wp-content\/uploads\/2025\/12\/smf26_WORKSHOP_Kadir_Amigo_Memis_c_philography.iso_Workshop_008-e1765791645221.jpg?resize=1024%2C427&amp;ssl=1 1024w, https:\/\/i0.wp.com\/schrittmacherfestival.nl\/wp-content\/uploads\/2025\/12\/smf26_WORKSHOP_Kadir_Amigo_Memis_c_philography.iso_Workshop_008-e1765791645221.jpg?resize=300%2C125&amp;ssl=1 300w, https:\/\/i0.wp.com\/schrittmacherfestival.nl\/wp-content\/uploads\/2025\/12\/smf26_WORKSHOP_Kadir_Amigo_Memis_c_philography.iso_Workshop_008-e1765791645221.jpg?resize=768%2C320&amp;ssl=1 768w, https:\/\/i0.wp.com\/schrittmacherfestival.nl\/wp-content\/uploads\/2025\/12\/smf26_WORKSHOP_Kadir_Amigo_Memis_c_philography.iso_Workshop_008-e1765791645221.jpg?resize=31%2C13&amp;ssl=1 31w, https:\/\/i0.wp.com\/schrittmacherfestival.nl\/wp-content\/uploads\/2025\/12\/smf26_WORKSHOP_Kadir_Amigo_Memis_c_philography.iso_Workshop_008-e1765791645221.jpg?w=1200&amp;ssl=1 1200w\" sizes=\"(max-width: 640px) 100vw, 640px\" \/><\/a><\/figure>\n\n\n\n<h4 class=\"wp-block-heading has-text-color has-link-color wp-elements-a5a94348bce136e441a5c6c501ca62f5\" id=\"hofesh-shechter-company-gbr\" style=\"color:#9edde2\"><strong>Storytelling &amp; Cartoon Style Locking<\/strong><br><br><\/h4>\n\n\n\n<h4 class=\"wp-block-heading\"><strong><strong><a href=\"https:\/\/schrittmacherfestival.nl\/de\/storytelling-cartoon-style-locking\/\" title=\"\">Kadir \u201cAmigo\u201d Memi\u015f (DE\/TR)<\/a><\/strong><\/strong><br><br><\/h4>\n\n\n\n<p><br>So 08.03.2026<\/p>\n<\/div>\n\n\n\n<div class=\"wp-block-column has-background is-layout-flow wp-block-column-is-layout-flow\" style=\"background-color:#e7f6f8\">\n<figure class=\"wp-block-image size-full is-style-default\"><a href=\"https:\/\/schrittmacherfestival.nl\/de\/dance-workshop-confusion-dance-poetry-lab\/\"><img data-recalc-dims=\"1\" loading=\"lazy\" decoding=\"async\" width=\"640\" height=\"267\" src=\"https:\/\/i0.wp.com\/schrittmacherfestival.nl\/wp-content\/uploads\/2026\/01\/nelody-scaled-e1768219477201.webp?resize=640%2C267&#038;ssl=1\" alt=\"\" class=\"wp-image-13513\" srcset=\"https:\/\/i0.wp.com\/schrittmacherfestival.nl\/wp-content\/uploads\/2026\/01\/nelody-scaled-e1768219477201.webp?w=1200&amp;ssl=1 1200w, https:\/\/i0.wp.com\/schrittmacherfestival.nl\/wp-content\/uploads\/2026\/01\/nelody-scaled-e1768219477201.webp?resize=300%2C125&amp;ssl=1 300w, https:\/\/i0.wp.com\/schrittmacherfestival.nl\/wp-content\/uploads\/2026\/01\/nelody-scaled-e1768219477201.webp?resize=1024%2C427&amp;ssl=1 1024w, https:\/\/i0.wp.com\/schrittmacherfestival.nl\/wp-content\/uploads\/2026\/01\/nelody-scaled-e1768219477201.webp?resize=768%2C320&amp;ssl=1 768w, https:\/\/i0.wp.com\/schrittmacherfestival.nl\/wp-content\/uploads\/2026\/01\/nelody-scaled-e1768219477201.webp?resize=31%2C13&amp;ssl=1 31w\" sizes=\"(max-width: 640px) 100vw, 640px\" \/><\/a><\/figure>\n\n\n\n<h4 class=\"wp-block-heading has-text-color has-link-color wp-elements-22277208cd0895c8fdb3c9117de617a8\" id=\"hofesh-shechter-company-gbr\" style=\"color:#9edde2\"><strong><strong><strong><strong>Dance workshop<\/strong><\/strong><\/strong><\/strong> conFUSION dance &amp; poetry lab<br><br><\/h4>\n\n\n\n<h4 class=\"wp-block-heading\"><strong><strong><a href=\"https:\/\/schrittmacherfestival.nl\/de\/dance-workshop-confusion-dance-poetry-lab\/\" title=\"\">Nelody (DE\/FIN)<\/a><\/strong><\/strong><br><br><\/h4>\n\n\n\n<p><br>So 08.03.2026<\/p>\n<\/div>\n<\/div>\n\n\n\n<div class=\"wp-block-columns is-layout-flex wp-container-core-columns-is-layout-9d6595d7 wp-block-columns-is-layout-flex\">\n<div class=\"wp-block-column has-background is-layout-flow wp-block-column-is-layout-flow\" style=\"background-color:#e7f6f8\">\n<figure class=\"wp-block-image size-full is-style-default\"><a href=\"https:\/\/schrittmacherfestival.nl\/de\/hospital-moves\/\"><img data-recalc-dims=\"1\" loading=\"lazy\" decoding=\"async\" width=\"640\" height=\"268\" src=\"https:\/\/i0.wp.com\/schrittmacherfestival.nl\/wp-content\/uploads\/2025\/12\/Hospital-Moves4-e1765791898313.png?resize=640%2C268&#038;ssl=1\" alt=\"\" class=\"wp-image-13000\" srcset=\"https:\/\/i0.wp.com\/schrittmacherfestival.nl\/wp-content\/uploads\/2025\/12\/Hospital-Moves4-e1765791898313.png?w=1180&amp;ssl=1 1180w, https:\/\/i0.wp.com\/schrittmacherfestival.nl\/wp-content\/uploads\/2025\/12\/Hospital-Moves4-e1765791898313.png?resize=300%2C126&amp;ssl=1 300w, https:\/\/i0.wp.com\/schrittmacherfestival.nl\/wp-content\/uploads\/2025\/12\/Hospital-Moves4-e1765791898313.png?resize=1024%2C429&amp;ssl=1 1024w, https:\/\/i0.wp.com\/schrittmacherfestival.nl\/wp-content\/uploads\/2025\/12\/Hospital-Moves4-e1765791898313.png?resize=768%2C322&amp;ssl=1 768w, https:\/\/i0.wp.com\/schrittmacherfestival.nl\/wp-content\/uploads\/2025\/12\/Hospital-Moves4-e1765791898313.png?resize=31%2C13&amp;ssl=1 31w\" sizes=\"(max-width: 640px) 100vw, 640px\" \/><\/a><\/figure>\n\n\n\n<h4 class=\"wp-block-heading has-text-color has-link-color wp-elements-f4fb491ca4b5311c921bdd149c899587\" id=\"hofesh-shechter-company-gbr\" style=\"color:#9edde2\"><strong><strong><strong><strong>Hospital Moves<\/strong><\/strong><\/strong><\/strong><br><br><\/h4>\n\n\n\n<h4 class=\"wp-block-heading\"><strong><a href=\"https:\/\/schrittmacherfestival.nl\/de\/hospital-moves\/\" title=\"\">Dance &amp; Health<\/a><\/strong><br><br><\/h4>\n\n\n\n<p><br>Di 10.03.2026<\/p>\n<\/div>\n\n\n\n<div class=\"wp-block-column has-background is-layout-flow wp-block-column-is-layout-flow\" style=\"background-color:#e7f6f8\">\n<figure class=\"wp-block-image size-large is-style-default\"><a href=\"https:\/\/schrittmacherfestival.nl\/de\/dans2daagse\/\"><img data-recalc-dims=\"1\" loading=\"lazy\" decoding=\"async\" width=\"640\" height=\"267\" src=\"https:\/\/i0.wp.com\/schrittmacherfestival.nl\/wp-content\/uploads\/2026\/02\/Dans4daagse-7-scaled-e1770891805603-1024x427.webp?resize=640%2C267&#038;ssl=1\" alt=\"\" class=\"wp-image-13759\" srcset=\"https:\/\/i0.wp.com\/schrittmacherfestival.nl\/wp-content\/uploads\/2026\/02\/Dans4daagse-7-scaled-e1770891805603.webp?resize=1024%2C427&amp;ssl=1 1024w, https:\/\/i0.wp.com\/schrittmacherfestival.nl\/wp-content\/uploads\/2026\/02\/Dans4daagse-7-scaled-e1770891805603.webp?resize=300%2C125&amp;ssl=1 300w, https:\/\/i0.wp.com\/schrittmacherfestival.nl\/wp-content\/uploads\/2026\/02\/Dans4daagse-7-scaled-e1770891805603.webp?resize=768%2C320&amp;ssl=1 768w, https:\/\/i0.wp.com\/schrittmacherfestival.nl\/wp-content\/uploads\/2026\/02\/Dans4daagse-7-scaled-e1770891805603.webp?resize=31%2C13&amp;ssl=1 31w, https:\/\/i0.wp.com\/schrittmacherfestival.nl\/wp-content\/uploads\/2026\/02\/Dans4daagse-7-scaled-e1770891805603.webp?w=1200&amp;ssl=1 1200w\" sizes=\"(max-width: 640px) 100vw, 640px\" \/><\/a><\/figure>\n\n\n\n<h4 class=\"wp-block-heading has-text-color has-link-color wp-elements-55ec02bd473a59db60e1777dbce4b384\" id=\"hofesh-shechter-company-gbr\" style=\"color:#9edde2\"><strong>Dans2Daagse<\/strong><br><br><\/h4>\n\n\n\n<h4 class=\"wp-block-heading\"><a href=\"https:\/\/schrittmacherfestival.nl\/de\/dans2daagse\/\" title=\"\">in partnership with PLT<\/a><br><br><\/h4>\n\n\n\n<p><br>Sa 14.03.2026 + So 15.03.2026<\/p>\n<\/div>\n\n\n\n<div class=\"wp-block-column has-background is-layout-flow wp-block-column-is-layout-flow\" style=\"background-color:#e7f6f8\">\n<figure class=\"wp-block-image size-large is-style-default\"><a href=\"https:\/\/schrittmacherfestival.nl\/de\/dance-workshop-an-introduction-to-contact-improvisation\/\"><img data-recalc-dims=\"1\" loading=\"lazy\" decoding=\"async\" width=\"640\" height=\"268\" src=\"https:\/\/i0.wp.com\/schrittmacherfestival.nl\/wp-content\/uploads\/2025\/12\/Ariane-Puhr-14.03.-CI-Workshop-c-Chris-vant-Hoen-e1765792600727-1024x428.jpeg?resize=640%2C268&#038;ssl=1\" alt=\"\" class=\"wp-image-13011\" srcset=\"https:\/\/i0.wp.com\/schrittmacherfestival.nl\/wp-content\/uploads\/2025\/12\/Ariane-Puhr-14.03.-CI-Workshop-c-Chris-vant-Hoen-e1765792600727.jpeg?resize=1024%2C428&amp;ssl=1 1024w, https:\/\/i0.wp.com\/schrittmacherfestival.nl\/wp-content\/uploads\/2025\/12\/Ariane-Puhr-14.03.-CI-Workshop-c-Chris-vant-Hoen-e1765792600727.jpeg?resize=300%2C126&amp;ssl=1 300w, https:\/\/i0.wp.com\/schrittmacherfestival.nl\/wp-content\/uploads\/2025\/12\/Ariane-Puhr-14.03.-CI-Workshop-c-Chris-vant-Hoen-e1765792600727.jpeg?resize=768%2C321&amp;ssl=1 768w, https:\/\/i0.wp.com\/schrittmacherfestival.nl\/wp-content\/uploads\/2025\/12\/Ariane-Puhr-14.03.-CI-Workshop-c-Chris-vant-Hoen-e1765792600727.jpeg?resize=31%2C13&amp;ssl=1 31w, https:\/\/i0.wp.com\/schrittmacherfestival.nl\/wp-content\/uploads\/2025\/12\/Ariane-Puhr-14.03.-CI-Workshop-c-Chris-vant-Hoen-e1765792600727.jpeg?w=1133&amp;ssl=1 1133w\" sizes=\"(max-width: 640px) 100vw, 640px\" \/><\/a><\/figure>\n\n\n\n<h4 class=\"wp-block-heading has-text-color has-link-color wp-elements-4c04d57d7f66f447ce7845a8fa2b1053\" id=\"hofesh-shechter-company-gbr\" style=\"color:#9edde2\"><strong>Dance workshop<\/strong><br><br><\/h4>\n\n\n\n<h4 class=\"wp-block-heading\"><strong><a href=\"https:\/\/schrittmacherfestival.nl\/de\/dance-workshop-an-introduction-to-contact-improvisation\/\" title=\"\">Ariane Puhr (DE)<\/a><\/strong><br><br><\/h4>\n\n\n\n<p><strong><br><\/strong>Sa 14.03.2026<\/p>\n<\/div>\n<\/div>\n\n\n\n<div class=\"wp-block-columns is-layout-flex wp-container-core-columns-is-layout-9d6595d7 wp-block-columns-is-layout-flex\">\n<div class=\"wp-block-column has-background is-layout-flow wp-block-column-is-layout-flow\" style=\"background-color:#e7f6f8\">\n<figure class=\"wp-block-image size-large is-style-default\"><a href=\"https:\/\/schrittmacherfestival.nl\/de\/workshop-erzaehlen-bewegen-verbinden\/\"><img data-recalc-dims=\"1\" loading=\"lazy\" decoding=\"async\" width=\"640\" height=\"267\" src=\"https:\/\/i0.wp.com\/schrittmacherfestival.nl\/wp-content\/uploads\/2026\/01\/Co-Lab_2025_c_MatoSchaefer_DSC02602-scaled-e1769420529145-1024x427.jpeg?resize=640%2C267&#038;ssl=1\" alt=\"\" class=\"wp-image-13597\" srcset=\"https:\/\/i0.wp.com\/schrittmacherfestival.nl\/wp-content\/uploads\/2026\/01\/Co-Lab_2025_c_MatoSchaefer_DSC02602-scaled-e1769420529145.jpeg?resize=1024%2C427&amp;ssl=1 1024w, https:\/\/i0.wp.com\/schrittmacherfestival.nl\/wp-content\/uploads\/2026\/01\/Co-Lab_2025_c_MatoSchaefer_DSC02602-scaled-e1769420529145.jpeg?resize=300%2C125&amp;ssl=1 300w, https:\/\/i0.wp.com\/schrittmacherfestival.nl\/wp-content\/uploads\/2026\/01\/Co-Lab_2025_c_MatoSchaefer_DSC02602-scaled-e1769420529145.jpeg?resize=768%2C320&amp;ssl=1 768w, https:\/\/i0.wp.com\/schrittmacherfestival.nl\/wp-content\/uploads\/2026\/01\/Co-Lab_2025_c_MatoSchaefer_DSC02602-scaled-e1769420529145.jpeg?resize=31%2C13&amp;ssl=1 31w, https:\/\/i0.wp.com\/schrittmacherfestival.nl\/wp-content\/uploads\/2026\/01\/Co-Lab_2025_c_MatoSchaefer_DSC02602-scaled-e1769420529145.jpeg?w=1200&amp;ssl=1 1200w\" sizes=\"(max-width: 640px) 100vw, 640px\" \/><\/a><\/figure>\n\n\n\n<h4 class=\"wp-block-heading has-text-color has-link-color wp-elements-f5f0f4f3e6cecc500eda46d7f84748a5\" id=\"hofesh-shechter-company-gbr\" style=\"color:#9edde2\"><strong>Workshop<\/strong><br><br><\/h4>\n\n\n\n<h4 class=\"wp-block-heading\"><a href=\"https:\/\/schrittmacherfestival.nl\/de\/workshop-erzaehlen-bewegen-verbinden\/\" title=\"\">Bo Jacobs &amp; Toon Hermans Huis Parkstad<\/a><br><br><\/h4>\n\n\n\n<p><br>Mo 16.03.2026 + Do 19.03.2026<\/p>\n<\/div>\n\n\n\n<div class=\"wp-block-column has-background is-layout-flow wp-block-column-is-layout-flow\" style=\"background-color:#e7f6f8\">\n<figure class=\"wp-block-image size-full is-style-default\"><a href=\"https:\/\/schrittmacherfestival.nl\/de\/capoeira-workshop-lecture\/\"><img data-recalc-dims=\"1\" loading=\"lazy\" decoding=\"async\" width=\"600\" height=\"251\" src=\"https:\/\/i0.wp.com\/schrittmacherfestival.nl\/wp-content\/uploads\/2025\/12\/smf26_EXCHANGE_Movement-of-the-Soul-by-Shurick-Jantje_004-e1765534473705.jpg?resize=600%2C251&#038;ssl=1\" alt=\"\" class=\"wp-image-12745\" srcset=\"https:\/\/i0.wp.com\/schrittmacherfestival.nl\/wp-content\/uploads\/2025\/12\/smf26_EXCHANGE_Movement-of-the-Soul-by-Shurick-Jantje_004-e1765534473705.jpg?w=600&amp;ssl=1 600w, https:\/\/i0.wp.com\/schrittmacherfestival.nl\/wp-content\/uploads\/2025\/12\/smf26_EXCHANGE_Movement-of-the-Soul-by-Shurick-Jantje_004-e1765534473705.jpg?resize=300%2C126&amp;ssl=1 300w, https:\/\/i0.wp.com\/schrittmacherfestival.nl\/wp-content\/uploads\/2025\/12\/smf26_EXCHANGE_Movement-of-the-Soul-by-Shurick-Jantje_004-e1765534473705.jpg?resize=31%2C13&amp;ssl=1 31w\" sizes=\"(max-width: 600px) 100vw, 600px\" \/><\/a><\/figure>\n\n\n\n<h4 class=\"wp-block-heading has-text-color has-link-color wp-elements-f796d6097adc8c58555912c329d29ee0\" id=\"hofesh-shechter-company-gbr\" style=\"color:#9edde2\">Capoeira workshop &amp; lecture<br><br><\/h4>\n\n\n\n<h4 class=\"wp-block-heading\"><a href=\"https:\/\/schrittmacherfestival.nl\/de\/capoeira-workshop-lecture\/\" title=\"\"><strong>Klasse Apart Projects&nbsp;<\/strong>(NL)<\/a><br><br><br><\/h4>\n\n\n\n<p><br>Sa 21.03.2026<\/p>\n<\/div>\n\n\n\n<div class=\"wp-block-column has-background is-layout-flow wp-block-column-is-layout-flow\" style=\"background-color:#e7f6f8\">\n<figure class=\"wp-block-image size-full is-style-default\"><a href=\"https:\/\/schrittmacherfestival.nl\/de\/dabke-workshop-lecture\/\"><img data-recalc-dims=\"1\" loading=\"lazy\" decoding=\"async\" width=\"600\" height=\"251\" src=\"https:\/\/i0.wp.com\/schrittmacherfestival.nl\/wp-content\/uploads\/2025\/12\/smf26_EXCHANGE_Movement-of-the-Soul-by-Shurick-Jantje_004-e1765534473705.jpg?resize=600%2C251&#038;ssl=1\" alt=\"\" class=\"wp-image-12745\" srcset=\"https:\/\/i0.wp.com\/schrittmacherfestival.nl\/wp-content\/uploads\/2025\/12\/smf26_EXCHANGE_Movement-of-the-Soul-by-Shurick-Jantje_004-e1765534473705.jpg?w=600&amp;ssl=1 600w, https:\/\/i0.wp.com\/schrittmacherfestival.nl\/wp-content\/uploads\/2025\/12\/smf26_EXCHANGE_Movement-of-the-Soul-by-Shurick-Jantje_004-e1765534473705.jpg?resize=300%2C126&amp;ssl=1 300w, https:\/\/i0.wp.com\/schrittmacherfestival.nl\/wp-content\/uploads\/2025\/12\/smf26_EXCHANGE_Movement-of-the-Soul-by-Shurick-Jantje_004-e1765534473705.jpg?resize=31%2C13&amp;ssl=1 31w\" sizes=\"(max-width: 600px) 100vw, 600px\" \/><\/a><\/figure>\n\n\n\n<h4 class=\"wp-block-heading has-text-color has-link-color wp-elements-e49f7c39cb0a32acef657b92208551c7\" id=\"hofesh-shechter-company-gbr\" style=\"color:#9edde2\"><strong>Dabke workshop &amp; lecture<\/strong><br><br><\/h4>\n\n\n\n<h4 class=\"wp-block-heading\"><a href=\"https:\/\/schrittmacherfestival.nl\/de\/dabke-workshop-lecture\/\" title=\"\"><strong>Klasse Apart Projects&nbsp;<\/strong>(NL)<\/a><br><br><br><\/h4>\n\n\n\n<p><br>Sa 21.03.2026<\/p>\n<\/div>\n<\/div>\n\n\n\n<div class=\"wp-block-columns is-layout-flex wp-container-core-columns-is-layout-9d6595d7 wp-block-columns-is-layout-flex\">\n<div class=\"wp-block-column has-background is-layout-flow wp-block-column-is-layout-flow\" style=\"background-color:#e7f6f8\">\n<figure class=\"wp-block-image size-large is-style-default\"><a href=\"https:\/\/schrittmacherfestival.nl\/de\/workshop-embodied-approach-exploration-of-bharata-natyam\/\"><img data-recalc-dims=\"1\" loading=\"lazy\" decoding=\"async\" width=\"640\" height=\"267\" src=\"https:\/\/i0.wp.com\/schrittmacherfestival.nl\/wp-content\/uploads\/2025\/12\/Poernima-Dance-Company-Luc-Lodder-3-scaled-e1765792798930-1024x427.jpg?resize=640%2C267&#038;ssl=1\" alt=\"\" class=\"wp-image-13012\" srcset=\"https:\/\/i0.wp.com\/schrittmacherfestival.nl\/wp-content\/uploads\/2025\/12\/Poernima-Dance-Company-Luc-Lodder-3-scaled-e1765792798930.jpg?resize=1024%2C427&amp;ssl=1 1024w, https:\/\/i0.wp.com\/schrittmacherfestival.nl\/wp-content\/uploads\/2025\/12\/Poernima-Dance-Company-Luc-Lodder-3-scaled-e1765792798930.jpg?resize=300%2C125&amp;ssl=1 300w, https:\/\/i0.wp.com\/schrittmacherfestival.nl\/wp-content\/uploads\/2025\/12\/Poernima-Dance-Company-Luc-Lodder-3-scaled-e1765792798930.jpg?resize=768%2C320&amp;ssl=1 768w, https:\/\/i0.wp.com\/schrittmacherfestival.nl\/wp-content\/uploads\/2025\/12\/Poernima-Dance-Company-Luc-Lodder-3-scaled-e1765792798930.jpg?resize=31%2C13&amp;ssl=1 31w, https:\/\/i0.wp.com\/schrittmacherfestival.nl\/wp-content\/uploads\/2025\/12\/Poernima-Dance-Company-Luc-Lodder-3-scaled-e1765792798930.jpg?w=1200&amp;ssl=1 1200w\" sizes=\"(max-width: 640px) 100vw, 640px\" \/><\/a><\/figure>\n\n\n\n<h4 class=\"wp-block-heading has-text-color has-link-color wp-elements-f5f0f4f3e6cecc500eda46d7f84748a5\" id=\"hofesh-shechter-company-gbr\" style=\"color:#9edde2\"><strong>Workshop<\/strong><br><br><\/h4>\n\n\n\n<h4 class=\"wp-block-heading\"><a href=\"https:\/\/schrittmacherfestival.nl\/de\/workshop-embodied-approach-exploration-of-bharata-natyam\/\" title=\"\"><strong>Poernima Dance Company <\/strong>(NL)<\/a><br><br><br><\/h4>\n\n\n\n<p><br>Sa 22.03.2026<\/p>\n<\/div>\n\n\n\n<div class=\"wp-block-column has-background is-layout-flow wp-block-column-is-layout-flow\" style=\"background-color:#e7f6f8\">\n<figure class=\"wp-block-image size-large is-style-default\"><a href=\"https:\/\/schrittmacherfestival.nl\/de\/workshop-koerper-spuren-spueren\/\"><img data-recalc-dims=\"1\" loading=\"lazy\" decoding=\"async\" width=\"640\" height=\"267\" src=\"https:\/\/i0.wp.com\/schrittmacherfestival.nl\/wp-content\/uploads\/2026\/01\/WellenB_copyright_De-Da-Production.jpg_690127293-e1768218997930-1024x427.jpg?resize=640%2C267&#038;ssl=1\" alt=\"\" class=\"wp-image-13509\" srcset=\"https:\/\/i0.wp.com\/schrittmacherfestival.nl\/wp-content\/uploads\/2026\/01\/WellenB_copyright_De-Da-Production.jpg_690127293-e1768218997930.jpg?resize=1024%2C427&amp;ssl=1 1024w, https:\/\/i0.wp.com\/schrittmacherfestival.nl\/wp-content\/uploads\/2026\/01\/WellenB_copyright_De-Da-Production.jpg_690127293-e1768218997930.jpg?resize=300%2C125&amp;ssl=1 300w, https:\/\/i0.wp.com\/schrittmacherfestival.nl\/wp-content\/uploads\/2026\/01\/WellenB_copyright_De-Da-Production.jpg_690127293-e1768218997930.jpg?resize=768%2C320&amp;ssl=1 768w, https:\/\/i0.wp.com\/schrittmacherfestival.nl\/wp-content\/uploads\/2026\/01\/WellenB_copyright_De-Da-Production.jpg_690127293-e1768218997930.jpg?resize=31%2C13&amp;ssl=1 31w, https:\/\/i0.wp.com\/schrittmacherfestival.nl\/wp-content\/uploads\/2026\/01\/WellenB_copyright_De-Da-Production.jpg_690127293-e1768218997930.jpg?w=1200&amp;ssl=1 1200w\" sizes=\"(max-width: 640px) 100vw, 640px\" \/><\/a><\/figure>\n\n\n\n<h4 class=\"wp-block-heading has-text-color has-link-color wp-elements-f5f0f4f3e6cecc500eda46d7f84748a5\" id=\"hofesh-shechter-company-gbr\" style=\"color:#9edde2\"><strong>Workshop<\/strong><br><br><\/h4>\n\n\n\n<h4 class=\"wp-block-heading\"><a href=\"https:\/\/schrittmacherfestival.nl\/de\/workshop-koerper-spuren-spueren\/\" title=\"\">K\u00f6rper, Spuren, Sp\u00fcren<\/a><br><br><br><\/h4>\n\n\n\n<p><br>Sa 28.03.2026 &#8211; So 29.03.2026<\/p>\n<\/div>\n\n\n\n<div class=\"wp-block-column is-layout-flow wp-block-column-is-layout-flow\">\n<p id=\"hofesh-shechter-company-gbr\"><br><br><\/p>\n\n\n\n<h4 class=\"wp-block-heading\"><br><br><br><\/h4>\n\n\n\n<p><\/p>\n<\/div>\n<\/div>\n\n\n\n<hr class=\"wp-block-separator has-css-opacity\"\/>\n\n\n\n<h2 class=\"wp-block-heading has-text-color has-link-color wp-elements-9ee2605022a7e7da9754a71b7180eac7\" style=\"color:#debe0f\">VISUAL ART<\/h2>\n\n\n\n<div class=\"wp-block-columns is-layout-flex wp-container-core-columns-is-layout-9d6595d7 wp-block-columns-is-layout-flex\">\n<div class=\"wp-block-column has-background is-layout-flow wp-block-column-is-layout-flow\" style=\"background-color:#f7efc3\">\n<figure class=\"wp-block-image size-large is-style-default\"><a href=\"https:\/\/schrittmacherfestival.nl\/de\/dance-body\/\"><img data-recalc-dims=\"1\" loading=\"lazy\" decoding=\"async\" width=\"640\" height=\"267\" src=\"https:\/\/i0.wp.com\/schrittmacherfestival.nl\/wp-content\/uploads\/2025\/12\/RP-F-2004-252-34-scaled-e1765441073216-1024x427.jpg?resize=640%2C267&#038;ssl=1\" alt=\"\" class=\"wp-image-12467\" srcset=\"https:\/\/i0.wp.com\/schrittmacherfestival.nl\/wp-content\/uploads\/2025\/12\/RP-F-2004-252-34-scaled-e1765441073216.jpg?resize=1024%2C427&amp;ssl=1 1024w, https:\/\/i0.wp.com\/schrittmacherfestival.nl\/wp-content\/uploads\/2025\/12\/RP-F-2004-252-34-scaled-e1765441073216.jpg?resize=300%2C125&amp;ssl=1 300w, https:\/\/i0.wp.com\/schrittmacherfestival.nl\/wp-content\/uploads\/2025\/12\/RP-F-2004-252-34-scaled-e1765441073216.jpg?resize=768%2C320&amp;ssl=1 768w, https:\/\/i0.wp.com\/schrittmacherfestival.nl\/wp-content\/uploads\/2025\/12\/RP-F-2004-252-34-scaled-e1765441073216.jpg?resize=31%2C13&amp;ssl=1 31w, https:\/\/i0.wp.com\/schrittmacherfestival.nl\/wp-content\/uploads\/2025\/12\/RP-F-2004-252-34-scaled-e1765441073216.jpg?w=1200&amp;ssl=1 1200w\" sizes=\"(max-width: 640px) 100vw, 640px\" \/><\/a><\/figure>\n\n\n\n<h4 class=\"wp-block-heading has-text-color has-link-color wp-elements-14c021107be2925354ee99e16faefdee\" id=\"hofesh-shechter-company-gbr\" style=\"color:#debe0f\"><strong>Dance &amp; Body<\/strong><br><br><\/h4>\n\n\n\n<h4 class=\"wp-block-heading\"><strong><a href=\"https:\/\/schrittmacherfestival.nl\/de\/dance-body\/\" title=\"\">Image in Motion<\/a><\/strong><br><br><\/h4>\n\n\n\n<p><br>Di 24.02.2026 &#8211; So 29.03.2026<\/p>\n<\/div>\n\n\n\n<div class=\"wp-block-column has-background is-layout-flow wp-block-column-is-layout-flow\" style=\"background-color:#f7efc3\">\n<figure class=\"wp-block-image size-large is-style-default\"><a href=\"https:\/\/schrittmacherfestival.nl\/de\/ai-the-expo\/\"><img data-recalc-dims=\"1\" loading=\"lazy\" decoding=\"async\" width=\"640\" height=\"267\" src=\"https:\/\/i0.wp.com\/schrittmacherfestival.nl\/wp-content\/uploads\/2025\/12\/Ai_the_expo-Discovery-Museum-e1765442262992-1024x427.jpg?resize=640%2C267&#038;ssl=1\" alt=\"\" class=\"wp-image-12473\" srcset=\"https:\/\/i0.wp.com\/schrittmacherfestival.nl\/wp-content\/uploads\/2025\/12\/Ai_the_expo-Discovery-Museum-e1765442262992.jpg?resize=1024%2C427&amp;ssl=1 1024w, https:\/\/i0.wp.com\/schrittmacherfestival.nl\/wp-content\/uploads\/2025\/12\/Ai_the_expo-Discovery-Museum-e1765442262992.jpg?resize=300%2C125&amp;ssl=1 300w, https:\/\/i0.wp.com\/schrittmacherfestival.nl\/wp-content\/uploads\/2025\/12\/Ai_the_expo-Discovery-Museum-e1765442262992.jpg?resize=768%2C320&amp;ssl=1 768w, https:\/\/i0.wp.com\/schrittmacherfestival.nl\/wp-content\/uploads\/2025\/12\/Ai_the_expo-Discovery-Museum-e1765442262992.jpg?resize=31%2C13&amp;ssl=1 31w, https:\/\/i0.wp.com\/schrittmacherfestival.nl\/wp-content\/uploads\/2025\/12\/Ai_the_expo-Discovery-Museum-e1765442262992.jpg?w=1200&amp;ssl=1 1200w\" sizes=\"(max-width: 640px) 100vw, 640px\" \/><\/a><\/figure>\n\n\n\n<h4 class=\"wp-block-heading has-text-color has-link-color wp-elements-62ad252be1fea3bc4bbd625492b8658b\" id=\"hofesh-shechter-company-gbr\" style=\"color:#debe0f\"><strong><strong>Ai: the expo<\/strong><\/strong><br><br><\/h4>\n\n\n\n<h4 class=\"wp-block-heading\"><a href=\"https:\/\/schrittmacherfestival.nl\/de\/ai-the-expo\/\" title=\"\">Discovery Museum<\/a><br><\/h4>\n\n\n\n<p><br><br>Di 24.02.2026 &#8211; So 29.03.2026<\/p>\n<\/div>\n\n\n\n<div class=\"wp-block-column has-background is-layout-flow wp-block-column-is-layout-flow\" style=\"background-color:#f7efc3\">\n<figure class=\"wp-block-image size-large is-style-default\"><a href=\"https:\/\/schrittmacherfestival.nl\/de\/artist-in-residence\/\"><img data-recalc-dims=\"1\" loading=\"lazy\" decoding=\"async\" width=\"640\" height=\"267\" src=\"https:\/\/i0.wp.com\/schrittmacherfestival.nl\/wp-content\/uploads\/2025\/12\/Greylight-Projects-scaled-e1765442452391-1024x427.jpg?resize=640%2C267&#038;ssl=1\" alt=\"\" class=\"wp-image-12474\" srcset=\"https:\/\/i0.wp.com\/schrittmacherfestival.nl\/wp-content\/uploads\/2025\/12\/Greylight-Projects-scaled-e1765442452391.jpg?resize=1024%2C427&amp;ssl=1 1024w, https:\/\/i0.wp.com\/schrittmacherfestival.nl\/wp-content\/uploads\/2025\/12\/Greylight-Projects-scaled-e1765442452391.jpg?resize=300%2C125&amp;ssl=1 300w, https:\/\/i0.wp.com\/schrittmacherfestival.nl\/wp-content\/uploads\/2025\/12\/Greylight-Projects-scaled-e1765442452391.jpg?resize=768%2C320&amp;ssl=1 768w, https:\/\/i0.wp.com\/schrittmacherfestival.nl\/wp-content\/uploads\/2025\/12\/Greylight-Projects-scaled-e1765442452391.jpg?resize=31%2C13&amp;ssl=1 31w, https:\/\/i0.wp.com\/schrittmacherfestival.nl\/wp-content\/uploads\/2025\/12\/Greylight-Projects-scaled-e1765442452391.jpg?w=1200&amp;ssl=1 1200w\" sizes=\"(max-width: 640px) 100vw, 640px\" \/><\/a><\/figure>\n\n\n\n<h4 class=\"wp-block-heading has-text-color has-link-color wp-elements-d9529749b14b0f9b484c2752cb220105\" id=\"hofesh-shechter-company-gbr\" style=\"color:#debe0f\"><strong><strong>Artist in Residence<\/strong><\/strong><br><br><\/h4>\n\n\n\n<h4 class=\"wp-block-heading\"><strong><strong><a href=\"https:\/\/schrittmacherfestival.nl\/de\/artist-in-residence\/\" title=\"\">s<strong>chrit_tmacher x Greylight Projects<\/strong><\/a><\/strong><\/strong><br><\/h4>\n\n\n\n<p><br>Di 24.02.2026 &#8211; So 29.03.2026<\/p>\n<\/div>\n<\/div>\n\n\n\n<div class=\"wp-block-columns is-layout-flex wp-container-core-columns-is-layout-9d6595d7 wp-block-columns-is-layout-flex\">\n<div class=\"wp-block-column has-background is-layout-flow wp-block-column-is-layout-flow\" style=\"background-color:#f7efc3\">\n<figure class=\"wp-block-image size-large is-style-default\"><a href=\"https:\/\/schrittmacherfestival.nl\/de\/embodiment\/\"><img data-recalc-dims=\"1\" loading=\"lazy\" decoding=\"async\" width=\"640\" height=\"267\" src=\"https:\/\/i0.wp.com\/schrittmacherfestival.nl\/wp-content\/uploads\/2025\/12\/LA-ULTIMA-ASCENSION_Still-3-e1765443180642-1024x427.png?resize=640%2C267&#038;ssl=1\" alt=\"\" class=\"wp-image-12482\" srcset=\"https:\/\/i0.wp.com\/schrittmacherfestival.nl\/wp-content\/uploads\/2025\/12\/LA-ULTIMA-ASCENSION_Still-3-e1765443180642.png?resize=1024%2C427&amp;ssl=1 1024w, https:\/\/i0.wp.com\/schrittmacherfestival.nl\/wp-content\/uploads\/2025\/12\/LA-ULTIMA-ASCENSION_Still-3-e1765443180642.png?resize=300%2C125&amp;ssl=1 300w, https:\/\/i0.wp.com\/schrittmacherfestival.nl\/wp-content\/uploads\/2025\/12\/LA-ULTIMA-ASCENSION_Still-3-e1765443180642.png?resize=768%2C320&amp;ssl=1 768w, https:\/\/i0.wp.com\/schrittmacherfestival.nl\/wp-content\/uploads\/2025\/12\/LA-ULTIMA-ASCENSION_Still-3-e1765443180642.png?resize=31%2C13&amp;ssl=1 31w, https:\/\/i0.wp.com\/schrittmacherfestival.nl\/wp-content\/uploads\/2025\/12\/LA-ULTIMA-ASCENSION_Still-3-e1765443180642.png?w=1200&amp;ssl=1 1200w\" sizes=\"(max-width: 640px) 100vw, 640px\" \/><\/a><\/figure>\n\n\n\n<h4 class=\"wp-block-heading has-text-color has-link-color wp-elements-b2fe565c377cf9b6ca86ca545b0c140b\" id=\"hofesh-shechter-company-gbr\" style=\"color:#debe0f\"><strong><strong>Embodiment<\/strong><\/strong><br><br><\/h4>\n\n\n\n<h4 class=\"wp-block-heading\"><strong><strong><a href=\"https:\/\/schrittmacherfestival.nl\/de\/embodiment\/\" title=\"\">Cinedans x schrit_macher<\/a><\/strong><\/strong><a href=\"https:\/\/schrittmacherfestival.nl\/de\/embodiment\/\" title=\"\"><br><\/a><\/h4>\n\n\n\n<p><br>Di 24.02.2026 &#8211; So 29.03.2026<\/p>\n<\/div>\n\n\n\n<div class=\"wp-block-column has-background is-layout-flow wp-block-column-is-layout-flow\" style=\"background-color:#f7efc3\">\n<figure class=\"wp-block-image size-large is-style-default\"><a href=\"https:\/\/schrittmacherfestival.nl\/de\/and-then-we-danced\/\"><img data-recalc-dims=\"1\" loading=\"lazy\" decoding=\"async\" width=\"640\" height=\"267\" src=\"https:\/\/i0.wp.com\/schrittmacherfestival.nl\/wp-content\/uploads\/2025\/12\/Film-ATWD-e1765443630161-1024x427.jpeg?resize=640%2C267&#038;ssl=1\" alt=\"\" class=\"wp-image-12488\" srcset=\"https:\/\/i0.wp.com\/schrittmacherfestival.nl\/wp-content\/uploads\/2025\/12\/Film-ATWD-e1765443630161.jpeg?resize=1024%2C427&amp;ssl=1 1024w, https:\/\/i0.wp.com\/schrittmacherfestival.nl\/wp-content\/uploads\/2025\/12\/Film-ATWD-e1765443630161.jpeg?resize=300%2C125&amp;ssl=1 300w, https:\/\/i0.wp.com\/schrittmacherfestival.nl\/wp-content\/uploads\/2025\/12\/Film-ATWD-e1765443630161.jpeg?resize=768%2C320&amp;ssl=1 768w, https:\/\/i0.wp.com\/schrittmacherfestival.nl\/wp-content\/uploads\/2025\/12\/Film-ATWD-e1765443630161.jpeg?resize=31%2C13&amp;ssl=1 31w, https:\/\/i0.wp.com\/schrittmacherfestival.nl\/wp-content\/uploads\/2025\/12\/Film-ATWD-e1765443630161.jpeg?w=1200&amp;ssl=1 1200w\" sizes=\"(max-width: 640px) 100vw, 640px\" \/><\/a><\/figure>\n\n\n\n<h4 class=\"wp-block-heading has-text-color has-link-color wp-elements-5f38f71ccd861b702537d0bdf8484c64\" id=\"hofesh-shechter-company-gbr\" style=\"color:#debe0f\"><strong><strong>And Then We Danced<\/strong><\/strong><br><br><\/h4>\n\n\n\n<h4 class=\"wp-block-heading\"><strong><strong><a href=\"https:\/\/schrittmacherfestival.nl\/de\/and-then-we-danced\/\" title=\"\">FILM<\/a><\/strong><\/strong><br><\/h4>\n\n\n\n<p><br>Mi 25.02.2026 + So 15.03.2026<\/p>\n<\/div>\n\n\n\n<div class=\"wp-block-column has-background is-layout-flow wp-block-column-is-layout-flow\" style=\"background-color:#f7efc3\">\n<figure class=\"wp-block-image size-full is-style-default\"><a href=\"https:\/\/schrittmacherfestival.nl\/de\/exhibition-celestial-metamorphosis\/\"><img data-recalc-dims=\"1\" loading=\"lazy\" decoding=\"async\" width=\"640\" height=\"267\" src=\"https:\/\/i0.wp.com\/schrittmacherfestival.nl\/wp-content\/uploads\/2025\/12\/kadir2-e1765445004350.jpg?resize=640%2C267&#038;ssl=1\" alt=\"\" class=\"wp-image-12494\" srcset=\"https:\/\/i0.wp.com\/schrittmacherfestival.nl\/wp-content\/uploads\/2025\/12\/kadir2-e1765445004350.jpg?w=1200&amp;ssl=1 1200w, https:\/\/i0.wp.com\/schrittmacherfestival.nl\/wp-content\/uploads\/2025\/12\/kadir2-e1765445004350.jpg?resize=300%2C125&amp;ssl=1 300w, https:\/\/i0.wp.com\/schrittmacherfestival.nl\/wp-content\/uploads\/2025\/12\/kadir2-e1765445004350.jpg?resize=1024%2C427&amp;ssl=1 1024w, https:\/\/i0.wp.com\/schrittmacherfestival.nl\/wp-content\/uploads\/2025\/12\/kadir2-e1765445004350.jpg?resize=768%2C320&amp;ssl=1 768w, https:\/\/i0.wp.com\/schrittmacherfestival.nl\/wp-content\/uploads\/2025\/12\/kadir2-e1765445004350.jpg?resize=31%2C13&amp;ssl=1 31w\" sizes=\"(max-width: 640px) 100vw, 640px\" \/><\/a><\/figure>\n\n\n\n<h4 class=\"wp-block-heading has-text-color has-link-color wp-elements-5d1c61fc2e2da9702915374813373784\" id=\"hofesh-shechter-company-gbr\" style=\"color:#debe0f\"><strong><strong>Exhibition CELESTIAL METAMORPHOSIS<\/strong><\/strong><br><\/h4>\n\n\n\n<h4 class=\"wp-block-heading\"><a href=\"https:\/\/schrittmacherfestival.nl\/de\/exhibition-celestial-metamorphosis\/\" title=\"\"><strong>Kadir \u201cAmigo\u201d Memi\u015f <\/strong>(DE\/TR)<\/a><br><\/h4>\n\n\n\n<p><br>So 01.03.2026 &#8211; Sa 07.03.2026<\/p>\n<\/div>\n<\/div>\n\n\n\n<div class=\"wp-block-columns is-layout-flex wp-container-core-columns-is-layout-9d6595d7 wp-block-columns-is-layout-flex\">\n<div class=\"wp-block-column has-background is-layout-flow wp-block-column-is-layout-flow\" style=\"background-color:#f7efc3\">\n<figure class=\"wp-block-image size-large is-style-default\"><a href=\"https:\/\/schrittmacherfestival.nl\/de\/the-labyrinth\/\"><img data-recalc-dims=\"1\" loading=\"lazy\" decoding=\"async\" width=\"640\" height=\"267\" src=\"https:\/\/i0.wp.com\/schrittmacherfestival.nl\/wp-content\/uploads\/2025\/12\/Fabian-Krestel_The-Labyrinth-cChiara-BACCI-IMAG0023-scaled-e1765444518559-1024x427.jpg?resize=640%2C267&#038;ssl=1\" alt=\"\" class=\"wp-image-12491\" srcset=\"https:\/\/i0.wp.com\/schrittmacherfestival.nl\/wp-content\/uploads\/2025\/12\/Fabian-Krestel_The-Labyrinth-cChiara-BACCI-IMAG0023-scaled-e1765444518559.jpg?resize=1024%2C427&amp;ssl=1 1024w, https:\/\/i0.wp.com\/schrittmacherfestival.nl\/wp-content\/uploads\/2025\/12\/Fabian-Krestel_The-Labyrinth-cChiara-BACCI-IMAG0023-scaled-e1765444518559.jpg?resize=300%2C125&amp;ssl=1 300w, https:\/\/i0.wp.com\/schrittmacherfestival.nl\/wp-content\/uploads\/2025\/12\/Fabian-Krestel_The-Labyrinth-cChiara-BACCI-IMAG0023-scaled-e1765444518559.jpg?resize=768%2C320&amp;ssl=1 768w, https:\/\/i0.wp.com\/schrittmacherfestival.nl\/wp-content\/uploads\/2025\/12\/Fabian-Krestel_The-Labyrinth-cChiara-BACCI-IMAG0023-scaled-e1765444518559.jpg?resize=31%2C13&amp;ssl=1 31w, https:\/\/i0.wp.com\/schrittmacherfestival.nl\/wp-content\/uploads\/2025\/12\/Fabian-Krestel_The-Labyrinth-cChiara-BACCI-IMAG0023-scaled-e1765444518559.jpg?w=1200&amp;ssl=1 1200w\" sizes=\"(max-width: 640px) 100vw, 640px\" \/><\/a><\/figure>\n\n\n\n<h4 class=\"wp-block-heading has-text-color has-link-color wp-elements-a1a0b7eca888a953a65e8b6c2ee31162\" id=\"hofesh-shechter-company-gbr\" style=\"color:#debe0f\"><strong><strong>The Labyrinth<\/strong><\/strong><br><br><\/h4>\n\n\n\n<h4 class=\"wp-block-heading\"><a href=\"https:\/\/schrittmacherfestival.nl\/de\/the-labyrinth\/\" title=\"\"><strong>Fabian Krestel <\/strong>(DE\/BE)<\/a><\/h4>\n\n\n\n<p><br><br>So 01.03.2026<\/p>\n<\/div>\n\n\n\n<div class=\"wp-block-column has-background is-layout-flow wp-block-column-is-layout-flow\" style=\"background-color:#f7efc3\">\n<figure class=\"wp-block-image size-full is-style-default\"><a href=\"https:\/\/schrittmacherfestival.nl\/de\/footloose\/\"><img data-recalc-dims=\"1\" loading=\"lazy\" decoding=\"async\" width=\"640\" height=\"267\" src=\"https:\/\/i0.wp.com\/schrittmacherfestival.nl\/wp-content\/uploads\/2025\/12\/MV5BMmRjMzdkZDUtMDRkYi00ZjVkLWJlMjItMmY1MjgwOTQzMzYwXkEyXkFqcGc%40._V1_-e1765445298620.jpg?resize=640%2C267&#038;ssl=1\" alt=\"\" class=\"wp-image-12499\" srcset=\"https:\/\/i0.wp.com\/schrittmacherfestival.nl\/wp-content\/uploads\/2025\/12\/MV5BMmRjMzdkZDUtMDRkYi00ZjVkLWJlMjItMmY1MjgwOTQzMzYwXkEyXkFqcGc%40._V1_-e1765445298620.jpg?w=1200&amp;ssl=1 1200w, https:\/\/i0.wp.com\/schrittmacherfestival.nl\/wp-content\/uploads\/2025\/12\/MV5BMmRjMzdkZDUtMDRkYi00ZjVkLWJlMjItMmY1MjgwOTQzMzYwXkEyXkFqcGc%40._V1_-e1765445298620.jpg?resize=300%2C125&amp;ssl=1 300w, https:\/\/i0.wp.com\/schrittmacherfestival.nl\/wp-content\/uploads\/2025\/12\/MV5BMmRjMzdkZDUtMDRkYi00ZjVkLWJlMjItMmY1MjgwOTQzMzYwXkEyXkFqcGc%40._V1_-e1765445298620.jpg?resize=1024%2C427&amp;ssl=1 1024w, https:\/\/i0.wp.com\/schrittmacherfestival.nl\/wp-content\/uploads\/2025\/12\/MV5BMmRjMzdkZDUtMDRkYi00ZjVkLWJlMjItMmY1MjgwOTQzMzYwXkEyXkFqcGc%40._V1_-e1765445298620.jpg?resize=768%2C320&amp;ssl=1 768w, https:\/\/i0.wp.com\/schrittmacherfestival.nl\/wp-content\/uploads\/2025\/12\/MV5BMmRjMzdkZDUtMDRkYi00ZjVkLWJlMjItMmY1MjgwOTQzMzYwXkEyXkFqcGc%40._V1_-e1765445298620.jpg?resize=31%2C13&amp;ssl=1 31w\" sizes=\"(max-width: 640px) 100vw, 640px\" \/><\/a><\/figure>\n\n\n\n<h4 class=\"wp-block-heading has-text-color has-link-color wp-elements-349767da52706ffc8715340668c1256f\" id=\"hofesh-shechter-company-gbr\" style=\"color:#debe0f\"><strong><strong>Footloose<\/strong><\/strong><br><br><\/h4>\n\n\n\n<h4 class=\"wp-block-heading\"><strong><a href=\"https:\/\/schrittmacherfestival.nl\/de\/footloose\/\" title=\"\">FILM<\/a><\/strong><br><\/h4>\n\n\n\n<p><br>Mi 04.03.2026<\/p>\n<\/div>\n\n\n\n<div class=\"wp-block-column has-background is-layout-flow wp-block-column-is-layout-flow\" style=\"background-color:#f7efc3\">\n<figure class=\"wp-block-image size-large is-style-default\"><a href=\"https:\/\/schrittmacherfestival.nl\/de\/overtour-2\/\"><img data-recalc-dims=\"1\" loading=\"lazy\" decoding=\"async\" width=\"640\" height=\"267\" src=\"https:\/\/i0.wp.com\/schrittmacherfestival.nl\/wp-content\/uploads\/2025\/12\/Overtour-Dir.-Andrea-Zanoli_1-e1765445475958-1024x427.jpg?resize=640%2C267&#038;ssl=1\" alt=\"\" class=\"wp-image-12500\" srcset=\"https:\/\/i0.wp.com\/schrittmacherfestival.nl\/wp-content\/uploads\/2025\/12\/Overtour-Dir.-Andrea-Zanoli_1-e1765445475958.jpg?resize=1024%2C427&amp;ssl=1 1024w, https:\/\/i0.wp.com\/schrittmacherfestival.nl\/wp-content\/uploads\/2025\/12\/Overtour-Dir.-Andrea-Zanoli_1-e1765445475958.jpg?resize=300%2C125&amp;ssl=1 300w, https:\/\/i0.wp.com\/schrittmacherfestival.nl\/wp-content\/uploads\/2025\/12\/Overtour-Dir.-Andrea-Zanoli_1-e1765445475958.jpg?resize=768%2C320&amp;ssl=1 768w, https:\/\/i0.wp.com\/schrittmacherfestival.nl\/wp-content\/uploads\/2025\/12\/Overtour-Dir.-Andrea-Zanoli_1-e1765445475958.jpg?resize=31%2C13&amp;ssl=1 31w, https:\/\/i0.wp.com\/schrittmacherfestival.nl\/wp-content\/uploads\/2025\/12\/Overtour-Dir.-Andrea-Zanoli_1-e1765445475958.jpg?w=1200&amp;ssl=1 1200w\" sizes=\"(max-width: 640px) 100vw, 640px\" \/><\/a><\/figure>\n\n\n\n<h4 class=\"wp-block-heading has-text-color has-link-color wp-elements-1f02345bfbc63ab611071a381e999715\" id=\"hofesh-shechter-company-gbr\" style=\"color:#debe0f\"><strong><strong>Overtour<\/strong><\/strong><br><br><\/h4>\n\n\n\n<h4 class=\"wp-block-heading\"><strong><a href=\"https:\/\/schrittmacherfestival.nl\/de\/overtour-2\/\" title=\"\">FILM<\/a><\/strong><br><\/h4>\n\n\n\n<p><br>Sa 07.03.2026 &#8211; Mo 15.03.2026<\/p>\n<\/div>\n<\/div>\n\n\n\n<div class=\"wp-block-columns is-layout-flex wp-container-core-columns-is-layout-9d6595d7 wp-block-columns-is-layout-flex\">\n<div class=\"wp-block-column has-background is-layout-flow wp-block-column-is-layout-flow\" style=\"background-color:#f7efc3\">\n<figure class=\"wp-block-image size-large is-style-default\"><a href=\"https:\/\/schrittmacherfestival.nl\/de\/pina\/\"><img data-recalc-dims=\"1\" loading=\"lazy\" decoding=\"async\" width=\"640\" height=\"266\" src=\"https:\/\/i0.wp.com\/schrittmacherfestival.nl\/wp-content\/uploads\/2025\/12\/Film-Pina.jpeg?resize=640%2C266&#038;ssl=1\" alt=\"\" class=\"wp-image-12501\"\/><\/a><\/figure>\n\n\n\n<h4 class=\"wp-block-heading has-text-color has-link-color wp-elements-1a7aa3c67145f980b671ed85fb22a07d\" id=\"hofesh-shechter-company-gbr\" style=\"color:#debe0f\"><strong><strong>Pina<\/strong><\/strong><br><br><\/h4>\n\n\n\n<h4 class=\"wp-block-heading\"><strong><a href=\"https:\/\/schrittmacherfestival.nl\/de\/pina\/\" title=\"\">FILM<\/a><\/strong><br><\/h4>\n\n\n\n<p><br>So 08.03.2026 + Mi 18.03.2026<\/p>\n<\/div>\n\n\n\n<div class=\"wp-block-column has-background is-layout-flow wp-block-column-is-layout-flow\" style=\"background-color:#f7efc3\">\n<figure class=\"wp-block-image size-full is-style-default\"><a href=\"https:\/\/schrittmacherfestival.nl\/de\/billy-elliot-i-will-dance-2\/\"><img data-recalc-dims=\"1\" loading=\"lazy\" decoding=\"async\" width=\"640\" height=\"267\" src=\"https:\/\/i0.wp.com\/schrittmacherfestival.nl\/wp-content\/uploads\/2025\/12\/Billy-Elliot_Szenenfoto-e1765445862306.jpg?resize=640%2C267&#038;ssl=1\" alt=\"\" class=\"wp-image-12503\" srcset=\"https:\/\/i0.wp.com\/schrittmacherfestival.nl\/wp-content\/uploads\/2025\/12\/Billy-Elliot_Szenenfoto-e1765445862306.jpg?w=1200&amp;ssl=1 1200w, https:\/\/i0.wp.com\/schrittmacherfestival.nl\/wp-content\/uploads\/2025\/12\/Billy-Elliot_Szenenfoto-e1765445862306.jpg?resize=300%2C125&amp;ssl=1 300w, https:\/\/i0.wp.com\/schrittmacherfestival.nl\/wp-content\/uploads\/2025\/12\/Billy-Elliot_Szenenfoto-e1765445862306.jpg?resize=1024%2C427&amp;ssl=1 1024w, https:\/\/i0.wp.com\/schrittmacherfestival.nl\/wp-content\/uploads\/2025\/12\/Billy-Elliot_Szenenfoto-e1765445862306.jpg?resize=768%2C320&amp;ssl=1 768w, https:\/\/i0.wp.com\/schrittmacherfestival.nl\/wp-content\/uploads\/2025\/12\/Billy-Elliot_Szenenfoto-e1765445862306.jpg?resize=31%2C13&amp;ssl=1 31w\" sizes=\"(max-width: 640px) 100vw, 640px\" \/><\/a><\/figure>\n\n\n\n<h4 class=\"wp-block-heading has-text-color has-link-color wp-elements-10419e7f5fd2a055c8bc37970b605d4a\" id=\"hofesh-shechter-company-gbr\" style=\"color:#debe0f\"><strong>Billy Elliot &#8211; I Will Dance<\/strong><br><br><\/h4>\n\n\n\n<h4 class=\"wp-block-heading\"><a href=\"https:\/\/schrittmacherfestival.nl\/de\/billy-elliot-i-will-dance-2\/\" title=\"\">FILM<\/a><br><\/h4>\n\n\n\n<p><br>Mi 11.03.2026<\/p>\n<\/div>\n\n\n\n<div class=\"wp-block-column has-background is-layout-flow wp-block-column-is-layout-flow\" style=\"background-color:#f7efc3\">\n<figure class=\"wp-block-image size-full is-style-default\"><a href=\"https:\/\/schrittmacherfestival.nl\/de\/honey\/\"><img data-recalc-dims=\"1\" loading=\"lazy\" decoding=\"async\" width=\"640\" height=\"267\" src=\"https:\/\/i0.wp.com\/schrittmacherfestival.nl\/wp-content\/uploads\/2025\/12\/gP4i4OYX8F6ms7I52Kng1BK29g7-scaled-e1765446067506.webp?resize=640%2C267&#038;ssl=1\" alt=\"\" class=\"wp-image-12505\" srcset=\"https:\/\/i0.wp.com\/schrittmacherfestival.nl\/wp-content\/uploads\/2025\/12\/gP4i4OYX8F6ms7I52Kng1BK29g7-scaled-e1765446067506.webp?w=1200&amp;ssl=1 1200w, https:\/\/i0.wp.com\/schrittmacherfestival.nl\/wp-content\/uploads\/2025\/12\/gP4i4OYX8F6ms7I52Kng1BK29g7-scaled-e1765446067506.webp?resize=300%2C125&amp;ssl=1 300w, https:\/\/i0.wp.com\/schrittmacherfestival.nl\/wp-content\/uploads\/2025\/12\/gP4i4OYX8F6ms7I52Kng1BK29g7-scaled-e1765446067506.webp?resize=1024%2C427&amp;ssl=1 1024w, https:\/\/i0.wp.com\/schrittmacherfestival.nl\/wp-content\/uploads\/2025\/12\/gP4i4OYX8F6ms7I52Kng1BK29g7-scaled-e1765446067506.webp?resize=768%2C320&amp;ssl=1 768w, https:\/\/i0.wp.com\/schrittmacherfestival.nl\/wp-content\/uploads\/2025\/12\/gP4i4OYX8F6ms7I52Kng1BK29g7-scaled-e1765446067506.webp?resize=31%2C13&amp;ssl=1 31w\" sizes=\"(max-width: 640px) 100vw, 640px\" \/><\/a><\/figure>\n\n\n\n<h4 class=\"wp-block-heading has-text-color has-link-color wp-elements-e488378c148d383ed6318b699eac7068\" id=\"hofesh-shechter-company-gbr\" style=\"color:#debe0f\"><strong><strong>Honey<\/strong><\/strong><br><br><\/h4>\n\n\n\n<h4 class=\"wp-block-heading\"><strong><a href=\"https:\/\/schrittmacherfestival.nl\/de\/honey\/\" title=\"\">FILM<\/a><\/strong><br><\/h4>\n\n\n\n<p><br>Mi 25.03.2026<\/p>\n<\/div>\n<\/div>\n\n\n\n<div class=\"wp-block-columns is-layout-flex wp-container-core-columns-is-layout-9d6595d7 wp-block-columns-is-layout-flex\">\n<div class=\"wp-block-column has-background is-layout-flow wp-block-column-is-layout-flow\" style=\"background-color:#f7efc3\">\n<figure class=\"wp-block-image size-large is-style-default\"><a href=\"https:\/\/schrittmacherfestival.nl\/de\/la-singla-2\/\"><img data-recalc-dims=\"1\" loading=\"lazy\" decoding=\"async\" width=\"640\" height=\"267\" src=\"https:\/\/i0.wp.com\/schrittmacherfestival.nl\/wp-content\/uploads\/2025\/12\/17-LA-SINGLA-scaled-e1765446251628-1024x427.jpg?resize=640%2C267&#038;ssl=1\" alt=\"\" class=\"wp-image-12506\" srcset=\"https:\/\/i0.wp.com\/schrittmacherfestival.nl\/wp-content\/uploads\/2025\/12\/17-LA-SINGLA-scaled-e1765446251628.jpg?resize=1024%2C427&amp;ssl=1 1024w, https:\/\/i0.wp.com\/schrittmacherfestival.nl\/wp-content\/uploads\/2025\/12\/17-LA-SINGLA-scaled-e1765446251628.jpg?resize=300%2C125&amp;ssl=1 300w, https:\/\/i0.wp.com\/schrittmacherfestival.nl\/wp-content\/uploads\/2025\/12\/17-LA-SINGLA-scaled-e1765446251628.jpg?resize=768%2C320&amp;ssl=1 768w, https:\/\/i0.wp.com\/schrittmacherfestival.nl\/wp-content\/uploads\/2025\/12\/17-LA-SINGLA-scaled-e1765446251628.jpg?resize=31%2C13&amp;ssl=1 31w, https:\/\/i0.wp.com\/schrittmacherfestival.nl\/wp-content\/uploads\/2025\/12\/17-LA-SINGLA-scaled-e1765446251628.jpg?w=1200&amp;ssl=1 1200w\" sizes=\"(max-width: 640px) 100vw, 640px\" \/><\/a><\/figure>\n\n\n\n<h4 class=\"wp-block-heading has-text-color has-link-color wp-elements-2e8fb846fbad000c9627ae0caff5a007\" id=\"hofesh-shechter-company-gbr\" style=\"color:#debe0f\"><strong>La Singla<\/strong><br><br><\/h4>\n\n\n\n<h4 class=\"wp-block-heading\"><strong><a href=\"https:\/\/schrittmacherfestival.nl\/de\/la-singla-2\/\" title=\"\">FILM<\/a><\/strong><br><\/h4>\n\n\n\n<p><br>So 29.03.2026<\/p>\n<\/div>\n\n\n\n<div class=\"wp-block-column is-layout-flow wp-block-column-is-layout-flow\">\n<h4 class=\"wp-block-heading has-text-color has-link-color wp-elements-c490791e06eedff3e8e3686509a24773\" id=\"hofesh-shechter-company-gbr\" style=\"color:#debe0f\"><br><br><\/h4>\n\n\n\n<h4 class=\"wp-block-heading\"><br><\/h4>\n\n\n\n<p><br><\/p>\n<\/div>\n\n\n\n<div class=\"wp-block-column is-layout-flow wp-block-column-is-layout-flow\">\n<h4 class=\"wp-block-heading has-text-color has-link-color wp-elements-c490791e06eedff3e8e3686509a24773\" id=\"hofesh-shechter-company-gbr\" style=\"color:#debe0f\"><br><br><\/h4>\n\n\n\n<h4 class=\"wp-block-heading\"><br><\/h4>\n\n\n\n<p><br><\/p>\n<\/div>\n<\/div>\n\n\n\n<hr class=\"wp-block-separator has-css-opacity\"\/>\n\n\n\n<h2 class=\"wp-block-heading has-text-color has-link-color wp-elements-a3d410fbfe68740884ba5b75f4cba5a1\" style=\"color:#729096\">EXCHANGE<\/h2>\n\n\n\n<div class=\"wp-block-columns is-layout-flex wp-container-core-columns-is-layout-9d6595d7 wp-block-columns-is-layout-flex\">\n<div class=\"wp-block-column has-background is-layout-flow wp-block-column-is-layout-flow\" style=\"background-color:#dce3e5\">\n<figure class=\"wp-block-image size-large is-style-default\"><a href=\"https:\/\/schrittmacherfestival.nl\/de\/online-2\/\"><img data-recalc-dims=\"1\" loading=\"lazy\" decoding=\"async\" width=\"640\" height=\"267\" src=\"https:\/\/i0.wp.com\/schrittmacherfestival.nl\/wp-content\/uploads\/2025\/12\/Videoportret-Dickson_2-e1765530423721-1024x427.png?resize=640%2C267&#038;ssl=1\" alt=\"\" class=\"wp-image-12723\" srcset=\"https:\/\/i0.wp.com\/schrittmacherfestival.nl\/wp-content\/uploads\/2025\/12\/Videoportret-Dickson_2-e1765530423721.png?resize=1024%2C427&amp;ssl=1 1024w, https:\/\/i0.wp.com\/schrittmacherfestival.nl\/wp-content\/uploads\/2025\/12\/Videoportret-Dickson_2-e1765530423721.png?resize=300%2C125&amp;ssl=1 300w, https:\/\/i0.wp.com\/schrittmacherfestival.nl\/wp-content\/uploads\/2025\/12\/Videoportret-Dickson_2-e1765530423721.png?resize=768%2C320&amp;ssl=1 768w, https:\/\/i0.wp.com\/schrittmacherfestival.nl\/wp-content\/uploads\/2025\/12\/Videoportret-Dickson_2-e1765530423721.png?resize=31%2C13&amp;ssl=1 31w, https:\/\/i0.wp.com\/schrittmacherfestival.nl\/wp-content\/uploads\/2025\/12\/Videoportret-Dickson_2-e1765530423721.png?w=1200&amp;ssl=1 1200w\" sizes=\"(max-width: 640px) 100vw, 640px\" \/><\/a><\/figure>\n\n\n\n<h4 class=\"wp-block-heading has-text-color has-link-color wp-elements-285e84a8e20b04a35ae27c71b3fac693\" id=\"hofesh-shechter-company-gbr\" style=\"color:#729096\"><strong><strong>Video portraits<\/strong><\/strong><br><br><\/h4>\n\n\n\n<h4 class=\"wp-block-heading\"><strong><a href=\"https:\/\/schrittmacherfestival.nl\/de\/online-2\/\" title=\"\">What moves the creators<\/a><\/strong><br><br><\/h4>\n\n\n\n<p><br>Online<\/p>\n<\/div>\n\n\n\n<div class=\"wp-block-column has-background is-layout-flow wp-block-column-is-layout-flow\" style=\"background-color:#dce3e5\">\n<figure class=\"wp-block-image size-large is-style-default\"><a href=\"https:\/\/schrittmacherfestival.nl\/de\/introductions-aftertalks\/\"><img data-recalc-dims=\"1\" loading=\"lazy\" decoding=\"async\" width=\"640\" height=\"267\" src=\"https:\/\/i0.wp.com\/schrittmacherfestival.nl\/wp-content\/uploads\/2025\/12\/Introduction-aftertalk-Jean-Pierre-Geusens-e1765530769332-1024x427.jpg?resize=640%2C267&#038;ssl=1\" alt=\"\" class=\"wp-image-12726\" srcset=\"https:\/\/i0.wp.com\/schrittmacherfestival.nl\/wp-content\/uploads\/2025\/12\/Introduction-aftertalk-Jean-Pierre-Geusens-e1765530769332.jpg?resize=1024%2C427&amp;ssl=1 1024w, https:\/\/i0.wp.com\/schrittmacherfestival.nl\/wp-content\/uploads\/2025\/12\/Introduction-aftertalk-Jean-Pierre-Geusens-e1765530769332.jpg?resize=300%2C125&amp;ssl=1 300w, https:\/\/i0.wp.com\/schrittmacherfestival.nl\/wp-content\/uploads\/2025\/12\/Introduction-aftertalk-Jean-Pierre-Geusens-e1765530769332.jpg?resize=768%2C320&amp;ssl=1 768w, https:\/\/i0.wp.com\/schrittmacherfestival.nl\/wp-content\/uploads\/2025\/12\/Introduction-aftertalk-Jean-Pierre-Geusens-e1765530769332.jpg?resize=31%2C13&amp;ssl=1 31w, https:\/\/i0.wp.com\/schrittmacherfestival.nl\/wp-content\/uploads\/2025\/12\/Introduction-aftertalk-Jean-Pierre-Geusens-e1765530769332.jpg?w=1200&amp;ssl=1 1200w\" sizes=\"(max-width: 640px) 100vw, 640px\" \/><\/a><\/figure>\n\n\n\n<h4 class=\"wp-block-heading has-text-color has-link-color wp-elements-080a608057446b5a450f911317e4053d\" id=\"hofesh-shechter-company-gbr\" style=\"color:#729096\"><strong>Introductions &amp; Aftertalks<\/strong><br><br><\/h4>\n\n\n\n<h4 class=\"wp-block-heading\"><strong><a href=\"https:\/\/schrittmacherfestival.nl\/de\/introductions-aftertalks\/\" title=\"\">Free &#8211; 4,00 \u20ac<\/a><\/strong><br><br><\/h4>\n\n\n\n<p><br>Di 24.02.2026 &#8211; Sa 28.03.2026<\/p>\n<\/div>\n\n\n\n<div class=\"wp-block-column has-background is-layout-flow wp-block-column-is-layout-flow\" style=\"background-color:#dce3e5\">\n<figure class=\"wp-block-image size-large is-style-default\"><a href=\"https:\/\/schrittmacherfestival.nl\/de\/schrit_tmacher-party\/\"><img data-recalc-dims=\"1\" loading=\"lazy\" decoding=\"async\" width=\"640\" height=\"267\" src=\"https:\/\/i0.wp.com\/schrittmacherfestival.nl\/wp-content\/uploads\/2025\/12\/Bild_Parties_c_Chris-Kukulis-e1765531009533-1024x427.jpg?resize=640%2C267&#038;ssl=1\" alt=\"\" class=\"wp-image-12727\" srcset=\"https:\/\/i0.wp.com\/schrittmacherfestival.nl\/wp-content\/uploads\/2025\/12\/Bild_Parties_c_Chris-Kukulis-e1765531009533.jpg?resize=1024%2C427&amp;ssl=1 1024w, https:\/\/i0.wp.com\/schrittmacherfestival.nl\/wp-content\/uploads\/2025\/12\/Bild_Parties_c_Chris-Kukulis-e1765531009533.jpg?resize=300%2C125&amp;ssl=1 300w, https:\/\/i0.wp.com\/schrittmacherfestival.nl\/wp-content\/uploads\/2025\/12\/Bild_Parties_c_Chris-Kukulis-e1765531009533.jpg?resize=768%2C320&amp;ssl=1 768w, https:\/\/i0.wp.com\/schrittmacherfestival.nl\/wp-content\/uploads\/2025\/12\/Bild_Parties_c_Chris-Kukulis-e1765531009533.jpg?resize=31%2C13&amp;ssl=1 31w, https:\/\/i0.wp.com\/schrittmacherfestival.nl\/wp-content\/uploads\/2025\/12\/Bild_Parties_c_Chris-Kukulis-e1765531009533.jpg?w=1200&amp;ssl=1 1200w\" sizes=\"(max-width: 640px) 100vw, 640px\" \/><\/a><\/figure>\n\n\n\n<h4 class=\"wp-block-heading has-text-color has-link-color wp-elements-2538d6724f1301c1d96a2729074cb81e\" id=\"hofesh-shechter-company-gbr\" style=\"color:#729096\"><strong>schrit_tmacher Party<\/strong><br><br><\/h4>\n\n\n\n<h4 class=\"wp-block-heading\"><strong><strong><a href=\"https:\/\/schrittmacherfestival.nl\/de\/schrit_tmacher-party\/\" title=\"\">Er\u00f6ffnung des Festivals Aachen<\/a><\/strong><\/strong><br><br><\/h4>\n\n\n\n<p><br>Sa 28.02.2026<\/p>\n<\/div>\n<\/div>\n\n\n\n<div class=\"wp-block-columns is-layout-flex wp-container-core-columns-is-layout-9d6595d7 wp-block-columns-is-layout-flex\">\n<div class=\"wp-block-column has-background is-layout-flow wp-block-column-is-layout-flow\" style=\"background-color:#dce3e5\">\n<figure class=\"wp-block-image size-large is-style-default\"><a href=\"https:\/\/schrittmacherfestival.nl\/de\/artist-talk-i-think-in-movements\/\"><img data-recalc-dims=\"1\" loading=\"lazy\" decoding=\"async\" width=\"640\" height=\"267\" src=\"https:\/\/i0.wp.com\/schrittmacherfestival.nl\/wp-content\/uploads\/2025\/12\/kadir2-e1765445004350-1024x427.jpg?resize=640%2C267&#038;ssl=1\" alt=\"\" class=\"wp-image-12494\" srcset=\"https:\/\/i0.wp.com\/schrittmacherfestival.nl\/wp-content\/uploads\/2025\/12\/kadir2-e1765445004350.jpg?resize=1024%2C427&amp;ssl=1 1024w, https:\/\/i0.wp.com\/schrittmacherfestival.nl\/wp-content\/uploads\/2025\/12\/kadir2-e1765445004350.jpg?resize=300%2C125&amp;ssl=1 300w, https:\/\/i0.wp.com\/schrittmacherfestival.nl\/wp-content\/uploads\/2025\/12\/kadir2-e1765445004350.jpg?resize=768%2C320&amp;ssl=1 768w, https:\/\/i0.wp.com\/schrittmacherfestival.nl\/wp-content\/uploads\/2025\/12\/kadir2-e1765445004350.jpg?resize=31%2C13&amp;ssl=1 31w, https:\/\/i0.wp.com\/schrittmacherfestival.nl\/wp-content\/uploads\/2025\/12\/kadir2-e1765445004350.jpg?w=1200&amp;ssl=1 1200w\" sizes=\"(max-width: 640px) 100vw, 640px\" \/><\/a><\/figure>\n\n\n\n<h4 class=\"wp-block-heading has-text-color has-link-color wp-elements-4e093ce4fe86866f78c010f2b40cc548\" id=\"hofesh-shechter-company-gbr\" style=\"color:#729096\"><strong>Artist talk \u201cI think in movements\u201d<\/strong><br><br><\/h4>\n\n\n\n<h4 class=\"wp-block-heading\"><strong><a href=\"https:\/\/schrittmacherfestival.nl\/de\/artist-talk-i-think-in-movements\/\" title=\"\"><strong>Kadir \u201cAmigo\u201d Memi\u015f <\/strong>(DE\/TR)<\/a><\/strong><br><br><\/h4>\n\n\n\n<p><br>So 01.03.2026 + Fr 06.03.2026<\/p>\n<\/div>\n\n\n\n<div class=\"wp-block-column has-background is-layout-flow wp-block-column-is-layout-flow\" style=\"background-color:#dce3e5\">\n<figure class=\"wp-block-image size-large is-style-default\"><a href=\"https:\/\/schrittmacherfestival.nl\/de\/improperformance-into-contact-jam\/\"><img data-recalc-dims=\"1\" loading=\"lazy\" decoding=\"async\" width=\"640\" height=\"267\" src=\"https:\/\/i0.wp.com\/schrittmacherfestival.nl\/wp-content\/uploads\/2025\/12\/Ariane-Puhr-15.03.-CI-PerformanceJam-c-Patrick-Beelaert-scaled-e1765532025677-1024x427.jpg?resize=640%2C267&#038;ssl=1\" alt=\"\" class=\"wp-image-12732\" srcset=\"https:\/\/i0.wp.com\/schrittmacherfestival.nl\/wp-content\/uploads\/2025\/12\/Ariane-Puhr-15.03.-CI-PerformanceJam-c-Patrick-Beelaert-scaled-e1765532025677.jpg?resize=1024%2C427&amp;ssl=1 1024w, https:\/\/i0.wp.com\/schrittmacherfestival.nl\/wp-content\/uploads\/2025\/12\/Ariane-Puhr-15.03.-CI-PerformanceJam-c-Patrick-Beelaert-scaled-e1765532025677.jpg?resize=300%2C125&amp;ssl=1 300w, https:\/\/i0.wp.com\/schrittmacherfestival.nl\/wp-content\/uploads\/2025\/12\/Ariane-Puhr-15.03.-CI-PerformanceJam-c-Patrick-Beelaert-scaled-e1765532025677.jpg?resize=768%2C320&amp;ssl=1 768w, https:\/\/i0.wp.com\/schrittmacherfestival.nl\/wp-content\/uploads\/2025\/12\/Ariane-Puhr-15.03.-CI-PerformanceJam-c-Patrick-Beelaert-scaled-e1765532025677.jpg?resize=31%2C13&amp;ssl=1 31w, https:\/\/i0.wp.com\/schrittmacherfestival.nl\/wp-content\/uploads\/2025\/12\/Ariane-Puhr-15.03.-CI-PerformanceJam-c-Patrick-Beelaert-scaled-e1765532025677.jpg?w=1200&amp;ssl=1 1200w\" sizes=\"(max-width: 640px) 100vw, 640px\" \/><\/a><\/figure>\n\n\n\n<h4 class=\"wp-block-heading has-text-color has-link-color wp-elements-645e66d02ed8dfd7e2e40bd1937f948b\" id=\"hofesh-shechter-company-gbr\" style=\"color:#729096\"><strong>ImproPerformance into Contact Jam<\/strong><br><\/h4>\n\n\n\n<h4 class=\"wp-block-heading\"><strong><a href=\"https:\/\/schrittmacherfestival.nl\/de\/improperformance-into-contact-jam\/\" title=\"\"><strong>Ariane Puhr &amp; ContactImpro Aachen <\/strong>(DE)<\/a><\/strong><br><\/h4>\n\n\n\n<p><br>So 01.03.2026 + So 15.03.2026<\/p>\n<\/div>\n\n\n\n<div class=\"wp-block-column has-background is-layout-flow wp-block-column-is-layout-flow\" style=\"background-color:#dce3e5\">\n<figure class=\"wp-block-image size-large is-style-default\"><a href=\"https:\/\/schrittmacherfestival.nl\/de\/masterclass-in-c\/\"><img data-recalc-dims=\"1\" loading=\"lazy\" decoding=\"async\" width=\"640\" height=\"267\" src=\"https:\/\/i0.wp.com\/schrittmacherfestival.nl\/wp-content\/uploads\/2025\/12\/Masterclass-In-C-Annette-en-Tijmen-Luc-Lodder-2-scaled-e1765532217865-1024x427.jpg?resize=640%2C267&#038;ssl=1\" alt=\"\" class=\"wp-image-12733\" srcset=\"https:\/\/i0.wp.com\/schrittmacherfestival.nl\/wp-content\/uploads\/2025\/12\/Masterclass-In-C-Annette-en-Tijmen-Luc-Lodder-2-scaled-e1765532217865.jpg?resize=1024%2C427&amp;ssl=1 1024w, https:\/\/i0.wp.com\/schrittmacherfestival.nl\/wp-content\/uploads\/2025\/12\/Masterclass-In-C-Annette-en-Tijmen-Luc-Lodder-2-scaled-e1765532217865.jpg?resize=300%2C125&amp;ssl=1 300w, https:\/\/i0.wp.com\/schrittmacherfestival.nl\/wp-content\/uploads\/2025\/12\/Masterclass-In-C-Annette-en-Tijmen-Luc-Lodder-2-scaled-e1765532217865.jpg?resize=768%2C320&amp;ssl=1 768w, https:\/\/i0.wp.com\/schrittmacherfestival.nl\/wp-content\/uploads\/2025\/12\/Masterclass-In-C-Annette-en-Tijmen-Luc-Lodder-2-scaled-e1765532217865.jpg?resize=31%2C13&amp;ssl=1 31w, https:\/\/i0.wp.com\/schrittmacherfestival.nl\/wp-content\/uploads\/2025\/12\/Masterclass-In-C-Annette-en-Tijmen-Luc-Lodder-2-scaled-e1765532217865.jpg?w=1200&amp;ssl=1 1200w\" sizes=\"(max-width: 640px) 100vw, 640px\" \/><\/a><\/figure>\n\n\n\n<h4 class=\"wp-block-heading has-text-color has-link-color wp-elements-a8f713198f80b56e99942c3c4b93998f\" id=\"hofesh-shechter-company-gbr\" style=\"color:#729096\"><strong><strong><strong>Masterclass In C<\/strong><\/strong><\/strong><br><br><\/h4>\n\n\n\n<h4 class=\"wp-block-heading\"><strong><strong><a href=\"https:\/\/schrittmacherfestival.nl\/de\/masterclass-in-c\/\" title=\"\">Apple Pie Matinee<\/a><\/strong><\/strong><br><br><\/h4>\n\n\n\n<p><br>Do 05.03.2026<\/p>\n<\/div>\n<\/div>\n\n\n\n<div class=\"wp-block-columns is-layout-flex wp-container-core-columns-is-layout-9d6595d7 wp-block-columns-is-layout-flex\">\n<div class=\"wp-block-column has-background is-layout-flow wp-block-column-is-layout-flow\" style=\"background-color:#dce3e5\">\n<figure class=\"wp-block-image size-large is-style-default\"><a href=\"https:\/\/schrittmacherfestival.nl\/de\/schrit_cafe\/\"><img data-recalc-dims=\"1\" loading=\"lazy\" decoding=\"async\" width=\"640\" height=\"271\" src=\"https:\/\/i0.wp.com\/schrittmacherfestival.nl\/wp-content\/uploads\/2025\/12\/IMG_8371-e1765533386273-1024x433.jpg?resize=640%2C271&#038;ssl=1\" alt=\"\" class=\"wp-image-12739\" srcset=\"https:\/\/i0.wp.com\/schrittmacherfestival.nl\/wp-content\/uploads\/2025\/12\/IMG_8371-e1765533386273.jpg?resize=1024%2C433&amp;ssl=1 1024w, https:\/\/i0.wp.com\/schrittmacherfestival.nl\/wp-content\/uploads\/2025\/12\/IMG_8371-e1765533386273.jpg?resize=300%2C127&amp;ssl=1 300w, https:\/\/i0.wp.com\/schrittmacherfestival.nl\/wp-content\/uploads\/2025\/12\/IMG_8371-e1765533386273.jpg?resize=768%2C325&amp;ssl=1 768w, https:\/\/i0.wp.com\/schrittmacherfestival.nl\/wp-content\/uploads\/2025\/12\/IMG_8371-e1765533386273.jpg?resize=31%2C13&amp;ssl=1 31w, https:\/\/i0.wp.com\/schrittmacherfestival.nl\/wp-content\/uploads\/2025\/12\/IMG_8371-e1765533386273.jpg?w=1168&amp;ssl=1 1168w\" sizes=\"(max-width: 640px) 100vw, 640px\" \/><\/a><\/figure>\n\n\n\n<h4 class=\"wp-block-heading has-text-color has-link-color wp-elements-f5ac1f2d37ed776cdd373f717f33cfc9\" id=\"hofesh-shechter-company-gbr\" style=\"color:#729096\"><strong>schrit_Caf\u00e9<\/strong><br><br><\/h4>\n\n\n\n<h4 class=\"wp-block-heading\"><strong><a href=\"https:\/\/schrittmacherfestival.nl\/de\/schrit_cafe\/\" title=\"\">Caf\u00e9 Vers Aachen<\/a><\/strong><br><br><\/h4>\n\n\n\n<p><br>Fr 06.03.2026 + wo 18.03.2026 + Do 26.03.2026<\/p>\n<\/div>\n\n\n\n<div class=\"wp-block-column has-background is-layout-flow wp-block-column-is-layout-flow\" style=\"background-color:#dce3e5\">\n<figure class=\"wp-block-image size-large is-style-default\"><a href=\"https:\/\/schrittmacherfestival.nl\/de\/dancing-and-the-brain\/\"><img data-recalc-dims=\"1\" loading=\"lazy\" decoding=\"async\" width=\"640\" height=\"267\" src=\"https:\/\/i0.wp.com\/schrittmacherfestival.nl\/wp-content\/uploads\/2025\/12\/250912-Brankele_Frank-_header-e1765533597561-1024x427.png?resize=640%2C267&#038;ssl=1\" alt=\"\" class=\"wp-image-12742\" srcset=\"https:\/\/i0.wp.com\/schrittmacherfestival.nl\/wp-content\/uploads\/2025\/12\/250912-Brankele_Frank-_header-e1765533597561.png?resize=1024%2C427&amp;ssl=1 1024w, https:\/\/i0.wp.com\/schrittmacherfestival.nl\/wp-content\/uploads\/2025\/12\/250912-Brankele_Frank-_header-e1765533597561.png?resize=300%2C125&amp;ssl=1 300w, https:\/\/i0.wp.com\/schrittmacherfestival.nl\/wp-content\/uploads\/2025\/12\/250912-Brankele_Frank-_header-e1765533597561.png?resize=768%2C320&amp;ssl=1 768w, https:\/\/i0.wp.com\/schrittmacherfestival.nl\/wp-content\/uploads\/2025\/12\/250912-Brankele_Frank-_header-e1765533597561.png?resize=31%2C13&amp;ssl=1 31w, https:\/\/i0.wp.com\/schrittmacherfestival.nl\/wp-content\/uploads\/2025\/12\/250912-Brankele_Frank-_header-e1765533597561.png?w=1200&amp;ssl=1 1200w\" sizes=\"(max-width: 640px) 100vw, 640px\" \/><\/a><\/figure>\n\n\n\n<h4 class=\"wp-block-heading has-text-color has-link-color wp-elements-6b3bfa3a72659ae877237b9aac773d6d\" id=\"hofesh-shechter-company-gbr\" style=\"color:#729096\"><strong><strong><strong>Dancing and the Brain<\/strong><\/strong><\/strong><br><br><\/h4>\n\n\n\n<h4 class=\"wp-block-heading\"><strong><strong><a href=\"https:\/\/schrittmacherfestival.nl\/de\/dancing-and-the-brain\/\" title=\"\">Lecture<\/a><\/strong><\/strong><br><br><\/h4>\n\n\n\n<p><br>Fr 13.03.2026<\/p>\n<\/div>\n\n\n\n<div class=\"wp-block-column has-background is-layout-flow wp-block-column-is-layout-flow\" style=\"background-color:#dce3e5\">\n<figure class=\"wp-block-image size-large is-style-default\"><a href=\"https:\/\/schrittmacherfestival.nl\/de\/desire\/\"><img data-recalc-dims=\"1\" loading=\"lazy\" decoding=\"async\" width=\"640\" height=\"267\" src=\"https:\/\/i0.wp.com\/schrittmacherfestival.nl\/wp-content\/uploads\/2025\/12\/DSC_3920-scaled-e1765533837104-1024x427.jpg?resize=640%2C267&#038;ssl=1\" alt=\"\" class=\"wp-image-12743\" srcset=\"https:\/\/i0.wp.com\/schrittmacherfestival.nl\/wp-content\/uploads\/2025\/12\/DSC_3920-scaled-e1765533837104.jpg?resize=1024%2C427&amp;ssl=1 1024w, https:\/\/i0.wp.com\/schrittmacherfestival.nl\/wp-content\/uploads\/2025\/12\/DSC_3920-scaled-e1765533837104.jpg?resize=300%2C125&amp;ssl=1 300w, https:\/\/i0.wp.com\/schrittmacherfestival.nl\/wp-content\/uploads\/2025\/12\/DSC_3920-scaled-e1765533837104.jpg?resize=768%2C320&amp;ssl=1 768w, https:\/\/i0.wp.com\/schrittmacherfestival.nl\/wp-content\/uploads\/2025\/12\/DSC_3920-scaled-e1765533837104.jpg?resize=31%2C13&amp;ssl=1 31w, https:\/\/i0.wp.com\/schrittmacherfestival.nl\/wp-content\/uploads\/2025\/12\/DSC_3920-scaled-e1765533837104.jpg?w=1200&amp;ssl=1 1200w\" sizes=\"(max-width: 640px) 100vw, 640px\" \/><\/a><\/figure>\n\n\n\n<h4 class=\"wp-block-heading has-text-color has-link-color wp-elements-8f67d5427434a60a5f3106caed000f08\" id=\"hofesh-shechter-company-gbr\" style=\"color:#729096\"><strong><strong><strong>DESIRE<\/strong><\/strong><\/strong><br><br><\/h4>\n\n\n\n<h4 class=\"wp-block-heading\"><strong><strong><a href=\"https:\/\/schrittmacherfestival.nl\/de\/desire\/\" title=\"\">Inclusive Dance Creation<\/a><\/strong><\/strong><br><br><\/h4>\n\n\n\n<p><br>Fr 13.03.2026<\/p>\n<\/div>\n<\/div>\n\n\n\n<div class=\"wp-block-columns is-layout-flex wp-container-core-columns-is-layout-9d6595d7 wp-block-columns-is-layout-flex\">\n<div class=\"wp-block-column has-background is-layout-flow wp-block-column-is-layout-flow\" style=\"background-color:#dce3e5\">\n<figure class=\"wp-block-image size-full is-style-default\"><a href=\"https:\/\/schrittmacherfestival.nl\/de\/interactive-lecture-touch-why-and-to-what-extent-do-we-benefit-from-it-when-we-dance-ci\/\"><img data-recalc-dims=\"1\" loading=\"lazy\" decoding=\"async\" width=\"600\" height=\"250\" src=\"https:\/\/i0.wp.com\/schrittmacherfestival.nl\/wp-content\/uploads\/2025\/12\/474645088_2072833606474022_2793396944777704641_n-1024x749-1-e1765535257740.jpg?resize=600%2C250&#038;ssl=1\" alt=\"\" class=\"wp-image-12766\" srcset=\"https:\/\/i0.wp.com\/schrittmacherfestival.nl\/wp-content\/uploads\/2025\/12\/474645088_2072833606474022_2793396944777704641_n-1024x749-1-e1765535257740.jpg?w=600&amp;ssl=1 600w, https:\/\/i0.wp.com\/schrittmacherfestival.nl\/wp-content\/uploads\/2025\/12\/474645088_2072833606474022_2793396944777704641_n-1024x749-1-e1765535257740.jpg?resize=300%2C125&amp;ssl=1 300w, https:\/\/i0.wp.com\/schrittmacherfestival.nl\/wp-content\/uploads\/2025\/12\/474645088_2072833606474022_2793396944777704641_n-1024x749-1-e1765535257740.jpg?resize=31%2C13&amp;ssl=1 31w\" sizes=\"(max-width: 600px) 100vw, 600px\" \/><\/a><\/figure>\n\n\n\n<h4 class=\"wp-block-heading has-text-color has-link-color wp-elements-ea57896cfb5df42ad5b21b2fd9937d47\" id=\"hofesh-shechter-company-gbr\" style=\"color:#729096\"><strong><strong><strong>Interactive Lecture<\/strong><\/strong><\/strong><br><br><\/h4>\n\n\n\n<h4 class=\"wp-block-heading\"><strong><a href=\"https:\/\/schrittmacherfestival.nl\/de\/interactive-lecture-touch-why-and-to-what-extent-do-we-benefit-from-it-when-we-dance-ci\/\" title=\"\"><strong>Ariane Puhr<\/strong> (DE)<\/a><\/strong><br><br><\/h4>\n\n\n\n<p><br>Sa 14.03.2026<\/p>\n<\/div>\n\n\n\n<div class=\"wp-block-column has-background is-layout-flow wp-block-column-is-layout-flow\" style=\"background-color:#dce3e5\">\n<figure class=\"wp-block-image size-full is-style-default\"><a href=\"https:\/\/schrittmacherfestival.nl\/de\/movement-of-the-soul\/\"><img data-recalc-dims=\"1\" loading=\"lazy\" decoding=\"async\" width=\"600\" height=\"251\" src=\"https:\/\/i0.wp.com\/schrittmacherfestival.nl\/wp-content\/uploads\/2025\/12\/smf26_EXCHANGE_Movement-of-the-Soul-by-Shurick-Jantje_004-e1765534473705.jpg?resize=600%2C251&#038;ssl=1\" alt=\"\" class=\"wp-image-12745\" srcset=\"https:\/\/i0.wp.com\/schrittmacherfestival.nl\/wp-content\/uploads\/2025\/12\/smf26_EXCHANGE_Movement-of-the-Soul-by-Shurick-Jantje_004-e1765534473705.jpg?w=600&amp;ssl=1 600w, https:\/\/i0.wp.com\/schrittmacherfestival.nl\/wp-content\/uploads\/2025\/12\/smf26_EXCHANGE_Movement-of-the-Soul-by-Shurick-Jantje_004-e1765534473705.jpg?resize=300%2C126&amp;ssl=1 300w, https:\/\/i0.wp.com\/schrittmacherfestival.nl\/wp-content\/uploads\/2025\/12\/smf26_EXCHANGE_Movement-of-the-Soul-by-Shurick-Jantje_004-e1765534473705.jpg?resize=31%2C13&amp;ssl=1 31w\" sizes=\"(max-width: 600px) 100vw, 600px\" \/><\/a><\/figure>\n\n\n\n<h4 class=\"wp-block-heading has-text-color has-link-color wp-elements-985d4ffa322a9e59994d1171d76487eb\" id=\"hofesh-shechter-company-gbr\" style=\"color:#729096\"><strong>Movement of the soul<\/strong><br><br><\/h4>\n\n\n\n<h4 class=\"wp-block-heading\"><a href=\"https:\/\/schrittmacherfestival.nl\/de\/movement-of-the-soul\/\" title=\"\"><strong>Klasse Apart Projects <\/strong>(NL)<\/a><br><br><\/h4>\n\n\n\n<p><br>Fr 20.03.2026 + Sa 21.03.2026<\/p>\n<\/div>\n\n\n\n<div class=\"wp-block-column has-background is-layout-flow wp-block-column-is-layout-flow\" style=\"background-color:#dce3e5\">\n<figure class=\"wp-block-image size-large is-style-default\"><a href=\"https:\/\/schrittmacherfestival.nl\/de\/echoes-of-bharata-natyam-cultural-memory-in-the-netherlands\/\"><img data-recalc-dims=\"1\" loading=\"lazy\" decoding=\"async\" width=\"640\" height=\"267\" src=\"https:\/\/i0.wp.com\/schrittmacherfestival.nl\/wp-content\/uploads\/2025\/12\/Poernima_28605-2-scaled-e1765534678609-1024x427.jpg?resize=640%2C267&#038;ssl=1\" alt=\"\" class=\"wp-image-12746\" srcset=\"https:\/\/i0.wp.com\/schrittmacherfestival.nl\/wp-content\/uploads\/2025\/12\/Poernima_28605-2-scaled-e1765534678609.jpg?resize=1024%2C427&amp;ssl=1 1024w, https:\/\/i0.wp.com\/schrittmacherfestival.nl\/wp-content\/uploads\/2025\/12\/Poernima_28605-2-scaled-e1765534678609.jpg?resize=300%2C125&amp;ssl=1 300w, https:\/\/i0.wp.com\/schrittmacherfestival.nl\/wp-content\/uploads\/2025\/12\/Poernima_28605-2-scaled-e1765534678609.jpg?resize=768%2C320&amp;ssl=1 768w, https:\/\/i0.wp.com\/schrittmacherfestival.nl\/wp-content\/uploads\/2025\/12\/Poernima_28605-2-scaled-e1765534678609.jpg?resize=31%2C13&amp;ssl=1 31w, https:\/\/i0.wp.com\/schrittmacherfestival.nl\/wp-content\/uploads\/2025\/12\/Poernima_28605-2-scaled-e1765534678609.jpg?w=1200&amp;ssl=1 1200w\" sizes=\"(max-width: 640px) 100vw, 640px\" \/><\/a><\/figure>\n\n\n\n<h4 class=\"wp-block-heading has-text-color has-link-color wp-elements-713c65922f68427006d0a623c9bc1797\" id=\"hofesh-shechter-company-gbr\" style=\"color:#729096\"><strong><strong>Echoes of Bharata Natyam<\/strong><\/strong><br><br><\/h4>\n\n\n\n<h4 class=\"wp-block-heading\"><strong><a href=\"https:\/\/schrittmacherfestival.nl\/de\/echoes-of-bharata-natyam-cultural-memory-in-the-netherlands\/\" title=\"\"><strong>Poernima Dance Company <\/strong>(NL)<\/a><\/strong><br><br><\/h4>\n\n\n\n<p><br>So 22.03.2026<\/p>\n<\/div>\n<\/div>\n\n\n\n<div class=\"wp-block-columns is-layout-flex wp-container-core-columns-is-layout-9d6595d7 wp-block-columns-is-layout-flex\">\n<div class=\"wp-block-column has-background is-layout-flow wp-block-column-is-layout-flow\" style=\"background-color:#dce3e5\">\n<figure class=\"wp-block-image size-full is-style-default\"><a href=\"https:\/\/schrittmacherfestival.nl\/de\/schrit_tmacher-party-2\/\"><img data-recalc-dims=\"1\" loading=\"lazy\" decoding=\"async\" width=\"600\" height=\"250\" src=\"https:\/\/i0.wp.com\/schrittmacherfestival.nl\/wp-content\/uploads\/2025\/12\/smf26_EXCHANGE_Spiegelfoyer_MB_005-e1765534857565.jpg?resize=600%2C250&#038;ssl=1\" alt=\"\" class=\"wp-image-12747\" srcset=\"https:\/\/i0.wp.com\/schrittmacherfestival.nl\/wp-content\/uploads\/2025\/12\/smf26_EXCHANGE_Spiegelfoyer_MB_005-e1765534857565.jpg?w=600&amp;ssl=1 600w, https:\/\/i0.wp.com\/schrittmacherfestival.nl\/wp-content\/uploads\/2025\/12\/smf26_EXCHANGE_Spiegelfoyer_MB_005-e1765534857565.jpg?resize=300%2C125&amp;ssl=1 300w, https:\/\/i0.wp.com\/schrittmacherfestival.nl\/wp-content\/uploads\/2025\/12\/smf26_EXCHANGE_Spiegelfoyer_MB_005-e1765534857565.jpg?resize=31%2C13&amp;ssl=1 31w\" sizes=\"(max-width: 600px) 100vw, 600px\" \/><\/a><\/figure>\n\n\n\n<h4 class=\"wp-block-heading has-text-color has-link-color wp-elements-3061c482c9f289ae2ac713c3fc3ff71e\" id=\"hofesh-shechter-company-gbr\" style=\"color:#729096\"><strong><strong><strong>schrit_tmacher Party<\/strong><\/strong><\/strong><br><br><\/h4>\n\n\n\n<h4 class=\"wp-block-heading\"><strong><strong><a href=\"https:\/\/schrittmacherfestival.nl\/de\/schrit_tmacher-party-2\/\" title=\"\">Festival Closing Aachen<\/a><\/strong><\/strong><br><br><\/h4>\n\n\n\n<p><br>Sa 28.03.2026<\/p>\n<\/div>\n\n\n\n<div class=\"wp-block-column is-layout-flow wp-block-column-is-layout-flow\">\n<h4 class=\"wp-block-heading has-text-color has-link-color wp-elements-c490791e06eedff3e8e3686509a24773\" id=\"hofesh-shechter-company-gbr\" style=\"color:#debe0f\"><br><br><\/h4>\n\n\n\n<h4 class=\"wp-block-heading\"><br><\/h4>\n\n\n\n<p><br><\/p>\n<\/div>\n\n\n\n<div class=\"wp-block-column is-layout-flow wp-block-column-is-layout-flow\">\n<h4 class=\"wp-block-heading has-text-color has-link-color wp-elements-c490791e06eedff3e8e3686509a24773\" id=\"hofesh-shechter-company-gbr\" style=\"color:#debe0f\"><br><br><\/h4>\n\n\n\n<h4 class=\"wp-block-heading\"><br><\/h4>\n\n\n\n<p><br><\/p>\n<\/div>\n<\/div>\n\n\n\n<hr class=\"wp-block-separator has-css-opacity\"\/>\n\n\n<div class=\"_df_book df-lite\" id=\"df_13285\"  _slug=\"programma-boekje-2026\" data-title=\"programma-boekje-2026\" wpoptions=\"true\" thumbtype=\"\" ><\/div><script class=\"df-shortcode-script\" nowprocket type=\"application\/javascript\">window.option_df_13285 = {\"outline\":[],\"autoEnableOutline\":\"false\",\"autoEnableThumbnail\":\"false\",\"overwritePDFOutline\":\"false\",\"direction\":\"1\",\"pageSize\":\"0\",\"source\":\"https:\\\/\\\/schrittmacherfestival.nl\\\/wp-content\\\/uploads\\\/2025\\\/12\\\/schrit_26_pro_a5_web_2.pdf\",\"wpOptions\":\"true\"}; if(window.DFLIP && window.DFLIP.parseBooks){window.DFLIP.parseBooks();}<\/script>\n\n\n\n<hr class=\"wp-block-separator has-css-opacity\"\/>\n\n\n<div class=\"_df_book df-lite\" id=\"df_13683\"  _slug=\"blokkenschema-2026\" data-title=\"blokkenschema-2026\" wpoptions=\"true\" thumbtype=\"\" ><\/div><script class=\"df-shortcode-script\" nowprocket type=\"application\/javascript\">window.option_df_13683 = {\"outline\":[],\"autoEnableOutline\":\"false\",\"autoEnableThumbnail\":\"false\",\"overwritePDFOutline\":\"false\",\"direction\":\"1\",\"pageSize\":\"0\",\"source\":\"https:\\\/\\\/schrittmacherfestival.nl\\\/wp-content\\\/uploads\\\/2026\\\/02\\\/schrit_26_overview_DEF.pdf\",\"wpOptions\":\"true\"}; if(window.DFLIP && window.DFLIP.parseBooks){window.DFLIP.parseBooks();}<\/script>\n\n\n\n<hr class=\"wp-block-separator has-css-opacity\"\/>\n\n\n<div class=\"wp-block-image\">\n<figure class=\"aligncenter size-full is-resized\"><a href=\"https:\/\/schrittmacherfestival.nl\/de\/online-2\/\"><img data-recalc-dims=\"1\" loading=\"lazy\" decoding=\"async\" width=\"640\" height=\"373\" src=\"https:\/\/i0.wp.com\/schrittmacherfestival.nl\/wp-content\/uploads\/2024\/12\/ONINE.jpg?resize=640%2C373&#038;ssl=1\" alt=\"\" class=\"wp-image-10574\" style=\"width:470px;height:auto\" srcset=\"https:\/\/i0.wp.com\/schrittmacherfestival.nl\/wp-content\/uploads\/2024\/12\/ONINE.jpg?w=1744&amp;ssl=1 1744w, https:\/\/i0.wp.com\/schrittmacherfestival.nl\/wp-content\/uploads\/2024\/12\/ONINE.jpg?resize=300%2C175&amp;ssl=1 300w, https:\/\/i0.wp.com\/schrittmacherfestival.nl\/wp-content\/uploads\/2024\/12\/ONINE.jpg?resize=1024%2C597&amp;ssl=1 1024w, https:\/\/i0.wp.com\/schrittmacherfestival.nl\/wp-content\/uploads\/2024\/12\/ONINE.jpg?resize=768%2C447&amp;ssl=1 768w, https:\/\/i0.wp.com\/schrittmacherfestival.nl\/wp-content\/uploads\/2024\/12\/ONINE.jpg?resize=1536%2C895&amp;ssl=1 1536w, https:\/\/i0.wp.com\/schrittmacherfestival.nl\/wp-content\/uploads\/2024\/12\/ONINE.jpg?resize=31%2C18&amp;ssl=1 31w, https:\/\/i0.wp.com\/schrittmacherfestival.nl\/wp-content\/uploads\/2024\/12\/ONINE.jpg?w=1280&amp;ssl=1 1280w\" sizes=\"(max-width: 640px) 100vw, 640px\" \/><\/a><\/figure>\n<\/div>\n\n\n<hr class=\"wp-block-separator has-css-opacity\"\/>\n\n\n\n<div class=\"wp-block-columns is-layout-flex wp-container-core-columns-is-layout-9d6595d7 wp-block-columns-is-layout-flex\">\n<div class=\"wp-block-column is-layout-flow wp-block-column-is-layout-flow\"><div class=\"wp-block-image is-style-rounded\">\n<figure class=\"aligncenter size-full is-resized\"><a href=\"https:\/\/schrittmacherfestival.nl\/de\/archive-2025\/\"><img data-recalc-dims=\"1\" loading=\"lazy\" decoding=\"async\" width=\"640\" height=\"260\" src=\"https:\/\/i0.wp.com\/schrittmacherfestival.nl\/wp-content\/uploads\/2025\/05\/IMG_7912.jpg?resize=640%2C260&#038;ssl=1\" alt=\"\" class=\"wp-image-11270\" style=\"object-fit:cover;width:200px;height:200px\" srcset=\"https:\/\/i0.wp.com\/schrittmacherfestival.nl\/wp-content\/uploads\/2025\/05\/IMG_7912.jpg?w=1224&amp;ssl=1 1224w, https:\/\/i0.wp.com\/schrittmacherfestival.nl\/wp-content\/uploads\/2025\/05\/IMG_7912.jpg?resize=300%2C122&amp;ssl=1 300w, https:\/\/i0.wp.com\/schrittmacherfestival.nl\/wp-content\/uploads\/2025\/05\/IMG_7912.jpg?resize=1024%2C416&amp;ssl=1 1024w, https:\/\/i0.wp.com\/schrittmacherfestival.nl\/wp-content\/uploads\/2025\/05\/IMG_7912.jpg?resize=768%2C312&amp;ssl=1 768w\" sizes=\"(max-width: 640px) 100vw, 640px\" \/><\/a><\/figure>\n<\/div><\/div>\n\n\n\n<div class=\"wp-block-column is-layout-flow wp-block-column-is-layout-flow\"><div class=\"wp-block-image is-style-rounded\">\n<figure class=\"aligncenter size-full is-resized\"><a href=\"https:\/\/schrittmacherfestival.nl\/de\/archive-2024\/\"><img data-recalc-dims=\"1\" loading=\"lazy\" decoding=\"async\" width=\"640\" height=\"640\" src=\"https:\/\/i0.wp.com\/schrittmacherfestival.nl\/wp-content\/uploads\/2024\/05\/Archive-2024.jpg?resize=640%2C640&#038;ssl=1\" alt=\"\" class=\"wp-image-9035\" style=\"object-fit:cover;width:200px;height:200px\" srcset=\"https:\/\/i0.wp.com\/schrittmacherfestival.nl\/wp-content\/uploads\/2024\/05\/Archive-2024.jpg?w=1000&amp;ssl=1 1000w, https:\/\/i0.wp.com\/schrittmacherfestival.nl\/wp-content\/uploads\/2024\/05\/Archive-2024.jpg?resize=300%2C300&amp;ssl=1 300w, https:\/\/i0.wp.com\/schrittmacherfestival.nl\/wp-content\/uploads\/2024\/05\/Archive-2024.jpg?resize=150%2C150&amp;ssl=1 150w, https:\/\/i0.wp.com\/schrittmacherfestival.nl\/wp-content\/uploads\/2024\/05\/Archive-2024.jpg?resize=768%2C768&amp;ssl=1 768w, https:\/\/i0.wp.com\/schrittmacherfestival.nl\/wp-content\/uploads\/2024\/05\/Archive-2024.jpg?resize=80%2C80&amp;ssl=1 80w, https:\/\/i0.wp.com\/schrittmacherfestival.nl\/wp-content\/uploads\/2024\/05\/Archive-2024.jpg?resize=27%2C27&amp;ssl=1 27w\" sizes=\"(max-width: 640px) 100vw, 640px\" \/><\/a><\/figure>\n<\/div><\/div>\n<\/div>\n\n\n\n<div class=\"wp-block-columns is-layout-flex wp-container-core-columns-is-layout-9d6595d7 wp-block-columns-is-layout-flex\">\n<div class=\"wp-block-column is-layout-flow wp-block-column-is-layout-flow\"><div class=\"wp-block-image is-style-rounded\">\n<figure class=\"aligncenter size-full is-resized\"><a href=\"https:\/\/schrittmacherfestival.nl\/de\/archive-2023\/\"><img data-recalc-dims=\"1\" loading=\"lazy\" decoding=\"async\" width=\"640\" height=\"640\" src=\"https:\/\/i0.wp.com\/schrittmacherfestival.nl\/wp-content\/uploads\/2023\/05\/IMG_6572.png?resize=640%2C640&#038;ssl=1\" alt=\"\" class=\"wp-image-6676\" style=\"object-fit:cover;width:200px;height:200px\" srcset=\"https:\/\/i0.wp.com\/schrittmacherfestival.nl\/wp-content\/uploads\/2023\/05\/IMG_6572.png?w=1000&amp;ssl=1 1000w, https:\/\/i0.wp.com\/schrittmacherfestival.nl\/wp-content\/uploads\/2023\/05\/IMG_6572.png?resize=300%2C300&amp;ssl=1 300w, https:\/\/i0.wp.com\/schrittmacherfestival.nl\/wp-content\/uploads\/2023\/05\/IMG_6572.png?resize=150%2C150&amp;ssl=1 150w, https:\/\/i0.wp.com\/schrittmacherfestival.nl\/wp-content\/uploads\/2023\/05\/IMG_6572.png?resize=768%2C768&amp;ssl=1 768w, https:\/\/i0.wp.com\/schrittmacherfestival.nl\/wp-content\/uploads\/2023\/05\/IMG_6572.png?resize=80%2C80&amp;ssl=1 80w, https:\/\/i0.wp.com\/schrittmacherfestival.nl\/wp-content\/uploads\/2023\/05\/IMG_6572.png?resize=27%2C27&amp;ssl=1 27w\" sizes=\"(max-width: 640px) 100vw, 640px\" \/><\/a><\/figure>\n<\/div><\/div>\n\n\n\n<div class=\"wp-block-column is-layout-flow wp-block-column-is-layout-flow\"><div class=\"wp-block-image is-style-rounded\">\n<figure class=\"aligncenter size-full is-resized\"><a href=\"https:\/\/schrittmacherfestival.nl\/de\/archive-2022\/\"><img data-recalc-dims=\"1\" loading=\"lazy\" decoding=\"async\" width=\"640\" height=\"640\" src=\"https:\/\/i0.wp.com\/schrittmacherfestival.nl\/wp-content\/uploads\/2022\/06\/IMG_5924.jpg?resize=640%2C640&#038;ssl=1\" alt=\"\" class=\"wp-image-4219\" style=\"object-fit:cover;width:200px;height:200px\" srcset=\"https:\/\/i0.wp.com\/schrittmacherfestival.nl\/wp-content\/uploads\/2022\/06\/IMG_5924.jpg?w=1000&amp;ssl=1 1000w, https:\/\/i0.wp.com\/schrittmacherfestival.nl\/wp-content\/uploads\/2022\/06\/IMG_5924.jpg?resize=300%2C300&amp;ssl=1 300w, https:\/\/i0.wp.com\/schrittmacherfestival.nl\/wp-content\/uploads\/2022\/06\/IMG_5924.jpg?resize=150%2C150&amp;ssl=1 150w, https:\/\/i0.wp.com\/schrittmacherfestival.nl\/wp-content\/uploads\/2022\/06\/IMG_5924.jpg?resize=768%2C768&amp;ssl=1 768w, https:\/\/i0.wp.com\/schrittmacherfestival.nl\/wp-content\/uploads\/2022\/06\/IMG_5924.jpg?resize=80%2C80&amp;ssl=1 80w, https:\/\/i0.wp.com\/schrittmacherfestival.nl\/wp-content\/uploads\/2022\/06\/IMG_5924.jpg?resize=27%2C27&amp;ssl=1 27w\" sizes=\"(max-width: 640px) 100vw, 640px\" \/><\/a><\/figure>\n<\/div><\/div>\n\n\n\n<div class=\"wp-block-column is-layout-flow wp-block-column-is-layout-flow\"><div class=\"wp-block-image is-style-rounded\">\n<figure class=\"aligncenter size-full is-resized\"><a href=\"https:\/\/schrittmacherfestival.nl\/de\/archive-2021\/\"><img data-recalc-dims=\"1\" loading=\"lazy\" decoding=\"async\" width=\"640\" height=\"640\" src=\"https:\/\/i0.wp.com\/schrittmacherfestival.nl\/wp-content\/uploads\/2021\/07\/archief-2021.png?resize=640%2C640&#038;ssl=1\" alt=\"\" class=\"wp-image-2350\" style=\"object-fit:cover;width:200px;height:200px\" srcset=\"https:\/\/i0.wp.com\/schrittmacherfestival.nl\/wp-content\/uploads\/2021\/07\/archief-2021.png?w=1000&amp;ssl=1 1000w, https:\/\/i0.wp.com\/schrittmacherfestival.nl\/wp-content\/uploads\/2021\/07\/archief-2021.png?resize=300%2C300&amp;ssl=1 300w, https:\/\/i0.wp.com\/schrittmacherfestival.nl\/wp-content\/uploads\/2021\/07\/archief-2021.png?resize=150%2C150&amp;ssl=1 150w, https:\/\/i0.wp.com\/schrittmacherfestival.nl\/wp-content\/uploads\/2021\/07\/archief-2021.png?resize=768%2C768&amp;ssl=1 768w\" sizes=\"(max-width: 640px) 100vw, 640px\" \/><\/a><\/figure>\n<\/div><\/div>\n<\/div>\n\n\n\n<hr class=\"wp-block-separator has-css-opacity\"\/>\n\n\n\n<figure class=\"wp-block-image alignwide size-large is-style-rounded\"><a href=\"https:\/\/schrittmacherfestival.nl\/de\/newsletter\/\"><img data-recalc-dims=\"1\" loading=\"lazy\" decoding=\"async\" width=\"640\" height=\"251\" src=\"https:\/\/i0.wp.com\/schrittmacherfestival.nl\/wp-content\/uploads\/2024\/05\/Nieuwsbrief-banner-DEF.jpeg?resize=640%2C251&#038;ssl=1\" alt=\"\" class=\"wp-image-9119\" srcset=\"https:\/\/i0.wp.com\/schrittmacherfestival.nl\/wp-content\/uploads\/2024\/05\/Nieuwsbrief-banner-DEF.jpeg?resize=1024%2C402&amp;ssl=1 1024w, https:\/\/i0.wp.com\/schrittmacherfestival.nl\/wp-content\/uploads\/2024\/05\/Nieuwsbrief-banner-DEF.jpeg?resize=300%2C118&amp;ssl=1 300w, https:\/\/i0.wp.com\/schrittmacherfestival.nl\/wp-content\/uploads\/2024\/05\/Nieuwsbrief-banner-DEF.jpeg?resize=768%2C302&amp;ssl=1 768w, https:\/\/i0.wp.com\/schrittmacherfestival.nl\/wp-content\/uploads\/2024\/05\/Nieuwsbrief-banner-DEF.jpeg?resize=1536%2C603&amp;ssl=1 1536w, https:\/\/i0.wp.com\/schrittmacherfestival.nl\/wp-content\/uploads\/2024\/05\/Nieuwsbrief-banner-DEF.jpeg?resize=31%2C12&amp;ssl=1 31w, https:\/\/i0.wp.com\/schrittmacherfestival.nl\/wp-content\/uploads\/2024\/05\/Nieuwsbrief-banner-DEF.jpeg?w=1772&amp;ssl=1 1772w, https:\/\/i0.wp.com\/schrittmacherfestival.nl\/wp-content\/uploads\/2024\/05\/Nieuwsbrief-banner-DEF.jpeg?w=1280&amp;ssl=1 1280w\" sizes=\"(max-width: 640px) 100vw, 640px\" \/><\/a><\/figure>\n\n\n\n<hr class=\"wp-block-separator has-css-opacity\"\/>\n","protected":false},"excerpt":{"rendered":"<p>schrit_tmacher&nbsp;just dance! internationaal dansfestival Vom 24. Februar bis zum 29. M\u00e4rz 2026 bildet die Euregio erneut den Rahmen f\u00fcr internationalen zeitgen\u00f6ssischen Tanz. Das schrit_tmacher Festival verbindet die Niederlande, Deutschland und Belgien in einem grenz\u00fcberschreitenden Programm voller f\u00fchrender Ensembles und \u00fcberraschender K\u00fcnstler. Eine Einladung zu Begegnung, Austausch und Bewegung. Immer auf dem neuesten Stand bleiben zu Programm, Vorverkauf und Festivalnews?\ud83d\udc49&nbsp;Jetzt f\u00fcr [&hellip;]<\/p>\n","protected":false},"author":1,"featured_media":0,"parent":0,"menu_order":0,"comment_status":"closed","ping_status":"closed","template":"","meta":{"_acf_changed":false,"footnotes":""},"class_list":["post-5065","page","type-page","status-publish","hentry"],"aioseo_notices":[],"acf":[],"jetpack_sharing_enabled":true,"_links":{"self":[{"href":"https:\/\/schrittmacherfestival.nl\/de\/wp-json\/wp\/v2\/pages\/5065","targetHints":{"allow":["GET"]}}],"collection":[{"href":"https:\/\/schrittmacherfestival.nl\/de\/wp-json\/wp\/v2\/pages"}],"about":[{"href":"https:\/\/schrittmacherfestival.nl\/de\/wp-json\/wp\/v2\/types\/page"}],"author":[{"embeddable":true,"href":"https:\/\/schrittmacherfestival.nl\/de\/wp-json\/wp\/v2\/users\/1"}],"replies":[{"embeddable":true,"href":"https:\/\/schrittmacherfestival.nl\/de\/wp-json\/wp\/v2\/comments?post=5065"}],"version-history":[{"count":232,"href":"https:\/\/schrittmacherfestival.nl\/de\/wp-json\/wp\/v2\/pages\/5065\/revisions"}],"predecessor-version":[{"id":13827,"href":"https:\/\/schrittmacherfestival.nl\/de\/wp-json\/wp\/v2\/pages\/5065\/revisions\/13827"}],"wp:attachment":[{"href":"https:\/\/schrittmacherfestival.nl\/de\/wp-json\/wp\/v2\/media?parent=5065"}],"curies":[{"name":"wp","href":"https:\/\/api.w.org\/{rel}","templated":true}]}}