{"id":8085,"date":"2023-12-18T13:14:03","date_gmt":"2023-12-18T13:14:03","guid":{"rendered":"https:\/\/schrittmacherfestival.nl\/programm-fuer-profis\/"},"modified":"2024-03-06T13:00:46","modified_gmt":"2024-03-06T13:00:46","slug":"programm-fuer-profis","status":"publish","type":"page","link":"https:\/\/schrittmacherfestival.nl\/de\/programm-fuer-profis\/","title":{"rendered":"PRO_"},"content":{"rendered":"\n<h1 class=\"wp-block-heading has-black-color has-text-color\" id=\"hofesh-shechter-company-gbr\">Programm fu\u0308r Profis<\/h1>\n\n<p><strong>Verschiedene Orte<\/strong><br\/><strong>Fr 08.03.2024 &#8211; So 10.03.2024<\/strong> <strong>+ Di 19.03.2024<\/strong><\/p>\n\n<figure class=\"wp-block-image alignwide size-large\"><img data-recalc-dims=\"1\" fetchpriority=\"high\" decoding=\"async\" width=\"640\" height=\"266\" src=\"https:\/\/i0.wp.com\/schrittmacherfestival.nl\/wp-content\/uploads\/2023\/12\/MAMA_Falkenberg_23-scaled-e1702904884560-1024x425.webp?resize=640%2C266&#038;ssl=1\" alt=\"\" class=\"wp-image-8082\" srcset=\"https:\/\/i0.wp.com\/schrittmacherfestival.nl\/wp-content\/uploads\/2023\/12\/MAMA_Falkenberg_23-scaled-e1702904884560.webp?resize=1024%2C425&amp;ssl=1 1024w, https:\/\/i0.wp.com\/schrittmacherfestival.nl\/wp-content\/uploads\/2023\/12\/MAMA_Falkenberg_23-scaled-e1702904884560.webp?resize=300%2C125&amp;ssl=1 300w, https:\/\/i0.wp.com\/schrittmacherfestival.nl\/wp-content\/uploads\/2023\/12\/MAMA_Falkenberg_23-scaled-e1702904884560.webp?resize=768%2C319&amp;ssl=1 768w, https:\/\/i0.wp.com\/schrittmacherfestival.nl\/wp-content\/uploads\/2023\/12\/MAMA_Falkenberg_23-scaled-e1702904884560.webp?resize=31%2C13&amp;ssl=1 31w, https:\/\/i0.wp.com\/schrittmacherfestival.nl\/wp-content\/uploads\/2023\/12\/MAMA_Falkenberg_23-scaled-e1702904884560.webp?w=1199&amp;ssl=1 1199w\" sizes=\"(max-width: 640px) 100vw, 640px\" \/><\/figure>\n\n<hr class=\"wp-block-separator has-css-opacity\"\/>\n\n<p>Nach dem Erfolg des Profi-Wochenendes w\u00e4hrend der schrit_tmacher 2023 haben wir beschlossen, das PRO_Programm f\u00fcr Menschen aus der Branche noch weiter auszubauen. Vom 8. bis 10. M\u00e4rz wurde ein gro\u00dfartiges Programm mit Auff\u00fchrungen, Vortr\u00e4gen, Workshops und Begegnungen zusammengestellt, das auf die Bed\u00fcrfnisse und Verbindungen von Fachleuten abgestimmt ist. An diesem Wochenende k\u00f6nnen Sie zum Beispiel den Einfluss des Tanzes auf die Gesundheit beim Vortrag von Andrew Greenwoord &amp; Annemarie Labinjo und bei der Tanzperformance von und f\u00fcr Menschen mit Krebs in Zusammenarbeit mit dem Scapino Ballet Rotterdam und F|Fort kennen lernen. Junge Kreative k\u00f6nnen mit Kool Cult und Teammitgliedern des ZOZ-Fonds und der ZOZ-Akademie \u00fcber die Beantragung von Zusch\u00fcssen und alles, was dazu geh\u00f6rt, sprechen. Gemeinsam mit Assitej besch\u00e4ftigen wir uns mit den internationalen Tourneen von Jugendtanzkompanien. Hier auf dieser Seite k\u00f6nnen Sie mehr \u00fcber die Bestandteile des PRO_Programms lesen und sich bewerben oder Tickets kaufen.<\/p>\n\n<p><strong>Anmeldung und Eintrittskarten:\u00a0<\/strong><br\/>Sie k\u00f6nnen Karten pro Vorstellung bestellen. Wir haben einige Vorstellungen speziell f\u00fcr Sie ausgew\u00e4hlt, bei denen Sie mit einem Rabattcode 20% Rabatt erhalten. F\u00fcr andere Veranstaltungen k\u00f6nnen Sie sich \u00fcber den Button oder die Mailadresse anmelden.<\/p>\n\n<p>Wenn Sie Fragen zum Programm haben, wenden Sie sich bitte an Betty Keeman:\u00a0<a href=\"mailto:professionals@schrittmacherfestival.nl\">professionals@schrittmacherfestival.nl<\/a><\/p>\n\n<hr class=\"wp-block-separator has-css-opacity\"\/>\n\n<h2 class=\"wp-block-heading\">Fr 08.03.2024<\/h2>\n\n<div class=\"wp-block-columns is-layout-flex wp-container-core-columns-is-layout-9d6595d7 wp-block-columns-is-layout-flex\">\n<div class=\"wp-block-column is-layout-flow wp-block-column-is-layout-flow\">\n<figure class=\"wp-block-image size-large\"><a href=\"https:\/\/schrittmacherfestival.nl\/de\/tanzkurse-fuer-menschen-mit-krebs\/\"><img data-recalc-dims=\"1\" decoding=\"async\" width=\"640\" height=\"268\" src=\"https:\/\/i0.wp.com\/schrittmacherfestival.nl\/wp-content\/uploads\/2023\/12\/smf_24_NL_PROtalk_Annemarie_Labinjo_ccompany-scaled-e1702495471676-1024x428.webp?resize=640%2C268&#038;ssl=1\" alt=\"\" class=\"wp-image-7809\" srcset=\"https:\/\/i0.wp.com\/schrittmacherfestival.nl\/wp-content\/uploads\/2023\/12\/smf_24_NL_PROtalk_Annemarie_Labinjo_ccompany-scaled-e1702495471676.webp?resize=1024%2C428&amp;ssl=1 1024w, https:\/\/i0.wp.com\/schrittmacherfestival.nl\/wp-content\/uploads\/2023\/12\/smf_24_NL_PROtalk_Annemarie_Labinjo_ccompany-scaled-e1702495471676.webp?resize=300%2C125&amp;ssl=1 300w, https:\/\/i0.wp.com\/schrittmacherfestival.nl\/wp-content\/uploads\/2023\/12\/smf_24_NL_PROtalk_Annemarie_Labinjo_ccompany-scaled-e1702495471676.webp?resize=768%2C321&amp;ssl=1 768w, https:\/\/i0.wp.com\/schrittmacherfestival.nl\/wp-content\/uploads\/2023\/12\/smf_24_NL_PROtalk_Annemarie_Labinjo_ccompany-scaled-e1702495471676.webp?resize=31%2C13&amp;ssl=1 31w, https:\/\/i0.wp.com\/schrittmacherfestival.nl\/wp-content\/uploads\/2023\/12\/smf_24_NL_PROtalk_Annemarie_Labinjo_ccompany-scaled-e1702495471676.webp?w=1200&amp;ssl=1 1200w\" sizes=\"(max-width: 640px) 100vw, 640px\" \/><\/a><\/figure>\n\n\n\n<h4 class=\"wp-block-heading\" id=\"hofesh-shechter-company-gbr\">Tanzkurs<br\/><\/h4>\n\n\n\n<h4 class=\"wp-block-heading\" id=\"double-murder\"><a href=\"https:\/\/schrittmacherfestival.nl\/de\/tanzkurse-fuer-menschen-mit-krebs\/\" title=\"\">fu\u0308r Menschen mit Krebs<\/a><br\/><br\/><\/h4>\n\n\n\n<p>10.30 Uhr<br\/>Cultuurhuis Heerlen<\/p>\n<\/div>\n\n\n\n<div class=\"wp-block-column is-layout-flow wp-block-column-is-layout-flow\">\n<figure class=\"wp-block-image size-large\"><a href=\"https:\/\/schrittmacherfestival.nl\/de\/zoz-afternoon\/\"><img data-recalc-dims=\"1\" decoding=\"async\" width=\"640\" height=\"267\" src=\"https:\/\/i0.wp.com\/schrittmacherfestival.nl\/wp-content\/uploads\/2024\/02\/Copy-of-538A7101-e1707299612584-1024x427.webp?resize=640%2C267&#038;ssl=1\" alt=\"\" class=\"wp-image-8644\" srcset=\"https:\/\/i0.wp.com\/schrittmacherfestival.nl\/wp-content\/uploads\/2024\/02\/Copy-of-538A7101-e1707299612584.webp?resize=1024%2C427&amp;ssl=1 1024w, https:\/\/i0.wp.com\/schrittmacherfestival.nl\/wp-content\/uploads\/2024\/02\/Copy-of-538A7101-e1707299612584.webp?resize=300%2C125&amp;ssl=1 300w, https:\/\/i0.wp.com\/schrittmacherfestival.nl\/wp-content\/uploads\/2024\/02\/Copy-of-538A7101-e1707299612584.webp?resize=768%2C320&amp;ssl=1 768w, https:\/\/i0.wp.com\/schrittmacherfestival.nl\/wp-content\/uploads\/2024\/02\/Copy-of-538A7101-e1707299612584.webp?resize=31%2C13&amp;ssl=1 31w, https:\/\/i0.wp.com\/schrittmacherfestival.nl\/wp-content\/uploads\/2024\/02\/Copy-of-538A7101-e1707299612584.webp?w=1200&amp;ssl=1 1200w\" sizes=\"(max-width: 640px) 100vw, 640px\" \/><\/a><\/figure>\n\n\n\n<h4 class=\"wp-block-heading\" id=\"hofesh-shechter-company-gbr\">ZOZ afternoon<br\/><\/h4>\n\n\n\n<h4 class=\"wp-block-heading\" id=\"double-murder\"><a href=\"https:\/\/schrittmacherfestival.nl\/de\/zoz-afternoon\/\" title=\"\">x schrit_tmacher x Kool Cult<\/a><br\/><br\/><\/h4>\n\n\n\n<p>14.30 Uhr<br\/>SCHUNCK Glaspaleis<\/p>\n<\/div>\n\n\n\n<div class=\"wp-block-column is-layout-flow wp-block-column-is-layout-flow\">\n<figure class=\"wp-block-image size-large\"><a href=\"https:\/\/schrittmacherfestival.nl\/de\/the-rite-of-spring-pina-bausch\/\"><img data-recalc-dims=\"1\" loading=\"lazy\" decoding=\"async\" width=\"640\" height=\"268\" src=\"https:\/\/i0.wp.com\/schrittmacherfestival.nl\/wp-content\/uploads\/2023\/07\/The-Rite-of-Spring-credit-Maarten-Vanden-Abeele-0005_small-e1689327540999-1024x428.webp?resize=640%2C268&#038;ssl=1\" alt=\"\" class=\"wp-image-6933\" srcset=\"https:\/\/i0.wp.com\/schrittmacherfestival.nl\/wp-content\/uploads\/2023\/07\/The-Rite-of-Spring-credit-Maarten-Vanden-Abeele-0005_small-e1689327540999.webp?resize=1024%2C428&amp;ssl=1 1024w, https:\/\/i0.wp.com\/schrittmacherfestival.nl\/wp-content\/uploads\/2023\/07\/The-Rite-of-Spring-credit-Maarten-Vanden-Abeele-0005_small-e1689327540999.webp?resize=300%2C125&amp;ssl=1 300w, https:\/\/i0.wp.com\/schrittmacherfestival.nl\/wp-content\/uploads\/2023\/07\/The-Rite-of-Spring-credit-Maarten-Vanden-Abeele-0005_small-e1689327540999.webp?resize=768%2C321&amp;ssl=1 768w, https:\/\/i0.wp.com\/schrittmacherfestival.nl\/wp-content\/uploads\/2023\/07\/The-Rite-of-Spring-credit-Maarten-Vanden-Abeele-0005_small-e1689327540999.webp?resize=31%2C13&amp;ssl=1 31w, https:\/\/i0.wp.com\/schrittmacherfestival.nl\/wp-content\/uploads\/2023\/07\/The-Rite-of-Spring-credit-Maarten-Vanden-Abeele-0005_small-e1689327540999.webp?w=1200&amp;ssl=1 1200w\" sizes=\"(max-width: 640px) 100vw, 640px\" \/><\/a><\/figure>\n\n\n\n<h4 class=\"wp-block-heading\" id=\"hofesh-shechter-company-gbr\">The Rite of Spring \/ common\u2026<br\/><\/h4>\n\n\n\n<h4 class=\"wp-block-heading\"><a href=\"https:\/\/schrittmacherfestival.nl\/de\/the-rite-of-spring-pina-bausch\/\"><strong>Pina Bausch \/ Acogny &amp; Airaudo (D\/SN\/NL\/F)<\/strong><\/a><\/h4>\n\n\n\n<p>20.00 Uhr<br\/>PLT, Theater Heerlen \u2013 RABOzaal<\/p>\n<\/div>\n<\/div>\n\n<div class=\"wp-block-columns is-layout-flex wp-container-core-columns-is-layout-9d6595d7 wp-block-columns-is-layout-flex\">\n<div class=\"wp-block-column is-layout-flow wp-block-column-is-layout-flow\">\n<figure class=\"wp-block-image size-large\"><a href=\"https:\/\/schrittmacherfestival.nl\/de\/nowhere\/\"><img data-recalc-dims=\"1\" loading=\"lazy\" decoding=\"async\" width=\"640\" height=\"268\" src=\"https:\/\/i0.wp.com\/schrittmacherfestival.nl\/wp-content\/uploads\/2023\/12\/smf_24_D_YYDC_c-Sarah-Jeffers__4974-1-scaled-e1701956710225-1024x428.webp?resize=640%2C268&#038;ssl=1\" alt=\"\" class=\"wp-image-7272\" srcset=\"https:\/\/i0.wp.com\/schrittmacherfestival.nl\/wp-content\/uploads\/2023\/12\/smf_24_D_YYDC_c-Sarah-Jeffers__4974-1-scaled-e1701956710225.webp?resize=1024%2C428&amp;ssl=1 1024w, https:\/\/i0.wp.com\/schrittmacherfestival.nl\/wp-content\/uploads\/2023\/12\/smf_24_D_YYDC_c-Sarah-Jeffers__4974-1-scaled-e1701956710225.webp?resize=300%2C126&amp;ssl=1 300w, https:\/\/i0.wp.com\/schrittmacherfestival.nl\/wp-content\/uploads\/2023\/12\/smf_24_D_YYDC_c-Sarah-Jeffers__4974-1-scaled-e1701956710225.webp?resize=768%2C321&amp;ssl=1 768w, https:\/\/i0.wp.com\/schrittmacherfestival.nl\/wp-content\/uploads\/2023\/12\/smf_24_D_YYDC_c-Sarah-Jeffers__4974-1-scaled-e1701956710225.webp?resize=31%2C13&amp;ssl=1 31w, https:\/\/i0.wp.com\/schrittmacherfestival.nl\/wp-content\/uploads\/2023\/12\/smf_24_D_YYDC_c-Sarah-Jeffers__4974-1-scaled-e1701956710225.webp?w=1200&amp;ssl=1 1200w\" sizes=\"(max-width: 640px) 100vw, 640px\" \/><\/a><\/figure>\n\n\n\n<h4 class=\"wp-block-heading\" id=\"hofesh-shechter-company-gbr\">Nowhere<br\/><\/h4>\n\n\n\n<h4 class=\"wp-block-heading\" id=\"double-murder\"><a href=\"https:\/\/schrittmacherfestival.nl\/de\/nowhere\/\">YY Dance Company (USA\/CN)<\/a><br\/><br\/><\/h4>\n\n\n\n<p>20.00 Uhr<br\/>Fabrik Stahlbau Strang, Aachen<\/p>\n<\/div>\n\n\n\n<div class=\"wp-block-column is-layout-flow wp-block-column-is-layout-flow\">\n<h4 class=\"wp-block-heading\" id=\"hofesh-shechter-company-gbr\"><br\/><\/h4>\n\n\n\n<h4 class=\"wp-block-heading\" id=\"double-murder\"><br\/><br\/><\/h4>\n\n\n\n<p><\/p>\n<\/div>\n\n\n\n<div class=\"wp-block-column is-layout-flow wp-block-column-is-layout-flow\">\n<h4 class=\"wp-block-heading\" id=\"hofesh-shechter-company-gbr\"><br\/><\/h4>\n\n\n\n<h4 class=\"wp-block-heading\" id=\"double-murder\"><br\/><br\/><\/h4>\n\n\n\n<p><\/p>\n<\/div>\n<\/div>\n\n<hr class=\"wp-block-separator has-css-opacity\"\/>\n\n<h2 class=\"wp-block-heading\">Sa 09.03.2024<\/h2>\n\n<div class=\"wp-block-columns is-layout-flex wp-container-core-columns-is-layout-9d6595d7 wp-block-columns-is-layout-flex\">\n<div class=\"wp-block-column is-layout-flow wp-block-column-is-layout-flow\">\n<figure class=\"wp-block-image size-large\"><a href=\"https:\/\/schrittmacherfestival.nl\/de\/tanzkurse-fuer-menschen-mit-krebs\/\"><img data-recalc-dims=\"1\" decoding=\"async\" width=\"640\" height=\"268\" src=\"https:\/\/i0.wp.com\/schrittmacherfestival.nl\/wp-content\/uploads\/2023\/12\/smf_24_NL_PROtalk_Annemarie_Labinjo_ccompany-scaled-e1702495471676-1024x428.webp?resize=640%2C268&#038;ssl=1\" alt=\"\" class=\"wp-image-7809\" srcset=\"https:\/\/i0.wp.com\/schrittmacherfestival.nl\/wp-content\/uploads\/2023\/12\/smf_24_NL_PROtalk_Annemarie_Labinjo_ccompany-scaled-e1702495471676.webp?resize=1024%2C428&amp;ssl=1 1024w, https:\/\/i0.wp.com\/schrittmacherfestival.nl\/wp-content\/uploads\/2023\/12\/smf_24_NL_PROtalk_Annemarie_Labinjo_ccompany-scaled-e1702495471676.webp?resize=300%2C125&amp;ssl=1 300w, https:\/\/i0.wp.com\/schrittmacherfestival.nl\/wp-content\/uploads\/2023\/12\/smf_24_NL_PROtalk_Annemarie_Labinjo_ccompany-scaled-e1702495471676.webp?resize=768%2C321&amp;ssl=1 768w, https:\/\/i0.wp.com\/schrittmacherfestival.nl\/wp-content\/uploads\/2023\/12\/smf_24_NL_PROtalk_Annemarie_Labinjo_ccompany-scaled-e1702495471676.webp?resize=31%2C13&amp;ssl=1 31w, https:\/\/i0.wp.com\/schrittmacherfestival.nl\/wp-content\/uploads\/2023\/12\/smf_24_NL_PROtalk_Annemarie_Labinjo_ccompany-scaled-e1702495471676.webp?w=1200&amp;ssl=1 1200w\" sizes=\"(max-width: 640px) 100vw, 640px\" \/><\/a><\/figure>\n\n\n\n<h4 class=\"wp-block-heading\" id=\"hofesh-shechter-company-gbr\">Tanzkurs<br\/><\/h4>\n\n\n\n<h4 class=\"wp-block-heading\" id=\"double-murder\"><a href=\"https:\/\/schrittmacherfestival.nl\/de\/tanzkurse-fuer-menschen-mit-krebs\/\" title=\"\">fu\u0308r Menschen mit Krebs<\/a><br\/><br\/><\/h4>\n\n\n\n<p>10.30 Uhr<br\/>Cultuurhuis Heerlen<\/p>\n<\/div>\n\n\n\n<div class=\"wp-block-column is-layout-flow wp-block-column-is-layout-flow\">\n<figure class=\"wp-block-image size-large\"><a href=\"https:\/\/schrittmacherfestival.nl\/de\/netwerk-lunch\/netwerk-lunch-2\/\"><img data-recalc-dims=\"1\" loading=\"lazy\" decoding=\"async\" width=\"640\" height=\"267\" src=\"https:\/\/i0.wp.com\/schrittmacherfestival.nl\/wp-content\/uploads\/2024\/01\/Netwerk-lunch-e1706633482661-1024x427.webp?resize=640%2C267&#038;ssl=1\" alt=\"\" class=\"wp-image-8362\" srcset=\"https:\/\/i0.wp.com\/schrittmacherfestival.nl\/wp-content\/uploads\/2024\/01\/Netwerk-lunch-e1706633482661.webp?resize=1024%2C427&amp;ssl=1 1024w, https:\/\/i0.wp.com\/schrittmacherfestival.nl\/wp-content\/uploads\/2024\/01\/Netwerk-lunch-e1706633482661.webp?resize=300%2C125&amp;ssl=1 300w, https:\/\/i0.wp.com\/schrittmacherfestival.nl\/wp-content\/uploads\/2024\/01\/Netwerk-lunch-e1706633482661.webp?resize=768%2C320&amp;ssl=1 768w, https:\/\/i0.wp.com\/schrittmacherfestival.nl\/wp-content\/uploads\/2024\/01\/Netwerk-lunch-e1706633482661.webp?resize=31%2C13&amp;ssl=1 31w, https:\/\/i0.wp.com\/schrittmacherfestival.nl\/wp-content\/uploads\/2024\/01\/Netwerk-lunch-e1706633482661.webp?w=1200&amp;ssl=1 1200w\" sizes=\"(max-width: 640px) 100vw, 640px\" \/><\/a><\/figure>\n\n\n\n<h4 class=\"wp-block-heading\" id=\"hofesh-shechter-company-gbr\">Netwerklunch (Abgesagt)<br\/><\/h4>\n\n\n\n<h4 class=\"wp-block-heading\" id=\"double-murder\"><strong><a href=\"https:\/\/schrittmacherfestival.nl\/de\/netwerk-lunch\/netwerk-lunch-2\/\" title=\"\">voor professionals<\/a><\/strong><br\/><br\/><\/h4>\n\n\n\n<p>13.00 &#8211; 14.00 Uhr<br\/>PLT, Theater Heerlen &#8211; DSMcaf\u00e9 <\/p>\n<\/div>\n\n\n\n<div class=\"wp-block-column is-layout-flow wp-block-column-is-layout-flow\">\n<figure class=\"wp-block-image size-large\"><a href=\"https:\/\/schrittmacherfestival.nl\/de\/into-ash\/\"><img data-recalc-dims=\"1\" loading=\"lazy\" decoding=\"async\" width=\"640\" height=\"267\" src=\"https:\/\/i0.wp.com\/schrittmacherfestival.nl\/wp-content\/uploads\/2024\/01\/YYY2.webp?resize=640%2C267&#038;ssl=1\" alt=\"\" class=\"wp-image-8241\" srcset=\"https:\/\/i0.wp.com\/schrittmacherfestival.nl\/wp-content\/uploads\/2024\/01\/YYY2.webp?resize=1024%2C427&amp;ssl=1 1024w, https:\/\/i0.wp.com\/schrittmacherfestival.nl\/wp-content\/uploads\/2024\/01\/YYY2.webp?resize=300%2C125&amp;ssl=1 300w, https:\/\/i0.wp.com\/schrittmacherfestival.nl\/wp-content\/uploads\/2024\/01\/YYY2.webp?resize=768%2C320&amp;ssl=1 768w, https:\/\/i0.wp.com\/schrittmacherfestival.nl\/wp-content\/uploads\/2024\/01\/YYY2.webp?resize=31%2C13&amp;ssl=1 31w, https:\/\/i0.wp.com\/schrittmacherfestival.nl\/wp-content\/uploads\/2024\/01\/YYY2.webp?w=1200&amp;ssl=1 1200w\" sizes=\"(max-width: 640px) 100vw, 640px\" \/><\/a><\/figure>\n\n\n\n<h4 class=\"wp-block-heading\" id=\"hofesh-shechter-company-gbr\">Yin Yue (USA\/CN)<br\/><\/h4>\n\n\n\n<h4 class=\"wp-block-heading\"><a href=\"https:\/\/schrittmacherfestival.nl\/de\/into-ash\/\">Into Ash<\/a><br\/><br\/><\/h4>\n\n\n\n<p>15.00 Uhr<br\/>Ludwig Forum Aken<\/p>\n<\/div>\n<\/div>\n\n<div class=\"wp-block-columns is-layout-flex wp-container-core-columns-is-layout-9d6595d7 wp-block-columns-is-layout-flex\">\n<div class=\"wp-block-column is-layout-flow wp-block-column-is-layout-flow\">\n<figure class=\"wp-block-image size-large\"><a href=\"https:\/\/schrittmacherfestival.nl\/de\/life-cypher\/\"><img data-recalc-dims=\"1\" loading=\"lazy\" decoding=\"async\" width=\"640\" height=\"267\" src=\"https:\/\/i0.wp.com\/schrittmacherfestival.nl\/wp-content\/uploads\/2024\/03\/life-header.jpg?resize=640%2C267&#038;ssl=1\" alt=\"\" class=\"wp-image-8931\" srcset=\"https:\/\/i0.wp.com\/schrittmacherfestival.nl\/wp-content\/uploads\/2024\/03\/life-header.jpg?resize=1024%2C427&amp;ssl=1 1024w, https:\/\/i0.wp.com\/schrittmacherfestival.nl\/wp-content\/uploads\/2024\/03\/life-header.jpg?resize=300%2C125&amp;ssl=1 300w, https:\/\/i0.wp.com\/schrittmacherfestival.nl\/wp-content\/uploads\/2024\/03\/life-header.jpg?resize=768%2C320&amp;ssl=1 768w, https:\/\/i0.wp.com\/schrittmacherfestival.nl\/wp-content\/uploads\/2024\/03\/life-header.jpg?resize=31%2C13&amp;ssl=1 31w, https:\/\/i0.wp.com\/schrittmacherfestival.nl\/wp-content\/uploads\/2024\/03\/life-header.jpg?w=1200&amp;ssl=1 1200w\" sizes=\"(max-width: 640px) 100vw, 640px\" \/><\/a><\/figure>\n\n\n\n<h4 class=\"wp-block-heading\" id=\"hofesh-shechter-company-gbr\">Life Cypher<br\/><\/h4>\n\n\n\n<h4 class=\"wp-block-heading\" id=\"double-murder\"><a href=\"https:\/\/schrittmacherfestival.nl\/de\/life-cypher\/\" title=\"\">Performance<\/a><br\/><br\/><\/h4>\n\n\n\n<p>15.00 Uhr<br\/>SCHUNCK Glaspaleis<\/p>\n<\/div>\n\n\n\n<div class=\"wp-block-column is-layout-flow wp-block-column-is-layout-flow\">\n<figure class=\"wp-block-image size-large\"><a href=\"https:\/\/schrittmacherfestival.nl\/de\/fforce\/\"><img data-recalc-dims=\"1\" loading=\"lazy\" decoding=\"async\" width=\"640\" height=\"267\" src=\"https:\/\/i0.wp.com\/schrittmacherfestival.nl\/wp-content\/uploads\/2023\/12\/smf_24_NL_FForce_cBryndis-Brynjolfsdottir-scaled-e1702546110285-1024x427.webp?resize=640%2C267&#038;ssl=1\" alt=\"\" class=\"wp-image-7914\" srcset=\"https:\/\/i0.wp.com\/schrittmacherfestival.nl\/wp-content\/uploads\/2023\/12\/smf_24_NL_FForce_cBryndis-Brynjolfsdottir-scaled-e1702546110285.webp?resize=1024%2C427&amp;ssl=1 1024w, https:\/\/i0.wp.com\/schrittmacherfestival.nl\/wp-content\/uploads\/2023\/12\/smf_24_NL_FForce_cBryndis-Brynjolfsdottir-scaled-e1702546110285.webp?resize=300%2C125&amp;ssl=1 300w, https:\/\/i0.wp.com\/schrittmacherfestival.nl\/wp-content\/uploads\/2023\/12\/smf_24_NL_FForce_cBryndis-Brynjolfsdottir-scaled-e1702546110285.webp?resize=768%2C320&amp;ssl=1 768w, https:\/\/i0.wp.com\/schrittmacherfestival.nl\/wp-content\/uploads\/2023\/12\/smf_24_NL_FForce_cBryndis-Brynjolfsdottir-scaled-e1702546110285.webp?resize=31%2C13&amp;ssl=1 31w, https:\/\/i0.wp.com\/schrittmacherfestival.nl\/wp-content\/uploads\/2023\/12\/smf_24_NL_FForce_cBryndis-Brynjolfsdottir-scaled-e1702546110285.webp?w=1200&amp;ssl=1 1200w\" sizes=\"(max-width: 640px) 100vw, 640px\" \/><\/a><\/figure>\n\n\n\n<h4 class=\"wp-block-heading\" id=\"hofesh-shechter-company-gbr\">F|Force<br\/><\/h4>\n\n\n\n<h4 class=\"wp-block-heading\" id=\"double-murder\"><a href=\"https:\/\/schrittmacherfestival.nl\/de\/fforce\/\" title=\"\">Performance<\/a><br\/><br\/><\/h4>\n\n\n\n<p>16.00 Uhr<br\/>SCHUNCK Glaspaleis<\/p>\n<\/div>\n\n\n\n<div class=\"wp-block-column is-layout-flow wp-block-column-is-layout-flow\">\n<figure class=\"wp-block-image size-large\"><a href=\"https:\/\/schrittmacherfestival.nl\/de\/nowhere\/\"><img data-recalc-dims=\"1\" loading=\"lazy\" decoding=\"async\" width=\"640\" height=\"268\" src=\"https:\/\/i0.wp.com\/schrittmacherfestival.nl\/wp-content\/uploads\/2023\/12\/smf_24_D_YYDC_c-Sarah-Jeffers__4974-1-scaled-e1701956710225-1024x428.webp?resize=640%2C268&#038;ssl=1\" alt=\"\" class=\"wp-image-7272\" srcset=\"https:\/\/i0.wp.com\/schrittmacherfestival.nl\/wp-content\/uploads\/2023\/12\/smf_24_D_YYDC_c-Sarah-Jeffers__4974-1-scaled-e1701956710225.webp?resize=1024%2C428&amp;ssl=1 1024w, https:\/\/i0.wp.com\/schrittmacherfestival.nl\/wp-content\/uploads\/2023\/12\/smf_24_D_YYDC_c-Sarah-Jeffers__4974-1-scaled-e1701956710225.webp?resize=300%2C126&amp;ssl=1 300w, https:\/\/i0.wp.com\/schrittmacherfestival.nl\/wp-content\/uploads\/2023\/12\/smf_24_D_YYDC_c-Sarah-Jeffers__4974-1-scaled-e1701956710225.webp?resize=768%2C321&amp;ssl=1 768w, https:\/\/i0.wp.com\/schrittmacherfestival.nl\/wp-content\/uploads\/2023\/12\/smf_24_D_YYDC_c-Sarah-Jeffers__4974-1-scaled-e1701956710225.webp?resize=31%2C13&amp;ssl=1 31w, https:\/\/i0.wp.com\/schrittmacherfestival.nl\/wp-content\/uploads\/2023\/12\/smf_24_D_YYDC_c-Sarah-Jeffers__4974-1-scaled-e1701956710225.webp?w=1200&amp;ssl=1 1200w\" sizes=\"(max-width: 640px) 100vw, 640px\" \/><\/a><\/figure>\n\n\n\n<h4 class=\"wp-block-heading\" id=\"hofesh-shechter-company-gbr\">Nowhere<br\/><\/h4>\n\n\n\n<h4 class=\"wp-block-heading\" id=\"double-murder\"><a href=\"https:\/\/schrittmacherfestival.nl\/de\/nowhere\/\">YY Dance Company (USA\/CN)<\/a><br\/><br\/><\/h4>\n\n\n\n<p>20.00 Uhr<br\/>Fabrik Stahlbau Strang, Aachen<\/p>\n<\/div>\n<\/div>\n\n<hr class=\"wp-block-separator has-css-opacity\"\/>\n\n<h2 class=\"wp-block-heading\">So 10.03.2024<\/h2>\n\n<div class=\"wp-block-columns is-layout-flex wp-container-core-columns-is-layout-9d6595d7 wp-block-columns-is-layout-flex\">\n<div class=\"wp-block-column is-layout-flow wp-block-column-is-layout-flow\">\n<figure class=\"wp-block-image size-large\"><a href=\"https:\/\/schrittmacherfestival.nl\/de\/tanzkurse-fuer-menschen-mit-krebs\/\"><img data-recalc-dims=\"1\" decoding=\"async\" width=\"640\" height=\"268\" src=\"https:\/\/i0.wp.com\/schrittmacherfestival.nl\/wp-content\/uploads\/2023\/12\/smf_24_NL_PROtalk_Annemarie_Labinjo_ccompany-scaled-e1702495471676-1024x428.webp?resize=640%2C268&#038;ssl=1\" alt=\"\" class=\"wp-image-7809\" srcset=\"https:\/\/i0.wp.com\/schrittmacherfestival.nl\/wp-content\/uploads\/2023\/12\/smf_24_NL_PROtalk_Annemarie_Labinjo_ccompany-scaled-e1702495471676.webp?resize=1024%2C428&amp;ssl=1 1024w, https:\/\/i0.wp.com\/schrittmacherfestival.nl\/wp-content\/uploads\/2023\/12\/smf_24_NL_PROtalk_Annemarie_Labinjo_ccompany-scaled-e1702495471676.webp?resize=300%2C125&amp;ssl=1 300w, https:\/\/i0.wp.com\/schrittmacherfestival.nl\/wp-content\/uploads\/2023\/12\/smf_24_NL_PROtalk_Annemarie_Labinjo_ccompany-scaled-e1702495471676.webp?resize=768%2C321&amp;ssl=1 768w, https:\/\/i0.wp.com\/schrittmacherfestival.nl\/wp-content\/uploads\/2023\/12\/smf_24_NL_PROtalk_Annemarie_Labinjo_ccompany-scaled-e1702495471676.webp?resize=31%2C13&amp;ssl=1 31w, https:\/\/i0.wp.com\/schrittmacherfestival.nl\/wp-content\/uploads\/2023\/12\/smf_24_NL_PROtalk_Annemarie_Labinjo_ccompany-scaled-e1702495471676.webp?w=1200&amp;ssl=1 1200w\" sizes=\"(max-width: 640px) 100vw, 640px\" \/><\/a><\/figure>\n\n\n\n<h4 class=\"wp-block-heading\" id=\"hofesh-shechter-company-gbr\">Tanzkurs<br\/><\/h4>\n\n\n\n<h4 class=\"wp-block-heading\" id=\"double-murder\"><a href=\"https:\/\/schrittmacherfestival.nl\/de\/tanzkurse-fuer-menschen-mit-krebs\/\" title=\"\">fu\u0308r Menschen mit Krebs<\/a><br\/><br\/><\/h4>\n\n\n\n<p>10.30 Uhr<br\/>Cultuurhuis Heerlen<\/p>\n<\/div>\n\n\n\n<div class=\"wp-block-column is-layout-flow wp-block-column-is-layout-flow\">\n<figure class=\"wp-block-image size-large\"><a href=\"https:\/\/schrittmacherfestival.nl\/de\/generation2-2024\/\"><img data-recalc-dims=\"1\" loading=\"lazy\" decoding=\"async\" width=\"640\" height=\"267\" src=\"https:\/\/i0.wp.com\/schrittmacherfestival.nl\/wp-content\/uploads\/2023\/12\/smf_24_NL_breakin_convention_C_Antoinette_Gomis_cPaul-Hampartsoumian-e1702289757745-1024x427.webp?resize=640%2C267&#038;ssl=1\" alt=\"\" class=\"wp-image-7382\" srcset=\"https:\/\/i0.wp.com\/schrittmacherfestival.nl\/wp-content\/uploads\/2023\/12\/smf_24_NL_breakin_convention_C_Antoinette_Gomis_cPaul-Hampartsoumian-e1702289757745.webp?resize=1024%2C427&amp;ssl=1 1024w, https:\/\/i0.wp.com\/schrittmacherfestival.nl\/wp-content\/uploads\/2023\/12\/smf_24_NL_breakin_convention_C_Antoinette_Gomis_cPaul-Hampartsoumian-e1702289757745.webp?resize=300%2C125&amp;ssl=1 300w, https:\/\/i0.wp.com\/schrittmacherfestival.nl\/wp-content\/uploads\/2023\/12\/smf_24_NL_breakin_convention_C_Antoinette_Gomis_cPaul-Hampartsoumian-e1702289757745.webp?resize=768%2C320&amp;ssl=1 768w, https:\/\/i0.wp.com\/schrittmacherfestival.nl\/wp-content\/uploads\/2023\/12\/smf_24_NL_breakin_convention_C_Antoinette_Gomis_cPaul-Hampartsoumian-e1702289757745.webp?resize=31%2C13&amp;ssl=1 31w, https:\/\/i0.wp.com\/schrittmacherfestival.nl\/wp-content\/uploads\/2023\/12\/smf_24_NL_breakin_convention_C_Antoinette_Gomis_cPaul-Hampartsoumian-e1702289757745.webp?w=1200&amp;ssl=1 1200w\" sizes=\"(max-width: 640px) 100vw, 640px\" \/><\/a><\/figure>\n\n\n\n<h4 class=\"wp-block-heading\" id=\"hofesh-shechter-company-gbr\">Familientag<br\/><\/h4>\n\n\n\n<h4 class=\"wp-block-heading\" id=\"double-murder\"><a href=\"https:\/\/schrittmacherfestival.nl\/de\/generation2-2024\/\" title=\"\">GENERATION2<\/a><br\/><br\/><\/h4>\n\n\n\n<p>10.30 Uhr &#8211; 17.00 Uhr<br\/>PLT, Theater Heerlen<\/p>\n<\/div>\n\n\n\n<div class=\"wp-block-column is-layout-flow wp-block-column-is-layout-flow\">\n<figure class=\"wp-block-image size-large\"><a href=\"https:\/\/schrittmacherfestival.nl\/de\/tanz-gesundheit\/\"><img data-recalc-dims=\"1\" loading=\"lazy\" decoding=\"async\" width=\"640\" height=\"267\" src=\"https:\/\/i0.wp.com\/schrittmacherfestival.nl\/wp-content\/uploads\/2023\/12\/smf_24_NL_PROtalk_Andrew-Greenwood_ccompany-e1702547281232-1024x427.webp?resize=640%2C267&#038;ssl=1\" alt=\"\" class=\"wp-image-7926\" srcset=\"https:\/\/i0.wp.com\/schrittmacherfestival.nl\/wp-content\/uploads\/2023\/12\/smf_24_NL_PROtalk_Andrew-Greenwood_ccompany-e1702547281232.webp?resize=1024%2C427&amp;ssl=1 1024w, https:\/\/i0.wp.com\/schrittmacherfestival.nl\/wp-content\/uploads\/2023\/12\/smf_24_NL_PROtalk_Andrew-Greenwood_ccompany-e1702547281232.webp?resize=300%2C125&amp;ssl=1 300w, https:\/\/i0.wp.com\/schrittmacherfestival.nl\/wp-content\/uploads\/2023\/12\/smf_24_NL_PROtalk_Andrew-Greenwood_ccompany-e1702547281232.webp?resize=768%2C320&amp;ssl=1 768w, https:\/\/i0.wp.com\/schrittmacherfestival.nl\/wp-content\/uploads\/2023\/12\/smf_24_NL_PROtalk_Andrew-Greenwood_ccompany-e1702547281232.webp?resize=31%2C13&amp;ssl=1 31w, https:\/\/i0.wp.com\/schrittmacherfestival.nl\/wp-content\/uploads\/2023\/12\/smf_24_NL_PROtalk_Andrew-Greenwood_ccompany-e1702547281232.webp?w=1200&amp;ssl=1 1200w\" sizes=\"(max-width: 640px) 100vw, 640px\" \/><\/a><\/figure>\n\n\n\n<h4 class=\"wp-block-heading\" id=\"hofesh-shechter-company-gbr\">PROtalk<br\/><\/h4>\n\n\n\n<h4 class=\"wp-block-heading\" id=\"double-murder\"><a href=\"https:\/\/schrittmacherfestival.nl\/de\/tanz-gesundheit\/\" title=\"\">Tanz &amp; Gesundheit<\/a><br\/><br\/><\/h4>\n\n\n\n<p>14.00 Uhr<br\/>Toon Hermans Huis Parkstad<\/p>\n<\/div>\n<\/div>\n\n<div class=\"wp-block-columns is-layout-flex wp-container-core-columns-is-layout-9d6595d7 wp-block-columns-is-layout-flex\">\n<div class=\"wp-block-column is-layout-flow wp-block-column-is-layout-flow\">\n<figure class=\"wp-block-image size-large\"><a href=\"https:\/\/schrittmacherfestival.nl\/de\/assitej-bijeenkomst\/\"><img data-recalc-dims=\"1\" loading=\"lazy\" decoding=\"async\" width=\"640\" height=\"267\" src=\"https:\/\/i0.wp.com\/schrittmacherfestival.nl\/wp-content\/uploads\/2024\/01\/Assitej-bijeenkomst-Chain-Reaction-scaled-e1706537080799-1024x427.webp?resize=640%2C267&#038;ssl=1\" alt=\"\" class=\"wp-image-8312\" srcset=\"https:\/\/i0.wp.com\/schrittmacherfestival.nl\/wp-content\/uploads\/2024\/01\/Assitej-bijeenkomst-Chain-Reaction-scaled-e1706537080799.webp?resize=1024%2C427&amp;ssl=1 1024w, https:\/\/i0.wp.com\/schrittmacherfestival.nl\/wp-content\/uploads\/2024\/01\/Assitej-bijeenkomst-Chain-Reaction-scaled-e1706537080799.webp?resize=300%2C125&amp;ssl=1 300w, https:\/\/i0.wp.com\/schrittmacherfestival.nl\/wp-content\/uploads\/2024\/01\/Assitej-bijeenkomst-Chain-Reaction-scaled-e1706537080799.webp?resize=768%2C320&amp;ssl=1 768w, https:\/\/i0.wp.com\/schrittmacherfestival.nl\/wp-content\/uploads\/2024\/01\/Assitej-bijeenkomst-Chain-Reaction-scaled-e1706537080799.webp?resize=31%2C13&amp;ssl=1 31w, https:\/\/i0.wp.com\/schrittmacherfestival.nl\/wp-content\/uploads\/2024\/01\/Assitej-bijeenkomst-Chain-Reaction-scaled-e1706537080799.webp?w=1200&amp;ssl=1 1200w\" sizes=\"(max-width: 640px) 100vw, 640px\" \/><\/a><\/figure>\n\n\n\n<h4 class=\"wp-block-heading\" id=\"hofesh-shechter-company-gbr\">Assitej<br\/><\/h4>\n\n\n\n<h4 class=\"wp-block-heading\"><a href=\"https:\/\/schrittmacherfestival.nl\/de\/assitej-bijeenkomst\/\" title=\"\">bijjeenkomst<\/a><br\/><br\/><\/h4>\n\n\n\n<p>14.30 &#8211; 15.45 Uhr<br\/>PLT, Theater Heerlen &#8211; T&amp;Plounge<\/p>\n<\/div>\n\n\n\n<div class=\"wp-block-column is-layout-flow wp-block-column-is-layout-flow\">\n<figure class=\"wp-block-image size-large\"><a href=\"https:\/\/schrittmacherfestival.nl\/de\/into-ash\/\"><img data-recalc-dims=\"1\" loading=\"lazy\" decoding=\"async\" width=\"640\" height=\"267\" src=\"https:\/\/i0.wp.com\/schrittmacherfestival.nl\/wp-content\/uploads\/2024\/01\/YYY2.webp?resize=640%2C267&#038;ssl=1\" alt=\"\" class=\"wp-image-8241\" srcset=\"https:\/\/i0.wp.com\/schrittmacherfestival.nl\/wp-content\/uploads\/2024\/01\/YYY2.webp?resize=1024%2C427&amp;ssl=1 1024w, https:\/\/i0.wp.com\/schrittmacherfestival.nl\/wp-content\/uploads\/2024\/01\/YYY2.webp?resize=300%2C125&amp;ssl=1 300w, https:\/\/i0.wp.com\/schrittmacherfestival.nl\/wp-content\/uploads\/2024\/01\/YYY2.webp?resize=768%2C320&amp;ssl=1 768w, https:\/\/i0.wp.com\/schrittmacherfestival.nl\/wp-content\/uploads\/2024\/01\/YYY2.webp?resize=31%2C13&amp;ssl=1 31w, https:\/\/i0.wp.com\/schrittmacherfestival.nl\/wp-content\/uploads\/2024\/01\/YYY2.webp?w=1200&amp;ssl=1 1200w\" sizes=\"(max-width: 640px) 100vw, 640px\" \/><\/a><\/figure>\n\n\n\n<h4 class=\"wp-block-heading\" id=\"hofesh-shechter-company-gbr\">Yin Yue (USA\/CN)<br\/><\/h4>\n\n\n\n<h4 class=\"wp-block-heading\"><a href=\"https:\/\/schrittmacherfestival.nl\/de\/into-ash\/\">Into Ash<\/a><br\/><br\/><\/h4>\n\n\n\n<p>15.00 Uhr<br\/>Ludwig Forum Aken<\/p>\n<\/div>\n\n\n\n<div class=\"wp-block-column is-layout-flow wp-block-column-is-layout-flow\">\n<figure class=\"wp-block-image size-large\"><a href=\"https:\/\/schrittmacherfestival.nl\/de\/acqua-alta-ink-black\/\"><img data-recalc-dims=\"1\" loading=\"lazy\" decoding=\"async\" width=\"640\" height=\"260\" src=\"https:\/\/i0.wp.com\/schrittmacherfestival.nl\/wp-content\/uploads\/2023\/05\/amcb-aqa-re1901_0954_r_romainetienne-item.1230x500.jpg?resize=640%2C260&#038;ssl=1\" alt=\"\" class=\"wp-image-6780\" srcset=\"https:\/\/i0.wp.com\/schrittmacherfestival.nl\/wp-content\/uploads\/2023\/05\/amcb-aqa-re1901_0954_r_romainetienne-item.1230x500.jpg?resize=1024%2C416&amp;ssl=1 1024w, https:\/\/i0.wp.com\/schrittmacherfestival.nl\/wp-content\/uploads\/2023\/05\/amcb-aqa-re1901_0954_r_romainetienne-item.1230x500.jpg?resize=300%2C122&amp;ssl=1 300w, https:\/\/i0.wp.com\/schrittmacherfestival.nl\/wp-content\/uploads\/2023\/05\/amcb-aqa-re1901_0954_r_romainetienne-item.1230x500.jpg?resize=768%2C312&amp;ssl=1 768w, https:\/\/i0.wp.com\/schrittmacherfestival.nl\/wp-content\/uploads\/2023\/05\/amcb-aqa-re1901_0954_r_romainetienne-item.1230x500.jpg?resize=31%2C13&amp;ssl=1 31w, https:\/\/i0.wp.com\/schrittmacherfestival.nl\/wp-content\/uploads\/2023\/05\/amcb-aqa-re1901_0954_r_romainetienne-item.1230x500.jpg?w=1230&amp;ssl=1 1230w\" sizes=\"(max-width: 640px) 100vw, 640px\" \/><\/a><\/figure>\n\n\n\n<h4 class=\"wp-block-heading\" id=\"hofesh-shechter-company-gbr\">Adrien M &amp; Claire B (F)<br\/><\/h4>\n\n\n\n<h4 class=\"wp-block-heading\"><a href=\"https:\/\/schrittmacherfestival.nl\/de\/acqua-alta-ink-black\/\" title=\"\">Acqua Alta \u2013 Ink black<\/a><br\/><br\/><\/h4>\n\n\n\n<p>16.00 Uhr<br\/>PLT, Theater Kerkrade<\/p>\n<\/div>\n<\/div>\n\n<hr class=\"wp-block-separator has-css-opacity\"\/>\n\n<h2 class=\"wp-block-heading\">Di 19.03.2024<\/h2>\n\n<div class=\"wp-block-columns is-layout-flex wp-container-core-columns-is-layout-9d6595d7 wp-block-columns-is-layout-flex\">\n<div class=\"wp-block-column is-layout-flow wp-block-column-is-layout-flow\">\n<figure class=\"wp-block-image size-full\"><a href=\"https:\/\/schrittmacherfestival.nl\/de\/programm-fuer-profis\/dans-right-now-2\/\"><img data-recalc-dims=\"1\" loading=\"lazy\" decoding=\"async\" width=\"640\" height=\"267\" src=\"https:\/\/i0.wp.com\/schrittmacherfestival.nl\/wp-content\/uploads\/2024\/01\/Dans-Righr-Now-scaled-e1706608796793.webp?resize=640%2C267&#038;ssl=1\" alt=\"\" class=\"wp-image-8331\" srcset=\"https:\/\/i0.wp.com\/schrittmacherfestival.nl\/wp-content\/uploads\/2024\/01\/Dans-Righr-Now-scaled-e1706608796793.webp?w=1200&amp;ssl=1 1200w, https:\/\/i0.wp.com\/schrittmacherfestival.nl\/wp-content\/uploads\/2024\/01\/Dans-Righr-Now-scaled-e1706608796793.webp?resize=300%2C125&amp;ssl=1 300w, https:\/\/i0.wp.com\/schrittmacherfestival.nl\/wp-content\/uploads\/2024\/01\/Dans-Righr-Now-scaled-e1706608796793.webp?resize=1024%2C427&amp;ssl=1 1024w, https:\/\/i0.wp.com\/schrittmacherfestival.nl\/wp-content\/uploads\/2024\/01\/Dans-Righr-Now-scaled-e1706608796793.webp?resize=768%2C320&amp;ssl=1 768w, https:\/\/i0.wp.com\/schrittmacherfestival.nl\/wp-content\/uploads\/2024\/01\/Dans-Righr-Now-scaled-e1706608796793.webp?resize=31%2C13&amp;ssl=1 31w\" sizes=\"(max-width: 640px) 100vw, 640px\" \/><\/a><\/figure>\n\n\n\n<h4 class=\"wp-block-heading\" id=\"hofesh-shechter-company-gbr\">Dans Right Now<br\/><\/h4>\n\n\n\n<h4 class=\"wp-block-heading\" id=\"double-murder\"><a href=\"https:\/\/schrittmacherfestival.nl\/de\/programm-fuer-profis\/dans-right-now-2\/\" title=\"\">geschlossene Sitzung<\/a><br\/><br\/><\/h4>\n\n\n\n<p>19.00 &#8211; 22.00 Uhr<br\/>PLT, Theater Heerlen \u2013 RABOzaal<\/p>\n<\/div>\n\n\n\n<div class=\"wp-block-column is-layout-flow wp-block-column-is-layout-flow\">\n<h4 class=\"wp-block-heading\" id=\"hofesh-shechter-company-gbr\"><br\/><\/h4>\n\n\n\n<h4 class=\"wp-block-heading\" id=\"double-murder\"><br\/><br\/><\/h4>\n\n\n\n<p><\/p>\n<\/div>\n\n\n\n<div class=\"wp-block-column is-layout-flow wp-block-column-is-layout-flow\">\n<h4 class=\"wp-block-heading\" id=\"hofesh-shechter-company-gbr\"><br\/><\/h4>\n\n\n\n<h4 class=\"wp-block-heading\" id=\"double-murder\"><br\/><br\/><\/h4>\n\n\n\n<p><\/p>\n<\/div>\n<\/div>\n\n<hr class=\"wp-block-separator has-css-opacity\"\/>\n","protected":false},"excerpt":{"rendered":"<p>Programm fu\u0308r Profis Verschiedene OrteFr 08.03.2024 &#8211; So 10.03.2024 + Di 19.03.2024 Nach dem Erfolg des Profi-Wochenendes w\u00e4hrend der schrit_tmacher 2023 haben wir beschlossen, das PRO_Programm f\u00fcr Menschen aus der Branche noch weiter auszubauen. Vom 8. bis 10. M\u00e4rz wurde ein gro\u00dfartiges Programm mit Auff\u00fchrungen, Vortr\u00e4gen, Workshops und Begegnungen zusammengestellt, das auf die Bed\u00fcrfnisse und Verbindungen von Fachleuten abgestimmt ist. [&hellip;]<\/p>\n","protected":false},"author":1,"featured_media":0,"parent":0,"menu_order":0,"comment_status":"closed","ping_status":"closed","template":"","meta":{"_acf_changed":false,"footnotes":""},"class_list":["post-8085","page","type-page","status-publish","hentry"],"aioseo_notices":[],"acf":[],"jetpack_sharing_enabled":true,"_links":{"self":[{"href":"https:\/\/schrittmacherfestival.nl\/de\/wp-json\/wp\/v2\/pages\/8085","targetHints":{"allow":["GET"]}}],"collection":[{"href":"https:\/\/schrittmacherfestival.nl\/de\/wp-json\/wp\/v2\/pages"}],"about":[{"href":"https:\/\/schrittmacherfestival.nl\/de\/wp-json\/wp\/v2\/types\/page"}],"author":[{"embeddable":true,"href":"https:\/\/schrittmacherfestival.nl\/de\/wp-json\/wp\/v2\/users\/1"}],"replies":[{"embeddable":true,"href":"https:\/\/schrittmacherfestival.nl\/de\/wp-json\/wp\/v2\/comments?post=8085"}],"version-history":[{"count":32,"href":"https:\/\/schrittmacherfestival.nl\/de\/wp-json\/wp\/v2\/pages\/8085\/revisions"}],"predecessor-version":[{"id":8942,"href":"https:\/\/schrittmacherfestival.nl\/de\/wp-json\/wp\/v2\/pages\/8085\/revisions\/8942"}],"wp:attachment":[{"href":"https:\/\/schrittmacherfestival.nl\/de\/wp-json\/wp\/v2\/media?parent=8085"}],"curies":[{"name":"wp","href":"https:\/\/api.w.org\/{rel}","templated":true}]}}