{"id":9396,"date":"2024-05-10T06:45:14","date_gmt":"2024-05-10T06:45:14","guid":{"rendered":"https:\/\/schrittmacherfestival.nl\/wachts-even-reprise\/"},"modified":"2024-12-16T09:12:51","modified_gmt":"2024-12-16T09:12:51","slug":"wachts-even-reprise","status":"publish","type":"page","link":"https:\/\/schrittmacherfestival.nl\/de\/wachts-even-reprise\/","title":{"rendered":"Wacht\u2019s Even (reprise)"},"content":{"rendered":"\n<h1 class=\"wp-block-heading has-black-color has-text-color\" id=\"hofesh-shechter-company-gbr\">de Stilte (NL)<\/h1>\n\n<p><strong><strong><strong>THEATER HEERLEN, LIMBURGzaal Toneel op toneel<\/strong><\/strong><\/strong><br\/><strong>So 16.03.2025<\/strong><br\/><strong>11.00 Uhr<\/strong> <strong>+ 12.30 Uhr<\/strong><br\/><strong>Von 9,50 \u20ac<\/strong><\/p>\n\n<figure class=\"wp-block-image alignwide size-large\"><img data-recalc-dims=\"1\" fetchpriority=\"high\" decoding=\"async\" width=\"640\" height=\"260\" src=\"https:\/\/i0.wp.com\/schrittmacherfestival.nl\/wp-content\/uploads\/2024\/05\/de-stilte-wacht-s-even-_c_-hans-gerritsen-2.1230x500.jpg?resize=640%2C260&#038;ssl=1\" alt=\"\" class=\"wp-image-9193\" srcset=\"https:\/\/i0.wp.com\/schrittmacherfestival.nl\/wp-content\/uploads\/2024\/05\/de-stilte-wacht-s-even-_c_-hans-gerritsen-2.1230x500.jpg?resize=1024%2C416&amp;ssl=1 1024w, https:\/\/i0.wp.com\/schrittmacherfestival.nl\/wp-content\/uploads\/2024\/05\/de-stilte-wacht-s-even-_c_-hans-gerritsen-2.1230x500.jpg?resize=300%2C122&amp;ssl=1 300w, https:\/\/i0.wp.com\/schrittmacherfestival.nl\/wp-content\/uploads\/2024\/05\/de-stilte-wacht-s-even-_c_-hans-gerritsen-2.1230x500.jpg?resize=768%2C312&amp;ssl=1 768w, https:\/\/i0.wp.com\/schrittmacherfestival.nl\/wp-content\/uploads\/2024\/05\/de-stilte-wacht-s-even-_c_-hans-gerritsen-2.1230x500.jpg?resize=31%2C13&amp;ssl=1 31w, https:\/\/i0.wp.com\/schrittmacherfestival.nl\/wp-content\/uploads\/2024\/05\/de-stilte-wacht-s-even-_c_-hans-gerritsen-2.1230x500.jpg?w=1230&amp;ssl=1 1230w\" sizes=\"(max-width: 640px) 100vw, 640px\" \/><\/figure>\n\n<hr class=\"wp-block-separator has-css-opacity\"\/>\n\n<h2 class=\"wp-block-heading\">Eine wunderbar ruhige Vorstellung f\u00fcr die Allerkleinsten.<\/h2>\n\n<p>Schneewei\u00dfe Objekte f\u00fcllen die Leere. Tischchen, Hocker, T\u00fcr, ein kleines Klavier. Aber Moment mal&#8230; Ist da jemand? Mit der wundersch\u00f6nen Klaviermusik von Jeroen van Vliet wird das Fremde in einer neuen Umgebung vertraut. Zwei Personen verschwinden und erscheinen in einer unber\u00fchrten Landschaft, bis das Unvermeidliche geschieht: Sie treffen aufeinander&#8230; Aber wie geht man mit jemandem um, der anders ist?<\/p>\n\n<p>Ab 0,5 Jahren<\/p>\n\n<p>Dauer: ~ 40 min. ohne Pause<\/p>\n\n<hr class=\"wp-block-separator has-css-opacity\"\/>\n\n<div class=\"wp-block-buttons is-horizontal is-content-justification-center is-layout-flex wp-container-core-buttons-is-layout-499968f5 wp-block-buttons-is-layout-flex\">\n<div class=\"wp-block-button\"><a class=\"wp-block-button__link has-white-color has-black-background-color has-text-color has-background wp-element-button\" href=\"https:\/\/www.plt.nl\/bestel\/11777\" target=\"_blank\" rel=\"noreferrer noopener\"><strong>Tickets So<\/strong> <strong>16.03 | 11.00 Uhr<\/strong><\/a><\/div>\n\n\n\n<div class=\"wp-block-button\"><a class=\"wp-block-button__link has-white-color has-black-background-color has-text-color has-background wp-element-button\" href=\"https:\/\/www.plt.nl\/bestel\/11778\" target=\"_blank\" rel=\"noreferrer noopener\"><strong>Tickets So<\/strong> <strong>16.03 | 12.30 Uhr<\/strong><\/a><\/div>\n<\/div>\n\n<hr class=\"wp-block-separator has-css-opacity\"\/>\n\n<figure class=\"wp-block-embed is-type-video is-provider-youtube wp-block-embed-youtube wp-embed-aspect-16-9 wp-has-aspect-ratio\"><div class=\"wp-block-embed__wrapper\">\r\n<iframe  id=\"_ytid_23499\"  width=\"640\" height=\"360\"  data-origwidth=\"640\" data-origheight=\"360\" src=\"https:\/\/www.youtube.com\/embed\/fugDkjTlAW8?enablejsapi=1&#038;autoplay=0&#038;cc_load_policy=0&#038;cc_lang_pref=&#038;iv_load_policy=1&#038;loop=0&#038;rel=1&#038;fs=1&#038;playsinline=0&#038;autohide=2&#038;theme=dark&#038;color=red&#038;controls=1&#038;disablekb=0&#038;\" class=\"__youtube_prefs__  epyt-is-override  no-lazyload\" title=\"YouTube player\"  allow=\"fullscreen; accelerometer; autoplay; clipboard-write; encrypted-media; gyroscope; picture-in-picture; web-share\" referrerpolicy=\"strict-origin-when-cross-origin\" allowfullscreen data-no-lazy=\"1\" data-skipgform_ajax_framebjll=\"\"><\/iframe>\n<\/div><\/figure>\r\n\n<hr class=\"wp-block-separator has-css-opacity\"\/>\n\n<figure class=\"wp-block-gallery has-nested-images columns-default is-cropped wp-block-gallery-1 is-layout-flex wp-block-gallery-is-layout-flex\">\n<figure class=\"wp-block-image size-large\"><img data-recalc-dims=\"1\" decoding=\"async\" width=\"640\" height=\"388\" data-id=\"9384\" src=\"https:\/\/i0.wp.com\/schrittmacherfestival.nl\/wp-content\/uploads\/2024\/05\/de-stilte-wacht-s-even-_c_-hans-gerritsen-5.1280x1280.jpg?resize=640%2C388&#038;ssl=1\" alt=\"\" class=\"wp-image-9384\" srcset=\"https:\/\/i0.wp.com\/schrittmacherfestival.nl\/wp-content\/uploads\/2024\/05\/de-stilte-wacht-s-even-_c_-hans-gerritsen-5.1280x1280.jpg?resize=1024%2C621&amp;ssl=1 1024w, https:\/\/i0.wp.com\/schrittmacherfestival.nl\/wp-content\/uploads\/2024\/05\/de-stilte-wacht-s-even-_c_-hans-gerritsen-5.1280x1280.jpg?resize=300%2C182&amp;ssl=1 300w, https:\/\/i0.wp.com\/schrittmacherfestival.nl\/wp-content\/uploads\/2024\/05\/de-stilte-wacht-s-even-_c_-hans-gerritsen-5.1280x1280.jpg?resize=768%2C466&amp;ssl=1 768w, https:\/\/i0.wp.com\/schrittmacherfestival.nl\/wp-content\/uploads\/2024\/05\/de-stilte-wacht-s-even-_c_-hans-gerritsen-5.1280x1280.jpg?resize=31%2C19&amp;ssl=1 31w, https:\/\/i0.wp.com\/schrittmacherfestival.nl\/wp-content\/uploads\/2024\/05\/de-stilte-wacht-s-even-_c_-hans-gerritsen-5.1280x1280.jpg?w=1280&amp;ssl=1 1280w\" sizes=\"(max-width: 640px) 100vw, 640px\" \/><\/figure>\n\n\n\n<figure class=\"wp-block-image size-large\"><img data-recalc-dims=\"1\" decoding=\"async\" width=\"640\" height=\"764\" data-id=\"9386\" src=\"https:\/\/i0.wp.com\/schrittmacherfestival.nl\/wp-content\/uploads\/2024\/05\/de-stilte-wacht-s-even-_c_-hans-gerritsen-1.1280x1280.jpg?resize=640%2C764&#038;ssl=1\" alt=\"\" class=\"wp-image-9386\" srcset=\"https:\/\/i0.wp.com\/schrittmacherfestival.nl\/wp-content\/uploads\/2024\/05\/de-stilte-wacht-s-even-_c_-hans-gerritsen-1.1280x1280.jpg?resize=858%2C1024&amp;ssl=1 858w, https:\/\/i0.wp.com\/schrittmacherfestival.nl\/wp-content\/uploads\/2024\/05\/de-stilte-wacht-s-even-_c_-hans-gerritsen-1.1280x1280.jpg?resize=251%2C300&amp;ssl=1 251w, https:\/\/i0.wp.com\/schrittmacherfestival.nl\/wp-content\/uploads\/2024\/05\/de-stilte-wacht-s-even-_c_-hans-gerritsen-1.1280x1280.jpg?resize=768%2C917&amp;ssl=1 768w, https:\/\/i0.wp.com\/schrittmacherfestival.nl\/wp-content\/uploads\/2024\/05\/de-stilte-wacht-s-even-_c_-hans-gerritsen-1.1280x1280.jpg?resize=23%2C27&amp;ssl=1 23w, https:\/\/i0.wp.com\/schrittmacherfestival.nl\/wp-content\/uploads\/2024\/05\/de-stilte-wacht-s-even-_c_-hans-gerritsen-1.1280x1280.jpg?w=1072&amp;ssl=1 1072w\" sizes=\"(max-width: 640px) 100vw, 640px\" \/><\/figure>\n\n\n\n<figure class=\"wp-block-image size-large\"><img data-recalc-dims=\"1\" loading=\"lazy\" decoding=\"async\" width=\"640\" height=\"387\" data-id=\"9392\" src=\"https:\/\/i0.wp.com\/schrittmacherfestival.nl\/wp-content\/uploads\/2024\/05\/de-stilte-wacht-s-even-_c_-hans-gerritsen-9.1280x1280.jpg?resize=640%2C387&#038;ssl=1\" alt=\"\" class=\"wp-image-9392\" srcset=\"https:\/\/i0.wp.com\/schrittmacherfestival.nl\/wp-content\/uploads\/2024\/05\/de-stilte-wacht-s-even-_c_-hans-gerritsen-9.1280x1280.jpg?resize=1024%2C619&amp;ssl=1 1024w, https:\/\/i0.wp.com\/schrittmacherfestival.nl\/wp-content\/uploads\/2024\/05\/de-stilte-wacht-s-even-_c_-hans-gerritsen-9.1280x1280.jpg?resize=300%2C181&amp;ssl=1 300w, https:\/\/i0.wp.com\/schrittmacherfestival.nl\/wp-content\/uploads\/2024\/05\/de-stilte-wacht-s-even-_c_-hans-gerritsen-9.1280x1280.jpg?resize=768%2C465&amp;ssl=1 768w, https:\/\/i0.wp.com\/schrittmacherfestival.nl\/wp-content\/uploads\/2024\/05\/de-stilte-wacht-s-even-_c_-hans-gerritsen-9.1280x1280.jpg?resize=31%2C19&amp;ssl=1 31w, https:\/\/i0.wp.com\/schrittmacherfestival.nl\/wp-content\/uploads\/2024\/05\/de-stilte-wacht-s-even-_c_-hans-gerritsen-9.1280x1280.jpg?w=1230&amp;ssl=1 1230w\" sizes=\"(max-width: 640px) 100vw, 640px\" \/><\/figure>\n\n\n\n<figure class=\"wp-block-image size-large\"><img data-recalc-dims=\"1\" loading=\"lazy\" decoding=\"async\" width=\"640\" height=\"343\" data-id=\"9382\" src=\"https:\/\/i0.wp.com\/schrittmacherfestival.nl\/wp-content\/uploads\/2024\/05\/de-stilte-wacht-s-even-_c_-hans-gerritsen-6.1280x1280.jpg?resize=640%2C343&#038;ssl=1\" alt=\"\" class=\"wp-image-9382\" srcset=\"https:\/\/i0.wp.com\/schrittmacherfestival.nl\/wp-content\/uploads\/2024\/05\/de-stilte-wacht-s-even-_c_-hans-gerritsen-6.1280x1280.jpg?resize=1024%2C548&amp;ssl=1 1024w, https:\/\/i0.wp.com\/schrittmacherfestival.nl\/wp-content\/uploads\/2024\/05\/de-stilte-wacht-s-even-_c_-hans-gerritsen-6.1280x1280.jpg?resize=300%2C161&amp;ssl=1 300w, https:\/\/i0.wp.com\/schrittmacherfestival.nl\/wp-content\/uploads\/2024\/05\/de-stilte-wacht-s-even-_c_-hans-gerritsen-6.1280x1280.jpg?resize=768%2C411&amp;ssl=1 768w, https:\/\/i0.wp.com\/schrittmacherfestival.nl\/wp-content\/uploads\/2024\/05\/de-stilte-wacht-s-even-_c_-hans-gerritsen-6.1280x1280.jpg?resize=31%2C17&amp;ssl=1 31w, https:\/\/i0.wp.com\/schrittmacherfestival.nl\/wp-content\/uploads\/2024\/05\/de-stilte-wacht-s-even-_c_-hans-gerritsen-6.1280x1280.jpg?w=1280&amp;ssl=1 1280w\" sizes=\"(max-width: 640px) 100vw, 640px\" \/><\/figure>\n\n\n\n<figure class=\"wp-block-image size-large\"><img data-recalc-dims=\"1\" loading=\"lazy\" decoding=\"async\" width=\"640\" height=\"399\" data-id=\"9387\" src=\"https:\/\/i0.wp.com\/schrittmacherfestival.nl\/wp-content\/uploads\/2024\/05\/de-stilte-wacht-s-even-_c_-hans-gerritsen-8.1280x1280.jpg?resize=640%2C399&#038;ssl=1\" alt=\"\" class=\"wp-image-9387\" srcset=\"https:\/\/i0.wp.com\/schrittmacherfestival.nl\/wp-content\/uploads\/2024\/05\/de-stilte-wacht-s-even-_c_-hans-gerritsen-8.1280x1280.jpg?resize=1024%2C638&amp;ssl=1 1024w, https:\/\/i0.wp.com\/schrittmacherfestival.nl\/wp-content\/uploads\/2024\/05\/de-stilte-wacht-s-even-_c_-hans-gerritsen-8.1280x1280.jpg?resize=300%2C187&amp;ssl=1 300w, https:\/\/i0.wp.com\/schrittmacherfestival.nl\/wp-content\/uploads\/2024\/05\/de-stilte-wacht-s-even-_c_-hans-gerritsen-8.1280x1280.jpg?resize=768%2C479&amp;ssl=1 768w, https:\/\/i0.wp.com\/schrittmacherfestival.nl\/wp-content\/uploads\/2024\/05\/de-stilte-wacht-s-even-_c_-hans-gerritsen-8.1280x1280.jpg?resize=31%2C19&amp;ssl=1 31w, https:\/\/i0.wp.com\/schrittmacherfestival.nl\/wp-content\/uploads\/2024\/05\/de-stilte-wacht-s-even-_c_-hans-gerritsen-8.1280x1280.jpg?w=1280&amp;ssl=1 1280w\" sizes=\"(max-width: 640px) 100vw, 640px\" \/><\/figure>\n\n\n\n<figure class=\"wp-block-image size-large\"><img data-recalc-dims=\"1\" loading=\"lazy\" decoding=\"async\" width=\"640\" height=\"427\" data-id=\"9390\" src=\"https:\/\/i0.wp.com\/schrittmacherfestival.nl\/wp-content\/uploads\/2024\/05\/de-stilte-wacht-s-even-_c_-hans-gerritsen-4.1280x1280.jpg?resize=640%2C427&#038;ssl=1\" alt=\"\" class=\"wp-image-9390\" srcset=\"https:\/\/i0.wp.com\/schrittmacherfestival.nl\/wp-content\/uploads\/2024\/05\/de-stilte-wacht-s-even-_c_-hans-gerritsen-4.1280x1280.jpg?resize=1024%2C683&amp;ssl=1 1024w, https:\/\/i0.wp.com\/schrittmacherfestival.nl\/wp-content\/uploads\/2024\/05\/de-stilte-wacht-s-even-_c_-hans-gerritsen-4.1280x1280.jpg?resize=300%2C200&amp;ssl=1 300w, https:\/\/i0.wp.com\/schrittmacherfestival.nl\/wp-content\/uploads\/2024\/05\/de-stilte-wacht-s-even-_c_-hans-gerritsen-4.1280x1280.jpg?resize=768%2C512&amp;ssl=1 768w, https:\/\/i0.wp.com\/schrittmacherfestival.nl\/wp-content\/uploads\/2024\/05\/de-stilte-wacht-s-even-_c_-hans-gerritsen-4.1280x1280.jpg?resize=600%2C400&amp;ssl=1 600w, https:\/\/i0.wp.com\/schrittmacherfestival.nl\/wp-content\/uploads\/2024\/05\/de-stilte-wacht-s-even-_c_-hans-gerritsen-4.1280x1280.jpg?resize=31%2C21&amp;ssl=1 31w, https:\/\/i0.wp.com\/schrittmacherfestival.nl\/wp-content\/uploads\/2024\/05\/de-stilte-wacht-s-even-_c_-hans-gerritsen-4.1280x1280.jpg?w=1230&amp;ssl=1 1230w\" sizes=\"(max-width: 640px) 100vw, 640px\" \/><\/figure>\n<\/figure>\n\n<hr class=\"wp-block-separator has-css-opacity\"\/>\n","protected":false},"excerpt":{"rendered":"<p>de Stilte (NL) THEATER HEERLEN, LIMBURGzaal Toneel op toneelSo 16.03.202511.00 Uhr + 12.30 UhrVon 9,50 \u20ac Eine wunderbar ruhige Vorstellung f\u00fcr die Allerkleinsten. Schneewei\u00dfe Objekte f\u00fcllen die Leere. Tischchen, Hocker, T\u00fcr, ein kleines Klavier. Aber Moment mal&#8230; Ist da jemand? Mit der wundersch\u00f6nen Klaviermusik von Jeroen van Vliet wird das Fremde in einer neuen Umgebung vertraut. Zwei Personen verschwinden und [&hellip;]<\/p>\n","protected":false},"author":1,"featured_media":0,"parent":0,"menu_order":0,"comment_status":"closed","ping_status":"closed","template":"","meta":{"_acf_changed":false,"footnotes":""},"class_list":["post-9396","page","type-page","status-publish","hentry"],"aioseo_notices":[],"acf":[],"jetpack_sharing_enabled":true,"_links":{"self":[{"href":"https:\/\/schrittmacherfestival.nl\/de\/wp-json\/wp\/v2\/pages\/9396","targetHints":{"allow":["GET"]}}],"collection":[{"href":"https:\/\/schrittmacherfestival.nl\/de\/wp-json\/wp\/v2\/pages"}],"about":[{"href":"https:\/\/schrittmacherfestival.nl\/de\/wp-json\/wp\/v2\/types\/page"}],"author":[{"embeddable":true,"href":"https:\/\/schrittmacherfestival.nl\/de\/wp-json\/wp\/v2\/users\/1"}],"replies":[{"embeddable":true,"href":"https:\/\/schrittmacherfestival.nl\/de\/wp-json\/wp\/v2\/comments?post=9396"}],"version-history":[{"count":11,"href":"https:\/\/schrittmacherfestival.nl\/de\/wp-json\/wp\/v2\/pages\/9396\/revisions"}],"predecessor-version":[{"id":10851,"href":"https:\/\/schrittmacherfestival.nl\/de\/wp-json\/wp\/v2\/pages\/9396\/revisions\/10851"}],"wp:attachment":[{"href":"https:\/\/schrittmacherfestival.nl\/de\/wp-json\/wp\/v2\/media?parent=9396"}],"curies":[{"name":"wp","href":"https:\/\/api.w.org\/{rel}","templated":true}]}}